{"id":9022,"date":"2024-11-18T16:38:25","date_gmt":"2024-11-18T15:38:25","guid":{"rendered":"https:\/\/agora.xtec.cat\/iesdesales\/?page_id=9022"},"modified":"2025-12-16T12:24:19","modified_gmt":"2025-12-16T11:24:19","slug":"proves-per-a-lobtencio-del-titol-de-cai","status":"publish","type":"page","link":"https:\/\/agora.xtec.cat\/iesdesales\/linstitut\/estudis\/cicles-formatius\/cures-auxiliars-dinfermeria\/proves-per-a-lobtencio-del-titol-de-cai\/","title":{"rendered":"Proves per a l&#8217;obtenci\u00f3 del t\u00edtol de CAI"},"content":{"rendered":"<p>El nostre institut est\u00e0 acreditat per a donar el t\u00edtol de CAI.<\/p>\n<p>Si est\u00e0 interessat aqu\u00ed podeu trobar la informaci\u00f3 relativa a tot el proc\u00e9s (curs 2025-2026):<\/p>\n<ul>\n<li><a href=\"https:\/\/agora.xtec.cat\/iesdesales\/linstitut\/estudis\/cicles-formatius\/cures-auxiliars-dinfermeria\/proves-per-a-lobtencio-del-titol-de-cai\/#caracteristiques\">Caracter\u00edstiques i criteris de superaci\u00f3 dels diferents cr\u00e8dits<\/a><\/li>\n<li><a href=\"https:\/\/agora.xtec.cat\/iesdesales\/linstitut\/estudis\/cicles-formatius\/cures-auxiliars-dinfermeria\/proves-per-a-lobtencio-del-titol-de-cai\/#inscripcio\">Inscripci\u00f3 a les proves<\/a><\/li>\n<li><a href=\"https:\/\/agora.xtec.cat\/iesdesales\/linstitut\/estudis\/cicles-formatius\/cures-auxiliars-dinfermeria\/proves-per-a-lobtencio-del-titol-de-cai\/#calendarigeneric\">Calendari gen\u00e8ric de les proves<\/a><\/li>\n<li><a href=\"https:\/\/agora.xtec.cat\/iesdesales\/linstitut\/estudis\/cicles-formatius\/cures-auxiliars-dinfermeria\/proves-per-a-lobtencio-del-titol-de-cai\/#consulta\">Consulta de la llista provisional de persones admeses i excloses<\/a><\/li>\n<li><a href=\"https:\/\/agora.xtec.cat\/iesdesales\/linstitut\/estudis\/cicles-formatius\/cures-auxiliars-dinfermeria\/proves-per-a-lobtencio-del-titol-de-cai\/#reclamacio\">Reclamacions a la llista provisional de persones admeses i excloses<\/a><\/li>\n<li><a href=\"https:\/\/agora.xtec.cat\/iesdesales\/linstitut\/estudis\/cicles-formatius\/cures-auxiliars-dinfermeria\/proves-per-a-lobtencio-del-titol-de-cai\/#definitiva\">Publicaci\u00f3 de la llista definitiva de persones admeses i excloses<\/a><\/li>\n<li><a href=\"https:\/\/agora.xtec.cat\/iesdesales\/linstitut\/estudis\/cicles-formatius\/cures-auxiliars-dinfermeria\/proves-per-a-lobtencio-del-titol-de-cai\/#calendari\">Calendari de les proves<\/a><\/li>\n<li><a href=\"https:\/\/agora.xtec.cat\/iesdesales\/linstitut\/estudis\/cicles-formatius\/cures-auxiliars-dinfermeria\/proves-per-a-lobtencio-del-titol-de-cai\/#informacio\">Informaci\u00f3 important<\/a><\/li>\n<\/ul>\n<h5 id=\"caracteristiques\">Caracter\u00edstiques i criteris de superaci\u00f3 dels diferents cr\u00e8dits<\/h5>\n<p>La relaci\u00f3 d\u2019objectius terminals i continguts dels cr\u00e8dits del t\u00edtol LOGSE convocat, del curr\u00edculum del t\u00edtol CFGM de Cures Auxiliars d\u2019infermeria convocat es pot consultar a la normativa que s\u2019indica a continuaci\u00f3: Decret 203\/1997, de 30 de juliol (DOGC n\u00fam. 2464, de 28.8.1997).<\/p>\n<h5 id=\"inscripcio\">Inscripci\u00f3 a les proves<\/h5>\n<p><a href=\"https:\/\/educacio.gencat.cat\/ca\/serveis-tramits\/proves\/proves-lliures-obtencio-titols\/obtencio-titols-fp\/\">Del 7 d\u2019octubre de 2025 al 20 d\u2019octubre de 2025 en la p\u00e0gina web del departament d\u2019educaci\u00f3<\/a>.<\/p>\n<p>&nbsp;<\/p>\n<h5 id=\"calendarigeneric\">Calendari gen\u00e8ric de les proves<\/h5>\n<ul>\n<li>Proves t\u00e8cniques: del 19 al 28 de gener de 2026<\/li>\n<li>Proves \u00faniques: del 19 de gener al 27 de febrer de 2026<\/li>\n<li>Proves pr\u00e0ctiques: del 16 al 27 de febrer de 2026<\/li>\n<\/ul>\n<p>&nbsp;<\/p>\n<h5 id=\"consulta\">Consulta de la llista provisional de persones admeses i excloses<\/h5>\n<p>La publicaci\u00f3 de la llista provisional de persones admeses i excloses ser\u00e0 a partir del 12 de novembre de 2025.<\/p>\n<p>Les persones aspirants han de presentar al centre escollit per realitzar la prova, <strong>entre el 13 de novembre de 2025 i el 11 de desembre de 2025 <\/strong>fent servir l\u2019impr\u00e8s que es troba a la p\u00e0gina <a href=\"https:\/\/educacio.gencat.cat\/ca\/serveis-tramits\/proves\/proves-lliures-obtencio-titols\/obtencio-titols-fp\/\">web del Departament d\u2019Educaci\u00f3 i Formaci\u00f3 Professional<\/a>, els documents seg\u00fcents:<\/p>\n<p><strong>a)<\/strong> Documentaci\u00f3 acreditativa dels requisits de participaci\u00f3 i dels drets a bonificaci\u00f3\/exempci\u00f3 de la taxa:<\/p>\n<p>\u2013 Document d\u2019identificaci\u00f3 personal (DNI, NIE o passaport) amb qu\u00e8 s\u2019ha inscrit en les proves, en el cas que hagi resultat excl\u00f2s en la llista provisional per no haver-se validat la informaci\u00f3 al\u00b7legada en la inscripci\u00f3. A aquests efectes, si en el NIE de la persona aspirant no hi consta fotografia, caldr\u00e0 que s\u2019aporti tamb\u00e9 o el passaport o document identificatiu del pa\u00eds de la UE de l\u2019aspirant, sempre que estigui en vigor i contingui fotografia.<\/p>\n<p>\u2013 Document acreditatiu del requisit acad\u00e8mic d\u2019acc\u00e9s al\u00b7legat, d\u2019acord amb l\u2019apartat 2 de la Resoluci\u00f3 de convocat\u00f2ria, en el cas de constar en la llista provisional com a excl\u00f2s per no haver estat validada la titulaci\u00f3 al\u00b7legada en la inscripci\u00f3;<\/p>\n<p>\u2013 Document justificatiu de la bonificaci\u00f3 o l\u2019exempci\u00f3 de la taxa, si escau;<\/p>\n<p>\u2013 Volant provisional d\u2019homologaci\u00f3 i convalidaci\u00f3 d\u2019estudis estrangers, si s\u2019al\u00b7lega com a requisit acad\u00e8mic una titulaci\u00f3 estrangera pendent d\u2019homologaci\u00f3.<\/p>\n<p>En cas que les persones aspirants no acreditin els requisits de participaci\u00f3 o el dret a bonificaci\u00f3\/exempci\u00f3 dins del termini establert per fer-ho, han de quedar excloses de la convocat\u00f2ria.<\/p>\n<p><strong>b)<\/strong> Si escau, documentaci\u00f3 acreditativa de les mat\u00e8ries superades en convocat\u00f2ries anteriors de proves d\u2019obtenci\u00f3 de t\u00edtols del Departament d\u2019Educaci\u00f3 i Formaci\u00f3 Professional o d\u2019una altra comunitat aut\u00f2noma i les mat\u00e8ries superades presencialment o a dist\u00e0ncia en centres oficials.<\/p>\n<p><strong>Fora d\u2019aquests termini no s\u2019admetr\u00e0 cap tipus de documentaci\u00f3.<\/strong><\/p>\n<h5 id=\"reclamacio\">Reclamacions a la llista provisional de persones admeses i excloses<\/h5>\n<p>Si escau, les persones aspirants poden presentar reclamacions al centre, on s\u2019han inscrit <strong>del 13 de novembre de 2025 al 11 de desembre de 2025,<\/strong> dins l\u2019horari de registre del centre.<\/p>\n<p>Les persones que apareixen com a excloses en la llista esmentada poden presentar les reclamacions i documentaci\u00f3, que considerin oportuna, al centre on s\u2019han inscrit, dins el termini de reclamacions esmentat i en l\u2019horari de registre del centre.<\/p>\n<p>Horari mat\u00ed:<br \/>\n<em>\u00a0\u00a0\u00a0 \u00a0\u00a0\u00a0\u00a0\u00a0\u00a0\u00a0 Dilluns a divendres de 9:00 a 13:00 h<br \/>\n<\/em>Horari tarda:<br \/>\n<em>\u00a0\u00a0\u00a0 \u00a0\u00a0\u00a0\u00a0\u00a0\u00a0\u00a0 Dilluns de 14:45 a 17:15 h<br \/>\nDimarts i dimecres de 15:00 a 18:30 h<\/em><\/p>\n<p>En cas que la persona interessada no esmeni el defecte que hagi motivat la seva exclusi\u00f3 dins del termini fixat, se la tindr\u00e0 per desistida de la seva sol\u00b7licitud.<\/p>\n<h5 id=\"definitiva\">Publicaci\u00f3 de la llista definitiva de persones admeses i excloses<\/h5>\n<p>La publicaci\u00f3 \u00e9s realitzar\u00e0 a partir del 17\/12\/2025.<\/p>\n<h5 id=\"calendari\">Calendari de les proves<\/h5>\n<ul>\n<li><a href=\"https:\/\/agora.xtec.cat\/iesdesales\/wp-content\/uploads\/usu678\/2025\/12\/Proves-uniques-1.pdf\">Proves \u00faniques<\/a><\/li>\n<li><a href=\"https:\/\/agora.xtec.cat\/iesdesales\/wp-content\/uploads\/usu678\/2025\/12\/proves-tecniques-1.pdf\">Proves t\u00e8cniques<\/a><\/li>\n<li><a href=\"https:\/\/agora.xtec.cat\/iesdesales\/wp-content\/uploads\/usu678\/2025\/12\/proves-practiques.pdf\">Proves practiques<\/a><\/li>\n<\/ul>\n<h5 id=\"informacio\">Informaci\u00f3 important<\/h5>\n<p>Heu de portar el mateix document identificatiu (DNI, passaport o NIE) que vau utilitzar per matricular-vos a les proves. Sense aquest document no podreu entrar a fer l\u2019examen.<\/p>\n<p>Si necessiteu justificants d\u2019assist\u00e8ncia per la feina, us els tramitarem durant l\u2019examen i us els imprimirem abans que marxeu.<\/p>\n","protected":false},"excerpt":{"rendered":"<p>El nostre institut est\u00e0 acreditat per a donar el t\u00edtol de CAI.<br \/>\nSi est\u00e0 interessat aqu\u00ed podeu trobar la informaci\u00f3 relativa a tot el proc\u00e9s (curs 2025-2026):<\/p>\n<ul>\n<li><a href=\"https:\/\/agora.xtec.cat\/iesdesales\/linstitut\/estudis\/cicles-formatius\/cures-auxiliars-dinfermeria\/proves-per-a-lobtencio-del-titol-de-cai\/#caracteristiques\">Caracter\u00edstiques i criteris de superaci\u00f3 dels diferents cr\u00e8dits<\/a><\/li>\n<li><a href=\"https:\/\/agora.xtec.cat\/iesdesales\/linstitut\/estudis\/cicles-formatius\/cures-auxiliars-dinfermeria\/proves-per-a-lobtencio-del-titol-de-cai\/#inscripcio\">Inscripci\u00f3 a les proves<\/a><\/li>\n<li><a href=\"https:\/\/agora.xtec.cat\/iesdesales\/linstitut\/estudis\/cicles-formatius\/cures-auxiliars-dinfermeria\/proves-per-a-lobtencio-del-titol-de-cai\/#calendarigeneric\">Calendari gen\u00e8ric de les proves<\/a><\/li>\n<li><a href=\"https:\/\/agora.xtec.cat\/iesdesales\/linstitut\/estudis\/cicles-formatius\/cures-auxiliars-dinfermeria\/proves-per-a-lobtencio-del-titol-de-cai\/#consulta\">Consulta de&hellip;  <a href=\"https:\/\/agora.xtec.cat\/iesdesales\/linstitut\/estudis\/cicles-formatius\/cures-auxiliars-dinfermeria\/proves-per-a-lobtencio-del-titol-de-cai\/\" title=\"Read Proves per a l&#8217;obtenci\u00f3 del t\u00edtol de CAI\">Llegeix m\u00e9s\u00bb<\/a><br \/>\n","protected":false},"author":1,"featured_media":0,"parent":2774,"menu_order":0,"comment_status":"closed","ping_status":"closed","template":"","meta":{"_bbp_topic_count":0,"_bbp_reply_count":0,"_bbp_total_topic_count":0,"_bbp_total_reply_count":0,"_bbp_voice_count":0,"_bbp_anonymous_reply_count":0,"_bbp_topic_count_hidden":0,"_bbp_reply_count_hidden":0,"_bbp_forum_subforum_count":0,"footnotes":""},"class_list":["post-9022","page","type-page","status-publish","hentry"],"post_mailing_queue_ids":[],"_links":{"self":[{"href":"https:\/\/agora.xtec.cat\/iesdesales\/wp-json\/wp\/v2\/pages\/9022","targetHints":{"allow":["GET"]}}],"collection":[{"href":"https:\/\/agora.xtec.cat\/iesdesales\/wp-json\/wp\/v2\/pages"}],"about":[{"href":"https:\/\/agora.xtec.cat\/iesdesales\/wp-json\/wp\/v2\/types\/page"}],"author":[{"embeddable":true,"href":"https:\/\/agora.xtec.cat\/iesdesales\/wp-json\/wp\/v2\/users\/1"}],"replies":[{"embeddable":true,"href":"https:\/\/agora.xtec.cat\/iesdesales\/wp-json\/wp\/v2\/comments?post=9022"}],"version-history":[{"count":7,"href":"https:\/\/agora.xtec.cat\/iesdesales\/wp-json\/wp\/v2\/pages\/9022\/revisions"}],"predecessor-version":[{"id":10009,"href":"https:\/\/agora.xtec.cat\/iesdesales\/wp-json\/wp\/v2\/pages\/9022\/revisions\/10009"}],"up":[{"embeddable":true,"href":"https:\/\/agora.xtec.cat\/iesdesales\/wp-json\/wp\/v2\/pages\/2774"}],"wp:attachment":[{"href":"https:\/\/agora.xtec.cat\/iesdesales\/wp-json\/wp\/v2\/media?parent=9022"}],"curies":[{"name":"wp","href":"https:\/\/api.w.org\/{rel}","templated":true}]}}