{"id":568,"date":"2015-11-16T18:38:29","date_gmt":"2015-11-16T17:38:29","guid":{"rendered":"http:\/\/agora.xtec.cat\/iesdelvoltreganes\/?page_id=568"},"modified":"2026-01-28T16:03:02","modified_gmt":"2026-01-28T15:03:02","slug":"salut-escola","status":"publish","type":"page","link":"https:\/\/agora.xtec.cat\/iesdelvoltreganes\/serveis\/salut-escola\/","title":{"rendered":"Salut escola"},"content":{"rendered":"<p>&nbsp;<\/p>\n<p><a href=\"https:\/\/agora.xtec.cat\/iesdelvoltreganes\/wp-content\/uploads\/usu618\/2026\/01\/salut-i-escola.png\"><img loading=\"lazy\" decoding=\"async\" class=\"size-full wp-image-7487 aligncenter\" src=\"https:\/\/agora.xtec.cat\/iesdelvoltreganes\/wp-content\/uploads\/usu618\/2026\/01\/salut-i-escola.png\" alt=\"\" width=\"586\" height=\"787\" srcset=\"https:\/\/agora.xtec.cat\/iesdelvoltreganes\/wp-content\/uploads\/usu618\/2026\/01\/salut-i-escola.png 586w, https:\/\/agora.xtec.cat\/iesdelvoltreganes\/wp-content\/uploads\/usu618\/2026\/01\/salut-i-escola-223x300.png 223w\" sizes=\"auto, (max-width: 586px) 100vw, 586px\" \/><\/a><\/p>\n<p style=\"text-align: left;\"><a href=\"https:\/\/drive.google.com\/file\/d\/1BpDN4hbn9bqcxYp6FpUiynPl_ntiA5vR\/view?usp=sharing\" target=\"_blank\" rel=\"noopener\">Consulta oberta<\/a><\/p>\n<p style=\"text-align: left;\"><a href=\"https:\/\/drive.google.com\/file\/d\/1rvYNEckH2pH9KQlqE_C7SWvlO040GyMI\/view?usp=sharing\" target=\"_blank\" rel=\"noopener\">Tr\u00edptic fam\u00edlies<\/a><\/p>\n<p style=\"text-align: left;\"><a href=\"https:\/\/drive.google.com\/file\/d\/1TIIn_BBZKs9h7oeCSWXiB8ujxpf3s825\/view?usp=sharing\" target=\"_blank\" rel=\"noopener\">Programa salut escola<\/a><\/p>\n<p style=\"text-align: left;\"><a href=\"https:\/\/drive.google.com\/file\/d\/0B-t4vBsl7WldUG1RQ1g0U1R5WTg\/view?usp=sharing\" target=\"_blank\" rel=\"noopener\">Menja b\u00e9, tu hi guanyes!<\/a><\/p>\n<p style=\"text-align: left;\"><a href=\"https:\/\/drive.google.com\/file\/d\/0B-t4vBsl7WldaW5IQmstOEppT1U\/view?usp=sharing\" target=\"_blank\" rel=\"noopener\">Prevenci\u00f3 del consum de tabac. Tu decideixes!<\/a><\/p>\n<p style=\"text-align: left;\"><a href=\"https:\/\/drive.google.com\/file\/d\/0B-t4vBsl7WldSjY0ZlI0SU4xUWs\/view?usp=sharing\" target=\"_blank\" rel=\"noopener\">Activitat f\u00edsica i salut a la inf\u00e0ncia i a l&#8217;adolesc\u00e8ncia<\/a><\/p>\n<p style=\"text-align: left;\">\n","protected":false},"excerpt":{"rendered":"<p>&nbsp;<br \/>\n<a href=\"https:\/\/agora.xtec.cat\/iesdelvoltreganes\/wp-content\/uploads\/usu618\/2026\/01\/salut-i-escola.png\"><\/a><br \/>\n<a href=\"https:\/\/drive.google.com\/file\/d\/1BpDN4hbn9bqcxYp6FpUiynPl_ntiA5vR\/view?usp=sharing\" target=\"_blank\" rel=\"noopener\">Consulta oberta<\/a><br \/>\n<a href=\"https:\/\/drive.google.com\/file\/d\/1rvYNEckH2pH9KQlqE_C7SWvlO040GyMI\/view?usp=sharing\" target=\"_blank\" rel=\"noopener\">Tr\u00edptic fam\u00edlies<\/a><br \/>\n<a href=\"https:\/\/drive.google.com\/file\/d\/1TIIn_BBZKs9h7oeCSWXiB8ujxpf3s825\/view?usp=sharing\" target=\"_blank\" rel=\"noopener\">Programa salut escola<\/a><br \/>\n<a href=\"https:\/\/drive.google.com\/file\/d\/0B-t4vBsl7WldUG1RQ1g0U1R5WTg\/view?usp=sharing\" target=\"_blank\" rel=\"noopener\">Menja b\u00e9, tu hi guanyes!<\/a><br \/>\n<a href=\"https:\/\/drive.google.com\/file\/d\/0B-t4vBsl7WldaW5IQmstOEppT1U\/view?usp=sharing\" target=\"_blank\" rel=\"noopener\">Prevenci\u00f3 del consum de tabac. Tu decideixes!<\/a><br \/>\n<a href=\"https:\/\/drive.google.com\/file\/d\/0B-t4vBsl7WldSjY0ZlI0SU4xUWs\/view?usp=sharing\" target=\"_blank\" rel=\"noopener\">Activitat f\u00edsica i salut a la inf\u00e0ncia i a l&#8217;adolesc\u00e8ncia<\/a><\/p>\n","protected":false},"author":6,"featured_media":0,"parent":63,"menu_order":0,"comment_status":"closed","ping_status":"closed","template":"page-templates\/side-menu.php","meta":{"_bbp_topic_count":0,"_bbp_reply_count":0,"_bbp_total_topic_count":0,"_bbp_total_reply_count":0,"_bbp_voice_count":0,"_bbp_anonymous_reply_count":0,"_bbp_topic_count_hidden":0,"_bbp_reply_count_hidden":0,"_bbp_forum_subforum_count":0,"footnotes":""},"class_list":["post-568","page","type-page","status-publish","hentry"],"post_mailing_queue_ids":[],"_links":{"self":[{"href":"https:\/\/agora.xtec.cat\/iesdelvoltreganes\/wp-json\/wp\/v2\/pages\/568","targetHints":{"allow":["GET"]}}],"collection":[{"href":"https:\/\/agora.xtec.cat\/iesdelvoltreganes\/wp-json\/wp\/v2\/pages"}],"about":[{"href":"https:\/\/agora.xtec.cat\/iesdelvoltreganes\/wp-json\/wp\/v2\/types\/page"}],"author":[{"embeddable":true,"href":"https:\/\/agora.xtec.cat\/iesdelvoltreganes\/wp-json\/wp\/v2\/users\/6"}],"replies":[{"embeddable":true,"href":"https:\/\/agora.xtec.cat\/iesdelvoltreganes\/wp-json\/wp\/v2\/comments?post=568"}],"version-history":[{"count":7,"href":"https:\/\/agora.xtec.cat\/iesdelvoltreganes\/wp-json\/wp\/v2\/pages\/568\/revisions"}],"predecessor-version":[{"id":7488,"href":"https:\/\/agora.xtec.cat\/iesdelvoltreganes\/wp-json\/wp\/v2\/pages\/568\/revisions\/7488"}],"up":[{"embeddable":true,"href":"https:\/\/agora.xtec.cat\/iesdelvoltreganes\/wp-json\/wp\/v2\/pages\/63"}],"wp:attachment":[{"href":"https:\/\/agora.xtec.cat\/iesdelvoltreganes\/wp-json\/wp\/v2\/media?parent=568"}],"curies":[{"name":"wp","href":"https:\/\/api.w.org\/{rel}","templated":true}]}}