{"id":978,"date":"2018-10-17T11:00:28","date_gmt":"2018-10-17T09:00:28","guid":{"rendered":"http:\/\/agora.xtec.cat\/iesdecelra\/?page_id=978"},"modified":"2025-05-14T17:06:46","modified_gmt":"2025-05-14T15:06:46","slug":"robotica-i-programacio","status":"publish","type":"page","link":"https:\/\/agora.xtec.cat\/iesdecelra\/projectes-de-centre\/robotica-i-programacio\/","title":{"rendered":"Rob\u00f2tica i Programaci\u00f3"},"content":{"rendered":"<p style=\"text-align: justify;\"><a href=\"https:\/\/agora.xtec.cat\/iesdecelra\/wp-content\/uploads\/usu1789\/2018\/10\/aula.png\"><img loading=\"lazy\" decoding=\"async\" class=\"wp-image-988 alignright\" src=\"https:\/\/agora.xtec.cat\/iesdecelra\/wp-content\/uploads\/usu1789\/2018\/10\/aula.png\" alt=\"\" width=\"462\" height=\"283\" srcset=\"https:\/\/agora.xtec.cat\/iesdecelra\/wp-content\/uploads\/usu1789\/2018\/10\/aula.png 930w, https:\/\/agora.xtec.cat\/iesdecelra\/wp-content\/uploads\/usu1789\/2018\/10\/aula-300x184.png 300w, https:\/\/agora.xtec.cat\/iesdecelra\/wp-content\/uploads\/usu1789\/2018\/10\/aula-768x471.png 768w\" sizes=\"auto, (max-width: 462px) 100vw, 462px\" \/><\/a>Fa una colla d\u2019anys que a l\u2019institut de Celr\u00e0 es treballa la rob\u00f2tica, l\u2019automatitzaci\u00f3, la programaci\u00f3 i la impressi\u00f3 3D. Els darrers cursos, aquests continguts han passat de ser un bloc que es treballava a l\u2019optativa de Tecnologia de quart d\u2019ESO a formar part, de manera ordenada i progressiva del programa de l\u2019assignatura de Tecnologia i Digitalitzaci\u00f3 de cada curs.<\/p>\n<p style=\"text-align: justify;\">Des del departament de tecnologia impulsem l\u2019\u00fas d\u2019aquesta potent eina pedag\u00f2gica oferint continguts des de primer d\u2019ESO fins a tercer per a tots els alumnes. A primer i quart d\u2019ESO es pot cursar optatives anuals de rob\u00f2tica per complementar una\u00a0 formaci\u00f3 m\u00e9s espec\u00edfica als alumnes m\u00e9s interessats en aquest \u00e0mbit.<\/p>\n<h6><strong>Objectius:<\/strong><\/h6>\n<ul>\n<li style=\"text-align: justify;\">Definir un itinerari adre\u00e7at a tots els alumnes que desenvolupi compet\u00e8ncies vinculades a la rob\u00f2tica, la programaci\u00f3 i el disseny i la impressi\u00f3 3D.<\/li>\n<li style=\"text-align: justify;\">Desenvolupar habilitats de rob\u00f2tica, programaci\u00f3, disseny i impressi\u00f3 3D mitjan\u00e7ant un enfocament metodol\u00f2gic:\n<ul>\n<li>Competencial i basat en el m\u00e8tode de projectes.<\/li>\n<li>Que fomenti el treball en equip i la resoluci\u00f3 de problemes extrapolables a situacions reals i el pensament computacional.<\/li>\n<\/ul>\n<\/li>\n<li style=\"text-align: justify;\">Fomentar l\u2019inter\u00e8s de tot l\u2019alumnat en l\u2019\u00e0mbit cientificotecnol\u00f2gic i millorar-ne el corresponent rendiment acad\u00e8mic.<\/li>\n<\/ul>\n<h6><\/h6>\n<h6><strong>Distribuci\u00f3 hor\u00e0ria dels continguts:<\/strong><\/h6>\n<ul>\n<li>1r ESO: Tecnologia: Introducci\u00f3 a la Programaci\u00f3 amb Scratch. Optativa de rob\u00f2tica amb els kits de LEGO Mintstorms EV3.<\/li>\n<li>2n ESO: Ampliaci\u00f3 de Scratch i rob\u00f2tica amb l&#8217;equipament Lego WeDo. Disseny 3D amb Tinkercad.<\/li>\n<li>3r ESO: Disseny i impressi\u00f3 3D amb SketchUp i introducci\u00f3 a la programaci\u00f3 i la rob\u00f2tica amb Arduino.<\/li>\n<li>4t ESO: Programaci\u00f3 i Rob\u00f2tica amb Arduino i Appinventor<\/li>\n<li>Batxillerat: Programaci\u00f3<\/li>\n<\/ul>\n<h6><b>Espais:<\/b><\/h6>\n<ul>\n<li>1 aula d\u2019inform\u00e0tica amb 17 ordinadors.<\/li>\n<li>1 aula taller de Tecnologia.<\/li>\n<li>1 aula de rob\u00f2tica.<\/li>\n<li>1 aula de creaci\u00f3 digital (FAIGLab)<\/li>\n<li>1 aula m\u00f2bil Lego mindstorms EV3 per 16\/24 alumnes.<\/li>\n<\/ul>\n<h5><\/h5>\n<h5><strong><span style=\"font-size: 14pt;\">PRIMER CURS:<\/span><\/strong><\/h5>\n<p>Introducci\u00f3 al llenguatge de programaci\u00f3 per blocs amb Scratch. L\u2019objectiu que es vol aconseguir \u00e9s que els nois i noies siguin capa\u00e7os de programar moviments, animacions i algun joc senzill.<\/p>\n<h5 style=\"text-align: center;\"><\/h5>\n<h5><strong><span style=\"font-size: 14pt;\">SEGON CURS:<\/span><\/strong><\/h5>\n<p>El projecte que plantegem en aquest curs t\u00e9 com a objectiu treballar els continguts curriculars seg\u00fcents: l\u2019aplicaci\u00f3 del pensament computacional en la plataforma Scratch per tal de donar resposta a una necessitat donada i la identificaci\u00f3 de l\u2019impacte ambiental que t\u00e9 l\u2019activitat tecnol\u00f2gica en la societat i el coneixement de propostes sostenibles. Per fer-ho, els alumnes creen hist\u00f2ries o animacions creades pels alumnes per desenvolupar el programa Scratch. La idea ha sorgit d\u2019ells, \u00e9s original i desperta l\u2019inter\u00e8s de l\u2019usuari per con\u00e8ixer-la a trav\u00e9s del programa Scratch.<\/p>\n<p>Durant algunes sessions d\u2019aula pr\u00e8vies al projecte els alumnes treballen amb petits reptes per programar amb Scratch i l\u2019extensi\u00f3 Lego WeDo. Aix\u00f2 permet apropar el m\u00f3n digital amb el m\u00f3n f\u00edsic, cosa que permet programar accions concretes i veure\u2019n els efectes en objectes reals, com ara fer girar motors o activar sensors. Aquesta combinaci\u00f3 transforma l\u2019aprenentatge abstracte de la programaci\u00f3 en una experi\u00e8ncia tangible i motivadora, on els alumnes poden construir ginys i donar-los vida mitjan\u00e7ant el codi. Aix\u00f2 fomenta la creativitat, la resoluci\u00f3 de problemes i el pensament computacional.<\/p>\n<p>Gr\u00e0cies a l\u2019\u00fas del conjunt de Scratch i Lego We-Do el projecte esdev\u00e9 una proposta educativa molt potent per iniciar els m\u00e9s joves en la rob\u00f2tica i la programaci\u00f3.<\/p>\n<p><iframe loading=\"lazy\" src=\"https:\/\/scratch.mit.edu\/projects\/1154411393\/embed\" width=\"485\" height=\"402\" frameborder=\"0\" scrolling=\"no\" allowfullscreen=\"allowfullscreen\"><\/iframe><\/p>\n<h5 style=\"text-align: left;\"><strong><span style=\"font-size: 14pt;\">TERCER CURS:<\/span><\/strong><\/h5>\n<p align=\"left\"><span class=\"_fadeIn_m1hgl_8\">Durant <\/span><span class=\"_fadeIn_m1hgl_8\">tot <\/span><span class=\"_fadeIn_m1hgl_8\">un <\/span><span class=\"_fadeIn_m1hgl_8\">trimestre, <\/span><span class=\"_fadeIn_m1hgl_8\">l\u2019alumnat <\/span><span class=\"_fadeIn_m1hgl_8\">treballa <\/span><span class=\"_fadeIn_m1hgl_8\">la <\/span><span class=\"_fadeIn_m1hgl_8\">programaci\u00f3 <\/span><span class=\"_fadeIn_m1hgl_8\">per <\/span><span class=\"_fadeIn_m1hgl_8\">blocs <\/span><span class=\"_fadeIn_m1hgl_8\">amb <\/span><span class=\"_fadeIn_m1hgl_8\">Arduinoblocks <\/span><span class=\"_fadeIn_m1hgl_8\">per <\/span><span class=\"_fadeIn_m1hgl_8\">familiaritzar-<\/span><span class=\"_fadeIn_m1hgl_8\">se <\/span><span class=\"_fadeIn_m1hgl_8\">amb <\/span><span class=\"_fadeIn_m1hgl_8\">l&#8217;entorn <\/span><span class=\"_fadeIn_m1hgl_8\">i <\/span><span class=\"_fadeIn_m1hgl_8\">con\u00e8ixer <\/span><span class=\"_fadeIn_m1hgl_8\">les <\/span><span class=\"_fadeIn_m1hgl_8\">diferents <\/span><span class=\"_fadeIn_m1hgl_8\">plaques <\/span><span class=\"_fadeIn_m1hgl_8\">programables<\/span><span class=\"_fadeIn_m1hgl_8\">. <\/span><span class=\"_fadeIn_m1hgl_8\">Es <\/span><span class=\"_fadeIn_m1hgl_8\">fa <\/span><span class=\"_fadeIn_m1hgl_8\">servir <\/span><span class=\"_fadeIn_m1hgl_8\">principalment <\/span><span class=\"_fadeIn_m1hgl_8\">la <\/span><span class=\"_fadeIn_m1hgl_8\">placa <\/span><span class=\"_fadeIn_m1hgl_8\">ESP32Stemakers <\/span><span class=\"_fadeIn_m1hgl_8\">amb <\/span><span class=\"_fadeIn_m1hgl_8\">l\u2019expansi\u00f3 <\/span><span class=\"_fadeIn_m1hgl_8\">Imagina <\/span><span class=\"_fadeIn_m1hgl_8\">TdRsteam, <\/span><span class=\"_fadeIn_m1hgl_8\">que <\/span><span class=\"_fadeIn_m1hgl_8\">incorpora <\/span><span class=\"_fadeIn_m1hgl_8\">diversos <\/span><span class=\"_fadeIn_m1hgl_8\">sensors <\/span><span class=\"_fadeIn_m1hgl_8\">i <\/span><span class=\"_fadeIn_m1hgl_8\">un <\/span><span class=\"_fadeIn_m1hgl_8\">actuador<\/span><span class=\"_fadeIn_m1hgl_8\">. <\/span><span class=\"_fadeIn_m1hgl_8\">A <\/span><span class=\"_fadeIn_m1hgl_8\">trav\u00e9s <\/span><span class=\"_fadeIn_m1hgl_8\">d\u2019aquesta <\/span><span class=\"_fadeIn_m1hgl_8\">eina, <\/span><span class=\"_fadeIn_m1hgl_8\">l\u2019alumnat <\/span><span class=\"_fadeIn_m1hgl_8\">apr\u00e8n <\/span><span class=\"_fadeIn_m1hgl_8\">a <\/span><span class=\"_fadeIn_m1hgl_8\">captar <\/span><span class=\"_fadeIn_m1hgl_8\">dades <\/span><span class=\"_fadeIn_m1hgl_8\">de <\/span><span class=\"_fadeIn_m1hgl_8\">temperatura, <\/span><span class=\"_fadeIn_m1hgl_8\">humitat, <\/span><span class=\"_fadeIn_m1hgl_8\">CO\u2082, <\/span><span class=\"_fadeIn_m1hgl_8\">llum, <\/span><span class=\"_fadeIn_m1hgl_8\">so <\/span><span class=\"_fadeIn_m1hgl_8\">i <\/span><span class=\"_fadeIn_m1hgl_8\">pres\u00e8ncia, <\/span><span class=\"_fadeIn_m1hgl_8\">i <\/span><span class=\"_fadeIn_m1hgl_8\">a <\/span><span class=\"_fadeIn_m1hgl_8\">utilitzar <\/span><span class=\"_fadeIn_m1hgl_8\">aquestes <\/span><span class=\"_fadeIn_m1hgl_8\">dades <\/span><span class=\"_fadeIn_m1hgl_8\">per <\/span><span class=\"_fadeIn_m1hgl_8\">activar <\/span><span class=\"_fadeIn_m1hgl_8\">actuadors <\/span><span class=\"_fadeIn_m1hgl_8\">com <\/span><span class=\"_fadeIn_m1hgl_8\">LEDs, <\/span><span class=\"_fadeIn_m1hgl_8\">motors, <\/span><span class=\"_fadeIn_m1hgl_8\">brunzidors <\/span><span class=\"_fadeIn_m1hgl_8\">o <\/span><span class=\"_fadeIn_m1hgl_8\">servos <\/span><span class=\"_fadeIn_m1hgl_8\">segons <\/span><span class=\"_fadeIn_m1hgl_8\">condicions <\/span><span class=\"_fadeIn_m1hgl_8\">programades. <\/span><span class=\"_fadeIn_m1hgl_8\">Per apropar-nos a<\/span><span class=\"_fadeIn_m1hgl_8\">\u00a0<\/span><span class=\"_fadeIn_m1hgl_8\">programaci\u00f3<\/span><span class=\"_fadeIn_m1hgl_8\">\u00a0<\/span><span class=\"_fadeIn_m1hgl_8\">real <\/span><span class=\"_fadeIn_m1hgl_8\">i <\/span><span class=\"_fadeIn_m1hgl_8\">contextualitzada, <\/span><span class=\"_fadeIn_m1hgl_8\">es <\/span><span class=\"_fadeIn_m1hgl_8\">treballa <\/span><span class=\"_fadeIn_m1hgl_8\">amb <\/span><span class=\"_fadeIn_m1hgl_8\">maquetes <\/span><span class=\"_fadeIn_m1hgl_8\">de <\/span><span class=\"_fadeIn_m1hgl_8\">cases, <\/span><span class=\"_fadeIn_m1hgl_8\">granges <\/span><span class=\"_fadeIn_m1hgl_8\">i <\/span><span class=\"_fadeIn_m1hgl_8\">cotxes <\/span><span class=\"_fadeIn_m1hgl_8\">preparades <\/span><span class=\"_fadeIn_m1hgl_8\">per <\/span><span class=\"_fadeIn_m1hgl_8\">ser <\/span><span class=\"_fadeIn_m1hgl_8\">programades, <\/span><span class=\"_fadeIn_m1hgl_8\">tot <\/span><span class=\"_fadeIn_m1hgl_8\">plantejant petits <\/span><span class=\"_fadeIn_m1hgl_8\">reptes <\/span><span class=\"_fadeIn_m1hgl_8\">que <\/span><span class=\"_fadeIn_m1hgl_8\">han <\/span><span class=\"_fadeIn_m1hgl_8\">de <\/span><span class=\"_fadeIn_m1hgl_8\">resoldre <\/span><span class=\"_fadeIn_m1hgl_8\">mitjan\u00e7ant <\/span><span class=\"_fadeIn_m1hgl_8\">la <\/span><span class=\"_fadeIn_m1hgl_8\">seva <\/span><span class=\"_fadeIn_m1hgl_8\">programaci\u00f3.<\/span><\/p>\n<h6><\/h6>\n<h6 style=\"text-align: left;\"><strong><span style=\"font-family: inherit; font-size: 1em;\"><a href=\"https:\/\/agora.xtec.cat\/iesdecelra\/wp-content\/uploads\/usu1789\/2018\/10\/sketchup.jpg\"><img loading=\"lazy\" decoding=\"async\" class=\"wp-image-3249 alignright\" src=\"https:\/\/agora.xtec.cat\/iesdecelra\/wp-content\/uploads\/usu1789\/2020\/03\/Impressora3D-1024x576.jpg\" alt=\"\" width=\"376\" height=\"212\" srcset=\"https:\/\/agora.xtec.cat\/iesdecelra\/wp-content\/uploads\/usu1789\/2020\/03\/Impressora3D-1024x576.jpg 1024w, https:\/\/agora.xtec.cat\/iesdecelra\/wp-content\/uploads\/usu1789\/2020\/03\/Impressora3D-300x169.jpg 300w, https:\/\/agora.xtec.cat\/iesdecelra\/wp-content\/uploads\/usu1789\/2020\/03\/Impressora3D-768x432.jpg 768w, https:\/\/agora.xtec.cat\/iesdecelra\/wp-content\/uploads\/usu1789\/2020\/03\/Impressora3D.jpg 1328w\" sizes=\"auto, (max-width: 376px) 100vw, 376px\" \/><\/a><\/span> <\/strong><\/h6>\n<ul>\n<li style=\"text-align: left;\">Disseny i impressi\u00f3 3D:\u00a0<span style=\"font-family: inherit; font-size: 1em;\">S\u2019aprenen a fer servir les eines\u00a0<\/span><span style=\"font-family: inherit; font-size: 1em;\">del programa Sketchup mitjan\u00e7ant el disseny de diferents objectes, un dels quals \u00e9s impr\u00e8s amb la impressora 3D. Per altra banda, es desenvolupa un ABP sobre jocs de taula. A continuaci\u00f3, es mostra un exemple del resultat del projecte.<\/span><span style=\"font-family: inherit; font-size: 1em;\">\u00a0<\/span><a style=\"font-family: inherit; font-size: 1em;\" href=\"https:\/\/agora.xtec.cat\/iesdecelra\/wp-content\/uploads\/usu1789\/2018\/10\/sketchup.jpg\">\u00a0\u00a0<\/a><\/li>\n<\/ul>\n<p style=\"text-align: center;\"><span style=\"font-size: 10pt;\"><em><a href=\"https:\/\/agora.xtec.cat\/iesdecelra\/wp-content\/uploads\/usu1789\/2018\/10\/sketchup.jpg\">\u00a0<img loading=\"lazy\" decoding=\"async\" class=\"wp-image-1018 alignright\" src=\"https:\/\/agora.xtec.cat\/iesdecelra\/wp-content\/uploads\/usu1789\/2018\/10\/sketchup-838x1024.jpg\" alt=\"\" width=\"168\" height=\"205\" srcset=\"https:\/\/agora.xtec.cat\/iesdecelra\/wp-content\/uploads\/usu1789\/2018\/10\/sketchup-838x1024.jpg 838w, https:\/\/agora.xtec.cat\/iesdecelra\/wp-content\/uploads\/usu1789\/2018\/10\/sketchup-246x300.jpg 246w, https:\/\/agora.xtec.cat\/iesdecelra\/wp-content\/uploads\/usu1789\/2018\/10\/sketchup-768x938.jpg 768w, https:\/\/agora.xtec.cat\/iesdecelra\/wp-content\/uploads\/usu1789\/2018\/10\/sketchup.jpg 1048w\" sizes=\"auto, (max-width: 168px) 100vw, 168px\" \/><\/a><\/em><\/span><\/p>\n<p>&nbsp;<\/p>\n<p style=\"text-align: center;\"><span style=\"font-size: 10pt;\"><em>Exemple de projecte de <\/em><\/span><span style=\"font-size: 10pt;\"><em>creaci\u00f3 de jocs de taula: <\/em><\/span><\/p>\n<p style=\"text-align: center;\"><span style=\"font-size: 10pt;\"><a href=\"https:\/\/agora.xtec.cat\/iesdecelra\/wp-content\/uploads\/usu1789\/2018\/10\/M\u00b4s-company-Documents-de-Google.pdf\"><em>M\u00b4s company &#8211; Documents de Google<\/em><\/a><\/span><\/p>\n<p>&nbsp;<\/p>\n<p>&nbsp;<\/p>\n<h5 style=\"text-align: justify;\"><strong><span style=\"font-size: 14pt;\">QUART CURS:<\/span><\/strong><\/h5>\n<p style=\"text-align: justify;\"><strong>Optativa:<\/strong><\/p>\n<p data-start=\"273\" data-end=\"507\"><span class=\"_fadeIn_m1hgl_8\">Aquesta <\/span><span class=\"_fadeIn_m1hgl_8\">mat\u00e8ria <\/span><span class=\"_fadeIn_m1hgl_8\">est\u00e0 <\/span><span class=\"_fadeIn_m1hgl_8\">pensada <\/span><span class=\"_fadeIn_m1hgl_8\">per <\/span><span class=\"_fadeIn_m1hgl_8\">a <\/span><span class=\"_fadeIn_m1hgl_8\">alumnes <\/span><span class=\"_fadeIn_m1hgl_8\">que<\/span><span class=\"_fadeIn_m1hgl_8\">\u00a0<\/span><span class=\"_fadeIn_m1hgl_8\">tenen inter\u00e8s en la rob\u00f2tica i la programaci\u00f3 i el disseny 3D<\/span><span class=\"_fadeIn_m1hgl_8\">\u00a0<\/span><span class=\"_fadeIn_m1hgl_8\">i <\/span><span class=\"_fadeIn_m1hgl_8\">volen <\/span><span class=\"_fadeIn_m1hgl_8\">aprofundir <\/span><span class=\"_fadeIn_m1hgl_8\">en <\/span><span class=\"_fadeIn_m1hgl_8\">l\u2019\u00e0mbit <\/span><span class=\"_fadeIn_m1hgl_8\">de <\/span><span class=\"_fadeIn_m1hgl_8\">la <\/span><span class=\"_fadeIn_m1hgl_8\">tecnologia <\/span><span class=\"_fadeIn_m1hgl_8\">aplicada, <\/span><span class=\"_fadeIn_m1hgl_8\">especialment <\/span><span class=\"_fadeIn_m1hgl_8\">en <\/span><span class=\"_fadeIn_m1hgl_8\">la <\/span><span class=\"_fadeIn_m1hgl_8\">captaci\u00f3 <\/span><span class=\"_fadeIn_m1hgl_8\">i <\/span><span class=\"_fadeIn_m1hgl_8\">gesti\u00f3 <\/span><span class=\"_fadeIn_m1hgl_8\">de <\/span><span class=\"_fadeIn_m1hgl_8\">dades <\/span><span class=\"_fadeIn_m1hgl_8\">mitjan\u00e7ant <\/span><span class=\"_fadeIn_m1hgl_8\">sensors <\/span><span class=\"_fadeIn_m1hgl_8\">i <\/span><span class=\"_fadeIn_m1hgl_8\">plaques <\/span><span class=\"_fadeIn_m1hgl_8\">programables.<\/span><\/p>\n<p data-start=\"1254\" data-end=\"1357\"><span class=\"_fadeIn_m1hgl_8\">Es plantegen <b>projectes en grup<\/b><\/span><span class=\"_fadeIn_m1hgl_8\"> on l&#8217;alumnat<\/span><span class=\"_fadeIn_m1hgl_8\">\u00a0<\/span><span class=\"_fadeIn_m1hgl_8\">ha de resoldre un repte<\/span><span class=\"_fadeIn_m1hgl_8\">\u00a0<\/span><strong data-start=\"1518\" data-end=\"1551\"><span class=\"_fadeIn_m1hgl_8\">dissenyant, <\/span><span class=\"_fadeIn_m1hgl_8\">programant <\/span><span class=\"_fadeIn_m1hgl_8\">i <\/span><span class=\"_fadeIn_m1hgl_8\">muntant<\/span><\/strong>\u00a0<span class=\"_fadeIn_m1hgl_8\">un <\/span><span class=\"_fadeIn_m1hgl_8\">dispositiu <\/span><span class=\"_fadeIn_m1hgl_8\">funcional <\/span><span class=\"_fadeIn_m1hgl_8\">utilitzant <\/span><span class=\"_fadeIn_m1hgl_8\">les <\/span><span class=\"_fadeIn_m1hgl_8\">eines <\/span><span class=\"_fadeIn_m1hgl_8\">tecnol\u00f2giques <\/span><span class=\"_fadeIn_m1hgl_8\">a <\/span><span class=\"_fadeIn_m1hgl_8\">l\u2019abast <\/span><span class=\"_fadeIn_m1hgl_8\">del <\/span><span class=\"_fadeIn_m1hgl_8\">centre: <\/span><strong data-start=\"1633\" data-end=\"1685\"><span class=\"_fadeIn_m1hgl_8\">impressores <\/span><span class=\"_fadeIn_m1hgl_8\">3D, <\/span><span class=\"_fadeIn_m1hgl_8\">pl\u00f2ter <\/span><span class=\"_fadeIn_m1hgl_8\">de <\/span><span class=\"_fadeIn_m1hgl_8\">tall <\/span><span class=\"_fadeIn_m1hgl_8\">i <\/span><span class=\"_fadeIn_m1hgl_8\">talladora <\/span><span class=\"_fadeIn_m1hgl_8\">l\u00e0ser<\/span><\/strong><span class=\"_fadeIn_m1hgl_8\">.<\/span><\/p>\n<p data-start=\"1688\" data-end=\"1871\"><span class=\"_fadeIn_m1hgl_8\">Aquesta <\/span><span class=\"_fadeIn_m1hgl_8\">optativa <\/span><span class=\"_fadeIn_m1hgl_8\">combina <\/span><span class=\"_fadeIn_m1hgl_8\">pensament <\/span><span class=\"_fadeIn_m1hgl_8\">computacional, <\/span><span class=\"_fadeIn_m1hgl_8\">treball <\/span><span class=\"_fadeIn_m1hgl_8\">en <\/span><span class=\"_fadeIn_m1hgl_8\">equip, <\/span><span class=\"_fadeIn_m1hgl_8\">creativitat <\/span><span class=\"_fadeIn_m1hgl_8\">i <\/span><span class=\"_fadeIn_m1hgl_8\">aplicaci\u00f3 <\/span><span class=\"_fadeIn_m1hgl_8\">pr\u00e0ctica <\/span><span class=\"_fadeIn_m1hgl_8\">de <\/span><span class=\"_fadeIn_m1hgl_8\">la <\/span><span class=\"_fadeIn_m1hgl_8\">tecnologia, <\/span><span class=\"_fadeIn_m1hgl_8\">preparant <\/span><span class=\"_fadeIn_m1hgl_8\">l\u2019alumnat <\/span><span class=\"_fadeIn_m1hgl_8\">per <\/span><span class=\"_fadeIn_m1hgl_8\">futurs <\/span><span class=\"_fadeIn_m1hgl_8\">estudis <\/span><span class=\"_fadeIn_m1hgl_8\">tecnol\u00f2gics <\/span><span class=\"_fadeIn_m1hgl_8\">o <\/span><span class=\"_fadeIn_m1hgl_8\">cient\u00edfics.<\/span><\/p>\n<h6>\r\n\t<div class=\"slideshow_container slideshow_container_style-light\" style=\"height: 500px; \" data-slideshow-id=\"12354\" data-style-name=\"style-light\" data-style-version=\"2.3.1\" >\r\n\r\n\t\t\t\t\t<div class=\"slideshow_loading_icon\"><\/div>\r\n\t\t\r\n\t\t<div class=\"slideshow_content\" style=\"display: none;\">\r\n\r\n\t\t\t<div class=\"slideshow_view\">\r\n\t\t\t\t<div class=\"slideshow_slide slideshow_slide_image\">\r\n\t\t\t\t\t\t\t\t\t\t\t<img src=\"https:\/\/agora.xtec.cat\/iesdecelra\/wp-content\/uploads\/usu1789\/2025\/05\/Robo1.jpg\" alt=\"Robo1\" width=\"2000\" height=\"1500\" \/>\r\n\t\t\t\t\t\t\t\t\t\t<div class=\"slideshow_description_box slideshow_transparent\">\r\n\t\t\t\t\t\t<div class=\"slideshow_title\">Robo1<\/div>\t\t\t\t\t\t\t\t\t\t\t<\/div>\r\n\t\t\t\t<\/div>\r\n\r\n\t\t\t\t\t\t<div style=\"clear: both;\"><\/div><\/div><div class=\"slideshow_view\">\r\n\t\t\t\t<div class=\"slideshow_slide slideshow_slide_image\">\r\n\t\t\t\t\t\t\t\t\t\t\t<img src=\"https:\/\/agora.xtec.cat\/iesdecelra\/wp-content\/uploads\/usu1789\/2025\/05\/IMG-20220608-WA0011.jpg\" alt=\"IMG-20220608-WA0011\" width=\"2048\" height=\"1536\" \/>\r\n\t\t\t\t\t\t\t\t\t\t<div class=\"slideshow_description_box slideshow_transparent\">\r\n\t\t\t\t\t\t<div class=\"slideshow_title\">IMG-20220608-WA0011<\/div>\t\t\t\t\t\t\t\t\t\t\t<\/div>\r\n\t\t\t\t<\/div>\r\n\r\n\t\t\t\t\t\t<div style=\"clear: both;\"><\/div><\/div><div class=\"slideshow_view\">\r\n\t\t\t\t<div class=\"slideshow_slide slideshow_slide_image\">\r\n\t\t\t\t\t\t\t\t\t\t\t<img src=\"https:\/\/agora.xtec.cat\/iesdecelra\/wp-content\/uploads\/usu1789\/2025\/05\/IMG_20210607_105749-scaled.jpg\" alt=\"IMG_20210607_105749\" width=\"2560\" height=\"1920\" \/>\r\n\t\t\t\t\t\t\t\t\t\t<div class=\"slideshow_description_box slideshow_transparent\">\r\n\t\t\t\t\t\t<div class=\"slideshow_title\">IMG_20210607_105749<\/div>\t\t\t\t\t\t\t\t\t\t\t<\/div>\r\n\t\t\t\t<\/div>\r\n\r\n\t\t\t\t\t\t<div style=\"clear: both;\"><\/div><\/div>\r\n\t\t<\/div>\r\n\r\n\t\t<div class=\"slideshow_controlPanel slideshow_transparent\" style=\"display: none;\"><ul><li class=\"slideshow_togglePlay\" data-play-text=\"Visualitza\" data-pause-text=\"Pausa\"><\/li><\/ul><\/div>\r\n\r\n\t\t<div class=\"slideshow_button slideshow_previous slideshow_transparent\" role=\"button\" data-previous-text=\"Anterior\" style=\"display: none;\"><\/div>\r\n\t\t<div class=\"slideshow_button slideshow_next slideshow_transparent\" role=\"button\" data-next-text=\"Seg\u00fcent\" style=\"display: none;\"><\/div>\r\n\r\n\t\t<div class=\"slideshow_pagination\" style=\"display: none;\" data-go-to-text=\"V\u00e9s a la diapositiva\"><div class=\"slideshow_pagination_center\"><\/div><\/div>\r\n\r\n\t\t<!-- WordPress Slideshow Version 2.3.1 -->\r\n\r\n\t\t\t<\/div>\r\n\r\n<\/h6>\n<p style=\"text-align: justify;\"><strong>El curs 2019-20 el Departament d&#8217;Educaci\u00f3 ha reconegut el projecte de Rob\u00f2tica i Programaci\u00f3 de l&#8217;Institut de Celr\u00e0 com a pr\u00e0ctiques educatives de refer\u00e8ncia d&#8217;innovaci\u00f3 pedag\u00f2gica.<\/strong><\/p>\n","protected":false},"excerpt":{"rendered":"<p><a href=\"https:\/\/agora.xtec.cat\/iesdecelra\/wp-content\/uploads\/usu1789\/2018\/10\/aula.png\"><\/a>Fa una colla d\u2019anys que a l\u2019institut de Celr\u00e0 es treballa la rob\u00f2tica, l\u2019automatitzaci\u00f3, la programaci\u00f3 i la impressi\u00f3 3D. Els darrers cursos, aquests continguts han passat de ser un bloc que es treballava a l\u2019optativa de Tecnologia de quart d\u2019ESO a formar part,&hellip;  <a href=\"https:\/\/agora.xtec.cat\/iesdecelra\/projectes-de-centre\/robotica-i-programacio\/\" title=\"Read Rob\u00f2tica i Programaci\u00f3\">Llegeix m\u00e9s\u00bb<\/a><\/p>\n","protected":false},"author":1,"featured_media":0,"parent":1457,"menu_order":10,"comment_status":"closed","ping_status":"closed","template":"","meta":{"_bbp_topic_count":0,"_bbp_reply_count":0,"_bbp_total_topic_count":0,"_bbp_total_reply_count":0,"_bbp_voice_count":0,"_bbp_anonymous_reply_count":0,"_bbp_topic_count_hidden":0,"_bbp_reply_count_hidden":0,"_bbp_forum_subforum_count":0,"footnotes":""},"class_list":["post-978","page","type-page","status-publish","hentry"],"post_mailing_queue_ids":[],"_links":{"self":[{"href":"https:\/\/agora.xtec.cat\/iesdecelra\/wp-json\/wp\/v2\/pages\/978","targetHints":{"allow":["GET"]}}],"collection":[{"href":"https:\/\/agora.xtec.cat\/iesdecelra\/wp-json\/wp\/v2\/pages"}],"about":[{"href":"https:\/\/agora.xtec.cat\/iesdecelra\/wp-json\/wp\/v2\/types\/page"}],"author":[{"embeddable":true,"href":"https:\/\/agora.xtec.cat\/iesdecelra\/wp-json\/wp\/v2\/users\/1"}],"replies":[{"embeddable":true,"href":"https:\/\/agora.xtec.cat\/iesdecelra\/wp-json\/wp\/v2\/comments?post=978"}],"version-history":[{"count":7,"href":"https:\/\/agora.xtec.cat\/iesdecelra\/wp-json\/wp\/v2\/pages\/978\/revisions"}],"predecessor-version":[{"id":12361,"href":"https:\/\/agora.xtec.cat\/iesdecelra\/wp-json\/wp\/v2\/pages\/978\/revisions\/12361"}],"up":[{"embeddable":true,"href":"https:\/\/agora.xtec.cat\/iesdecelra\/wp-json\/wp\/v2\/pages\/1457"}],"wp:attachment":[{"href":"https:\/\/agora.xtec.cat\/iesdecelra\/wp-json\/wp\/v2\/media?parent=978"}],"curies":[{"name":"wp","href":"https:\/\/api.w.org\/{rel}","templated":true}]}}