{"id":9025,"date":"2023-05-19T12:26:39","date_gmt":"2023-05-19T10:26:39","guid":{"rendered":"https:\/\/agora.xtec.cat\/iesdecelra\/?page_id=9025"},"modified":"2025-11-24T11:50:33","modified_gmt":"2025-11-24T10:50:33","slug":"eso","status":"publish","type":"page","link":"https:\/\/agora.xtec.cat\/iesdecelra\/estudis\/eso\/","title":{"rendered":"ESO"},"content":{"rendered":"<p>L\u2019<strong>Educaci\u00f3 Secund\u00e0ria Obligat\u00f2ria (ESO)\u00a0<\/strong>\u00e9s una etapa educativa (obligat\u00f2ria i gratu\u00efta) que s\u2019est\u00e9n al llarg de quatre anys despr\u00e9s de l\u2019etapa d\u2019educaci\u00f3 prim\u00e0ria.<\/p>\n<h4>Finalitat de l\u2019ESO<\/h4>\n<p>La finalitat de l\u2019educaci\u00f3 secund\u00e0ria obligat\u00f2ria \u00e9s l\u2019assoliment de les compet\u00e8ncies clau que permeti a tot l\u2019alumnat:<\/p>\n<p>a) Assegurar un desenvolupament personal i social s\u00f2lid en relaci\u00f3 amb l\u2019autonomia personal.<\/p>\n<p>b) Desenvolupar en el nivell adequat les habilitats i compet\u00e8ncies culturals, personals i socials.<\/p>\n<h4>Organitzaci\u00f3 de l\u2019ESO<\/h4>\n<p>S\u2019estructura en quatre cursos. Aquests estudis s\u2019organitzen d\u2019acord amb els principis de l\u2019educaci\u00f3 en com\u00fa i l\u2019atenci\u00f3 a la diversitat de l\u2019alumnat i dona una atenci\u00f3 especial a l\u2019orientaci\u00f3 educativa i professional.<\/p>\n<p>Com a novetat pel curs 2023\/2024, s&#8217;introdueixen 2 hores de projectes a 1r i a 3r tal i com proposa el nou curr\u00edculum.<\/p>\n<h4>Organitzaci\u00f3 curricular<\/h4>\n<p>Distribuci\u00f3 de les mat\u00e8ries de 1r a 3r d&#8217;ESO:<\/p>\n<table style=\"border-collapse: collapse; width: 100%;\">\n<tbody>\n<tr>\n<td style=\"width: 19%; text-align: center;\"><\/td>\n<td style=\"width: 27%; text-align: center;\"><strong>1r d&#8217;ESO<\/strong><\/td>\n<td style=\"width: 27%; text-align: center;\"><strong>2n d&#8217;ESO<\/strong><\/td>\n<td style=\"width: 27%; text-align: center;\"><strong>3r d&#8217;ESO<\/strong><\/td>\n<\/tr>\n<tr>\n<td style=\"width: 19%; text-align: center;\"><strong>Mat\u00e8ries comunes<\/strong><\/td>\n<td style=\"width: 27%; text-align: left;\">\u2022 Catal\u00e0 (3)<br \/>\n\u2022 Castell\u00e0 (3)<br \/>\n\u2022 Angl\u00e8s* (3)<br \/>\n\u2022 Matem\u00e0tiques (3)<br \/>\n\u2022 Tecnologia* (1)<br \/>\n\u2022 Digitalitzaci\u00f3 (1)<br \/>\n\u2022 Biologia* (2)<br \/>\n\u2022 Socials (3)<br \/>\n\u2022 Educaci\u00f3 visual i pl\u00e0stica (2)<br \/>\n\u2022 Projectes (2)<br \/>\n\u2022 Educaci\u00f3 f\u00edsica (2)<br \/>\n\u2022 M\u00fasica (2)<br \/>\n\u2022 OTA\/Religi\u00f3 (1)<br \/>\n\u2022 Estructures ling\u00fc\u00edstiques comunes (1)<br \/>\n\u2022 Tutoria (1)<\/td>\n<td style=\"width: 27%; text-align: left;\">\u2022 Catal\u00e0 (3)<br \/>\n\u2022 Castell\u00e0 (3)<br \/>\n\u2022 Angl\u00e8s* (4)<br \/>\n\u2022 Matem\u00e0tiques (4)<br \/>\n\u2022 Tecnologia* (2)<br \/>\n\u2022 F\u00edsica i Qu\u00edmica* (3)<br \/>\n\u2022 Socials (3)<br \/>\n\u2022 Educaci\u00f3 visual i pl\u00e0stica (2)<br \/>\n\u2022 Educaci\u00f3 f\u00edsica (2)<br \/>\n\u2022 Tutoria (1)<br \/>\n\u2022 OTA (1)<\/td>\n<td style=\"width: 27%; text-align: left;\">\u2022 Catal\u00e0 (3)<br \/>\n\u2022 Castell\u00e0 (3)<br \/>\n\u2022 Angl\u00e8s* (3)<br \/>\n\u2022 Matem\u00e0tiques (4)<br \/>\n\u2022 Tecnologia* (2)<br \/>\n\u2022 F\u00edsica i Qu\u00edmica* (2)<br \/>\n\u2022 Biologia i Geologia (2)<br \/>\n\u2022 Socials (3)<br \/>\n\u2022 Projectes (2)<br \/>\n\u2022 Educaci\u00f3 f\u00edsica (2)<br \/>\n\u2022 M\u00fasica (2)<br \/>\n\u2022 Tutoria (1)<br \/>\n\u2022 OTA (1)<\/td>\n<\/tr>\n<tr>\n<td style=\"width: 19%; text-align: center;\"><strong>Mat\u00e8ries optatives<\/strong><\/td>\n<td style=\"width: 27%; text-align: left;\">\u2022 Franc\u00e8s<br \/>\n\u2022 Emociona&#8217;t<br \/>\n\u2022 PIM (programa intensiu de millora)<\/p>\n<p style=\"text-align: center;\"><em>1 hora setmanal<\/em><\/p>\n<\/td>\n<td style=\"width: 27%; text-align: left;\">\u2022 Franc\u00e8s<br \/>\n\u2022 Emociona&#8217;t<br \/>\n\u2022 Roda d&#8217;optatives (Petites investigacions, Ars Amandi)<\/p>\n<p style=\"text-align: center;\"><em>2 hores setmanals<\/em><\/p>\n<\/td>\n<td style=\"width: 27%; text-align: left;\">\u2022 Franc\u00e8s<br \/>\n\u2022 Teatre<br \/>\n\u2022 Dansa<br \/>\n\u2022 Cultura Cl\u00e0ssica<br \/>\n\u2022 Rob\u00f2tica<br \/>\n\u2022 Emprenedoria<br \/>\n\u2022 PIM (programa intensiu de millora)<\/p>\n<p style=\"text-align: center;\"><em>2 hores setmanals<\/em><\/p>\n<\/td>\n<\/tr>\n<\/tbody>\n<\/table>\n<p><span style=\"font-size: 10pt;\"><em>* Una de les hores setmanals \u00e9s de grup redu\u00eft (mig grup) per anar al laboratori, taller o treballar conversa.<\/em><\/span><\/p>\n<p>Oferta formativa a 4t d&#8217;ESO:<\/p>\n<table style=\"border-collapse: collapse; width: 100%;\">\n<tbody>\n<tr>\n<td style=\"width: 19%; text-align: center;\"><\/td>\n<td style=\"width: 81%; text-align: center;\"><strong>4t d&#8217;ESO<\/strong><\/td>\n<\/tr>\n<tr>\n<td style=\"width: 19%; text-align: center;\"><strong>Mat\u00e8ries comunes<\/strong><\/td>\n<td style=\"width: 81%; text-align: left;\">\u2022 Catal\u00e0 (4)<br \/>\n\u2022 Castell\u00e0 (3)<br \/>\n\u2022 Angl\u00e8s (3)<br \/>\n\u2022 Matem\u00e0tiques (4)<br \/>\n\u2022 Socials (3)<br \/>\n\u2022 Educaci\u00f3 f\u00edsica (2)<br \/>\n\u2022 Cultura i valors \u00e8tics (1)<br \/>\n\u2022 Tutoria (1)<\/td>\n<\/tr>\n<tr>\n<td style=\"width: 19%; text-align: center;\"><strong>Mat\u00e8ries optatives<\/strong><\/td>\n<td style=\"width: 81%; text-align: left;\">\u2022 Franc\u00e8s<br \/>\n\u2022 Educaci\u00f3 visual i pl\u00e0stica<br \/>\n\u2022 Filosofia<br \/>\n\u2022 F\u00edsica i qu\u00edmica<br \/>\n\u2022 Tecnologies de la informaci\u00f3 i la comunicaci\u00f3 (TIC)<br \/>\n\u2022 Llat\u00ed<br \/>\n\u2022 Biologia i geologia<br \/>\n\u2022 Emprenedoria europea<br \/>\n\u2022 Teatre<br \/>\n\u2022 Tecnologia<br \/>\n\u2022 Economia<\/p>\n<p style=\"text-align: center;\"><em>3 assignatures de 3 hores setmanals<\/em><\/p>\n<\/td>\n<\/tr>\n<\/tbody>\n<\/table>\n<h4><a href=\"https:\/\/docs.google.com\/spreadsheets\/d\/1w3UnaAnZPLT-L7TrzD2Au_sqvY27URDJ\/preview?urp=gmail_link#gid=768389886\">Criteris d&#8217;avaluaci\u00f3<\/a><\/h4>\n<p>&nbsp;<\/p>\n","protected":false},"excerpt":{"rendered":"<p>L\u2019Educaci\u00f3 Secund\u00e0ria Obligat\u00f2ria (ESO)\u00a0\u00e9s una etapa educativa (obligat\u00f2ria i gratu\u00efta) que s\u2019est\u00e9n al llarg de quatre anys despr\u00e9s de l\u2019etapa d\u2019educaci\u00f3 prim\u00e0ria.<br \/>\nFinalitat de l\u2019ESO<br \/>\nLa finalitat de l\u2019educaci\u00f3 secund\u00e0ria obligat\u00f2ria \u00e9s l\u2019assoliment de les compet\u00e8ncies clau que permeti a tot l\u2019alumnat:<br \/>\na) Assegurar un desenvolupament personal i&hellip;  <a href=\"https:\/\/agora.xtec.cat\/iesdecelra\/estudis\/eso\/\" title=\"Read ESO\">Llegeix m\u00e9s\u00bb<\/a><\/p>\n","protected":false},"author":1,"featured_media":0,"parent":5374,"menu_order":1,"comment_status":"closed","ping_status":"closed","template":"page-templates\/side-menu.php","meta":{"_bbp_topic_count":0,"_bbp_reply_count":0,"_bbp_total_topic_count":0,"_bbp_total_reply_count":0,"_bbp_voice_count":0,"_bbp_anonymous_reply_count":0,"_bbp_topic_count_hidden":0,"_bbp_reply_count_hidden":0,"_bbp_forum_subforum_count":0,"footnotes":""},"class_list":["post-9025","page","type-page","status-publish","hentry"],"post_mailing_queue_ids":[],"_links":{"self":[{"href":"https:\/\/agora.xtec.cat\/iesdecelra\/wp-json\/wp\/v2\/pages\/9025","targetHints":{"allow":["GET"]}}],"collection":[{"href":"https:\/\/agora.xtec.cat\/iesdecelra\/wp-json\/wp\/v2\/pages"}],"about":[{"href":"https:\/\/agora.xtec.cat\/iesdecelra\/wp-json\/wp\/v2\/types\/page"}],"author":[{"embeddable":true,"href":"https:\/\/agora.xtec.cat\/iesdecelra\/wp-json\/wp\/v2\/users\/1"}],"replies":[{"embeddable":true,"href":"https:\/\/agora.xtec.cat\/iesdecelra\/wp-json\/wp\/v2\/comments?post=9025"}],"version-history":[{"count":6,"href":"https:\/\/agora.xtec.cat\/iesdecelra\/wp-json\/wp\/v2\/pages\/9025\/revisions"}],"predecessor-version":[{"id":13129,"href":"https:\/\/agora.xtec.cat\/iesdecelra\/wp-json\/wp\/v2\/pages\/9025\/revisions\/13129"}],"up":[{"embeddable":true,"href":"https:\/\/agora.xtec.cat\/iesdecelra\/wp-json\/wp\/v2\/pages\/5374"}],"wp:attachment":[{"href":"https:\/\/agora.xtec.cat\/iesdecelra\/wp-json\/wp\/v2\/media?parent=9025"}],"curies":[{"name":"wp","href":"https:\/\/api.w.org\/{rel}","templated":true}]}}