{"id":862,"date":"2018-09-19T11:15:56","date_gmt":"2018-09-19T09:15:56","guid":{"rendered":"http:\/\/agora.xtec.cat\/iesdecelra\/?page_id=862"},"modified":"2025-10-03T12:37:19","modified_gmt":"2025-10-03T10:37:19","slug":"examens-cambridge","status":"publish","type":"page","link":"https:\/\/agora.xtec.cat\/iesdecelra\/serveis\/examens-cambridge\/","title":{"rendered":"Ex\u00e0mens Cambridge"},"content":{"rendered":"<h4><strong>Calendari i procediment de les proves<\/strong><\/h4>\n<p><span style=\"font-weight: 400;\">Aquest curs 25-26 oferim de nou les proves de <\/span><i><span style=\"font-weight: 400;\">Cambridge<\/span><\/i><span style=\"font-weight: 400;\"> a l\u2019Institut de Celr\u00e0. A continuaci\u00f3 s\u2019indiquen les dates i etapes de tot el procediment dels ex\u00e0mens. <\/span><\/p>\n<table style=\"border-collapse: collapse; width: 58.831%; height: 192px;\">\n<tbody>\n<tr style=\"height: 32px;\">\n<td style=\"width: 12.2463%; height: 32px;\">DATA<\/td>\n<td style=\"width: 41.5001%; height: 32px;\"><\/td>\n<\/tr>\n<tr style=\"height: 32px;\">\n<td style=\"width: 12.2463%; height: 32px;\">Desembre 2025<\/td>\n<td style=\"width: 41.5001%; height: 32px;\">Prova de nivell a l&#8217;aula<\/td>\n<\/tr>\n<tr style=\"height: 32px;\">\n<td style=\"width: 12.2463%; height: 32px;\">3 de febrer 2026 (tarda)<\/td>\n<td style=\"width: 41.5001%; height: 32px;\">Simulacre d&#8217;examen: part escrita i oral<\/td>\n<\/tr>\n<tr style=\"height: 32px;\">\n<td style=\"width: 12.2463%; height: 32px;\">Mar\u00e7 2026<\/td>\n<td style=\"width: 41.5001%; height: 32px;\">Valoraci\u00f3 dels resultats<\/td>\n<\/tr>\n<tr style=\"height: 32px;\">\n<td style=\"width: 12.2463%; height: 32px;\">Abril 2026<\/td>\n<td style=\"width: 41.5001%; height: 32px;\">Inscripci\u00f3 a les proves si el resultat del simulacre ha estat satisfactori<\/td>\n<\/tr>\n<tr style=\"height: 32px;\">\n<td style=\"width: 12.2463%; height: 32px;\"><strong>Dissabte 30 de maig 2026 (mat\u00ed)<\/strong><\/td>\n<td style=\"width: 41.5001%; height: 32px;\">Examen oficial a l&#8217;Institut de Celr\u00e0<\/td>\n<\/tr>\n<\/tbody>\n<\/table>\n<p><span style=\"font-weight: 400;\">El correu electr\u00f2nic es far\u00e0 servir com a canal de comunicaci\u00f3 amb els candidats i les fam\u00edlies. <\/span><\/p>\n<p><b>Preus dels ex\u00e0mens oficials curs 25-26<\/b><\/p>\n<table>\n<tbody>\n<tr>\n<td><span style=\"font-weight: 400;\">NIVELL<\/span><\/td>\n<td><span style=\"font-weight: 400;\">TAXES<\/span><\/td>\n<\/tr>\n<tr>\n<td><span style=\"font-weight: 400;\">B1- PET for Schools<\/span><\/td>\n<td><span style=\"font-weight: 400;\">116\u20ac<\/span><\/td>\n<\/tr>\n<tr>\n<td><span style=\"font-weight: 400;\">B2- First for Schools<\/span><\/td>\n<td><span style=\"font-weight: 400;\">212\u20ac<\/span><\/td>\n<\/tr>\n<\/tbody>\n<\/table>\n<h4><\/h4>\n<h4><b>Models d&#8217;ex\u00e0mens\u00a0<\/b><\/h4>\n<p><span style=\"font-weight: 400;\">PET for Schools: <\/span><a href=\"https:\/\/www.cambridgeenglish.org\/exams-and-tests\/preliminary-for-schools\/exam-format\/\"><span style=\"font-weight: 400;\">https:\/\/www.cambridgeenglish.org\/exams-and-tests\/preliminary-for-schools\/exam-format\/<\/span><\/a><\/p>\n<p><span style=\"font-weight: 400;\">FCE for Schools: <\/span><a href=\"https:\/\/www.cambridgeenglish.org\/es\/exams-and-tests\/first-for-schools\/\"><span style=\"font-weight: 400;\">https:\/\/www.cambridgeenglish.org\/es\/exams-and-tests\/first-for-schools\/<\/span><\/a><\/p>\n<h4><\/h4>\n<h4><b>Material per preparar les proves a Moodle<\/b><\/h4>\n<p><a href=\"https:\/\/educaciodigital.cat\/iesdecelra\/moodle\/course\/view.php?id=5270\"><span style=\"font-weight: 400;\">https:\/\/agora.xtec.cat\/iesdecelra\/moodle\/course\/index.php?categoryid=<\/span><\/a><\/p>\n<p><strong>Acc\u00e9s a Centre d\u2019Ex\u00e0mens Girona<\/strong><span style=\"font-weight: 400;\"><strong>:<\/strong> <a href=\"https:\/\/www.examensgirona.com\/\">https:\/\/www.examensgirona.com\/<\/a><\/span><\/p>\n<p>&nbsp;<\/p>\n<p><strong>Coordinadora certificats d\u2019angl\u00e8s<\/strong><span style=\"font-weight: 400;\"><strong>:<\/strong> Imma Garcia\u00a0 (<\/span><a href=\"mailto:immagarcia@iesdecelra.cat\"><span style=\"font-weight: 400;\">immagarcia@iesdecelra.cat<\/span><\/a><span style=\"font-weight: 400;\">)<\/span><\/p>\n","protected":false},"excerpt":{"rendered":"<p>Calendari i procediment de les proves<br \/>\nAquest curs 25-26 oferim de nou les proves de Cambridge a l\u2019Institut de Celr\u00e0. A continuaci\u00f3 s\u2019indiquen les dates i etapes de tot el procediment dels ex\u00e0mens. <\/p>\n<p>DATA<\/p>\n<p>Desembre 2025<br \/>\nProva de nivell a l&#8217;aula<\/p>\n<p>3 de febrer 2026 (tarda)<br \/>\nSimulacre d&#8217;examen: part escrita&hellip;  <a href=\"https:\/\/agora.xtec.cat\/iesdecelra\/serveis\/examens-cambridge\/\" title=\"Read Ex\u00e0mens Cambridge\">Llegeix m\u00e9s\u00bb<\/a><\/p>\n","protected":false},"author":1,"featured_media":0,"parent":63,"menu_order":51,"comment_status":"closed","ping_status":"closed","template":"page-templates\/side-menu.php","meta":{"_bbp_topic_count":0,"_bbp_reply_count":0,"_bbp_total_topic_count":0,"_bbp_total_reply_count":0,"_bbp_voice_count":0,"_bbp_anonymous_reply_count":0,"_bbp_topic_count_hidden":0,"_bbp_reply_count_hidden":0,"_bbp_forum_subforum_count":0,"footnotes":""},"class_list":["post-862","page","type-page","status-publish","hentry"],"post_mailing_queue_ids":[],"_links":{"self":[{"href":"https:\/\/agora.xtec.cat\/iesdecelra\/wp-json\/wp\/v2\/pages\/862","targetHints":{"allow":["GET"]}}],"collection":[{"href":"https:\/\/agora.xtec.cat\/iesdecelra\/wp-json\/wp\/v2\/pages"}],"about":[{"href":"https:\/\/agora.xtec.cat\/iesdecelra\/wp-json\/wp\/v2\/types\/page"}],"author":[{"embeddable":true,"href":"https:\/\/agora.xtec.cat\/iesdecelra\/wp-json\/wp\/v2\/users\/1"}],"replies":[{"embeddable":true,"href":"https:\/\/agora.xtec.cat\/iesdecelra\/wp-json\/wp\/v2\/comments?post=862"}],"version-history":[{"count":6,"href":"https:\/\/agora.xtec.cat\/iesdecelra\/wp-json\/wp\/v2\/pages\/862\/revisions"}],"predecessor-version":[{"id":13001,"href":"https:\/\/agora.xtec.cat\/iesdecelra\/wp-json\/wp\/v2\/pages\/862\/revisions\/13001"}],"up":[{"embeddable":true,"href":"https:\/\/agora.xtec.cat\/iesdecelra\/wp-json\/wp\/v2\/pages\/63"}],"wp:attachment":[{"href":"https:\/\/agora.xtec.cat\/iesdecelra\/wp-json\/wp\/v2\/media?parent=862"}],"curies":[{"name":"wp","href":"https:\/\/api.w.org\/{rel}","templated":true}]}}