{"id":8297,"date":"2023-03-15T22:31:21","date_gmt":"2023-03-15T21:31:21","guid":{"rendered":"https:\/\/agora.xtec.cat\/iesdecelra\/?page_id=8297"},"modified":"2025-07-15T09:41:24","modified_gmt":"2025-07-15T07:41:24","slug":"cfgm","status":"publish","type":"page","link":"https:\/\/agora.xtec.cat\/iesdecelra\/cfgm\/","title":{"rendered":"CFGM &#8211; TDU"},"content":{"rendered":"<p>Des del curs 2023-24 l&#8217;Institut de Celr\u00e0 ofereix el Cicle de Grau Mitj\u00e0 de T\u00e8cniques de Dansa Urbana; \u00fanic a la prov\u00edncia de Girona. Si cliqueu sobre la imatge podreu accedir a la <a href=\"https:\/\/drive.google.com\/file\/d\/1pgngFc3iZxRU-dfeSwTBerhbSWlqSYJN\/view?usp=share_link\">presentaci\u00f3<\/a> del cicle.<\/p>\n<p><iframe loading=\"lazy\" title=\"Tra\u0300iler cicle Dansa Urbana\" width=\"500\" height=\"281\" src=\"https:\/\/www.youtube.com\/embed\/WdhB8WsH84g?feature=oembed\" frameborder=\"0\" allow=\"accelerometer; autoplay; clipboard-write; encrypted-media; gyroscope; picture-in-picture; web-share\" referrerpolicy=\"strict-origin-when-cross-origin\" allowfullscreen><\/iframe><\/p>\n<p>&nbsp;<\/p>\n<p>A m\u00e9s, en el tr\u00edptic informatiu hi ha tota la informaci\u00f3 general.<\/p>\n<p><img loading=\"lazy\" decoding=\"async\" class=\"aligncenter size-full wp-image-11644\" src=\"https:\/\/agora.xtec.cat\/iesdecelra\/wp-content\/uploads\/usu1789\/2024\/12\/Triptic-dansa-ubana-INS-CELRA.jpg\" alt=\"\" width=\"1753\" height=\"1240\" srcset=\"https:\/\/agora.xtec.cat\/iesdecelra\/wp-content\/uploads\/usu1789\/2024\/12\/Triptic-dansa-ubana-INS-CELRA.jpg 1753w, https:\/\/agora.xtec.cat\/iesdecelra\/wp-content\/uploads\/usu1789\/2024\/12\/Triptic-dansa-ubana-INS-CELRA-300x212.jpg 300w, https:\/\/agora.xtec.cat\/iesdecelra\/wp-content\/uploads\/usu1789\/2024\/12\/Triptic-dansa-ubana-INS-CELRA-1024x724.jpg 1024w, https:\/\/agora.xtec.cat\/iesdecelra\/wp-content\/uploads\/usu1789\/2024\/12\/Triptic-dansa-ubana-INS-CELRA-768x543.jpg 768w, https:\/\/agora.xtec.cat\/iesdecelra\/wp-content\/uploads\/usu1789\/2024\/12\/Triptic-dansa-ubana-INS-CELRA-1536x1087.jpg 1536w\" sizes=\"auto, (max-width: 1753px) 100vw, 1753px\" \/><img loading=\"lazy\" decoding=\"async\" class=\"aligncenter size-full wp-image-11643\" src=\"https:\/\/agora.xtec.cat\/iesdecelra\/wp-content\/uploads\/usu1789\/2024\/12\/Triptic-dansa-ubana-INS-CELRA2.jpg\" alt=\"\" width=\"1753\" height=\"1240\" srcset=\"https:\/\/agora.xtec.cat\/iesdecelra\/wp-content\/uploads\/usu1789\/2024\/12\/Triptic-dansa-ubana-INS-CELRA2.jpg 1753w, https:\/\/agora.xtec.cat\/iesdecelra\/wp-content\/uploads\/usu1789\/2024\/12\/Triptic-dansa-ubana-INS-CELRA2-300x212.jpg 300w, https:\/\/agora.xtec.cat\/iesdecelra\/wp-content\/uploads\/usu1789\/2024\/12\/Triptic-dansa-ubana-INS-CELRA2-1024x724.jpg 1024w, https:\/\/agora.xtec.cat\/iesdecelra\/wp-content\/uploads\/usu1789\/2024\/12\/Triptic-dansa-ubana-INS-CELRA2-768x543.jpg 768w, https:\/\/agora.xtec.cat\/iesdecelra\/wp-content\/uploads\/usu1789\/2024\/12\/Triptic-dansa-ubana-INS-CELRA2-1536x1087.jpg 1536w\" sizes=\"auto, (max-width: 1753px) 100vw, 1753px\" \/><\/p>\n<p>&nbsp;<\/p>\n<h4><\/h4>\n<p>&nbsp;<\/p>\n","protected":false},"excerpt":{"rendered":"<p>Des del curs 2023-24 l&#8217;Institut de Celr\u00e0 ofereix el Cicle de Grau Mitj\u00e0 de T\u00e8cniques de Dansa Urbana; \u00fanic a la prov\u00edncia de Girona. Si cliqueu sobre la imatge podreu accedir a la <a href=\"https:\/\/drive.google.com\/file\/d\/1pgngFc3iZxRU-dfeSwTBerhbSWlqSYJN\/view?usp=share_link\">presentaci\u00f3<\/a> del cicle.<\/p>\n<p>&nbsp;<br \/>\nA m\u00e9s, en el tr\u00edptic informatiu hi ha tota&hellip;  <a href=\"https:\/\/agora.xtec.cat\/iesdecelra\/cfgm\/\" title=\"Read CFGM &#8211; TDU\">Llegeix m\u00e9s\u00bb<\/a><\/p>\n","protected":false},"author":1,"featured_media":0,"parent":0,"menu_order":0,"comment_status":"closed","ping_status":"closed","template":"page-templates\/side-menu.php","meta":{"_bbp_topic_count":0,"_bbp_reply_count":0,"_bbp_total_topic_count":0,"_bbp_total_reply_count":0,"_bbp_voice_count":0,"_bbp_anonymous_reply_count":0,"_bbp_topic_count_hidden":0,"_bbp_reply_count_hidden":0,"_bbp_forum_subforum_count":0,"footnotes":""},"class_list":["post-8297","page","type-page","status-publish","hentry"],"post_mailing_queue_ids":[],"_links":{"self":[{"href":"https:\/\/agora.xtec.cat\/iesdecelra\/wp-json\/wp\/v2\/pages\/8297","targetHints":{"allow":["GET"]}}],"collection":[{"href":"https:\/\/agora.xtec.cat\/iesdecelra\/wp-json\/wp\/v2\/pages"}],"about":[{"href":"https:\/\/agora.xtec.cat\/iesdecelra\/wp-json\/wp\/v2\/types\/page"}],"author":[{"embeddable":true,"href":"https:\/\/agora.xtec.cat\/iesdecelra\/wp-json\/wp\/v2\/users\/1"}],"replies":[{"embeddable":true,"href":"https:\/\/agora.xtec.cat\/iesdecelra\/wp-json\/wp\/v2\/comments?post=8297"}],"version-history":[{"count":7,"href":"https:\/\/agora.xtec.cat\/iesdecelra\/wp-json\/wp\/v2\/pages\/8297\/revisions"}],"predecessor-version":[{"id":12731,"href":"https:\/\/agora.xtec.cat\/iesdecelra\/wp-json\/wp\/v2\/pages\/8297\/revisions\/12731"}],"wp:attachment":[{"href":"https:\/\/agora.xtec.cat\/iesdecelra\/wp-json\/wp\/v2\/media?parent=8297"}],"curies":[{"name":"wp","href":"https:\/\/api.w.org\/{rel}","templated":true}]}}