{"id":7295,"date":"2022-11-11T12:41:49","date_gmt":"2022-11-11T11:41:49","guid":{"rendered":"https:\/\/agora.xtec.cat\/iesdecelra\/?page_id=7295"},"modified":"2023-01-20T12:06:38","modified_gmt":"2023-01-20T11:06:38","slug":"ambaixador-europeu-2","status":"publish","type":"page","link":"https:\/\/agora.xtec.cat\/iesdecelra\/projectes-de-centre\/projectes-europeus\/ambaixador-europeu-2\/","title":{"rendered":"Ambaixador Europeu"},"content":{"rendered":"<p><b>L\u2019INSTITUT DE CELR\u00c0 RECONEGUT COM A CENTRE AMBAIXADOR EUROPEU<\/b><\/p>\n<p><span style=\"font-weight: 400;\">El programa Centre Ambaixador del Parlament Europeu (EPAS) t\u00e9 com a objectiu aconseguir que els alumnes siguin m\u00e9s conscients de la democr\u00e0cia parlament\u00e0ria europea, la funci\u00f3 del Parlament i els valors europeus. Tamb\u00e9 els anima a participar activament en els processos democr\u00e0tics de la Uni\u00f3.\u00a0<\/span><\/p>\n<p><span style=\"font-weight: 400;\">Els centres educatius escollits han passat un proc\u00e9s de selecci\u00f3 on s\u2019ha tingut en compte la seva participaci\u00f3 en programes europeus, reconeixements obtinguts i implicaci\u00f3 dels docents i alumnes.\u00a0<\/span><\/p>\n<p><span style=\"font-weight: 400;\">Els centres que han estat reconeguts com a Centres Ambaixadors intercanvien bones pr\u00e0ctiques durant el curs. A trav\u00e9s d\u2019aquesta xarxa, els centres educatius poden participar en un seguit d\u2019activitats que organitzen diferents entitats de la societat civil local, nacional i europea.<\/span><\/p>\n<p>El desembre de 2022, els alumnes ambaixadors de l&#8217;institut, gr\u00e0cies a la subvenci\u00f3 otorgada pel Parlament Europeu, varen poder visitar les instal\u00b7lacions i l&#8217;hemicicle del Parlament acompanyats per un guia expert, aix\u00ed com entrevistar l\u2019Eurodiputat Antoni Com\u00edn. Podeu llegir m\u00e9s informaci\u00f3 en l&#8217;<a href=\"https:\/\/agora.xtec.cat\/iesdecelra\/cursos\/eso\/els-alumnes-ambaixadors-europeus-viatgen-a-brussel%c2%b7les-i-visiten-el-parlament-europeu\/\">enlla\u00e7 a la not\u00edcia.<\/a><\/p>\n<p><img loading=\"lazy\" decoding=\"async\" class=\"aligncenter\" src=\"https:\/\/agora.xtec.cat\/iesdecelra\/wp-content\/uploads\/usu1789\/2022\/12\/WhatsApp-Image-2022-12-09-at-14.05.01.jpeg\" alt=\"WhatsApp Image 2022-12-09 at 14.05.01\" width=\"946\" height=\"710\" \/><\/p>\n<p><span style=\"font-weight: 400;\">M\u00e9s informaci\u00f3: <\/span><a href=\"https:\/\/www.europarl.europa.eu\/ambassador-school\/en\/\"><span style=\"font-weight: 400;\">https:\/\/www.europarl.europa.eu\/ambassador-school\/en\/<\/span><\/a><\/p>\n<p><span style=\"font-weight: 400;\">Activitats EPAS 2021-22: <\/span><a href=\"https:\/\/www.youtube.com\/watch?v=8Lsr4Kywc2k\"><span style=\"font-weight: 400;\">https:\/\/www.youtube.com\/watch?v=8Lsr4Kywc2k<\/span><\/a><\/p>\n","protected":false},"excerpt":{"rendered":"<p>L\u2019INSTITUT DE CELR\u00c0 RECONEGUT COM A CENTRE AMBAIXADOR EUROPEU<br \/>\nEl programa Centre Ambaixador del Parlament Europeu (EPAS) t\u00e9 com a objectiu aconseguir que els alumnes siguin m\u00e9s conscients de la democr\u00e0cia parlament\u00e0ria europea, la funci\u00f3 del Parlament i els valors europeus. Tamb\u00e9 els anima a participar&hellip;  <a href=\"https:\/\/agora.xtec.cat\/iesdecelra\/projectes-de-centre\/projectes-europeus\/ambaixador-europeu-2\/\" title=\"Read Ambaixador Europeu\">Llegeix m\u00e9s\u00bb<\/a><\/p>\n","protected":false},"author":1,"featured_media":0,"parent":7353,"menu_order":0,"comment_status":"closed","ping_status":"closed","template":"","meta":{"_bbp_topic_count":0,"_bbp_reply_count":0,"_bbp_total_topic_count":0,"_bbp_total_reply_count":0,"_bbp_voice_count":0,"_bbp_anonymous_reply_count":0,"_bbp_topic_count_hidden":0,"_bbp_reply_count_hidden":0,"_bbp_forum_subforum_count":0,"footnotes":""},"class_list":["post-7295","page","type-page","status-publish","hentry"],"post_mailing_queue_ids":[],"_links":{"self":[{"href":"https:\/\/agora.xtec.cat\/iesdecelra\/wp-json\/wp\/v2\/pages\/7295","targetHints":{"allow":["GET"]}}],"collection":[{"href":"https:\/\/agora.xtec.cat\/iesdecelra\/wp-json\/wp\/v2\/pages"}],"about":[{"href":"https:\/\/agora.xtec.cat\/iesdecelra\/wp-json\/wp\/v2\/types\/page"}],"author":[{"embeddable":true,"href":"https:\/\/agora.xtec.cat\/iesdecelra\/wp-json\/wp\/v2\/users\/1"}],"replies":[{"embeddable":true,"href":"https:\/\/agora.xtec.cat\/iesdecelra\/wp-json\/wp\/v2\/comments?post=7295"}],"version-history":[{"count":3,"href":"https:\/\/agora.xtec.cat\/iesdecelra\/wp-json\/wp\/v2\/pages\/7295\/revisions"}],"predecessor-version":[{"id":7767,"href":"https:\/\/agora.xtec.cat\/iesdecelra\/wp-json\/wp\/v2\/pages\/7295\/revisions\/7767"}],"up":[{"embeddable":true,"href":"https:\/\/agora.xtec.cat\/iesdecelra\/wp-json\/wp\/v2\/pages\/7353"}],"wp:attachment":[{"href":"https:\/\/agora.xtec.cat\/iesdecelra\/wp-json\/wp\/v2\/media?parent=7295"}],"curies":[{"name":"wp","href":"https:\/\/api.w.org\/{rel}","templated":true}]}}