{"id":633,"date":"2018-06-04T16:32:30","date_gmt":"2018-06-04T14:32:30","guid":{"rendered":"http:\/\/agora.xtec.cat\/iesdecelra\/?page_id=633"},"modified":"2026-04-23T09:41:40","modified_gmt":"2026-04-23T07:41:40","slug":"preinscripcions-i-matricula","status":"publish","type":"page","link":"https:\/\/agora.xtec.cat\/iesdecelra\/secretaria-2\/preinscripcions-i-matricula\/","title":{"rendered":"Preinscripcions i matr\u00edcula"},"content":{"rendered":"<ul>\n<li><a href=\"#preinscripcio_eso\">Preinscripci\u00f3 i matr\u00edcula ESO<\/a><\/li>\n<li><a href=\"#preinscripcio_btx\">Preinscripci\u00f3 i matr\u00edcula Batxillerat<\/a><\/li>\n<li><a href=\"#preinscripcio_dansa\">Preinscripci\u00f3 i matr\u00edcula CFGM T\u00e8cniques de Dansa Urbana<\/a><\/li>\n<\/ul>\n<p>&nbsp;<\/p>\n<p>&nbsp;<\/p>\n<h2 style=\"text-align: left;\"><a id=\"preinscripcio_eso\"><\/a><span style=\"font-size: 24pt;\">ESO (Curs 2026-2027)<\/span><\/h2>\n<p>Els centres adscrits a l&#8217;institut de Celr\u00e0 s\u00f3n: l&#8217;Escola Les Falgueres, l&#8217;Escola l&#8217;Aulet, l&#8217;Escola de Bordils i l&#8217;Escola Les Moreres.<\/p>\n<p>Si voleu con\u00e8ixer millor el nostre centre podeu consultar el <a href=\"https:\/\/drive.google.com\/file\/d\/1e6F1Un9DkVZ-S-qbACdjM7_ypK13tZav\/view?usp=sharing\">Projecte educatiu de centre PEC (revisat 2023)<\/a> i la <a href=\"https:\/\/drive.google.com\/file\/d\/1VkhJzMOn6OlnN0piz8RAjzdEqqPSm3Ba\/view?usp=sharing\">Carta de comprom\u00eds educatiu<\/a>.<\/p>\n<p>L\u2019AFA representa la veu de les fam\u00edlies dins l\u2019institut i treballa per millorar l\u2019estada dels nostres fills en l\u2019etapa de secund\u00e0ria. Actualment la seva quota d&#8217;inscripci\u00f3 \u00e9s de 35 \u20ac. Aquest any han organitzat una extraescolar els dijous a la tarda: el Taller de teatre.<\/p>\n<p>El centre tamb\u00e9 disposa dels recursos necessaris per atendre a l&#8217;escola inclusiva: l&#8217;Aula d&#8217;Acollida i el SIEI (Suport Intensiu per a l&#8217;Escolaritzaci\u00f3 Inclusiva).<\/p>\n<p><img loading=\"lazy\" decoding=\"async\" class=\"size-large aligncenter\" src=\"https:\/\/preinscripcio.gencat.cat\/web\/.content\/estudis\/eso\/inici\/carrusel\/eso-bola5.png\" width=\"832\" height=\"468\" \/><\/p>\n<h4><strong>Quines s\u00f3n les dates i terminis?<\/strong><img decoding=\"async\" src=\"https:\/\/drive.google.com\/file\/d\/1zrpNJqXgUSK2roN-i8yr8v9a9vrWACUD\/view?usp=drive_link\" alt=\"\" \/><\/h4>\n<p>La preinscripci\u00f3 dels alumnes als centres educatius d&#8217;ESO t\u00e9 dates i caracter\u00edstiques pr\u00f2pies. Si vols estar al cas de les diferents dates clau i dels terminis, has de tenir en compte alguns aspectes:<\/p>\n<ul>\n<li>El proc\u00e9s de preinscripci\u00f3 escolar\u00a0<strong>s&#8217;inicia al mar\u00e7 i acaba amb la formalitzaci\u00f3 de la matr\u00edcula, a mitjans de juny.<\/strong><\/li>\n<li><strong>Durant tot aquest temps, hi ha dates i terminis associats a actuacions clau<\/strong>\u00a0que has de tenir presents, ja que determinen l&#8217;assignaci\u00f3 final de places als centres educatius.<\/li>\n<\/ul>\n<p>Aix\u00ed, has d&#8217;estar pendent de les <a href=\"https:\/\/preinscripcio.gencat.cat\/ca\/estudis\/eso\/informat\/calendari\/\">dates<\/a> i de les gestions espec\u00edfiques de cada moment del proc\u00e9s.<\/p>\n<h4 class=\"basic_title col-sm-12 pd-10\"><strong>Adreces d&#8217;inter\u00e8s:<\/strong><\/h4>\n<ul>\n<li><a href=\"https:\/\/preinscripcio.gencat.cat\/ca\/estudis\/eso\/inici\/\">Web de preinscripci\u00f3 del Departament d&#8217;Educaci\u00f3<\/a><\/li>\n<li><a href=\"https:\/\/preinscripcio.gencat.cat\/ca\/estudis\/eso\/informat\/prepara-documentacio\/\">Prepara la documentaci\u00f3<\/a><\/li>\n<li><a href=\"https:\/\/educacio.gencat.cat\/ca\/tramits\/tramits-temes\/perinscripcio-obligatoris?&amp;moda=3\">Fes la preinscripci\u00f3 aqu\u00ed<\/a><\/li>\n<\/ul>\n<h4 class=\"basic_title col-sm-12 pd-10\"><strong>Llistats curs 2026\/2027:\u00a0<\/strong><\/h4>\n<ul>\n<li><a href=\"https:\/\/drive.google.com\/file\/d\/1u9nZyCBWU_hgJFrjgbKXfujYCTDX__Q0\/view?usp=drive_link\" data-wp-editing=\"1\"><img decoding=\"async\" src=\"dates preinsc.PNG\" alt=\"\" \/>Oferta inicial de places 2026\/2027<\/a><\/li>\n<li><a href=\"https:\/\/drive.google.com\/file\/d\/1RzyMJ9wlx27wE7I43h8nb1uMRAQfk-9H\/view?usp=sharing\">Llistat barem provisional 2026\/2027<\/a><\/li>\n<li><a href=\"https:\/\/drive.google.com\/file\/d\/1l5PEjY_2I9fWDIJWJTzJw7AGs88d2Zt0\/view?usp=drive_link\">Llistat barem un cop resoltes les reclamacions 2026\/2027<\/a><\/li>\n<\/ul>\n<h4 class=\"basic_title col-sm-12 pd-10\" style=\"text-align: left;\"><strong>Presentaci\u00f3 Portes Obertes (03\/03\/2026):\u00a0<\/strong><\/h4>\n<p style=\"text-align: center;\"><iframe loading=\"lazy\" src=\"https:\/\/docs.google.com\/presentation\/d\/e\/2PACX-1vS-3RzEUgwB9Q5RMbAGPg1XVVpaAoQbfBTkLmVeKqgPKjQZZT1ji1ZyWaRHQKa4feYrCIep2f9tBEpJ\/pubembed?start=false&amp;loop=true&amp;delayms=3000\" width=\"700\" height=\"561\" frameborder=\"0\" allowfullscreen=\"allowfullscreen\"><\/iframe><\/p>\n<h2><\/h2>\n<h2 style=\"text-align: left;\"><span style=\"font-size: 24pt;\"><a id=\"preinscripcio_btx\"><\/a>BATXILLERAT (Curs 2026-2027)<\/span><\/h2>\n<p>Si voleu con\u00e8ixer millor el nostre centre podeu consultar el <a href=\"https:\/\/drive.google.com\/file\/d\/1e6F1Un9DkVZ-S-qbACdjM7_ypK13tZav\/view?usp=sharing\">Projecte educatiu de centre PEC (revisat 2023)<\/a> i la <a href=\"https:\/\/drive.google.com\/file\/d\/1VkhJzMOn6OlnN0piz8RAjzdEqqPSm3Ba\/view?usp=sharing\">Carta de comprom\u00eds educatiu<\/a>.<\/p>\n<p>L\u2019AFA representa la veu de les fam\u00edlies dins l\u2019institut i treballa per millorar l\u2019estada dels nostres fills en l\u2019etapa de secund\u00e0ria. Actualment la seva quota d&#8217;inscripci\u00f3 \u00e9s de 35 \u20ac. Aquest any han organitzat una extraescolar els dijous a la tarda: el Taller de teatre.<\/p>\n<h2><img loading=\"lazy\" decoding=\"async\" class=\"size-large aligncenter\" src=\"https:\/\/preinscripcio.gencat.cat\/web\/.content\/estudis\/batxillerat\/inici\/carrusel\/batxillerat-bola4.png\" width=\"832\" height=\"468\" \/><\/h2>\n<h4 class=\"basic_title col-sm-12 pd-10\">Qui ha de presentar la sol\u00b7licitud de preinscripci\u00f3 de batxillerat?<\/h4>\n<div class=\"col-xs-12 columna_esquerra\">\n<div class=\"cos_bloc basic_text_peq pd-15 link-dotted\">\n<p>Han de presentar la sol\u00b7licitud de preinscripci\u00f3 tots els alumnes que volen accedir al batxillerat de qualsevol modalitat en un <strong>centre diferent del que s&#8217;est\u00e0 cursant l&#8217;ESO<\/strong>, les persones que cursen o han cursat un cicle formatiu, les que volen accedir a la modalitat d&#8217;arts i les que provenen d&#8217;un institut que ja no imparteix el batxillerat.<\/p>\n<p>Important: si l&#8217;alumne\/a t\u00e9 18 anys o els fa durant l&#8217;any en qu\u00e8 es fa la preinscripci\u00f3, \u00e9s qui s&#8217;ha d&#8217;identificar i presentar-la.<\/p>\n<\/div>\n<\/div>\n<h4><strong>Quines s\u00f3n les dates i terminis?<\/strong><\/h4>\n<p>La preinscripci\u00f3 dels alumnes als estudis de batxillerat t\u00e9 dates i caracter\u00edstiques pr\u00f2pies. Si vols estar al cas de les diferents dates clau i dels terminis de la preinscripci\u00f3, caldr\u00e0 que tinguis en compte alguns aspectes:<\/p>\n<ul>\n<li>El proc\u00e9s de preinscripci\u00f3\u00a0<strong>s&#8217;inicia a mitjans d&#8217;abril i acaba a finals de juny amb la formalitzaci\u00f3 de la matr\u00edcula.<\/strong><\/li>\n<li><strong>Durant tot aquest temps hi ha dates i terminis associats a actuacions clau<\/strong>\u00a0que has de tenir presents, ja que determinen l&#8217;assignaci\u00f3 final de places als centres educatius.<\/li>\n<\/ul>\n<p>Aix\u00ed, has d&#8217;estar pendent de les <a href=\"https:\/\/preinscripcio.gencat.cat\/ca\/estudis\/batxillerat\/informat\/calendari\/\">dates<\/a> i de les gestions espec\u00edfiques de cada moment del proc\u00e9s.<\/p>\n<h4 class=\"basic_title col-sm-12 pd-10\"><strong>Adreces d&#8217;inter\u00e8s:<\/strong><\/h4>\n<ul>\n<li><a href=\"https:\/\/preinscripcio.gencat.cat\/ca\/estudis\/batxillerat\/inici\/\">Web de preinscripci\u00f3 del Departament d&#8217;Educaci\u00f3<\/a><\/li>\n<li><a href=\"https:\/\/preinscripcio.gencat.cat\/ca\/estudis\/batxillerat\/informat\/prepara-documentacio\/\">Prepara la documentaci\u00f3<\/a><\/li>\n<li><a href=\"https:\/\/tramits.gencat.cat\/ca\/tramits\/tramits-temes\/preinscripcio-batxillerat?&amp;moda=1\">Fes la preinscripci\u00f3 aqu\u00ed<\/a><\/li>\n<\/ul>\n<h4 class=\"basic_title col-sm-12 pd-10\"><strong>Llistats curs 2026\/2027:\u00a0<\/strong><\/h4>\n<ul>\n<li><a href=\"https:\/\/drive.google.com\/file\/d\/1qJwYqP7fyhrR6izKrl2cDyZxdm_k8pFW\/view?usp=sharing\" data-wp-editing=\"1\"><img decoding=\"async\" src=\"dates preinsc.PNG\" alt=\"\" \/>Oferta inicial de places 2026\/2027<\/a><\/li>\n<\/ul>\n<h2><\/h2>\n<h2 style=\"text-align: left;\"><span style=\"font-size: 24pt;\"><a id=\"preinscripcio_dansa\"><\/a>CFGM T\u00e8cniques de Dansa Urbana (Curs 2026-2027)<\/span><\/h2>\n<h4><strong>Quines s\u00f3n les dates i terminis?<\/strong><\/h4>\n<table style=\"width: 88.456%; height: 915px;\">\n<tbody>\n<tr style=\"height: 204px;\">\n<td style=\"height: 204px; width: 18.8465%;\"><b>10 abril al 29 de maig<br \/>\nde 2026<\/b><\/td>\n<td style=\"height: 204px; width: 106.179%;\"><span style=\"font-weight: 400;\">Presentaci\u00f3 de:<\/span><\/p>\n<ul>\n<li style=\"font-weight: 400;\" aria-level=\"1\"><a href=\"https:\/\/drive.google.com\/file\/d\/1kkwRTxtRz66ZU36613cDUBrWwwQ0K-CQ\/view?usp=drive_link\"><span style=\"font-weight: 400;\">Sol\u00b7licitud prova d\u2019acc\u00e9s<\/span><\/a>\n<ul>\n<li style=\"font-weight: 400;\" aria-level=\"2\"><span style=\"font-weight: 400;\">Comprovant de pagament prova d\u2019acc\u00e9s* <a href=\"https:\/\/drive.google.com\/file\/d\/1nM1fk-c1GonB8MXj1HwfFPLnNgYq06UA\/view?usp=sharing\">(instruccions)<\/a><\/span><\/li>\n<\/ul>\n<\/li>\n<li>DNI\/NIE\/Passaport alumne aspirant.<\/li>\n<\/ul>\n<p>Les persones aspirants amb necessitats espec\u00edfiques derivades de discapacitats f\u00edsiques, ps\u00edquiques o sensorials o altres trastorns greus, que tinguin el reconeixement oficial de la situaci\u00f3 de discapacitat, poden <a href=\"https:\/\/drive.google.com\/file\/d\/1ErWobdXlYsg1H_hgtgaU22_hd_u3jifD\/view?usp=sharing\">sol\u00b7licitar al centre<\/a> on s&#8217;examinaran els recursos addicionals necessaris per desenvolupar la prova d&#8217;acc\u00e9s<\/p>\n<p><strong>Enviar la documentaci\u00f3 anterior al correu del centre o d&#8217;administraci\u00f3: <a href=\"mailto:iesdecelra@xtec.cat\">iesdecelra@xtec.cat<\/a> o <a href=\"mailto:administracio@iesdecelra.cat\">administracio@iesdecelra.cat<\/a>\u00a0<\/strong><\/p>\n<p><em>*El pagament inclou les dues sessions preparat\u00f2ries (participaci\u00f3 no obligat\u00f2ria) i la prova d&#8217;acc\u00e9s.<\/em><\/td>\n<\/tr>\n<tr style=\"height: 33px;\">\n<td style=\"height: 33px; width: 18.8465%;\"><b>1 de juny de 2026<\/b><\/td>\n<td style=\"height: 33px; width: 106.179%;\"><span style=\"font-weight: 400;\">Publicaci\u00f3 de la llista provisional admesos prova d\u2019acc\u00e9s<\/span><\/td>\n<\/tr>\n<tr style=\"height: 33px;\">\n<td style=\"height: 33px; width: 18.8465%;\"><b>1 al 3 juny de 2026<\/b><\/td>\n<td style=\"height: 33px; width: 106.179%;\"><span style=\"font-weight: 400;\">Reclamacions d\u2019admissions a la prova d\u2019acc\u00e9s<\/span><\/td>\n<\/tr>\n<tr style=\"height: 33px;\">\n<td style=\"height: 33px; width: 18.8465%;\"><b>9 juny de 2026<\/b><\/td>\n<td style=\"height: 33px; width: 106.179%;\"><span style=\"font-weight: 400;\">Publicaci\u00f3 de la llista definitiva admesos a la prova d\u2019acc\u00e9s<\/span><\/td>\n<\/tr>\n<tr style=\"height: 33px;\">\n<td style=\"height: 33px; width: 18.8465%;\"><b>25 i 26 juny 2026<\/b><\/td>\n<td style=\"height: 33px; width: 106.179%;\"><span style=\"font-weight: 400;\">Sessions preparat\u00f2ries<\/span><\/td>\n<\/tr>\n<tr style=\"height: 33px;\">\n<td style=\"height: 33px; width: 18.8465%;\"><b>26 juny 2026<\/b><\/td>\n<td style=\"height: 33px; width: 106.179%;\"><span style=\"font-weight: 400;\">Prova d\u2019acc\u00e9s<\/span><\/td>\n<\/tr>\n<tr style=\"height: 33px;\">\n<td style=\"height: 33px; width: 18.8465%;\"><strong>15 juliol 2026<\/strong><\/td>\n<td style=\"height: 33px; width: 106.179%;\"><span style=\"font-weight: 400;\">Publicaci\u00f3 resultats provisionals prova d\u2019acc\u00e9s<\/span><\/td>\n<\/tr>\n<tr style=\"height: 33px;\">\n<td style=\"height: 33px; width: 18.8465%;\"><b>Per confirmar<\/b><\/td>\n<td style=\"height: 33px; width: 106.179%;\"><span style=\"font-weight: 400;\">Reclamacions resultats prova d\u2019acc\u00e9s<\/span><\/td>\n<\/tr>\n<tr style=\"height: 33px;\">\n<td style=\"height: 33px; width: 18.8465%;\"><b>21 juliol 2026<\/b><\/td>\n<td style=\"height: 33px; width: 106.179%;\"><span style=\"font-weight: 400;\">Publicaci\u00f3 resultats definitius prova d\u2019acc\u00e9s<\/span><\/td>\n<\/tr>\n<tr style=\"height: 204px;\">\n<td style=\"height: 204px; width: 18.8465%;\"><b>Per confirmar<\/b><\/td>\n<td style=\"height: 204px; width: 106.179%;\"><span style=\"font-weight: 400;\">Formalitzaci\u00f3 de matr\u00edcula via formulari<\/span><\/p>\n<ul>\n<li style=\"font-weight: 400;\" aria-level=\"1\"><span style=\"font-weight: 400;\">Presentaci\u00f3 de documentaci\u00f3.\u00a0<\/span><\/li>\n<li aria-level=\"1\">Presentaci\u00f3 del resguard de pagament del curs\n<ul>\n<li aria-level=\"1\">Instruccions per fer el pagament<\/li>\n<li aria-level=\"1\">Sol\u00b7licitud de fraccionament<\/li>\n<\/ul>\n<\/li>\n<\/ul>\n<p><em><span style=\"font-weight: 400;\">S\u2019enviar\u00e0 el formulari al correu electr\u00f2nic de la sol\u00b7licitud de preinscripci\u00f3.<\/span><\/em><\/td>\n<\/tr>\n<tr style=\"height: 164px;\">\n<td style=\"height: 164px; width: 18.8465%;\"><b>Per confirmar<\/b><\/td>\n<td style=\"height: 164px; width: 106.179%;\"><span style=\"font-weight: 400;\"><strong>Convocat\u00f2ria Setembre<\/strong><\/span><\/p>\n<ul>\n<li><span style=\"font-weight: 400;\">Presentaci\u00f3 de:<\/span>\n<ul>\n<li style=\"font-weight: 400;\" aria-level=\"1\"><span style=\"font-weight: 400;\">Sol\u00b7licitud prova d\u2019acc\u00e9s<\/span>\n<ul>\n<li style=\"font-weight: 400;\" aria-level=\"2\"><span style=\"font-weight: 400;\">Comprovant de pagament prova d\u2019acc\u00e9s (instruccions)<\/span><\/li>\n<\/ul>\n<\/li>\n<li>DNI\/NIE\/Passaport alumne aspirant.<\/li>\n<\/ul>\n<\/li>\n<\/ul>\n<p><i><span style=\"font-weight: 400;\">Enviar la documentaci\u00f3 anterior al correu del centre o d&#8217;administraci\u00f3: <\/span><\/i><a href=\"mailto:iesdecelra@xtec.cat\"><i><span style=\"font-weight: 400;\">iesdecelra@xtec.cat<\/span><\/i><\/a><i><span style=\"font-weight: 400;\"> o <\/span><\/i><a href=\"mailto:administracio@iesdecelra.cat\"><i><span style=\"font-weight: 400;\">administracio@iesdecelra.cat<\/span><\/i><\/a><i><span style=\"font-weight: 400;\">\u00a0<\/span><\/i><\/td>\n<\/tr>\n<tr style=\"height: 10px;\">\n<td style=\"height: 10px; width: 18.8465%;\"><b>Per confirmar<\/b><\/td>\n<td style=\"height: 10px; width: 106.179%;\">\n<p style=\"text-align: left;\"><span style=\"font-weight: 400;\">Publicaci\u00f3 llista provisional admesos a la prova d&#8217;acc\u00e9s (Convocat\u00f2ria Setembre)<\/span><\/p>\n<\/td>\n<\/tr>\n<tr style=\"height: 12px;\">\n<td style=\"height: 12px; width: 18.8465%;\"><b>Per confirmar<\/b><\/td>\n<td style=\"height: 12px; width: 106.179%;\">Llista definitiva aspirant a la prova d&#8217;acc\u00e9s (Convocat\u00f2ria Setembre)<\/td>\n<\/tr>\n<tr style=\"height: 57px;\">\n<td style=\"height: 57px; width: 18.8465%;\"><b>Per confirmar<\/b><\/td>\n<td style=\"height: 57px; width: 106.179%;\">Prova d&#8217;acc\u00e9s<\/td>\n<\/tr>\n<\/tbody>\n<\/table>\n<p>L\u2019Institut de Celr\u00e0 convoca la prova especi\u0301fica d\u2019acce\u0301s al cicle formatiu de grau mitja\u0300 de Te\u0300cniques de dansa urbana per al curs 2026-2027 el <b>26 de juny<\/b>\u00a0a les instal\u00b7lacions de l\u2019Escola Municipal de Dansa de Celr\u00e0 (C\/ Pa\u00efsos Catalans s\/n de Celr\u00e0). La segona convocat\u00f2ria es far\u00e0 el <strong><em>d<\/em><em>ata per confirmar<\/em><\/strong> setembre del 2026 a les mateixes instal\u00b7lacions.<\/p>\n<p>La preinscripci\u00f3 \u00e9s interna. Les dates s\u00f3n aproximades i podrien variar una mica.<\/p>\n<ul>\n<li>Consulta l&#8217;oferta inicial de places<\/li>\n<li>Consulta la llista provisional d&#8217;admesos prova d&#8217;acc\u00e9s<\/li>\n<li>Consulta la llista definitiva d&#8217;admesos prova d&#8217;acc\u00e9s<\/li>\n<\/ul>\n<p><!--\n\n\n<h2 style=\"text-align: center;\">CURS 2025\/2026<\/h2>\n\n\n\n\n<h4 class=\"basic_title col-sm-12 pd-10\"><strong>Llistat de sol\u00b7licituds ESO curs 2025\/2026:\u00a0<\/strong><\/h4>\n\n\n\n\n<ul>\n \t\n\n<li><a href=\"https:\/\/drive.google.com\/file\/d\/1DIoFFkcR_p0HbNWRIiczJoTcTTUfOt6V\/view?usp=drive_link\">Consulta el llistat<\/a>\n\n\n<ul>\n \t\n\n<li><a href=\"https:\/\/preinscripcio.gencat.cat\/ca\/estudis\/eso\/preinscriute\/seguiment-sollicitud\/llista-sollicituds-puntuacio\/\">Com presentar una reclamaci\u00f3 si no est\u00e0s d'acord amb la llista de la puntuaci\u00f3 provisional<\/a> (del 24 al 29 d'abril) <b>\u2192<\/b> <a href=\"https:\/\/drive.google.com\/file\/d\/13hg6Uo0-GWykEuuyXYlpj6HxnW_et6M8\/view?usp=sharing\">(Document de reclamaci\u00f3)<\/a><\/li>\n\n\n<\/ul>\n\n\n<\/li>\n\n\n \t\n\n<li><a href=\"https:\/\/drive.google.com\/file\/d\/18m_caItyfxAMB7mppvetE0lBp-7-WfSL\/view?usp=sharing\">Consulta el llistat amb les reclamacions resoltes<\/a><\/li>\n\n\n \t\n\n<li><a href=\"https:\/\/drive.google.com\/file\/d\/1gN46v2ffzIIu2oplcbKJNlAv57O72O31\/view?usp=sharing\">Consulta la llista ordenada definitiva\u00a0<\/a><\/li>\n\n\n \t\n\n<li><a href=\"https:\/\/drive.google.com\/file\/d\/19uKW3dDIDFrsvea5ylmNvWamhQQR03GL\/view?usp=sharing\">Consulta l'oferta definitiva de places<\/a><\/li>\n\n\n \t\n\n<li><a href=\"https:\/\/drive.google.com\/file\/d\/194-fQrugN8SIYTQu1TrWx8Lr5SbK_umu\/view?usp=sharing\">Llista d'admesos en primera petici\u00f3<\/a><\/li>\n\n\n \t\n\n<li><a href=\"https:\/\/drive.google.com\/file\/d\/1zJUURHeqq-YZxoSnYpGbL03PaYDpu-Jn\/view?usp=sharing\">Llista d'alumnes preinscrits\u00a0<\/a><\/li>\n\n\n<\/ul>\n\n\n\n\n<h4 class=\"basic_title col-sm-12 pd-10\"><strong>Llistat de sol\u00b7licituds Batxillerat curs 2025\/2026:\u00a0<\/strong><\/h4>\n\n\n\n\n<ul style=\"list-style-type: circle;\">\n \t\n\n<li><a href=\"https:\/\/drive.google.com\/file\/d\/1_yqqIodtdk4uuP3TN5Enqutp9ufE3xJ0\/view?usp=sharing\">Consulta el llistat de sol\u00b7licituds amb la puntuaci\u00f3 provisional\u00a0<\/a><\/li>\n\n\n \t\n\n<li><a href=\"https:\/\/drive.google.com\/file\/d\/1DLjmx-HBG4tsaOdeo7x4BWhhRWbPj887\/view?usp=sharing\">Consulta el llistat de sol\u00b7licituds amb les reclamacions resoltes<\/a><\/li>\n\n\n \t\n\n<li><a href=\"https:\/\/drive.google.com\/file\/d\/1NB8ePOZNCm8fx6AOAG_cYmFcUoA-zEOb\/view?usp=sharing\">Consulta la llista ordenada<\/a><\/li>\n\n\n \t\n\n<li><a href=\"https:\/\/drive.google.com\/file\/d\/1kNIHNd-q7j6feG9hIBXoIwAz2HXChH3L\/view?usp=drive_link\">Oferta definitiva de places<\/a><\/li>\n\n\n \t\n\n<li><a href=\"https:\/\/drive.google.com\/file\/d\/1vpqXljhzh3NKJqi4-AoeZZm385VWYX_D\/view?usp=drive_link\">Alumnes assignats en primera petici\u00f3<\/a><\/li>\n\n\n \t\n\n<li><a href=\"https:\/\/drive.google.com\/file\/d\/11SVpsX9bvPz7DGLFMe-21y4O3xIX4azk\/view?usp=drive_link\">Alumnes preinscrits al centre<\/a><\/li>\n\n\n<\/ul>\n\n\n--><\/p>\n","protected":false},"excerpt":{"rendered":"<ul>\n<li><a href=\"#preinscripcio_eso\">Preinscripci\u00f3 i matr\u00edcula ESO<\/a><\/li>\n<li><a href=\"#preinscripcio_btx\">Preinscripci\u00f3 i matr\u00edcula Batxillerat<\/a><\/li>\n<li><a href=\"#preinscripcio_dansa\">Preinscripci\u00f3 i matr\u00edcula CFGM T\u00e8cniques de Dansa Urbana<\/a><\/li>\n<\/ul>\n<p>&nbsp;<br \/>\n&nbsp;<br \/>\n<a id=\"preinscripcio_eso\"><\/a>ESO (Curs 2026-2027)<br \/>\nEls centres adscrits a l&#8217;institut de Celr\u00e0 s\u00f3n: l&#8217;Escola Les Falgueres, l&#8217;Escola l&#8217;Aulet, l&#8217;Escola de Bordils i l&#8217;Escola Les Moreres.<br \/>\nSi voleu con\u00e8ixer millor el nostre centre&hellip;  <a href=\"https:\/\/agora.xtec.cat\/iesdecelra\/secretaria-2\/preinscripcions-i-matricula\/\" title=\"Read Preinscripcions i matr\u00edcula\">Llegeix m\u00e9s\u00bb<\/a><\/p>\n","protected":false},"author":1,"featured_media":0,"parent":740,"menu_order":2,"comment_status":"closed","ping_status":"closed","template":"page-templates\/side-menu.php","meta":{"_bbp_topic_count":0,"_bbp_reply_count":0,"_bbp_total_topic_count":0,"_bbp_total_reply_count":0,"_bbp_voice_count":0,"_bbp_anonymous_reply_count":0,"_bbp_topic_count_hidden":0,"_bbp_reply_count_hidden":0,"_bbp_forum_subforum_count":0,"footnotes":""},"class_list":["post-633","page","type-page","status-publish","hentry"],"post_mailing_queue_ids":[],"_links":{"self":[{"href":"https:\/\/agora.xtec.cat\/iesdecelra\/wp-json\/wp\/v2\/pages\/633","targetHints":{"allow":["GET"]}}],"collection":[{"href":"https:\/\/agora.xtec.cat\/iesdecelra\/wp-json\/wp\/v2\/pages"}],"about":[{"href":"https:\/\/agora.xtec.cat\/iesdecelra\/wp-json\/wp\/v2\/types\/page"}],"author":[{"embeddable":true,"href":"https:\/\/agora.xtec.cat\/iesdecelra\/wp-json\/wp\/v2\/users\/1"}],"replies":[{"embeddable":true,"href":"https:\/\/agora.xtec.cat\/iesdecelra\/wp-json\/wp\/v2\/comments?post=633"}],"version-history":[{"count":7,"href":"https:\/\/agora.xtec.cat\/iesdecelra\/wp-json\/wp\/v2\/pages\/633\/revisions"}],"predecessor-version":[{"id":13670,"href":"https:\/\/agora.xtec.cat\/iesdecelra\/wp-json\/wp\/v2\/pages\/633\/revisions\/13670"}],"up":[{"embeddable":true,"href":"https:\/\/agora.xtec.cat\/iesdecelra\/wp-json\/wp\/v2\/pages\/740"}],"wp:attachment":[{"href":"https:\/\/agora.xtec.cat\/iesdecelra\/wp-json\/wp\/v2\/media?parent=633"}],"curies":[{"name":"wp","href":"https:\/\/api.w.org\/{rel}","templated":true}]}}