{"id":603,"date":"2018-06-03T16:01:51","date_gmt":"2018-06-03T14:01:51","guid":{"rendered":"http:\/\/agora.xtec.cat\/iesdecelra\/?page_id=603"},"modified":"2025-07-15T13:42:33","modified_gmt":"2025-07-15T11:42:33","slug":"llibres","status":"publish","type":"page","link":"https:\/\/agora.xtec.cat\/iesdecelra\/families\/llibres\/","title":{"rendered":"Llibres i material"},"content":{"rendered":"<h5>LLIBRES<\/h5>\n<p>Us adjuntem el <a href=\"https:\/\/drive.google.com\/file\/d\/1oRJA3HOOmkvV2nkhYPYI4jyH7Q6GY5S_\/view?usp=sharing\">document de llistat de llibres<\/a>.<\/p>\n<p>Si esteu interessats a fer la comanda a trav\u00e9s d&#8217;Iddink, podeu accedir-hi <a href=\"https:\/\/microsites.iddink.es\/ca\/507_institut_de_celra\/\">aqu\u00ed<\/a> o b\u00e9 anant a l&#8217;apartat d&#8217;Iddink del men\u00fa de la web. Recordeu que les <strong>llic\u00e8ncies de matem\u00e0tiques i ci\u00e8ncies naturals s&#8217;han de comprar<\/strong> <strong>a part<\/strong>, no les ven Iddink.<\/p>\n<p><strong>Cal tenir en compte que farem \u00fas d&#8217;algunes llic\u00e8ncies digitals que no es comericalitzen a trav\u00e9s d&#8217;Iddink a les mat\u00e8ries i cursos seg\u00fcents:<\/strong><\/p>\n<ul>\n<li>Matem\u00e0tiques (1r d&#8217;ESO, 2n d&#8217;ESO i 3r d&#8217;ESO)<\/li>\n<li>Ci\u00e8ncies Naturals (1r i 3r d&#8217;ESO, optativa de Biologia 4t d&#8217;ESO)<\/li>\n<\/ul>\n<p>Per fer la compra d&#8217;aquestes<strong> llic\u00e8ncies digitals<\/strong> cal que seguiu les <a href=\"https:\/\/drive.google.com\/file\/d\/1voALXpnlH46iZZT1zZvNFmLlAA30eJvw\/view?usp=sharing\">seg\u00fcents instruccions.<\/a><\/p>\n<p>&nbsp;<\/p>\n<h5>AGENDA ESCOLAR<\/h5>\n<div><\/div>\n<p><span style=\"font-family: inherit; font-size: 1em;\"><span style=\"font-size: 12pt;\">Des de fa uns cursos hi<\/span> ha una agenda escolar personalitzada de l&#8217;Institut de Celr\u00e0 per a l&#8217;alumant d&#8217;ESO*. Els alumnes de batxillerat, si volen, tamb\u00e9 en poden fer \u00fas. Es vendr\u00e0 amb els llibres (a trav\u00e9s d&#8217;Iddink), i tamb\u00e9 a la consergeria del centre a partir del setembre.<\/span><\/p>\n<div><\/div>\n<p>*\u00a0<i>Hi inclou: calendari escolar del centre, marc horari propi, serveis, dades generals, normes de conviv\u00e8ncia, llibre d&#8217;estil, organigrama&#8230;<\/i><\/p>\n<p>&nbsp;<\/p>\n<div class=\"separator\" style=\"text-align: justify;\">\n<h5>MATERIAL<\/h5>\n<p>Per a 1r d&#8217;ESO, hem preparat un llistat orientatiu de material:<\/p>\n<ul>\n<li>Agenda escolar de l&#8217;Institut de Celr\u00e0<\/li>\n<li>Arxivador d&#8217;anelles (amb separadors) o carpeta classificadora<\/li>\n<li>Fundes transparents d&#8217;anelles<\/li>\n<li>Recanvi de fulls DIN-A4, foradats i quadriculats<\/li>\n<li>Estoig<\/li>\n<li>Llapis (pot ser portamines)<\/li>\n<li>Bol\u00edgrafs blau, vermell i negre<\/li>\n<li>Goma<\/li>\n<li>Maquineta<\/li>\n<li>Tisores<\/li>\n<li>Barra d&#8217;enganxar<\/li>\n<\/ul>\n<p>Segurament a casa teniu molt del material que us demanem, per tant, abans d&#8217;anar a comprar, feu una petita recerca de tot all\u00f2 que pugueu aprofitar.<\/p>\n<\/div>\n","protected":false},"excerpt":{"rendered":"<p>LLIBRES<br \/>\nUs adjuntem el <a href=\"https:\/\/drive.google.com\/file\/d\/1oRJA3HOOmkvV2nkhYPYI4jyH7Q6GY5S_\/view?usp=sharing\">document de llistat de llibres<\/a>.<br \/>\nSi esteu interessats a fer la comanda a trav\u00e9s d&#8217;Iddink, podeu accedir-hi <a href=\"https:\/\/microsites.iddink.es\/ca\/507_institut_de_celra\/\">aqu\u00ed<\/a> o b\u00e9 anant a l&#8217;apartat d&#8217;Iddink del men\u00fa de la web. Recordeu que les llic\u00e8ncies de matem\u00e0tiques i ci\u00e8ncies naturals s&#8217;han de comprar&hellip;  <a href=\"https:\/\/agora.xtec.cat\/iesdecelra\/families\/llibres\/\" title=\"Read Llibres i material\">Llegeix m\u00e9s\u00bb<\/a><\/p>\n","protected":false},"author":1,"featured_media":0,"parent":517,"menu_order":10,"comment_status":"closed","ping_status":"closed","template":"page-templates\/side-menu.php","meta":{"_bbp_topic_count":0,"_bbp_reply_count":0,"_bbp_total_topic_count":0,"_bbp_total_reply_count":0,"_bbp_voice_count":0,"_bbp_anonymous_reply_count":0,"_bbp_topic_count_hidden":0,"_bbp_reply_count_hidden":0,"_bbp_forum_subforum_count":0,"footnotes":""},"class_list":["post-603","page","type-page","status-publish","hentry"],"post_mailing_queue_ids":[],"_links":{"self":[{"href":"https:\/\/agora.xtec.cat\/iesdecelra\/wp-json\/wp\/v2\/pages\/603","targetHints":{"allow":["GET"]}}],"collection":[{"href":"https:\/\/agora.xtec.cat\/iesdecelra\/wp-json\/wp\/v2\/pages"}],"about":[{"href":"https:\/\/agora.xtec.cat\/iesdecelra\/wp-json\/wp\/v2\/types\/page"}],"author":[{"embeddable":true,"href":"https:\/\/agora.xtec.cat\/iesdecelra\/wp-json\/wp\/v2\/users\/1"}],"replies":[{"embeddable":true,"href":"https:\/\/agora.xtec.cat\/iesdecelra\/wp-json\/wp\/v2\/comments?post=603"}],"version-history":[{"count":7,"href":"https:\/\/agora.xtec.cat\/iesdecelra\/wp-json\/wp\/v2\/pages\/603\/revisions"}],"predecessor-version":[{"id":12794,"href":"https:\/\/agora.xtec.cat\/iesdecelra\/wp-json\/wp\/v2\/pages\/603\/revisions\/12794"}],"up":[{"embeddable":true,"href":"https:\/\/agora.xtec.cat\/iesdecelra\/wp-json\/wp\/v2\/pages\/517"}],"wp:attachment":[{"href":"https:\/\/agora.xtec.cat\/iesdecelra\/wp-json\/wp\/v2\/media?parent=603"}],"curies":[{"name":"wp","href":"https:\/\/api.w.org\/{rel}","templated":true}]}}