{"id":2280,"date":"2019-06-12T11:45:34","date_gmt":"2019-06-12T09:45:34","guid":{"rendered":"http:\/\/agora.xtec.cat\/iesdecelra\/?page_id=2280"},"modified":"2020-10-20T14:13:31","modified_gmt":"2020-10-20T12:13:31","slug":"tdr-ajuntament","status":"publish","type":"page","link":"https:\/\/agora.xtec.cat\/iesdecelra\/tdr-ajuntament\/","title":{"rendered":"TdR Ajuntament"},"content":{"rendered":"<p><b>PREMIS ALS TREBALLS DE RECERCA DE L\u2019ALUMNAT DE 2N DE BATXILLERAT\u00a0 DE L\u2019INSTITUT DE CELR\u00c0\u00a0\u00a0<\/b><\/p>\n<p><span style=\"font-weight: 400;\">L\u2019Ajuntament de Celr\u00e0 convoca cada any una nova edici\u00f3 dels Premis als Treballs de\u00a0 Recerca de segon de batxillerat de l&#8217;Institut de Celr\u00e0.\u00a0\u00a0<\/span><\/p>\n<p><span style=\"font-weight: 400;\">L\u2019objectiu i voluntat de l\u2019\u00c0rea d\u2019Educaci\u00f3 \u00e9s fomentar la recerca de l\u2019excel\u00b7l\u00e8ncia entre l\u2019alumnat, incentivant la imaginaci\u00f3, l\u2019originalitat i la innovaci\u00f3, i alhora, recompensar l\u2019esfor\u00e7 del jovent que ha realitzat una tasca de recerca i investigaci\u00f3 de qualitat.\u00a0<\/span><\/p>\n<p><b>TREBALLS SELECCIONATS\u00a0<\/b><\/p>\n<p><span style=\"font-weight: 400;\">Des de l\u2019institut es seleccionen els millors treballs cada curs. Normalment es\u00a0 seleccionen els treballs qualificats amb una nota de 10 des de l\u2019institut, per\u00f2 el centre\u00a0 pot proposar algun treball que tingui una nota final inferior si ho considera oport\u00fa i\u00a0 mereixedor d\u2019estar entre els treballs seleccionats.\u00a0\u00a0<\/span><\/p>\n<p><span style=\"font-weight: 400;\">Cal tenir en compte per\u00f2 el nombre de treballs finalistes, que solen ser entre 7 i 9. Una quantitat gaire superior de treballs seria excessiu per uns membres del jurat que\u00a0 fan la valoraci\u00f3 de manera volunt\u00e0ria i completament desinteressada i, habitualment,\u00a0 compaginada amb les seves obligacions laborals.\u00a0\u00a0<\/span><\/p>\n<p><span style=\"font-weight: 400;\">Els treballs seleccionats pel centre s\u2019han de fer arribar a l\u2019Ajuntament durant el mes de febrer en format digital i de manera an\u00f2nima per garantir la imparcialitat del jurat.\u00a0\u00a0<\/span><\/p>\n<p><b>JURAT\u00a0\u00a0<\/b><\/p>\n<p><span style=\"font-weight: 400;\">L\u2019Ajuntament forma cada any un jurat que est\u00e0 format com a m\u00ednim per 4 persones i\u00a0 en el que sempre hi ha una persona representant del professorat de l\u2019institut i una\u00a0 persona representant del govern de l\u2019Ajuntament. A m\u00e9s, es demana a altres persones\u00a0 del poble que en formin part. S\u2019intenta que entre el jurat sempre hi hagi alguna\u00a0 persona vinculada al m\u00f3n empresarial o de perfil formatiu o professional de tipus cient\u00edfic-tecnol\u00f2gic i altres persones de l\u2019\u00e0mbit de l\u2019educaci\u00f3 o amb un perfil formatiu o\u00a0 professional m\u00e9s social o human\u00edstic.\u00a0\u00a0<\/span><\/p>\n<p><b>PREMIS\u00a0\u00a0<\/b><\/p>\n<p><span style=\"font-weight: 400;\">Es premiaran de la mateixa manera els 4 treballs que resultin guanyadors. El premi consisteix en un viatge d\u2019un cap de setmana per a les 4 persones\u00a0 guanyadores acompanyades per un\/a responsable de l\u2019institut amb totes les despeses\u00a0 pagades: mitj\u00e0 de transport, allotjament, despla\u00e7aments, entrades a museus o\u00a0 similars i dietes.\u00a0\u00a0<\/span><\/p>\n<p><span style=\"font-weight: 400;\">El centre educatiu, d\u2019acord amb l\u2019alumnat, establir\u00e0 tant el dest\u00ed com les dates del\u00a0 viatge.\u00a0<\/span><\/p>\n<p><span style=\"font-weight: 400;\">A m\u00e9s a m\u00e9s, des de l\u2019\u00c0rea d\u2019Igualtat de l\u2019Ajuntament de Celr\u00e0 s\u2019afegeix un premi\u00a0 independent corresponent a un val per import de 100 euros per gastar a Abacus Cooperativa, destinat al treball que millor incorpori la perspectiva de transversalitat de g\u00e8nere de forma <\/span><span style=\"font-weight: 400;\">raonada.\u00a0\u00a0<\/span><\/p>\n<p><span style=\"font-weight: 400;\">El treball guanyador d\u2019aquest premi pot coincidir o no amb algun dels 4 treballs guanyadors dels premis ordinaris.\u00a0\u00a0<\/span><\/p>\n<p><b>CRITERIS DE VALORACI\u00d3 DELS TREBALLS PER PART DEL JURAT\u00a0 <\/b><\/p>\n<p><span style=\"font-weight: 400;\">A mode indicatiu, el jurat tindr\u00e0 en compte els seg\u00fcents criteris:\u00a0<\/span><\/p>\n<p><span style=\"font-weight: 400;\">&#8211; <\/span><span style=\"font-weight: 400;\">L\u2019adequaci\u00f3 del projecte als objectius i als continguts del curr\u00edculum de\u00a0 batxillerat i als mitjans de qu\u00e8 disposa l\u2019alumnat.\u00a0\u00a0<\/span><\/p>\n<p><span style=\"font-weight: 400;\">&#8211; <\/span><span style=\"font-weight: 400;\">L\u2019originalitat.\u00a0\u00a0<\/span><\/p>\n<p><span style=\"font-weight: 400;\">&#8211; <\/span><span style=\"font-weight: 400;\">La metodologia cient\u00edfica i tecnol\u00f2gica en el la recerca, tractament i exposici\u00f3\u00a0 de la informaci\u00f3.\u00a0\u00a0<\/span><\/p>\n<p><span style=\"font-weight: 400;\">&#8211; <\/span><span style=\"font-weight: 400;\">La dificultat de realitzaci\u00f3 del projecte.\u00a0\u00a0<\/span><\/p>\n<p><span style=\"font-weight: 400;\">&#8211; <\/span><span style=\"font-weight: 400;\">El car\u00e0cter interdisciplinari del projecte.\u00a0\u00a0<\/span><\/p>\n<p><span style=\"font-weight: 400;\">&#8211; <\/span><span style=\"font-weight: 400;\">La presentaci\u00f3 i aspectes formals del treball: estructura del treball,\u00a0 refer\u00e8ncies, annexos, peus de fotografies i gr\u00e0fics, etc.\u00a0\u00a0<\/span><\/p>\n<p><span style=\"font-weight: 400;\">&#8211; <\/span><span style=\"font-weight: 400;\">La correcci\u00f3 i claredat de la redacci\u00f3.\u00a0\u00a0<\/span><\/p>\n<p><span style=\"font-weight: 400;\">&#8211; <\/span><span style=\"font-weight: 400;\">Aquells que el jurat consideri pertinents: actualitat del tema, elements\u00a0 sorprenents, etc.\u00a0<\/span><\/p>\n<p><b>LA PERSPECTIVA DE G\u00c8NERE AL TDR\u00a0\u00a0<\/b><\/p>\n<p><span style=\"font-weight: 400;\">Entenem la perspectiva de g\u00e8nere com una aproximaci\u00f3 cr\u00edtica a qualsevol fenomen que\u00a0 desvetlla, visibilitza, analitza o afronta les desigualtats entre homes i dones, incloent aquelles institucions socials i culturals que les sustenten, la fam\u00edlia, la sexualitat, la divisi\u00f3 sexual del treball, els processos de socialitzaci\u00f3, les lleis, les creences, els\u00a0 valors i les normes socials, entre d\u2019altres.\u00a0<\/span><\/p>\n<p><span style=\"font-weight: 400;\">Per a la valoraci\u00f3 relativa a la <\/span><b>perspectiva de g\u00e8nere <\/b><span style=\"font-weight: 400;\">es tindran en compte els\u00a0 seg\u00fcents aspectes:\u00a0\u00a0<\/span><\/p>\n<p><span style=\"font-weight: 400;\">&#8211; <\/span><span style=\"font-weight: 400;\">\u00das no sexista o androc\u00e8ntric del llenguatge (promoci\u00f3 del llenguatge inclusiu)\u00a0 <\/span><\/p>\n<p><span style=\"font-weight: 400;\">&#8211; <\/span><span style=\"font-weight: 400;\">Exist\u00e8ncia de paritat de g\u00e8nere:\u00a0\u00a0<\/span><\/p>\n<ul>\n<li style=\"list-style-type: none;\">\n<ul>\n<li><span style=\"font-weight: 400;\">Marc te\u00f2ric\u00a0 <\/span><\/li>\n<li>Entrevistes, enquestes i grups de discussi\u00f3 (mostres i grups amb equilibri de\u00a0 g\u00e8nere, an\u00e0lisis de dades segons la variable g\u00e8nere&#8230;)<\/li>\n<li>Bibliografia<\/li>\n<\/ul>\n<\/li>\n<\/ul>\n<p><span style=\"font-weight: 400;\">&#8211; <\/span><span style=\"font-weight: 400;\">Formulaci\u00f3 d\u2019un argumentari que incorpori la perspectiva de g\u00e8nere.<\/span><\/p>\n","protected":false},"excerpt":{"rendered":"<p>PREMIS ALS TREBALLS DE RECERCA DE L\u2019ALUMNAT DE 2N DE BATXILLERAT\u00a0 DE L\u2019INSTITUT DE CELR\u00c0\u00a0\u00a0<br \/>\nL\u2019Ajuntament de Celr\u00e0 convoca cada any una nova edici\u00f3 dels Premis als Treballs de\u00a0 Recerca de segon de batxillerat de l&#8217;Institut de Celr\u00e0.\u00a0\u00a0<br \/>\nL\u2019objectiu i voluntat de l\u2019\u00c0rea d\u2019Educaci\u00f3 \u00e9s fomentar la&hellip;  <a href=\"https:\/\/agora.xtec.cat\/iesdecelra\/tdr-ajuntament\/\" title=\"Read TdR Ajuntament\">Llegeix m\u00e9s\u00bb<\/a><\/p>\n","protected":false},"author":1,"featured_media":0,"parent":0,"menu_order":0,"comment_status":"closed","ping_status":"closed","template":"","meta":{"_bbp_topic_count":0,"_bbp_reply_count":0,"_bbp_total_topic_count":0,"_bbp_total_reply_count":0,"_bbp_voice_count":0,"_bbp_anonymous_reply_count":0,"_bbp_topic_count_hidden":0,"_bbp_reply_count_hidden":0,"_bbp_forum_subforum_count":0,"footnotes":""},"class_list":["post-2280","page","type-page","status-publish","hentry"],"post_mailing_queue_ids":[],"_links":{"self":[{"href":"https:\/\/agora.xtec.cat\/iesdecelra\/wp-json\/wp\/v2\/pages\/2280","targetHints":{"allow":["GET"]}}],"collection":[{"href":"https:\/\/agora.xtec.cat\/iesdecelra\/wp-json\/wp\/v2\/pages"}],"about":[{"href":"https:\/\/agora.xtec.cat\/iesdecelra\/wp-json\/wp\/v2\/types\/page"}],"author":[{"embeddable":true,"href":"https:\/\/agora.xtec.cat\/iesdecelra\/wp-json\/wp\/v2\/users\/1"}],"replies":[{"embeddable":true,"href":"https:\/\/agora.xtec.cat\/iesdecelra\/wp-json\/wp\/v2\/comments?post=2280"}],"version-history":[{"count":3,"href":"https:\/\/agora.xtec.cat\/iesdecelra\/wp-json\/wp\/v2\/pages\/2280\/revisions"}],"predecessor-version":[{"id":3957,"href":"https:\/\/agora.xtec.cat\/iesdecelra\/wp-json\/wp\/v2\/pages\/2280\/revisions\/3957"}],"wp:attachment":[{"href":"https:\/\/agora.xtec.cat\/iesdecelra\/wp-json\/wp\/v2\/media?parent=2280"}],"curies":[{"name":"wp","href":"https:\/\/api.w.org\/{rel}","templated":true}]}}