{"id":12664,"date":"2025-06-19T13:31:52","date_gmt":"2025-06-19T11:31:52","guid":{"rendered":"https:\/\/agora.xtec.cat\/iesdecelra\/?page_id=12664"},"modified":"2025-06-25T12:04:51","modified_gmt":"2025-06-25T10:04:51","slug":"reclamacions-academiques","status":"publish","type":"page","link":"https:\/\/agora.xtec.cat\/iesdecelra\/secretaria-2\/reclamacions-academiques\/","title":{"rendered":"Reclamacions acad\u00e8miques"},"content":{"rendered":"<p><span style=\"text-decoration: underline;\">Dates<\/span><\/p>\n<p><strong>13 de juny de 2025<\/strong>: reclamacions extraordin\u00e0ria 2n de BTX.<br \/>\n<strong>16 de juny de 2025<\/strong>: reclamacions 1r de BTX.<br \/>\n<strong>20 de juny de 2025<\/strong>: reclamacions finals de 4t d&#8217;ESO.<br \/>\n<strong>25 de juny de 2025<\/strong>: reclamacions finals de 1r, 2n i 3r d&#8217;ESO.<\/p>\n<p>&nbsp;<\/p>\n<p><span style=\"text-decoration: underline;\">Procediment<\/span><\/p>\n<ol>\n<li><strong>Si la reclamaci\u00f3 fa refer\u00e8ncia a la qualificaci\u00f3 d&#8217;una o m\u00e9s mat\u00e8ries<\/strong>:\n<ul>\n<li>Des de tutoria s\u2019aconsellar\u00e0 a l\u2019alumne de sol\u00b7licitar, en primera inst\u00e0ncia, una entrevista individual amb el professorat de la mat\u00e8ria perqu\u00e8 li pugui explicar els resultats de la qualificaci\u00f3 i aclarir possibles dubtes.<\/li>\n<li>Si no hi ha conformitat, la fam\u00edlia haur\u00e0 d\u2019emplenar <a href=\"https:\/\/drive.google.com\/file\/d\/18KXVSYsnS01mszJ3qCCQQnHFoOqbrXzz\/view?usp=sharing\">la sol\u00b7licitud de reclamaci\u00f3<\/a> i lliurar-la a secretaria dins el per\u00edode establert per fer-ho. Un cop presentada la reclamaci\u00f3, des de secretaria s\u2019informar\u00e0 perqu\u00e8 es pugui convocar el departament o la junta d\u2019avaluaci\u00f3 extraordin\u00e0ria corresponent.<\/li>\n<li>Direcci\u00f3 comunicar\u00e0 la resoluci\u00f3 a la fam\u00edlia, coordinaci\u00f3 de curs i al tutor de l\u2019alumne.<\/li>\n<\/ul>\n<\/li>\n<li><strong>Si la reclamaci\u00f3 fa refer\u00e8ncia a la promoci\u00f3 de curs d&#8217;ESO o a la graduaci\u00f3 en ESO:<\/strong>\n<ul>\n<li>La fam\u00edlia haur\u00e0 d\u2019emplenar <a href=\"https:\/\/drive.google.com\/file\/d\/10r5BkVQsOgWtfg6cc1lTyaQfhqShE4TC\/view?usp=sharing\">la sol\u00b7licitud de reclamaci\u00f3<\/a> i lliurar-la a secretaria dins el per\u00edode establert per fer-ho. Un cop presentada la reclamaci\u00f3, des de secretaria s\u2019informar\u00e0 direcci\u00f3 perqu\u00e8 pugui convocar el departament o la junta d\u2019avaluaci\u00f3 extraordin\u00e0ria corresponent.<\/li>\n<li>En cas que sigui necessari, la coordinaci\u00f3 de curs convocar\u00e0 la junta d\u2019avaluaci\u00f3 pel dia i hora ja previst al calendari. Aquesta junta estar\u00e0 presidida pel tutor de l\u2019alumne.<\/li>\n<li>Direcci\u00f3 ser\u00e0 qui comunicar\u00e0 la resoluci\u00f3 definitiva a la fam\u00edlia i, en cas que calgui, a la secretaria del centre per tal de canviar l\u2019acta d\u2019avaluaci\u00f3 i redactar la resoluci\u00f3 per escrit.<\/li>\n<\/ul>\n<\/li>\n<\/ol>\n<p><span style=\"font-size: 10pt;\"><em>* En el cas de les proves extraordin\u00e0ries, si l\u2019alumne nom\u00e9s vol revisar l\u2019examen es podr\u00e0 dirigir al departament corresponent el dia i hora previstos al calendari.<\/em><\/span><\/p>\n","protected":false},"excerpt":{"rendered":"<p>Dates<br \/>\n13 de juny de 2025: reclamacions extraordin\u00e0ria 2n de BTX.<br \/>\n16 de juny de 2025: reclamacions 1r de BTX.<br \/>\n20 de juny de 2025: reclamacions finals de 4t d&#8217;ESO.<br \/>\n25 de juny de 2025: reclamacions finals de 1r, 2n i 3r d&#8217;ESO.<br \/>\n&nbsp;<br \/>\nProcediment<\/p>\n<ol>\n<li>Si la reclamaci\u00f3 fa refer\u00e8ncia a la&hellip;  <a href=\"https:\/\/agora.xtec.cat\/iesdecelra\/secretaria-2\/reclamacions-academiques\/\" title=\"Read Reclamacions acad\u00e8miques\">Llegeix m\u00e9s\u00bb<\/a><br \/>\n","protected":false},"author":1,"featured_media":0,"parent":740,"menu_order":5,"comment_status":"closed","ping_status":"closed","template":"page-templates\/side-menu.php","meta":{"_bbp_topic_count":0,"_bbp_reply_count":0,"_bbp_total_topic_count":0,"_bbp_total_reply_count":0,"_bbp_voice_count":0,"_bbp_anonymous_reply_count":0,"_bbp_topic_count_hidden":0,"_bbp_reply_count_hidden":0,"_bbp_forum_subforum_count":0,"footnotes":""},"class_list":["post-12664","page","type-page","status-publish","hentry"],"post_mailing_queue_ids":[],"_links":{"self":[{"href":"https:\/\/agora.xtec.cat\/iesdecelra\/wp-json\/wp\/v2\/pages\/12664","targetHints":{"allow":["GET"]}}],"collection":[{"href":"https:\/\/agora.xtec.cat\/iesdecelra\/wp-json\/wp\/v2\/pages"}],"about":[{"href":"https:\/\/agora.xtec.cat\/iesdecelra\/wp-json\/wp\/v2\/types\/page"}],"author":[{"embeddable":true,"href":"https:\/\/agora.xtec.cat\/iesdecelra\/wp-json\/wp\/v2\/users\/1"}],"replies":[{"embeddable":true,"href":"https:\/\/agora.xtec.cat\/iesdecelra\/wp-json\/wp\/v2\/comments?post=12664"}],"version-history":[{"count":6,"href":"https:\/\/agora.xtec.cat\/iesdecelra\/wp-json\/wp\/v2\/pages\/12664\/revisions"}],"predecessor-version":[{"id":12675,"href":"https:\/\/agora.xtec.cat\/iesdecelra\/wp-json\/wp\/v2\/pages\/12664\/revisions\/12675"}],"up":[{"embeddable":true,"href":"https:\/\/agora.xtec.cat\/iesdecelra\/wp-json\/wp\/v2\/pages\/740"}],"wp:attachment":[{"href":"https:\/\/agora.xtec.cat\/iesdecelra\/wp-json\/wp\/v2\/media?parent=12664"}],"curies":[{"name":"wp","href":"https:\/\/api.w.org\/{rel}","templated":true}]}}