{"id":1765,"date":"2024-10-26T09:47:46","date_gmt":"2024-10-26T07:47:46","guid":{"rendered":"https:\/\/agora.xtec.cat\/iesdauro\/?page_id=1765"},"modified":"2025-06-21T18:17:00","modified_gmt":"2025-06-21T16:17:00","slug":"pla-lector","status":"publish","type":"page","link":"https:\/\/agora.xtec.cat\/iesdauro\/pla-lector\/","title":{"rendered":"Pla lector"},"content":{"rendered":"<h3>Presentaci\u00f3 del Pla lector de centre<\/h3>\n<p id=\"m_2405573764878629013docs-internal-guid-1efe305b-7fff-20bb-2c49-af008982233d\" dir=\"ltr\" style=\"text-align: justify;\">El Pla de lector de centre (PLEC) \u00e9s un projecte destinat a\u00a0 l\u2019alumnat de 1r, 2n, 3r i 4t d\u2019ESO, de car\u00e0cter transversal, que t\u00e9 com a missi\u00f3\u00a0formar lectors competents, \u00e9s a dir,\u00a0que domini les habilitats necess\u00e0ries per: saber llegir, llegir per aprendre i gust per la lectura.<\/p>\n<p dir=\"ltr\" style=\"text-align: justify;\">La lectura \u00e9s la base d\u2019altres aprenentatges, per tant, esdev\u00e9 un factor fonamental per a l\u2019assoliment de l\u2019\u00e8xit acad\u00e8mic de tot l\u2019alumnat i, en conseq\u00fc\u00e8ncia, un aprenentatge que promou la inclusi\u00f3.\u00a0 Per aix\u00f2, la lectura ha de ser una prioritat educativa (per a tota la comunitat: alumnat, professorat, fam\u00edlies&#8230;) de car\u00e0cter transversal, facilitadora de l\u2019assoliment dels projectes personals individuals de cada alumne\/a.<\/p>\n<h6 dir=\"ltr\"><\/h6>\n<h4 dir=\"ltr\" style=\"text-align: justify;\">Objectius<\/h4>\n<ol>\n<li dir=\"ltr\" style=\"text-align: justify;\" aria-level=\"1\">\n<p dir=\"ltr\" role=\"presentation\">Fomentar el gust per la lectura en l\u2019alumnat com a font de plaer i coneixement, i com a alternativa a l\u2019oci digital.<\/p>\n<\/li>\n<li dir=\"ltr\" style=\"text-align: justify;\" aria-level=\"1\">\n<p dir=\"ltr\" role=\"presentation\">Facilitar estrat\u00e8gies de lectura efica\u00e7 per millorar la comprensi\u00f3, interpretaci\u00f3 i an\u00e0lisi dels textos com a eina per rendibilitzar el temps d\u2019estudi de l\u2019alumnat.<\/p>\n<\/li>\n<li dir=\"ltr\" aria-level=\"1\">\n<p dir=\"ltr\" style=\"text-align: justify;\" role=\"presentation\">Conscienciar a la comunitat educativa de la import\u00e0ncia de la compet\u00e8ncia lectora com a element facilitador de l\u2019\u00e8xit acad\u00e8mic de l\u2019alumnat.<\/p>\n<\/li>\n<\/ol>\n<h6><\/h6>\n<h4>Recomanacions i activitats<\/h4>\n<ul>\n<li><a href=\"https:\/\/agora.xtec.cat\/iesdauro\/habit-lector-com-fomentar-lo\/\" target=\"_blank\" rel=\"noopener\">H\u00e0bit lector &#8211; Com fomentar-lo<\/a><\/li>\n<li><a href=\"https:\/\/agora.xtec.cat\/iesdauro\/avantatges-de-tenir-un-bon-habit-lector\/\" target=\"_blank\" rel=\"noopener\">Avantatges de tenir un bon h\u00e0bit lector<\/a><\/li>\n<li><a href=\"https:\/\/agora.xtec.cat\/iesdauro\/general\/un-llibre-sempre-es-el-millor-regal\/\" target=\"_blank\" rel=\"noopener\">Un llibre sempre \u00e9s el millor regal<\/a><\/li>\n<li><a href=\"https:\/\/agora.xtec.cat\/iesdauro\/portada\/visita-dels-alumnes-de-1r-deso-a-la-biblioteca\/\" target=\"_blank\" rel=\"noopener\">Visita dels alumnes de 1r d&#8217;ESO a la biblioteca del centre (1r trimestre 24-25)<\/a><\/li>\n<li><a href=\"https:\/\/agora.xtec.cat\/iesdauro\/general\/club-de-lectura-amb-alumnes-de-1r-i-2n-deso\/\" target=\"_blank\" rel=\"noopener\">Club de lectura amb alumnes de 1r i 2n d\u2019ESO (2n trimestre 24-25)<\/a><\/li>\n<li><a href=\"https:\/\/agora.xtec.cat\/iesdauro\/portada\/per-entendre-allo-que-llegeixes\/\" target=\"_blank\" rel=\"noopener\">Per entendre all\u00f2 que llegeixes<\/a><\/li>\n<li><a href=\"https:\/\/agora.xtec.cat\/iesdauro\/portada\/lectura-en-veu-alta-platero-y-yo\/\" target=\"_blank\" rel=\"noopener\">Lectura en veu alta \u2013 Platero y yo amb alumnes de 1r i 2n d&#8217;ESO i 1r de Batxillerat (3r trimestre 24-25)<\/a><\/li>\n<li><a href=\"https:\/\/agora.xtec.cat\/iesdauro\/portada\/club-de-lectura-dels-jocs-de-la-fam\/\" target=\"_blank\" rel=\"noopener\">Club de lectura d\u2019Els jocs de la fam (3r trimestre 24-25)<\/a><\/li>\n<\/ul>\n","protected":false},"excerpt":{"rendered":"<p>Presentaci\u00f3 del Pla lector de centre El Pla de lector de centre (PLEC) \u00e9s un projecte destinat a\u00a0 l\u2019alumnat de 1r, 2n, 3r i 4t d\u2019ESO, de car\u00e0cter transversal, que t\u00e9 com a missi\u00f3\u00a0formar lectors competents, \u00e9s a dir,\u00a0que domini les habilitats necess\u00e0ries per: saber llegir, llegir per aprendre i gust per la lectura. La [&hellip;]<\/p>\n","protected":false},"author":1,"featured_media":0,"parent":0,"menu_order":0,"comment_status":"closed","ping_status":"closed","template":"","meta":{"_bbp_topic_count":0,"_bbp_reply_count":0,"_bbp_total_topic_count":0,"_bbp_total_reply_count":0,"_bbp_voice_count":0,"_bbp_anonymous_reply_count":0,"_bbp_topic_count_hidden":0,"_bbp_reply_count_hidden":0,"_bbp_forum_subforum_count":0,"site-sidebar-layout":"default","site-content-layout":"","ast-site-content-layout":"","site-content-style":"default","site-sidebar-style":"default","ast-global-header-display":"","ast-banner-title-visibility":"","ast-main-header-display":"","ast-hfb-above-header-display":"","ast-hfb-below-header-display":"","ast-hfb-mobile-header-display":"","site-post-title":"","ast-breadcrumbs-content":"","ast-featured-img":"","footer-sml-layout":"","theme-transparent-header-meta":"","adv-header-id-meta":"","stick-header-meta":"","header-above-stick-meta":"","header-main-stick-meta":"","header-below-stick-meta":"","astra-migrate-meta-layouts":"default","ast-page-background-enabled":"default","ast-page-background-meta":{"desktop":{"background-color":"var(--ast-global-color-4)","background-image":"","background-repeat":"repeat","background-position":"center center","background-size":"auto","background-attachment":"scroll","background-type":"","background-media":"","overlay-type":"","overlay-color":"","overlay-opacity":"","overlay-gradient":""},"tablet":{"background-color":"","background-image":"","background-repeat":"repeat","background-position":"center center","background-size":"auto","background-attachment":"scroll","background-type":"","background-media":"","overlay-type":"","overlay-color":"","overlay-opacity":"","overlay-gradient":""},"mobile":{"background-color":"","background-image":"","background-repeat":"repeat","background-position":"center center","background-size":"auto","background-attachment":"scroll","background-type":"","background-media":"","overlay-type":"","overlay-color":"","overlay-opacity":"","overlay-gradient":""}},"ast-content-background-meta":{"desktop":{"background-color":"var(--ast-global-color-5)","background-image":"","background-repeat":"repeat","background-position":"center center","background-size":"auto","background-attachment":"scroll","background-type":"","background-media":"","overlay-type":"","overlay-color":"","overlay-opacity":"","overlay-gradient":""},"tablet":{"background-color":"var(--ast-global-color-5)","background-image":"","background-repeat":"repeat","background-position":"center center","background-size":"auto","background-attachment":"scroll","background-type":"","background-media":"","overlay-type":"","overlay-color":"","overlay-opacity":"","overlay-gradient":""},"mobile":{"background-color":"var(--ast-global-color-5)","background-image":"","background-repeat":"repeat","background-position":"center center","background-size":"auto","background-attachment":"scroll","background-type":"","background-media":"","overlay-type":"","overlay-color":"","overlay-opacity":"","overlay-gradient":""}},"footnotes":""},"class_list":["post-1765","page","type-page","status-publish","hentry"],"post_mailing_queue_ids":[],"_links":{"self":[{"href":"https:\/\/agora.xtec.cat\/iesdauro\/wp-json\/wp\/v2\/pages\/1765","targetHints":{"allow":["GET"]}}],"collection":[{"href":"https:\/\/agora.xtec.cat\/iesdauro\/wp-json\/wp\/v2\/pages"}],"about":[{"href":"https:\/\/agora.xtec.cat\/iesdauro\/wp-json\/wp\/v2\/types\/page"}],"author":[{"embeddable":true,"href":"https:\/\/agora.xtec.cat\/iesdauro\/wp-json\/wp\/v2\/users\/1"}],"replies":[{"embeddable":true,"href":"https:\/\/agora.xtec.cat\/iesdauro\/wp-json\/wp\/v2\/comments?post=1765"}],"version-history":[{"count":6,"href":"https:\/\/agora.xtec.cat\/iesdauro\/wp-json\/wp\/v2\/pages\/1765\/revisions"}],"predecessor-version":[{"id":3052,"href":"https:\/\/agora.xtec.cat\/iesdauro\/wp-json\/wp\/v2\/pages\/1765\/revisions\/3052"}],"wp:attachment":[{"href":"https:\/\/agora.xtec.cat\/iesdauro\/wp-json\/wp\/v2\/media?parent=1765"}],"curies":[{"name":"wp","href":"https:\/\/api.w.org\/{rel}","templated":true}]}}