{"id":2400,"date":"2020-02-20T18:49:50","date_gmt":"2020-02-20T17:49:50","guid":{"rendered":"http:\/\/agora.xtec.cat\/iesdali\/?page_id=2400"},"modified":"2024-01-10T19:05:42","modified_gmt":"2024-01-10T18:05:42","slug":"biologia-i-geologia","status":"publish","type":"page","link":"https:\/\/agora.xtec.cat\/iesdali\/departaments-seminaris\/biologia-i-geologia\/","title":{"rendered":"Biologia i Geologia"},"content":{"rendered":"<p><b>Professores<\/b><\/p>\n<p style=\"margin: 0cm; margin-bottom: .0001pt;\"><span style=\"color: black;\">Cristina Cabrera (Coordinadora d\u2019Escoles Verdes)<\/span><\/p>\n<p style=\"margin: 0cm; margin-bottom: .0001pt;\"><span style=\"color: black;\">Maria del Mar Delgado<\/span><\/p>\n<p>Ainoa G\u00f3mez<\/p>\n<p><span style=\"color: black;\">Marta Munar (Cap de departament)<\/span><\/p>\n<p><b>Mat\u00e8ries<\/b><\/p>\n<p>\r\n\t<div class=\"slideshow_container slideshow_container_style-light\" style=\"height: 300px; \" data-slideshow-id=\"4491\" data-style-name=\"style-light\" data-style-version=\"2.3.1\" >\r\n\r\n\t\t\t\t\t<div class=\"slideshow_loading_icon\"><\/div>\r\n\t\t\r\n\t\t<div class=\"slideshow_content\" style=\"display: none;\">\r\n\r\n\t\t\t<div class=\"slideshow_view\">\r\n\t\t\t\t<div class=\"slideshow_slide slideshow_slide_image\">\r\n\t\t\t\t\t\t\t\t\t\t\t<img src=\"https:\/\/agora.xtec.cat\/iesdali\/wp-content\/uploads\/usu384\/2023\/02\/bio43.jpg\" alt=\"bio43\" width=\"515\" height=\"386\" \/>\r\n\t\t\t\t\t\t\t\t\t\t<div class=\"slideshow_description_box slideshow_transparent\">\r\n\t\t\t\t\t\t<div class=\"slideshow_title\">bio43<\/div>\t\t\t\t\t\t\t\t\t\t\t<\/div>\r\n\t\t\t\t<\/div>\r\n\r\n\t\t\t\t\t\t<div style=\"clear: both;\"><\/div><\/div><div class=\"slideshow_view\">\r\n\t\t\t\t<div class=\"slideshow_slide slideshow_slide_image\">\r\n\t\t\t\t\t\t\t\t\t\t\t<img src=\"https:\/\/agora.xtec.cat\/iesdali\/wp-content\/uploads\/usu384\/2023\/02\/bio41.png\" alt=\"bio41\" width=\"647\" height=\"485\" \/>\r\n\t\t\t\t\t\t\t\t\t\t<div class=\"slideshow_description_box slideshow_transparent\">\r\n\t\t\t\t\t\t<div class=\"slideshow_title\">bio41<\/div>\t\t\t\t\t\t\t\t\t\t\t<\/div>\r\n\t\t\t\t<\/div>\r\n\r\n\t\t\t\t\t\t<div style=\"clear: both;\"><\/div><\/div><div class=\"slideshow_view\">\r\n\t\t\t\t<div class=\"slideshow_slide slideshow_slide_image\">\r\n\t\t\t\t\t\t\t\t\t\t\t<img src=\"https:\/\/agora.xtec.cat\/iesdali\/wp-content\/uploads\/usu384\/2023\/02\/bio3.jpg\" alt=\"bio3\" width=\"736\" height=\"415\" \/>\r\n\t\t\t\t\t\t\t\t\t\t<div class=\"slideshow_description_box slideshow_transparent\">\r\n\t\t\t\t\t\t<div class=\"slideshow_title\">bio3<\/div>\t\t\t\t\t\t\t\t\t\t\t<\/div>\r\n\t\t\t\t<\/div>\r\n\r\n\t\t\t\t\t\t<div style=\"clear: both;\"><\/div><\/div><div class=\"slideshow_view\">\r\n\t\t\t\t<div class=\"slideshow_slide slideshow_slide_image\">\r\n\t\t\t\t\t\t\t\t\t\t\t<img src=\"https:\/\/agora.xtec.cat\/iesdali\/wp-content\/uploads\/usu384\/2023\/02\/bio_4web.png\" alt=\"bio_4web\" width=\"199\" height=\"253\" \/>\r\n\t\t\t\t\t\t\t\t\t\t<div class=\"slideshow_description_box slideshow_transparent\">\r\n\t\t\t\t\t\t<div class=\"slideshow_title\">bio_4web<\/div>\t\t\t\t\t\t\t\t\t\t\t<\/div>\r\n\t\t\t\t<\/div>\r\n\r\n\t\t\t\t\t\t<div style=\"clear: both;\"><\/div><\/div>\r\n\t\t<\/div>\r\n\r\n\t\t<div class=\"slideshow_controlPanel slideshow_transparent\" style=\"display: none;\"><ul><li class=\"slideshow_togglePlay\" data-play-text=\"Visualitza\" data-pause-text=\"Pausa\"><\/li><\/ul><\/div>\r\n\r\n\t\t<div class=\"slideshow_button slideshow_previous slideshow_transparent\" role=\"button\" data-previous-text=\"Anterior\" style=\"display: none;\"><\/div>\r\n\t\t<div class=\"slideshow_button slideshow_next slideshow_transparent\" role=\"button\" data-next-text=\"Seg\u00fcent\" style=\"display: none;\"><\/div>\r\n\r\n\t\t<div class=\"slideshow_pagination\" style=\"display: none;\" data-go-to-text=\"V\u00e9s a la diapositiva\"><div class=\"slideshow_pagination_center\"><\/div><\/div>\r\n\r\n\t\t<!-- WordPress Slideshow Version 2.3.1 -->\r\n\r\n\t\t\t<\/div>\r\n\r\n\u200b<\/p>\n<table style=\"width: 100%; height: 2201px;\">\n<tbody>\n<tr style=\"height: 33px;\">\n<td style=\"height: 33px; width: 37.3494%;\"><b>1r d\u2019ESO<\/b><\/td>\n<td style=\"height: 33px; width: 61.9478%;\"><b>Ci\u00e8ncies de la naturalesa<\/b><\/td>\n<\/tr>\n<tr style=\"height: 48px;\">\n<td style=\"height: 48px; width: 99.2972%;\" colspan=\"2\"><span style=\"font-weight: 400;\">Durant aquest curs l\u2019alumnat apr\u00e8n a identificar, interpretar i analitzar la diversitat i les regularitats en els materials, els \u00e9ssers vius, els embolcalls de la Terra i les estructures que conformen l\u2019univers.<\/span><\/td>\n<\/tr>\n<tr style=\"height: 176px;\">\n<td style=\"height: 176px; width: 37.3494%;\"><span style=\"font-weight: 400;\">Llibre de text<\/span><\/p>\n<p><i><span style=\"font-weight: 400;\">Biologia i Geologia<\/span><\/i><\/p>\n<p><i><span style=\"font-weight: 400;\">S\u00e8rie Observa Santillana<\/span><\/i><\/p>\n<p><i><span style=\"font-weight: 400;\">1r ESO<\/span><\/i><\/td>\n<td style=\"height: 176px; width: 61.9478%;\">\r\n\t<div class=\"slideshow_container slideshow_container_style-light\" style=\"height: 300px; \" data-slideshow-id=\"4476\" data-style-name=\"style-light\" data-style-version=\"2.3.1\" >\r\n\r\n\t\t\t\t\t<div class=\"slideshow_loading_icon\"><\/div>\r\n\t\t\r\n\t\t<div class=\"slideshow_content\" style=\"display: none;\">\r\n\r\n\t\t\t<div class=\"slideshow_view\">\r\n\t\t\t\t<div class=\"slideshow_slide slideshow_slide_image\">\r\n\t\t\t\t\t\t\t\t\t\t\t<img src=\"https:\/\/agora.xtec.cat\/iesdali\/wp-content\/uploads\/usu384\/2023\/02\/1.png\" alt=\"1\" width=\"370\" height=\"278\" \/>\r\n\t\t\t\t\t\t\t\t\t\t<div class=\"slideshow_description_box slideshow_transparent\">\r\n\t\t\t\t\t\t<div class=\"slideshow_title\">1<\/div>\t\t\t\t\t\t\t\t\t\t\t<\/div>\r\n\t\t\t\t<\/div>\r\n\r\n\t\t\t\t\t\t<div style=\"clear: both;\"><\/div><\/div><div class=\"slideshow_view\">\r\n\t\t\t\t<div class=\"slideshow_slide slideshow_slide_image\">\r\n\t\t\t\t\t\t\t\t\t\t\t<img src=\"https:\/\/agora.xtec.cat\/iesdali\/wp-content\/uploads\/usu384\/2023\/02\/6.jpg\" alt=\"6\" width=\"484\" height=\"363\" \/>\r\n\t\t\t\t\t\t\t\t\t\t<div class=\"slideshow_description_box slideshow_transparent\">\r\n\t\t\t\t\t\t<div class=\"slideshow_title\">6<\/div>\t\t\t\t\t\t\t\t\t\t\t<\/div>\r\n\t\t\t\t<\/div>\r\n\r\n\t\t\t\t\t\t<div style=\"clear: both;\"><\/div><\/div><div class=\"slideshow_view\">\r\n\t\t\t\t<div class=\"slideshow_slide slideshow_slide_image\">\r\n\t\t\t\t\t\t\t\t\t\t\t<img src=\"https:\/\/agora.xtec.cat\/iesdali\/wp-content\/uploads\/usu384\/2023\/02\/5.jpg\" alt=\"5\" width=\"379\" height=\"505\" \/>\r\n\t\t\t\t\t\t\t\t\t\t<div class=\"slideshow_description_box slideshow_transparent\">\r\n\t\t\t\t\t\t<div class=\"slideshow_title\">5<\/div>\t\t\t\t\t\t\t\t\t\t\t<\/div>\r\n\t\t\t\t<\/div>\r\n\r\n\t\t\t\t\t\t<div style=\"clear: both;\"><\/div><\/div><div class=\"slideshow_view\">\r\n\t\t\t\t<div class=\"slideshow_slide slideshow_slide_image\">\r\n\t\t\t\t\t\t\t\t\t\t\t<img src=\"https:\/\/agora.xtec.cat\/iesdali\/wp-content\/uploads\/usu384\/2023\/02\/3.jpg\" alt=\"3\" width=\"435\" height=\"580\" \/>\r\n\t\t\t\t\t\t\t\t\t\t<div class=\"slideshow_description_box slideshow_transparent\">\r\n\t\t\t\t\t\t<div class=\"slideshow_title\">3<\/div>\t\t\t\t\t\t\t\t\t\t\t<\/div>\r\n\t\t\t\t<\/div>\r\n\r\n\t\t\t\t\t\t<div style=\"clear: both;\"><\/div><\/div><div class=\"slideshow_view\">\r\n\t\t\t\t<div class=\"slideshow_slide slideshow_slide_image\">\r\n\t\t\t\t\t\t\t\t\t\t\t<img src=\"https:\/\/agora.xtec.cat\/iesdali\/wp-content\/uploads\/usu384\/2023\/02\/2.png\" alt=\"2\" width=\"437\" height=\"583\" \/>\r\n\t\t\t\t\t\t\t\t\t\t<div class=\"slideshow_description_box slideshow_transparent\">\r\n\t\t\t\t\t\t<div class=\"slideshow_title\">2<\/div>\t\t\t\t\t\t\t\t\t\t\t<\/div>\r\n\t\t\t\t<\/div>\r\n\r\n\t\t\t\t\t\t<div style=\"clear: both;\"><\/div><\/div><div class=\"slideshow_view\">\r\n\t\t\t\t<div class=\"slideshow_slide slideshow_slide_image\">\r\n\t\t\t\t\t\t\t\t\t\t\t<img src=\"https:\/\/agora.xtec.cat\/iesdali\/wp-content\/uploads\/usu384\/2023\/02\/2.jpg\" alt=\"2\" width=\"360\" height=\"521\" \/>\r\n\t\t\t\t\t\t\t\t\t\t<div class=\"slideshow_description_box slideshow_transparent\">\r\n\t\t\t\t\t\t<div class=\"slideshow_title\">2<\/div>\t\t\t\t\t\t\t\t\t\t\t<\/div>\r\n\t\t\t\t<\/div>\r\n\r\n\t\t\t\t\t\t<div style=\"clear: both;\"><\/div><\/div><div class=\"slideshow_view\">\r\n\t\t\t\t<div class=\"slideshow_slide slideshow_slide_image\">\r\n\t\t\t\t\t\t\t\t\t\t\t<img src=\"https:\/\/agora.xtec.cat\/iesdali\/wp-content\/uploads\/usu384\/2023\/02\/1.jpg\" alt=\"1\" width=\"437\" height=\"583\" \/>\r\n\t\t\t\t\t\t\t\t\t\t<div class=\"slideshow_description_box slideshow_transparent\">\r\n\t\t\t\t\t\t<div class=\"slideshow_title\">1<\/div>\t\t\t\t\t\t\t\t\t\t\t<\/div>\r\n\t\t\t\t<\/div>\r\n\r\n\t\t\t\t\t\t<div style=\"clear: both;\"><\/div><\/div>\r\n\t\t<\/div>\r\n\r\n\t\t<div class=\"slideshow_controlPanel slideshow_transparent\" style=\"display: none;\"><ul><li class=\"slideshow_togglePlay\" data-play-text=\"Visualitza\" data-pause-text=\"Pausa\"><\/li><\/ul><\/div>\r\n\r\n\t\t<div class=\"slideshow_button slideshow_previous slideshow_transparent\" role=\"button\" data-previous-text=\"Anterior\" style=\"display: none;\"><\/div>\r\n\t\t<div class=\"slideshow_button slideshow_next slideshow_transparent\" role=\"button\" data-next-text=\"Seg\u00fcent\" style=\"display: none;\"><\/div>\r\n\r\n\t\t<div class=\"slideshow_pagination\" style=\"display: none;\" data-go-to-text=\"V\u00e9s a la diapositiva\"><div class=\"slideshow_pagination_center\"><\/div><\/div>\r\n\r\n\t\t<!-- WordPress Slideshow Version 2.3.1 -->\r\n\r\n\t\t\t<\/div>\r\n\r\n<\/td>\n<\/tr>\n<tr style=\"height: 33px;\">\n<td style=\"height: 33px; width: 37.3494%;\"><b>1r d\u2019ESO<\/b><\/td>\n<td style=\"height: 33px; width: 61.9478%;\"><b>Treball per projectes<\/b><\/td>\n<\/tr>\n<tr style=\"height: 214px;\">\n<td style=\"height: 214px; width: 37.3494%;\">\n<p style=\"margin: 0cm 0cm 12.0pt 0cm;\">Coordinats amb la mat\u00e8ria de tecnologia, els alumnes faran el projecte: <strong>Arrela\u2019t al Dal\u00ed.<\/strong><br \/>\nAquest projecte consisteix a treballar el proc\u00e9s tecnol\u00f2gic per elaborar un hort vertical i estudiar els vegetals i com influeix el canvi clim\u00e0tic en el creixement de la nostra vegetaci\u00f3.<\/p>\n<p><b>\u00a0<\/b><\/td>\n<td style=\"height: 214px; width: 61.9478%;\">&nbsp;<\/p>\n<p><b style=\"font-family: inherit; font-size: 0.875em;\"><img loading=\"lazy\" decoding=\"async\" class=\"alignnone wp-image-4485 \" src=\"https:\/\/agora.xtec.cat\/iesdali\/wp-content\/uploads\/usu384\/2023\/02\/PR1-225x300.jpg\" alt=\"\" width=\"188\" height=\"251\" srcset=\"https:\/\/agora.xtec.cat\/iesdali\/wp-content\/uploads\/usu384\/2023\/02\/PR1-225x300.jpg 225w, https:\/\/agora.xtec.cat\/iesdali\/wp-content\/uploads\/usu384\/2023\/02\/PR1.jpg 429w\" sizes=\"auto, (max-width: 188px) 100vw, 188px\" \/><a href=\"https:\/\/agora.xtec.cat\/iesdali\/wp-content\/uploads\/usu384\/2023\/02\/PR2.jpg\"><img loading=\"lazy\" decoding=\"async\" class=\"wp-image-4486 alignright\" src=\"https:\/\/agora.xtec.cat\/iesdali\/wp-content\/uploads\/usu384\/2023\/02\/PR2-300x226.jpg\" alt=\"\" width=\"226\" height=\"170\" srcset=\"https:\/\/agora.xtec.cat\/iesdali\/wp-content\/uploads\/usu384\/2023\/02\/PR2-300x226.jpg 300w, https:\/\/agora.xtec.cat\/iesdali\/wp-content\/uploads\/usu384\/2023\/02\/PR2-200x150.jpg 200w, https:\/\/agora.xtec.cat\/iesdali\/wp-content\/uploads\/usu384\/2023\/02\/PR2.jpg 674w\" sizes=\"auto, (max-width: 226px) 100vw, 226px\" \/><\/a><br \/>\n<\/b><b><\/b><\/td>\n<\/tr>\n<tr style=\"height: 33px;\">\n<td style=\"height: 33px; width: 37.3494%;\"><b>3r d\u2019ESO<\/b><\/td>\n<td style=\"height: 33px; width: 61.9478%;\"><b>Biologia i Geologia<\/b><\/td>\n<\/tr>\n<tr style=\"height: 33px;\">\n<td style=\"height: 33px; width: 99.2972%;\" colspan=\"2\"><span style=\"font-weight: 400;\">En aquest curs els alumnes descobriran en profunditat el funcionament del cos hum\u00e0 i tot all\u00f2 relacionat amb el seu funcionament (malalties, alimentaci\u00f3&#8230;).<\/span><\/td>\n<\/tr>\n<tr style=\"height: 255px;\">\n<td style=\"height: 255px; width: 37.3494%;\"><span style=\"font-weight: 400;\">Llibre de text<\/span><\/p>\n<p><i><span style=\"font-weight: 400;\">Biologia i Geologia<\/span><\/i><\/p>\n<p><i><span style=\"font-weight: 400;\">Teide<\/span><\/i><\/p>\n<p><i><span style=\"font-weight: 400;\">3r ESO<\/span><\/i><\/td>\n<td style=\"height: 255px; width: 61.9478%;\"><a href=\"https:\/\/agora.xtec.cat\/iesdali\/wp-content\/uploads\/usu384\/2020\/02\/2.png\"><img loading=\"lazy\" decoding=\"async\" class=\"alignnone size-full wp-image-2402\" src=\"https:\/\/agora.xtec.cat\/iesdali\/wp-content\/uploads\/usu384\/2020\/02\/2.png\" alt=\"\" width=\"515\" height=\"265\" srcset=\"https:\/\/agora.xtec.cat\/iesdali\/wp-content\/uploads\/usu384\/2020\/02\/2.png 515w, https:\/\/agora.xtec.cat\/iesdali\/wp-content\/uploads\/usu384\/2020\/02\/2-300x154.png 300w\" sizes=\"auto, (max-width: 515px) 100vw, 515px\" \/><\/a><\/td>\n<\/tr>\n<tr style=\"height: 33px;\">\n<td style=\"height: 33px; width: 37.3494%;\"><b>4t d\u2019ESO<\/b><\/td>\n<td style=\"height: 33px; width: 61.9478%;\"><b>Biologia i Geologia (optativa)<\/b><\/td>\n<\/tr>\n<tr style=\"height: 64px;\">\n<td style=\"height: 64px; width: 99.2972%;\" colspan=\"2\"><span style=\"font-weight: 400;\">El contingut de biologia que es planteja en aquest curs es centra en la introducci\u00f3 de les tres teories-clau de la disciplina: la teoria cel\u00b7lular, la teoria cromos\u00f2mica de l\u2019her\u00e8ncia i la teoria de l\u2019evoluci\u00f3. La geologia s\u2019aborda a partir de l\u2019estudi de la hist\u00f2ria de la Terra i dels seus canvis a partir d\u2019introduir la teoria de la tect\u00f2nica de plaques.<\/span><\/td>\n<\/tr>\n<tr style=\"height: 270px;\">\n<td style=\"height: 270px; width: 37.3494%;\"><span style=\"font-weight: 400;\">Llibre de text<\/span><\/p>\n<p><i><span style=\"font-weight: 400;\">Biologia i Geologia<\/span><\/i><\/p>\n<p><i><span style=\"font-weight: 400;\">Teide<\/span><\/i><\/p>\n<p><i><span style=\"font-weight: 400;\">4t ESO<\/span><\/i><\/td>\n<td style=\"height: 270px; width: 61.9478%;\"><\/td>\n<\/tr>\n<tr style=\"height: 33px;\">\n<td style=\"height: 33px; width: 37.3494%;\"><b>1r Batxillerat<\/b><\/td>\n<td style=\"height: 33px; width: 61.9478%;\"><b>Biologia<\/b><\/td>\n<\/tr>\n<tr style=\"height: 64px;\">\n<td style=\"height: 64px; width: 99.2972%;\" colspan=\"2\">La Biologia pret\u00e9n proporcionar als estudiants que la cursen la base suficient per comprendre els principis generals que regeixen els fen\u00f2mens del m\u00f3n natural relacionats amb la biologia.<\/p>\n<p>Es divideix en 5 grans blocs:<\/p>\n<p>Projecte cient\u00edfic<br \/>\nHist\u00f2ria de la vida<br \/>\nBioqu\u00edmica, fisiolog\u00eda animal i vegetal.<br \/>\nBiologia cel\u00b7lular<br \/>\nEcologia i sostenibilitat<\/td>\n<\/tr>\n<tr style=\"height: 207px;\">\n<td style=\"height: 207px; width: 37.3494%;\"><span style=\"font-weight: 400;\">Llibre de text<\/span><\/p>\n<p><i><span style=\"font-weight: 400;\">Biologia 1<\/span><\/i><\/p>\n<p><i><span style=\"font-weight: 400;\">Santillana<\/span><\/i><\/p>\n<p><i><span style=\"font-weight: 400;\">1r Batxillerat<\/span><\/i><\/td>\n<td style=\"height: 207px; width: 61.9478%;\">&nbsp;<\/p>\n<p><a href=\"https:\/\/agora.xtec.cat\/iesdali\/wp-content\/uploads\/usu384\/2020\/02\/4.png\"><img loading=\"lazy\" decoding=\"async\" class=\"alignnone wp-image-2404\" src=\"https:\/\/agora.xtec.cat\/iesdali\/wp-content\/uploads\/usu384\/2020\/02\/4.png\" alt=\"\" width=\"304\" height=\"115\" srcset=\"https:\/\/agora.xtec.cat\/iesdali\/wp-content\/uploads\/usu384\/2020\/02\/4.png 469w, https:\/\/agora.xtec.cat\/iesdali\/wp-content\/uploads\/usu384\/2020\/02\/4-300x114.png 300w\" sizes=\"auto, (max-width: 304px) 100vw, 304px\" \/><\/a><a href=\"https:\/\/agora.xtec.cat\/iesdali\/wp-content\/uploads\/usu384\/2020\/02\/5.png\"><img loading=\"lazy\" decoding=\"async\" class=\"alignnone wp-image-2405\" src=\"https:\/\/agora.xtec.cat\/iesdali\/wp-content\/uploads\/usu384\/2020\/02\/5.png\" alt=\"\" width=\"144\" height=\"126\" srcset=\"https:\/\/agora.xtec.cat\/iesdali\/wp-content\/uploads\/usu384\/2020\/02\/5.png 373w, https:\/\/agora.xtec.cat\/iesdali\/wp-content\/uploads\/usu384\/2020\/02\/5-300x264.png 300w\" sizes=\"auto, (max-width: 144px) 100vw, 144px\" \/><\/a><\/td>\n<\/tr>\n<tr style=\"height: 33px;\">\n<td style=\"height: 33px; width: 37.3494%;\"><b>1r Batxillerat<\/b><\/td>\n<td style=\"height: 33px; width: 61.9478%;\"><b>Reptes de biologia i geologia (optativa)<\/b><\/td>\n<\/tr>\n<tr style=\"height: 64px;\">\n<td style=\"height: 64px; width: 99.2972%;\" colspan=\"2\">Mat\u00e8ria optativa enfocada a facilitar una visi\u00f3 panor\u00e0mica del camp d\u2019estudi d\u2019aquestes ci\u00e8ncies que permeti a l\u2019alumnat constatar, despertar o descartar en el seu cas, l\u2019inter\u00e8s per aquestesdisciplines.<\/p>\n<p>S\u2019estructura en 2 grans blocs:<br \/>\nL&#8217;estudi del planeta Terra, de les seves interaccions amb els \u00e9ssers vius que hi habiten i amb la resta de l&#8217;Univers.<br \/>\nL\u2019estudi de diferents disciplines derivades de la biologia, com la bioqu\u00edmica, la biologia dels organismes i de les poblacions, la biologia humana, aix\u00ed com les ci\u00e8ncies m\u00e8diques i ambientals.<\/td>\n<\/tr>\n<tr style=\"height: 339px;\">\n<td style=\"height: 339px; width: 37.3494%;\"><span style=\"font-weight: 400;\">Llibre de text<\/span><\/p>\n<p><i><span style=\"font-weight: 400;\">No hi ha llibre, la mat\u00e8ria es treballa amb presentacions, articles cient\u00edfics, treballs, projectes&#8230;<\/span><\/i><\/td>\n<td style=\"height: 339px; width: 61.9478%;\"><a href=\"https:\/\/agora.xtec.cat\/iesdali\/wp-content\/uploads\/usu384\/2023\/02\/reptes1.jpg\"><img loading=\"lazy\" decoding=\"async\" class=\"size-medium wp-image-4497 alignleft\" src=\"https:\/\/agora.xtec.cat\/iesdali\/wp-content\/uploads\/usu384\/2023\/02\/reptes1-135x300.jpg\" alt=\"\" width=\"135\" height=\"300\" srcset=\"https:\/\/agora.xtec.cat\/iesdali\/wp-content\/uploads\/usu384\/2023\/02\/reptes1-135x300.jpg 135w, https:\/\/agora.xtec.cat\/iesdali\/wp-content\/uploads\/usu384\/2023\/02\/reptes1.jpg 317w\" sizes=\"auto, (max-width: 135px) 100vw, 135px\" \/><\/a> <a href=\"https:\/\/agora.xtec.cat\/iesdali\/wp-content\/uploads\/usu384\/2023\/02\/reptes4.jpg\"><img loading=\"lazy\" decoding=\"async\" class=\"size-medium wp-image-4500 alignnone\" src=\"https:\/\/agora.xtec.cat\/iesdali\/wp-content\/uploads\/usu384\/2023\/02\/reptes4-210x300.jpg\" alt=\"\" width=\"210\" height=\"300\" srcset=\"https:\/\/agora.xtec.cat\/iesdali\/wp-content\/uploads\/usu384\/2023\/02\/reptes4-210x300.jpg 210w, https:\/\/agora.xtec.cat\/iesdali\/wp-content\/uploads\/usu384\/2023\/02\/reptes4.jpg 569w\" sizes=\"auto, (max-width: 210px) 100vw, 210px\" \/><\/a><a href=\"https:\/\/agora.xtec.cat\/iesdali\/wp-content\/uploads\/usu384\/2023\/02\/reptes3.jpg\"><img loading=\"lazy\" decoding=\"async\" class=\" wp-image-4499 alignnone\" src=\"https:\/\/agora.xtec.cat\/iesdali\/wp-content\/uploads\/usu384\/2023\/02\/reptes3-300x247.jpg\" alt=\"\" width=\"86\" height=\"71\" srcset=\"https:\/\/agora.xtec.cat\/iesdali\/wp-content\/uploads\/usu384\/2023\/02\/reptes3-300x250.jpg 300w, https:\/\/agora.xtec.cat\/iesdali\/wp-content\/uploads\/usu384\/2023\/02\/reptes3.jpg 527w\" sizes=\"auto, (max-width: 86px) 100vw, 86px\" \/><\/a><img loading=\"lazy\" decoding=\"async\" class=\"wp-image-4498 alignnone\" src=\"https:\/\/agora.xtec.cat\/iesdali\/wp-content\/uploads\/usu384\/2023\/02\/reptes2-300x225.jpg\" alt=\"\" width=\"179\" height=\"134\" srcset=\"https:\/\/agora.xtec.cat\/iesdali\/wp-content\/uploads\/usu384\/2023\/02\/reptes2-300x225.jpg 300w, https:\/\/agora.xtec.cat\/iesdali\/wp-content\/uploads\/usu384\/2023\/02\/reptes2-200x150.jpg 200w, https:\/\/agora.xtec.cat\/iesdali\/wp-content\/uploads\/usu384\/2023\/02\/reptes2.jpg 558w\" sizes=\"auto, (max-width: 179px) 100vw, 179px\" \/><\/td>\n<\/tr>\n<tr>\n<td style=\"width: 37.3494%;\"><b>1r Batxillerat<\/b><\/td>\n<td style=\"width: 61.9478%;\"><strong>Biomedicina (optativa)<\/strong><\/td>\n<\/tr>\n<tr>\n<td style=\"width: 37.3494%;\">La biomedicina \u00e9s una disciplina que estudia els aspectes biol\u00f2gics de la medicina, essencialment a trav\u00e9s de l&#8217;an\u00e0lisi dels factors gen\u00e8tics, cel\u00b7lulars, bioqu\u00edmics i moleculars del cos hum\u00e0, aix\u00ed com les malalties que potencialment poden afectar-lo.<\/p>\n<p>Es divideix en 5 grans blocs:<br \/>\nEl c\u00e0ncer<br \/>\nLa sang<br \/>\nEl sistema nervi\u00f3s<br \/>\nEl sistema immunitari<br \/>\nDesenvolupament sexual<\/p>\n<p><span style=\"font-weight: 400;\">\u00a0<\/span><\/td>\n<td style=\"width: 61.9478%;\"><a href=\"https:\/\/agora.xtec.cat\/iesdali\/wp-content\/uploads\/usu384\/2023\/02\/biomedicina.jpg\"><img loading=\"lazy\" decoding=\"async\" class=\"aligncenter size-medium wp-image-4501\" src=\"https:\/\/agora.xtec.cat\/iesdali\/wp-content\/uploads\/usu384\/2023\/02\/biomedicina-221x300.jpg\" alt=\"\" width=\"221\" height=\"300\" srcset=\"https:\/\/agora.xtec.cat\/iesdali\/wp-content\/uploads\/usu384\/2023\/02\/biomedicina-221x300.jpg 221w, https:\/\/agora.xtec.cat\/iesdali\/wp-content\/uploads\/usu384\/2023\/02\/biomedicina.jpg 501w\" sizes=\"auto, (max-width: 221px) 100vw, 221px\" \/><\/a><\/td>\n<\/tr>\n<tr style=\"height: 33px;\">\n<td style=\"height: 33px; width: 37.3494%;\"><b>2n Batxillerat<\/b><\/td>\n<td style=\"height: 33px; width: 61.9478%;\"><b>Biologia<\/b><\/td>\n<\/tr>\n<tr style=\"height: 48px;\">\n<td style=\"height: 48px; width: 99.2972%;\" colspan=\"2\">La Biologia pret\u00e9n proporcionar als estudiants que la cursen la base suficient per comprendre els principis generals que regeixen els fen\u00f2mens del m\u00f3n natural relacionats amb la biologia.<\/p>\n<p>Es divideix en sis grans blocs:<br \/>\nLes biomol\u00e8cules i el metabolisme<br \/>\nGen\u00e8tica molecular i cicle cel\u00b7lular<br \/>\nEls microorganismes i les formes acel\u00b7lulars<br \/>\nImmunologia<br \/>\nBiotecnologia<br \/>\nEvoluci\u00f3<\/td>\n<\/tr>\n<tr style=\"height: 188px;\">\n<td style=\"height: 188px; width: 37.3494%;\"><span style=\"font-weight: 400;\">Llibre de text<\/span><\/p>\n<p><i><span style=\"font-weight: 400;\">Biologia 2<\/span><\/i><\/p>\n<p><i><span style=\"font-weight: 400;\">Santillana<\/span><\/i><\/p>\n<p><i><span style=\"font-weight: 400;\">2n Batxillerat<\/span><\/i><\/td>\n<td style=\"height: 188px; width: 61.9478%;\"><a href=\"https:\/\/agora.xtec.cat\/iesdali\/wp-content\/uploads\/usu384\/2023\/02\/bat21.jpg\"><img loading=\"lazy\" decoding=\"async\" class=\"size-medium wp-image-4502 alignnone\" src=\"https:\/\/agora.xtec.cat\/iesdali\/wp-content\/uploads\/usu384\/2023\/02\/bat21-300x300.jpg\" alt=\"\" width=\"300\" height=\"300\" srcset=\"https:\/\/agora.xtec.cat\/iesdali\/wp-content\/uploads\/usu384\/2023\/02\/bat21-300x300.jpg 300w, https:\/\/agora.xtec.cat\/iesdali\/wp-content\/uploads\/usu384\/2023\/02\/bat21-150x150.jpg 150w, https:\/\/agora.xtec.cat\/iesdali\/wp-content\/uploads\/usu384\/2023\/02\/bat21.jpg 455w\" sizes=\"auto, (max-width: 300px) 100vw, 300px\" \/><\/a><a href=\"https:\/\/agora.xtec.cat\/iesdali\/wp-content\/uploads\/usu384\/2023\/02\/bat22.jpg\"><img loading=\"lazy\" decoding=\"async\" class=\"size-medium wp-image-4503 alignnone\" src=\"https:\/\/agora.xtec.cat\/iesdali\/wp-content\/uploads\/usu384\/2023\/02\/bat22-267x300.jpg\" alt=\"\" width=\"267\" height=\"300\" srcset=\"https:\/\/agora.xtec.cat\/iesdali\/wp-content\/uploads\/usu384\/2023\/02\/bat22-267x300.jpg 267w, https:\/\/agora.xtec.cat\/iesdali\/wp-content\/uploads\/usu384\/2023\/02\/bat22.jpg 345w\" sizes=\"auto, (max-width: 267px) 100vw, 267px\" \/><\/a><a href=\"https:\/\/agora.xtec.cat\/iesdali\/wp-content\/uploads\/usu384\/2023\/02\/bat23.png\"><img loading=\"lazy\" decoding=\"async\" class=\"aligncenter size-medium wp-image-4504\" src=\"https:\/\/agora.xtec.cat\/iesdali\/wp-content\/uploads\/usu384\/2023\/02\/bat23-300x300.png\" alt=\"\" width=\"300\" height=\"300\" srcset=\"https:\/\/agora.xtec.cat\/iesdali\/wp-content\/uploads\/usu384\/2023\/02\/bat23-300x300.png 300w, https:\/\/agora.xtec.cat\/iesdali\/wp-content\/uploads\/usu384\/2023\/02\/bat23-150x150.png 150w, https:\/\/agora.xtec.cat\/iesdali\/wp-content\/uploads\/usu384\/2023\/02\/bat23.png 637w\" sizes=\"auto, (max-width: 300px) 100vw, 300px\" \/><\/a><\/td>\n<\/tr>\n<\/tbody>\n<\/table>\n<p>&nbsp;<\/p>\n<p><b>Sortides<\/b><\/p>\n<p>Durant el curs es realitzen diferents sortides i activitats vinculades a cada nivell.<\/p>\n<ul>\n<li><strong>1r ESO<\/strong>: dins de Projectes es realitza una sortida per con\u00e8ixer els camps de conreu m\u00e9s propers i endinsar-se una mica en la vida de pag\u00e8s (activitat vinculada al territori). Tamb\u00e9, l\u2019alumnat de 1r d\u2019ESO realitza una sortida relacionada amb el medi natural (Montseny, Sitges \u2026), amb l\u2019objectiu de veure directament a la natura tot all\u00f2 que expliquem a l\u2019aula sobre els \u00e9ssers vius i els ecosistemes.<\/li>\n<\/ul>\n<p><a href=\"https:\/\/agora.xtec.cat\/iesdali\/wp-content\/uploads\/usu384\/2022\/02\/Picture2.png\"><img loading=\"lazy\" decoding=\"async\" class=\"alignnone size-medium wp-image-3767\" src=\"https:\/\/agora.xtec.cat\/iesdali\/wp-content\/uploads\/usu384\/2022\/02\/Picture2-300x225.png\" alt=\"\" width=\"300\" height=\"225\" srcset=\"https:\/\/agora.xtec.cat\/iesdali\/wp-content\/uploads\/usu384\/2022\/02\/Picture2-300x225.png 300w, https:\/\/agora.xtec.cat\/iesdali\/wp-content\/uploads\/usu384\/2022\/02\/Picture2-200x150.png 200w, https:\/\/agora.xtec.cat\/iesdali\/wp-content\/uploads\/usu384\/2022\/02\/Picture2.png 604w\" sizes=\"auto, (max-width: 300px) 100vw, 300px\" \/><\/a> \u00a0 \u00a0 \u00a0<a href=\"https:\/\/agora.xtec.cat\/iesdali\/wp-content\/uploads\/usu384\/2022\/02\/Picture1.png\"><img loading=\"lazy\" decoding=\"async\" class=\"alignnone size-medium wp-image-3768\" src=\"https:\/\/agora.xtec.cat\/iesdali\/wp-content\/uploads\/usu384\/2022\/02\/Picture1-224x300.png\" alt=\"\" width=\"224\" height=\"300\" srcset=\"https:\/\/agora.xtec.cat\/iesdali\/wp-content\/uploads\/usu384\/2022\/02\/Picture1-224x300.png 224w, https:\/\/agora.xtec.cat\/iesdali\/wp-content\/uploads\/usu384\/2022\/02\/Picture1.png 406w\" sizes=\"auto, (max-width: 224px) 100vw, 224px\" \/> <\/a><a href=\"https:\/\/agora.xtec.cat\/iesdali\/wp-content\/uploads\/usu384\/2023\/02\/sortides-1r.jpg\"><img loading=\"lazy\" decoding=\"async\" class=\"size-medium wp-image-4505 alignnone\" src=\"https:\/\/agora.xtec.cat\/iesdali\/wp-content\/uploads\/usu384\/2023\/02\/sortides-1r-300x168.jpg\" alt=\"\" width=\"300\" height=\"168\" srcset=\"https:\/\/agora.xtec.cat\/iesdali\/wp-content\/uploads\/usu384\/2023\/02\/sortides-1r-300x168.jpg 300w, https:\/\/agora.xtec.cat\/iesdali\/wp-content\/uploads\/usu384\/2023\/02\/sortides-1r-1024x575.jpg 1024w, https:\/\/agora.xtec.cat\/iesdali\/wp-content\/uploads\/usu384\/2023\/02\/sortides-1r-768x431.jpg 768w, https:\/\/agora.xtec.cat\/iesdali\/wp-content\/uploads\/usu384\/2023\/02\/sortides-1r.jpg 1110w\" sizes=\"auto, (max-width: 300px) 100vw, 300px\" \/><\/a><\/p>\n<ul>\n<li><strong>3r ESO<\/strong> durant el mes de maig es participa de la Festa de la Ci\u00e8ncia que es realitza a la Universitat de Barcelona. All\u00e0 l\u2019alumnat realitza diferents tallers vinculats al m\u00f3n cient\u00edfic i a la investigaci\u00f3. Tamb\u00e9, realitzen la sortida de descoberta del Delta del Llobregat enfocada a veure els efectes del canvi clim\u00e0tic en la biodiversitat i en els seus cicles vitals.<\/li>\n<\/ul>\n<p><a href=\"https:\/\/agora.xtec.cat\/iesdali\/wp-content\/uploads\/usu384\/2022\/02\/Picture3.png\"><img loading=\"lazy\" decoding=\"async\" class=\"alignnone size-medium wp-image-3766\" src=\"https:\/\/agora.xtec.cat\/iesdali\/wp-content\/uploads\/usu384\/2022\/02\/Picture3-225x300.png\" alt=\"\" width=\"225\" height=\"300\" srcset=\"https:\/\/agora.xtec.cat\/iesdali\/wp-content\/uploads\/usu384\/2022\/02\/Picture3-225x300.png 225w, https:\/\/agora.xtec.cat\/iesdali\/wp-content\/uploads\/usu384\/2022\/02\/Picture3.png 439w\" sizes=\"auto, (max-width: 225px) 100vw, 225px\" \/><\/a> <a href=\"https:\/\/agora.xtec.cat\/iesdali\/wp-content\/uploads\/usu384\/2022\/02\/Picture4.png\">\u00a0 \u00a0 <img loading=\"lazy\" decoding=\"async\" class=\"alignnone size-medium wp-image-3765\" src=\"https:\/\/agora.xtec.cat\/iesdali\/wp-content\/uploads\/usu384\/2022\/02\/Picture4-225x300.png\" alt=\"\" width=\"225\" height=\"300\" srcset=\"https:\/\/agora.xtec.cat\/iesdali\/wp-content\/uploads\/usu384\/2022\/02\/Picture4-225x300.png 225w, https:\/\/agora.xtec.cat\/iesdali\/wp-content\/uploads\/usu384\/2022\/02\/Picture4.png 441w\" sizes=\"auto, (max-width: 225px) 100vw, 225px\" \/> <\/a><\/p>\n<ul>\n<li><strong>4t ESO<\/strong>: Visita al CRAM, on els alumnes mitjan\u00e7ant diferents activitats coneixen m\u00e9s d\u2019aprop els diferents problemes relacionats amb el medi ambient i la conservaci\u00f3 de les esp\u00e8cies.<\/li>\n<\/ul>\n<p><a href=\"https:\/\/agora.xtec.cat\/iesdali\/wp-content\/uploads\/usu384\/2020\/02\/9.png\"><img loading=\"lazy\" decoding=\"async\" class=\" wp-image-2409 aligncenter\" src=\"https:\/\/agora.xtec.cat\/iesdali\/wp-content\/uploads\/usu384\/2020\/02\/9.png\" alt=\"\" width=\"457\" height=\"258\" srcset=\"https:\/\/agora.xtec.cat\/iesdali\/wp-content\/uploads\/usu384\/2020\/02\/9.png 370w, https:\/\/agora.xtec.cat\/iesdali\/wp-content\/uploads\/usu384\/2020\/02\/9-300x169.png 300w\" sizes=\"auto, (max-width: 457px) 100vw, 457px\" \/><\/a><\/p>\n<p>&nbsp;<\/p>\n<p><span style=\"font-weight: 400;\">Tamb\u00e9, es visiten instal\u00b7lacions compromeses amb el medi ambient i la conservaci\u00f3 de les esp\u00e8cies, com el CRAM, on els alumnes mitjan\u00e7ant diferents activitats coneixen m\u00e9s d\u2019aprop tota aquesta problem\u00e0tica.<\/span><\/p>\n<p><a href=\"https:\/\/agora.xtec.cat\/iesdali\/wp-content\/uploads\/usu384\/2020\/02\/10.png\"><img loading=\"lazy\" decoding=\"async\" class=\"size-full wp-image-2410 aligncenter\" src=\"https:\/\/agora.xtec.cat\/iesdali\/wp-content\/uploads\/usu384\/2020\/02\/10.png\" alt=\"\" width=\"522\" height=\"383\" srcset=\"https:\/\/agora.xtec.cat\/iesdali\/wp-content\/uploads\/usu384\/2020\/02\/10.png 522w, https:\/\/agora.xtec.cat\/iesdali\/wp-content\/uploads\/usu384\/2020\/02\/10-300x220.png 300w\" sizes=\"auto, (max-width: 522px) 100vw, 522px\" \/><\/a><\/p>\n<p>&nbsp;<\/p>\n<p><b>Altres activitats<\/b><span style=\"font-weight: 400;\">\u00a0<\/span><\/p>\n<p><span style=\"font-weight: 400;\">Com a departament de ci\u00e8ncies tamb\u00e9 s\u2019organitzen d\u2019altres jornades relacionades amb l\u2019entorn m\u00e9s proper dels alumnes per tal que coneguin la vida que els envolta i com interaccionen amb ella mateixa.<\/span><\/p>\n<p><span style=\"font-weight: 400;\">Aix\u00ed, s\u2019han organitzat sessions d\u2019anellament cient\u00edfic a l\u2019h\u00e0bitat del centre amb el que s\u2019han pogut obtenir dades de migracions molt interessants. Tamb\u00e9 s&#8217;organitzen <\/span>xerrades cient\u00edfiques d\u2019actualitat per reconeguts cient\u00edfics.<\/p>\n<p>Un petit grup d\u2019ampliaci\u00f3 format per alumnes de quart i segon participaran al concurs de cristal\u00b7lografia de la facultat de ci\u00e8ncies de la Terra.<\/p>\n<p><a href=\"https:\/\/agora.xtec.cat\/iesdali\/wp-content\/uploads\/usu384\/2020\/02\/14.png\"><img loading=\"lazy\" decoding=\"async\" class=\"alignnone wp-image-2414\" src=\"https:\/\/agora.xtec.cat\/iesdali\/wp-content\/uploads\/usu384\/2020\/02\/14.png\" alt=\"\" width=\"342\" height=\"193\" srcset=\"https:\/\/agora.xtec.cat\/iesdali\/wp-content\/uploads\/usu384\/2020\/02\/14.png 370w, https:\/\/agora.xtec.cat\/iesdali\/wp-content\/uploads\/usu384\/2020\/02\/14-300x169.png 300w\" sizes=\"auto, (max-width: 342px) 100vw, 342px\" \/><\/a> <a href=\"https:\/\/agora.xtec.cat\/iesdali\/wp-content\/uploads\/usu384\/2020\/02\/15.png\"><img loading=\"lazy\" decoding=\"async\" class=\"alignnone wp-image-2415\" src=\"https:\/\/agora.xtec.cat\/iesdali\/wp-content\/uploads\/usu384\/2020\/02\/15.png\" alt=\"\" width=\"340\" height=\"192\" srcset=\"https:\/\/agora.xtec.cat\/iesdali\/wp-content\/uploads\/usu384\/2020\/02\/15.png 370w, https:\/\/agora.xtec.cat\/iesdali\/wp-content\/uploads\/usu384\/2020\/02\/15-300x169.png 300w\" sizes=\"auto, (max-width: 340px) 100vw, 340px\" \/><\/a><\/p>\n<p><a href=\"https:\/\/agora.xtec.cat\/iesdali\/wp-content\/uploads\/usu384\/2020\/02\/16.png\"><img loading=\"lazy\" decoding=\"async\" class=\"alignnone wp-image-2416\" src=\"https:\/\/agora.xtec.cat\/iesdali\/wp-content\/uploads\/usu384\/2020\/02\/16.png\" alt=\"\" width=\"178\" height=\"238\" srcset=\"https:\/\/agora.xtec.cat\/iesdali\/wp-content\/uploads\/usu384\/2020\/02\/16.png 277w, https:\/\/agora.xtec.cat\/iesdali\/wp-content\/uploads\/usu384\/2020\/02\/16-225x300.png 225w\" sizes=\"auto, (max-width: 178px) 100vw, 178px\" \/><\/a> <a href=\"https:\/\/agora.xtec.cat\/iesdali\/wp-content\/uploads\/usu384\/2020\/02\/17.png\"><img loading=\"lazy\" decoding=\"async\" class=\"alignnone size-full wp-image-2417\" src=\"https:\/\/agora.xtec.cat\/iesdali\/wp-content\/uploads\/usu384\/2020\/02\/17.png\" alt=\"\" width=\"370\" height=\"209\" srcset=\"https:\/\/agora.xtec.cat\/iesdali\/wp-content\/uploads\/usu384\/2020\/02\/17.png 370w, https:\/\/agora.xtec.cat\/iesdali\/wp-content\/uploads\/usu384\/2020\/02\/17-300x169.png 300w\" sizes=\"auto, (max-width: 370px) 100vw, 370px\" \/><\/a><\/p>\n<p><strong>L\u2019ecosistema del Dal\u00ed<\/strong><\/p>\n<p>Per \u00faltim, per\u00f2 no per aix\u00f2 menys important, al Dal\u00ed disposem d\u2019un espai dins del mateix institut en el qual hi tenim representats una part dels ecosistemes m\u00e9s propers del nostre medi natural (aig\u00fcamolls, parc agrari, pineda, vegetaci\u00f3 dunar de platja,&#8230;).<\/p>\n<p>Aix\u00ed doncs, en aquest espai hi tenim una bassa, amb una poblaci\u00f3 de granota verda permanent; una zona d\u2019hort amb plantes arom\u00e0tiques i un hivernacle; arbres fruiters i tot un plegat de vegetaci\u00f3 pr\u00f2pia de la zona.<\/p>\n<p>Aix\u00f2 ens permet realitzar una gran varietat d\u2019activitats i adaptar-nos a les necessitats del nostre alumnat. Tamb\u00e9 \u00e9s un espai que permet desenvolupar diferents estudis de biodiversitat.<\/p>\n<p><a href=\"https:\/\/agora.xtec.cat\/iesdali\/wp-content\/uploads\/usu384\/2022\/02\/Picture6.png\"><img loading=\"lazy\" decoding=\"async\" class=\"alignnone size-medium wp-image-3769\" src=\"https:\/\/agora.xtec.cat\/iesdali\/wp-content\/uploads\/usu384\/2022\/02\/Picture6-169x300.png\" alt=\"\" width=\"169\" height=\"300\" srcset=\"https:\/\/agora.xtec.cat\/iesdali\/wp-content\/uploads\/usu384\/2022\/02\/Picture6-169x300.png 169w, https:\/\/agora.xtec.cat\/iesdali\/wp-content\/uploads\/usu384\/2022\/02\/Picture6.png 331w\" sizes=\"auto, (max-width: 169px) 100vw, 169px\" \/><\/a> <a href=\"https:\/\/agora.xtec.cat\/iesdali\/wp-content\/uploads\/usu384\/2022\/02\/Picture5.png\">\u00a0 \u00a0<img loading=\"lazy\" decoding=\"async\" class=\"alignnone size-medium wp-image-3770\" src=\"https:\/\/agora.xtec.cat\/iesdali\/wp-content\/uploads\/usu384\/2022\/02\/Picture5-181x300.png\" alt=\"\" width=\"181\" height=\"300\" srcset=\"https:\/\/agora.xtec.cat\/iesdali\/wp-content\/uploads\/usu384\/2022\/02\/Picture5-181x300.png 181w, https:\/\/agora.xtec.cat\/iesdali\/wp-content\/uploads\/usu384\/2022\/02\/Picture5.png 356w\" sizes=\"auto, (max-width: 181px) 100vw, 181px\" \/><\/a><\/p>\n","protected":false},"excerpt":{"rendered":"<p>Professores Cristina Cabrera (Coordinadora d\u2019Escoles Verdes) Maria del Mar Delgado Ainoa G\u00f3mez Marta Munar (Cap de departament) Mat\u00e8ries \u200b 1r d\u2019ESO Ci\u00e8ncies de la naturalesa Durant aquest curs l\u2019alumnat apr\u00e8n a identificar, interpretar i analitzar la diversitat i les regularitats en els materials, els \u00e9ssers vius, els embolcalls de la Terra i les estructures que [&hellip;]<\/p>\n","protected":false},"author":68,"featured_media":0,"parent":3509,"menu_order":0,"comment_status":"closed","ping_status":"closed","template":"page-templates\/side-menu.php","meta":{"_bbp_topic_count":0,"_bbp_reply_count":0,"_bbp_total_topic_count":0,"_bbp_total_reply_count":0,"_bbp_voice_count":0,"_bbp_anonymous_reply_count":0,"_bbp_topic_count_hidden":0,"_bbp_reply_count_hidden":0,"_bbp_forum_subforum_count":0,"site-sidebar-layout":"default","site-content-layout":"","ast-site-content-layout":"","site-content-style":"default","site-sidebar-style":"default","ast-global-header-display":"","ast-banner-title-visibility":"","ast-main-header-display":"","ast-hfb-above-header-display":"","ast-hfb-below-header-display":"","ast-hfb-mobile-header-display":"","site-post-title":"","ast-breadcrumbs-content":"","ast-featured-img":"","footer-sml-layout":"","theme-transparent-header-meta":"","adv-header-id-meta":"","stick-header-meta":"","header-above-stick-meta":"","header-main-stick-meta":"","header-below-stick-meta":"","astra-migrate-meta-layouts":"default","ast-page-background-enabled":"default","ast-page-background-meta":{"desktop":{"background-color":"var(--ast-global-color-4)","background-image":"","background-repeat":"repeat","background-position":"center center","background-size":"auto","background-attachment":"scroll","background-type":"","background-media":"","overlay-type":"","overlay-color":"","overlay-opacity":"","overlay-gradient":""},"tablet":{"background-color":"","background-image":"","background-repeat":"repeat","background-position":"center center","background-size":"auto","background-attachment":"scroll","background-type":"","background-media":"","overlay-type":"","overlay-color":"","overlay-opacity":"","overlay-gradient":""},"mobile":{"background-color":"","background-image":"","background-repeat":"repeat","background-position":"center center","background-size":"auto","background-attachment":"scroll","background-type":"","background-media":"","overlay-type":"","overlay-color":"","overlay-opacity":"","overlay-gradient":""}},"ast-content-background-meta":{"desktop":{"background-color":"var(--ast-global-color-5)","background-image":"","background-repeat":"repeat","background-position":"center center","background-size":"auto","background-attachment":"scroll","background-type":"","background-media":"","overlay-type":"","overlay-color":"","overlay-opacity":"","overlay-gradient":""},"tablet":{"background-color":"var(--ast-global-color-5)","background-image":"","background-repeat":"repeat","background-position":"center center","background-size":"auto","background-attachment":"scroll","background-type":"","background-media":"","overlay-type":"","overlay-color":"","overlay-opacity":"","overlay-gradient":""},"mobile":{"background-color":"var(--ast-global-color-5)","background-image":"","background-repeat":"repeat","background-position":"center center","background-size":"auto","background-attachment":"scroll","background-type":"","background-media":"","overlay-type":"","overlay-color":"","overlay-opacity":"","overlay-gradient":""}},"footnotes":""},"class_list":["post-2400","page","type-page","status-publish","hentry"],"post_mailing_queue_ids":[],"_links":{"self":[{"href":"https:\/\/agora.xtec.cat\/iesdali\/wp-json\/wp\/v2\/pages\/2400","targetHints":{"allow":["GET"]}}],"collection":[{"href":"https:\/\/agora.xtec.cat\/iesdali\/wp-json\/wp\/v2\/pages"}],"about":[{"href":"https:\/\/agora.xtec.cat\/iesdali\/wp-json\/wp\/v2\/types\/page"}],"author":[{"embeddable":true,"href":"https:\/\/agora.xtec.cat\/iesdali\/wp-json\/wp\/v2\/users\/68"}],"replies":[{"embeddable":true,"href":"https:\/\/agora.xtec.cat\/iesdali\/wp-json\/wp\/v2\/comments?post=2400"}],"version-history":[{"count":5,"href":"https:\/\/agora.xtec.cat\/iesdali\/wp-json\/wp\/v2\/pages\/2400\/revisions"}],"predecessor-version":[{"id":5565,"href":"https:\/\/agora.xtec.cat\/iesdali\/wp-json\/wp\/v2\/pages\/2400\/revisions\/5565"}],"up":[{"embeddable":true,"href":"https:\/\/agora.xtec.cat\/iesdali\/wp-json\/wp\/v2\/pages\/3509"}],"wp:attachment":[{"href":"https:\/\/agora.xtec.cat\/iesdali\/wp-json\/wp\/v2\/media?parent=2400"}],"curies":[{"name":"wp","href":"https:\/\/api.w.org\/{rel}","templated":true}]}}