{"id":77,"date":"2014-09-18T10:29:25","date_gmt":"2014-09-18T09:29:25","guid":{"rendered":"http:\/\/agora.xtec.cat\/iescollblanc\/?page_id=77"},"modified":"2025-09-12T17:39:04","modified_gmt":"2025-09-12T15:39:04","slug":"transport-escolar","status":"publish","type":"page","link":"https:\/\/agora.xtec.cat\/iescollblanc\/serveis\/transport-escolar\/","title":{"rendered":"Activitats escolars"},"content":{"rendered":"<section id=\"content\">\n<div class=\"inside2\">\n<h3>Internet segura \u2013 Les xarxes socials<\/h3>\n<table style=\"height: 230px;\" border=\"1\" width=\"800\" cellspacing=\"2\" cellpadding=\"5\">\n<tbody>\n<tr>\n<td width=\"204\"><img loading=\"lazy\" decoding=\"async\" src=\"http:\/\/agora.xtec.cat\/iescollblanc\/wp-content\/uploads\/usu1217\/2016\/06\/internet-segura.jpg\" alt=\"\" width=\"199\" height=\"159\" \/><\/td>\n<td width=\"424\">\n<div align=\"justify\">\n<p>Els alumnes de 2n d\u2019ESO\u00a0realitzen un taller anomenat: \u201cInternet segura \u2013 Les xarxes socials\u201d, que pret\u00e9n que els alumnes identifiquin els riscos que hi ha a Internet i les xarxes socials, reflexionin sobre les mesures de seguretat que cal prendre i adoptin aquestes conductes segures a l&#8217;hora d&#8217;utilitzar-les.<\/p>\n<p>L&#8217;activitat tenia com a objectiu demostrar que podem elaborar plats que solem menjar als restaurants &#8220;fast food&#8221; de manera casolana i amb ingredients saludables, com ara la pizza.<\/p>\n<\/div>\n<\/td>\n<\/tr>\n<\/tbody>\n<\/table>\n<\/div>\n<hr \/>\n<section id=\"content\">\n<div class=\"inside2\">\n<h2>Xerrada begudes energ\u00e8tiques<\/h2>\n<div align=\"justify\">\n<p><img decoding=\"async\" src=\"http:\/\/agora.xtec.cat\/iescollblanc\/wp-content\/uploads\/usu1217\/2016\/06\/begudes1.png\" alt=\"\" width=\"627\" \/><\/p>\n<table style=\"height: 231px;\" border=\"1\" width=\"800\" cellspacing=\"2\" cellpadding=\"5\">\n<tbody>\n<tr>\n<td width=\"620\">Aquest curs, el centre far\u00e0 una xerrada als alumnes de 1r ESO per amb la col\u2022laboraci\u00f3 de <a class=\"Estilo1\" href=\"http:\/\/www.gencat.cat\/salut\/acsa\/html\/ca\/dir3711\/index.html\">l\u2019Ag\u00e8ncia Catalana de Seguretat Aliment\u00e0ria<\/a>, per tal de prevenir el consum de begudes energ\u00e8tiques entre els nostres adolescents. I aix\u00ed donar-los a coneixer tots els riscos que comporten beure aquest tipus de begudes a aquestes edats<em><strong>\u201cLes begudes energ\u00e8tiques son refrescos enriquits amb cafe\u00efna, taurina, vitamines&#8230;. que tenen en com\u00fa el seu elevat contingut en cafe\u00efna (equivalent a dos expressos). Aquesta composici\u00f3 fa que siguin uns productes \u201cexcitants\u201d que associats a certes formes de consum poden provocar trastorns card\u00edacs, que poden arribar a ser greus.\u201d<\/strong><\/em><em><strong><iframe loading=\"lazy\" src=\"\/\/www.youtube.com\/embed\/9ZMs6eVvups\" width=\"360\" height=\"215\" frameborder=\"0\" allowfullscreen=\"allowfullscreen\"><\/iframe><\/strong><\/em><\/td>\n<\/tr>\n<\/tbody>\n<\/table>\n<\/div>\n<\/div>\n<hr \/>\n<section id=\"content\">\n<div class=\"inside2\">\n<h3>Taller de RCP<\/h3>\n<table style=\"height: 272px;\" border=\"1\" width=\"800\" cellspacing=\"2\" cellpadding=\"5\">\n<tbody>\n<tr>\n<td width=\"186\"><img loading=\"lazy\" decoding=\"async\" src=\"http:\/\/agora.xtec.cat\/iescollblanc\/wp-content\/uploads\/usu1217\/2016\/06\/tallercrp1.png\" alt=\"\" width=\"178\" height=\"205\" \/><\/td>\n<td width=\"442\">\n<div align=\"justify\">\n<p>El Departament d&#8217;educaci\u00f3 f\u00edsica de l&#8217;institut commemora el dia europeu de la resuscitaci\u00f3 cardiopulmonar ( RCP).<\/p>\n<p>Realitza\u00a0un acte institucional al IMET per fer difusi\u00f3 del programa de SVB a les escoles i de reconeixement als centre educatius, entre els que est\u00e0 l&#8217;Institut Collblanc de La Canonja, que ho porten a terme la formaci\u00f3 en RCP dins el seu programa curricular.<\/p>\n<p>Si voleu podeu entrar a la pagina del CCR, <a href=\"http:\/\/www.ccr.cat\/\" target=\"_blank\" rel=\"noopener noreferrer\">http:\/\/www.ccr.cat\/<\/a> hi trobareu m\u00e9s informaci\u00f3 interesant.<\/p>\n<\/div>\n<\/td>\n<\/tr>\n<\/tbody>\n<\/table>\n<table style=\"height: 180px;\" border=\"1\" width=\"800\" cellspacing=\"2\" cellpadding=\"5\">\n<tbody>\n<tr>\n<td><img loading=\"lazy\" decoding=\"async\" class=\" aligncenter\" src=\"http:\/\/agora.xtec.cat\/iescollblanc\/wp-content\/uploads\/usu1217\/2016\/06\/CRP02.jpg\" alt=\"\" width=\"279\" height=\"205\" \/><\/td>\n<td><img loading=\"lazy\" decoding=\"async\" class=\" aligncenter\" src=\"http:\/\/agora.xtec.cat\/iescollblanc\/wp-content\/uploads\/usu1217\/2016\/06\/CRP01.jpg\" alt=\"\" width=\"279\" height=\"205\" \/><\/td>\n<\/tr>\n<\/tbody>\n<\/table>\n<\/div>\n<hr \/>\n<section id=\"content\">\n<div class=\"inside2\">\n<h3>Esmorzars saludables<\/h3>\n<table style=\"height: 231px;\" border=\"1\" width=\"800\" cellspacing=\"2\" cellpadding=\"5\">\n<tbody>\n<tr>\n<td width=\"219\"><img loading=\"lazy\" decoding=\"async\" src=\"http:\/\/agora.xtec.cat\/iescollblanc\/wp-content\/uploads\/usu1217\/2016\/06\/esmorzar-saludable1.jpg\" alt=\"\" width=\"206\" height=\"147\" \/><\/td>\n<td width=\"409\">\n<div align=\"justify\">\n<p><strong>Un curs m\u00e9s l\u2019institut Collblanc<\/strong> amb la col\u2022laboraci\u00f3 dels alumnes del <strong>Grau Superior de Diet\u00e8tica de l\u2019institut Cal\u2022l\u00edpolis<\/strong> de Tarragona ha realitza una xerrada als alumnes de 2n d\u2019ESO per conscienciar-los de la import\u00e0ncia de dur una bona alimentaci\u00f3 di\u00e0ria.<\/p>\n<p>I amb m\u00e9s detall de realitzar \u201c<strong>Uns esmorzars saludables<\/strong>\u201d que els permeti portar una dieta equilibrada i amb tots els aliments necessaris per arrancar el dia amb energia.<\/p>\n<\/div>\n<\/td>\n<\/tr>\n<\/tbody>\n<\/table>\n<\/div>\n<hr \/>\n<section id=\"content\">\n<section id=\"content\">\n<div class=\"inside2\">\n<h2>Dinar alumnes Cal\u00b7lipolis<\/h2>\n<table style=\"height: 593px;\" border=\"1\" width=\"800\" cellspacing=\"2\" cellpadding=\"5\">\n<tbody>\n<tr>\n<td>\n<div align=\"justify\">\n<p>Un any m\u00e9s <strong>els alumnes de segon del CFGS de Diet\u00e8tica<\/strong> han organitzat un dinar al centre per tal d\u2019acomiadar \u2013se dels alumnes del <strong>programa Activa\u2019t<\/strong>, amb els qual han treballat durant tot el que va de curs per tal de promoure la pr\u00e0ctica de l\u2019activitat f\u00edsica de manera regular i oferir conceptes de nutrici\u00f3 i alimentaci\u00f3 per fomentar els bons h\u00e0bits nutricionals.<\/p>\n<p>Des d\u2019aqu\u00ed agrair molt el treball fet a aquests alumnes i a tots els que fan possible aquest programa.<\/p>\n<p>Aquest \u00e9s el men\u00fa que han fet.<\/p>\n<\/div>\n<div class=\"issuuembed\" style=\"width: 790px; height: 371px;\" data-configid=\"9290275\/7138785\"><\/div>\n<p><script src=\"\/\/e.issuu.com\/embed.js\" async=\"true\" type=\"text\/javascript\"><\/script><\/td>\n<\/tr>\n<\/tbody>\n<\/table>\n<\/div>\n<hr \/>\n<section id=\"content\">\n<div class=\"inside2\">\n<h2>Xerrada sobre sexualitat<\/h2>\n<table style=\"height: 306px;\" border=\"1\" width=\"800\" cellspacing=\"2\" cellpadding=\"5\">\n<tbody>\n<tr>\n<td width=\"146\"><img loading=\"lazy\" decoding=\"async\" src=\"http:\/\/agora.xtec.cat\/iescollblanc\/wp-content\/uploads\/usu1217\/2016\/06\/sexualitat1.png\" alt=\"\" width=\"138\" height=\"126\" \/><\/td>\n<td width=\"482\">\n<div align=\"justify\">\n<p>Un curs m\u00e9s ens han visitat dos conferenciants (una llevadora i una psic\u00f2loga del CAP La Granja) per tal de dur a terme diferents xerrades de sexualitat.<\/p>\n<p>En aquestes xerrades els alumnes de 3r realitzen un taller de dues hores.<\/p>\n<\/div>\n<\/td>\n<\/tr>\n<tr>\n<td colspan=\"2\">\n<div align=\"justify\">\n<p>L&#8217;exposici\u00f3 es va concentrar sobretot en la SIDA, per\u00f2 tamb\u00e9 es va parlar de sexualitat, d&#8217;una manera clara i sense tab\u00fas. Per al de fomentar una consci\u00e8ncia clara sobre la pr\u00f2pia sexualitat, lliure dels prejudicis.<\/p>\n<p>A m\u00e9s a m\u00e9s, se\u2019ls a donat a con\u00e8ixer els diferents m\u00e8todes anticonceptius que hi ha, i han apr\u00e8s a posar de manera correcta un preservatiu.<\/p>\n<\/div>\n<\/td>\n<\/tr>\n<\/tbody>\n<\/table>\n<\/div>\n<hr \/>\n<section id=\"content\">\n<div class=\"inside2\">\n<h3>Programa d&#8217;Educaci\u00f3 Vi\u00e0ria de la Gu\u00e0rdia Urbana de Tarragona<\/h3>\n<table style=\"height: 376px;\" border=\"1\" width=\"798\" cellspacing=\"2\" cellpadding=\"5\">\n<tbody>\n<tr>\n<td width=\"146\"><img loading=\"lazy\" decoding=\"async\" src=\"http:\/\/agora.xtec.cat\/iescollblanc\/wp-content\/uploads\/usu1217\/2016\/06\/mobilitat1.png\" alt=\"\" width=\"138\" height=\"162\" \/><\/td>\n<td width=\"482\">\n<div align=\"justify\">\n<p>Un curs m\u00e9s ens visitar\u00e0 la Gu\u00e0rdia urbana de Tarragona dintre del Programa d&#8217;Educaci\u00f3 Vial de la Gu\u00e0rdia Urbana de Tarragona.<\/p>\n<p>En aquesta activitat, els monitors d\u2019educaci\u00f3 Vi\u00e0ria de la gu\u00e0rdia urbana <strong>utilitzaran dos simuladors de motocicleta-ciclomotor amb ordinador<\/strong>, amb l\u2019objectiu de qu\u00e8 els nostres alumnes de primer de l\u2019ESO, coneguin i aprenguin a respectar les normes b\u00e0siques a l\u2019hora de conduir un ciclomotor.<\/p>\n<p>La finalitat del programa d&#8217;educaci\u00f3 vi\u00e0ria \u00e9s treballar perqu\u00e8 els nens i nenes aprenguin a valorar la import\u00e0ncia que representen, tant per a la seva seguretat com per la dels altres, els comportaments responsables i c\u00edvics, la conviv\u00e8ncia, la solidaritat i el respecte a m\u00e9s d&#8217;orientar-los sobre comportaments i situacions de risc.<\/p>\n<p><a class=\"Estilo6\" href=\"http:\/\/www.tarragona.cat\/seguretat\/campanyes\/educacio-vial\" target=\"_blank\" rel=\"noopener noreferrer\">Programa d&#8217;Educaci\u00f3 Vi\u00e0ria de la Gu\u00e0rdia Urbana de Tarragona<\/a><\/p>\n<\/div>\n<\/td>\n<\/tr>\n<\/tbody>\n<\/table>\n<\/div>\n<hr \/>\n<section id=\"content\">\n<div class=\"inside2\">\n<h3>Programa de continu\u00eftat a secund\u00e0ria: Reprenem-ho<\/h3>\n<table style=\"height: 271px;\" border=\"1\" width=\"800\" cellspacing=\"2\" cellpadding=\"5\">\n<tbody>\n<tr>\n<td width=\"146\"><img loading=\"lazy\" decoding=\"async\" src=\"http:\/\/agora.xtec.cat\/iescollblanc\/wp-content\/uploads\/usu1217\/2016\/06\/droges-1.png\" alt=\"\" width=\"138\" height=\"162\" \/><\/td>\n<td width=\"482\">\n<div align=\"justify\">\n<p>Xerrada per a l\u2019alumnat de tercer i quert de l&#8217;ESO a c\u00e0rrec de l\u2019<strong>Equip de Prevenci\u00f3 de l\u2019Oficina Jove de l\u2019Ajuntament de Tarragona<\/strong>.<\/p>\n<p>Es tracta d&#8217;un programa de continu\u00eftat a secund\u00e0ria (de 14 a 17 anys) del<strong> programa &#8220;L&#8217;aventura de la vida&#8221;<\/strong>, on es treballa, fonamentalment, l&#8217;alcohol.<\/p>\n<p>Est\u00e0 adre\u00e7at a alumnes de tercer i quart de la ESO i t\u00e9 com a objectius que els adolescents disposin d&#8217;una informaci\u00f3 objectiva, i desenvolupin els valors i les habilitats necess\u00e0ries per decidir de forma raonada i aut\u00f2noma en relaci\u00f3 al consum de drogues, adoptant estils de vida saludables.<\/p>\n<\/div>\n<\/td>\n<\/tr>\n<\/tbody>\n<\/table>\n<\/div>\n<hr \/>\n<section id=\"content\">\n<div class=\"inside2\">\n<h2>Programa Escola i Empresa<\/h2>\n<table style=\"height: 527px;\" border=\"1\" width=\"801\" cellspacing=\"2\" cellpadding=\"5\">\n<tbody>\n<tr>\n<td width=\"323\"><img loading=\"lazy\" decoding=\"async\" src=\"http:\/\/agora.xtec.cat\/iescollblanc\/wp-content\/uploads\/usu1217\/2016\/06\/escolaiempresa.jpg\" alt=\"\" width=\"318\" height=\"162\" \/><\/td>\n<td width=\"305\">\n<div align=\"justify\">\n<p>Elaborat conjuntament amb el Departament d\u2019Ensenyament, el programa se centra en la trobada entre l\u2019alumnat i una persona que dirigeix la pr\u00f2pia empresa que els explicar\u00e0 la seva viv\u00e8ncia.<\/p>\n<\/div>\n<\/td>\n<\/tr>\n<tr>\n<td colspan=\"2\">\n<div align=\"justify\">\n<p>La conversa amb aquesta persona i la reflexi\u00f3 sobre la seva motivaci\u00f3 i dia a dia ajudar\u00e0 els i les estudiants a visualitzar aspectes de la vida a l\u2019empresa i del seu paper en la societat des d\u2019una perspectiva diferent a la que \u00e9s habitual<\/p>\n<p>L\u2019objectiu d\u2019aquesta sessi\u00f3 \u00e9s con\u00e8ixer millor l\u2019empresa a trav\u00e9s de la viv\u00e8ncia personal d\u2019una persona que en dirigeix una. Situarem l\u2019empresa a la societat, entendrem el paper que hi fa l\u2019empresari o el directiu o directiva i coneixerem les compet\u00e8ncies que posa en joc a la seva feina.<\/p>\n<p>\u2022 Con\u00e8ixer el concepte d&#8217;empresa i la seva funci\u00f3 dins la societat.<\/p>\n<p>\u2022 Recon\u00e8ixer la import\u00e0ncia de la figura de l&#8217;empresari\/a o directiu\/a.<\/p>\n<p>\u2022 Identificar les compet\u00e8ncies d&#8217;aquests professionals<\/p>\n<\/div>\n<\/td>\n<\/tr>\n<\/tbody>\n<\/table>\n<\/div>\n<hr \/>\n<section id=\"content\">\n<div class=\"inside2\">\n<h3>Mobilitat segura<\/h3>\n<table style=\"height: 227px;\" border=\"1\" width=\"800\" cellspacing=\"2\" cellpadding=\"5\">\n<tbody>\n<tr>\n<td width=\"161\"><img loading=\"lazy\" decoding=\"async\" src=\"http:\/\/agora.xtec.cat\/iescollblanc\/wp-content\/uploads\/usu1217\/2016\/06\/mobilitat1.png\" alt=\"\" width=\"155\" height=\"119\" \/><\/td>\n<td width=\"467\">\n<div align=\"justify\">\n<p><strong>Xerrada sobre Mobilitat segura.<\/strong><\/p>\n<p><strong><em>A C\u00e0rrec de la Gu\u00e0rdia Urbana de l\u2019Ajuntament de Tarragona.<\/em><\/strong><\/p>\n<p>&#8211;<strong>OBJECTIUS:<\/strong> Reflexionar sobre les conductes que comporten risc en situacions relacionades amb la mobilitat, i que s\u00f3n considerades com \u201cnormals\u201d socialment, incidint, sobre tot, en les possibles conseq\u00fc\u00e8ncies, en un intent de sensibilitzar l\u2019alumnat.<br \/>\n.<\/p>\n<\/div>\n<\/td>\n<\/tr>\n<\/tbody>\n<\/table>\n<\/div>\n<hr \/>\n<section id=\"content\">\n<div class=\"inside2\">\n<h3>Vols dir que controles?<\/h3>\n<table style=\"height: 220px;\" border=\"1\" width=\"800\" cellspacing=\"2\" cellpadding=\"5\">\n<tbody>\n<tr>\n<td width=\"146\"><img loading=\"lazy\" decoding=\"async\" src=\"http:\/\/agora.xtec.cat\/iescollblanc\/wp-content\/uploads\/usu1217\/2016\/06\/droges-1.png\" alt=\"\" width=\"138\" height=\"162\" \/><\/td>\n<td width=\"482\">\n<div align=\"justify\">\n<p>Xerrada per a l\u2019alumnat de Batxillerat a c\u00e0rrec de l\u2019<strong>Equip de Prevenci\u00f3 de l\u2019Oficina Jove de l\u2019Ajuntament de Tarragona<\/strong>.<\/p>\n<p><strong>L\u2019objectiu de la sessi\u00f3<\/strong> es fer reflexionar sobre l\u2019actitud dels joves davant diferents situacions ( consum de drogues, alcohol, sortir de festa&#8230;) i sobre com influeix la pressi\u00f3 del grup en la presa de decisions<br \/>\n.<br \/>\n.<\/p>\n<\/div>\n<\/td>\n<\/tr>\n<\/tbody>\n<\/table>\n<\/div>\n<hr \/>\n<section id=\"content\">\n<div class=\"inside2\">\n<h3>Classes sense fum<\/h3>\n<table style=\"height: 198px;\" border=\"1\" width=\"800\" cellspacing=\"2\" cellpadding=\"5\">\n<tbody>\n<tr>\n<td width=\"161\"><img loading=\"lazy\" decoding=\"async\" src=\"http:\/\/agora.xtec.cat\/iescollblanc\/wp-content\/uploads\/usu1217\/2016\/06\/Sense-fum.jpg\" alt=\"\" width=\"155\" height=\"101\" \/><\/td>\n<td width=\"467\">\n<div align=\"justify\">\n<p>Un curs m\u00e9s el centre s\u2019adhereix al Programa <strong>\u201cClasses sense fum\u201d<\/strong>.<\/p>\n<p>El concurs s\u2019adre\u00e7a als nois i les noies de 1r i 2n d\u2019ESO dels centres educatius de Catalunya. S\u2019integra dins del programa Smokefree Class (Classe sense fum), en el qual participen centres de l\u2019Estat espanyol i d\u2019altres pa\u00efsos de la Uni\u00f3 Europea.<\/p>\n<\/div>\n<\/td>\n<\/tr>\n<tr>\n<td colspan=\"2\"><a href=\"http:\/\/www.xtec.cat\/web\/comunitat\/salutescola\/classesensefum\/\" target=\"_blank\" rel=\"noopener noreferrer\">Per m\u00e9s informaci\u00f3 clicleu al enlla\u00e7 <\/a><\/td>\n<\/tr>\n<\/tbody>\n<\/table>\n<\/div>\n<hr \/>\n<\/section>\n<\/section>\n<\/section>\n<\/section>\n<\/section>\n<\/section>\n<\/section>\n<\/section>\n<\/section>\n<\/section>\n<\/section>\n<\/section>\n<\/section>\n","protected":false},"excerpt":{"rendered":"<p>Internet segura \u2013 Les xarxes socials Els alumnes de 2n d\u2019ESO\u00a0realitzen un taller anomenat: \u201cInternet segura \u2013 Les xarxes socials\u201d, [&hellip;]<\/p>\n","protected":false},"author":1,"featured_media":0,"parent":63,"menu_order":50,"comment_status":"closed","ping_status":"closed","template":"","meta":{"_bbp_topic_count":0,"_bbp_reply_count":0,"_bbp_total_topic_count":0,"_bbp_total_reply_count":0,"_bbp_voice_count":0,"_bbp_anonymous_reply_count":0,"_bbp_topic_count_hidden":0,"_bbp_reply_count_hidden":0,"_bbp_forum_subforum_count":0,"site-sidebar-layout":"default","site-content-layout":"","ast-site-content-layout":"default","site-content-style":"default","site-sidebar-style":"default","ast-global-header-display":"","ast-banner-title-visibility":"","ast-main-header-display":"","ast-hfb-above-header-display":"","ast-hfb-below-header-display":"","ast-hfb-mobile-header-display":"","site-post-title":"","ast-breadcrumbs-content":"","ast-featured-img":"","footer-sml-layout":"","theme-transparent-header-meta":"","adv-header-id-meta":"","stick-header-meta":"","header-above-stick-meta":"","header-main-stick-meta":"","header-below-stick-meta":"","astra-migrate-meta-layouts":"set","ast-page-background-enabled":"default","ast-page-background-meta":{"desktop":{"background-color":"var(--ast-global-color-4)","background-image":"","background-repeat":"repeat","background-position":"center center","background-size":"auto","background-attachment":"scroll","background-type":"","background-media":"","overlay-type":"","overlay-color":"","overlay-opacity":"","overlay-gradient":""},"tablet":{"background-color":"","background-image":"","background-repeat":"repeat","background-position":"center center","background-size":"auto","background-attachment":"scroll","background-type":"","background-media":"","overlay-type":"","overlay-color":"","overlay-opacity":"","overlay-gradient":""},"mobile":{"background-color":"","background-image":"","background-repeat":"repeat","background-position":"center center","background-size":"auto","background-attachment":"scroll","background-type":"","background-media":"","overlay-type":"","overlay-color":"","overlay-opacity":"","overlay-gradient":""}},"ast-content-background-meta":{"desktop":{"background-color":"var(--ast-global-color-5)","background-image":"","background-repeat":"repeat","background-position":"center center","background-size":"auto","background-attachment":"scroll","background-type":"","background-media":"","overlay-type":"","overlay-color":"","overlay-opacity":"","overlay-gradient":""},"tablet":{"background-color":"var(--ast-global-color-5)","background-image":"","background-repeat":"repeat","background-position":"center center","background-size":"auto","background-attachment":"scroll","background-type":"","background-media":"","overlay-type":"","overlay-color":"","overlay-opacity":"","overlay-gradient":""},"mobile":{"background-color":"var(--ast-global-color-5)","background-image":"","background-repeat":"repeat","background-position":"center center","background-size":"auto","background-attachment":"scroll","background-type":"","background-media":"","overlay-type":"","overlay-color":"","overlay-opacity":"","overlay-gradient":""}},"footnotes":""},"class_list":["post-77","page","type-page","status-publish","hentry"],"post_mailing_queue_ids":[],"_links":{"self":[{"href":"https:\/\/agora.xtec.cat\/iescollblanc\/wp-json\/wp\/v2\/pages\/77","targetHints":{"allow":["GET"]}}],"collection":[{"href":"https:\/\/agora.xtec.cat\/iescollblanc\/wp-json\/wp\/v2\/pages"}],"about":[{"href":"https:\/\/agora.xtec.cat\/iescollblanc\/wp-json\/wp\/v2\/types\/page"}],"author":[{"embeddable":true,"href":"https:\/\/agora.xtec.cat\/iescollblanc\/wp-json\/wp\/v2\/users\/1"}],"replies":[{"embeddable":true,"href":"https:\/\/agora.xtec.cat\/iescollblanc\/wp-json\/wp\/v2\/comments?post=77"}],"version-history":[{"count":4,"href":"https:\/\/agora.xtec.cat\/iescollblanc\/wp-json\/wp\/v2\/pages\/77\/revisions"}],"predecessor-version":[{"id":19988,"href":"https:\/\/agora.xtec.cat\/iescollblanc\/wp-json\/wp\/v2\/pages\/77\/revisions\/19988"}],"up":[{"embeddable":true,"href":"https:\/\/agora.xtec.cat\/iescollblanc\/wp-json\/wp\/v2\/pages\/63"}],"wp:attachment":[{"href":"https:\/\/agora.xtec.cat\/iescollblanc\/wp-json\/wp\/v2\/media?parent=77"}],"curies":[{"name":"wp","href":"https:\/\/api.w.org\/{rel}","templated":true}]}}