{"id":67,"date":"2014-09-18T10:14:18","date_gmt":"2014-09-18T09:14:18","guid":{"rendered":"http:\/\/agora.xtec.cat\/iescollblanc\/?page_id=67"},"modified":"2018-07-11T06:32:48","modified_gmt":"2018-07-11T04:32:48","slug":"acollida","status":"publish","type":"page","link":"https:\/\/agora.xtec.cat\/iescollblanc\/serveis\/acollida\/","title":{"rendered":"Servei de Mediaci\u00f3"},"content":{"rendered":"<div class=\"inside\">\n<div align=\"justify\">\n<p>Des de fa 14 cursos seguim al nostre institut el Programa de Mediaci\u00f3 Escolar estructurat i promogut pel Departament d\u2019Ensenyament. Els primers anys, com un Programa d\u2019Innovaci\u00f3 Educativa aut\u00f2nom i, els darrers, ubicat dintre del Projecte de Conviv\u00e8ncia del Centre.<br \/>\nDurant els 6 primers cursos, l\u2019Equip de Mediaci\u00f3 brindava el servei de Mediaci\u00f3 Formal i, durant els\u00a08 darrers, els amplia amb els Mediadors de Refer\u00e8ncia i el suport als processos de disciplina.<\/p>\n<\/div>\n<p><img loading=\"lazy\" decoding=\"async\" src=\"http:\/\/www.xtec.cat\/iescollblanc\/images\/Mediacio\/mediacio2.png\" alt=\"\" width=\"626\" height=\"211\" \/><\/p>\n<\/div>\n<div align=\"center\">\n<p align=\"justify\">Benvolguts professors, pares, alumnes i personal d\u2019administraci\u00f3 i serveis, ens dirigim a tots vosaltres, com a membres de la comunitat educativa d\u2019aquest Institut, per a informar-vos d\u2019un tema important: la\u00a0<strong>continuaci\u00f3 amb novetats i millores<\/strong> del nostre programa de MEDIACI\u00d3 ESCOLAR.<\/p>\n<p align=\"justify\">Com escrivien uns alumnes, membres de l\u2019Equip de Mediaci\u00f3, en un mural per difondre aquest servei <strong><em>\u201cla mediaci\u00f3 \u00e9s el millor m\u00e8tode per a gestionar els conflictes de la conviv\u00e8ncia\u201d<\/em><\/strong>.<\/p>\n<p align=\"justify\">S\u00ed, a tota comunitat hi ha problemes; \u00e9s un fet normal. El nostre Institut \u00e9s una comunitat on convivim adults i joves, professionals, estudiants i les seves fam\u00edlies. La conviv\u00e8ncia entre tots nosaltres genera conflictes i la millor manera de resoldre\u2019ls \u00e9s mitjan\u00e7ant el di\u00e0leg, seient cara a cara i parlant, amb serenitat i respecte, amb l\u2019ajuda d\u2019uns mediadors.<\/p>\n<p align=\"justify\">La mediaci\u00f3 \u00e9s un h\u00e0bit que cal practicar, que cal convertir-lo en un fet normal per a que formi part natural de la cultura del nostre Institut. En un centre educatiu es fa mediaci\u00f3 a molts nivells, per diferents adults i de manera integrada en les diverses intervencions educatives per\u00f2, a m\u00e9s a m\u00e9s, es pot fer de manera sistem\u00e0tica i amb la participaci\u00f3 de tots.<\/p>\n<p style=\"text-align: justify;\">Per 13\u00e8 curs consecutiu posem en marxa el Servei de Mediaci\u00f3 del centre, que el sost\u00e9 l\u2019Equip de Mediaci\u00f3 format per una s\u00e8rie de parelles de mediadors (constitu\u00efdes per un jove i un adult) i un coordinador.<\/p>\n<p align=\"justify\">Volem, tamb\u00e9, recordar-vos a tots que l\u2019Equip de Mediaci\u00f3 <strong>incorpora cada curs a nous membres<\/strong>(alumnes, professors, familiars i membres del PAS) per a cobrir les baixes d\u2019aquells que no poden continuar formant part d\u2019aquest equip. \u00c9s per aix\u00f2 que animem a venir a tots els que estigueu interessats i us recordem que us ajudarem a formar-vos com a bons mediadors.<\/p>\n<p align=\"justify\"><strong>La mediaci\u00f3 no \u00e9s obligat\u00f2ria (la demanen els interessats o b\u00e9 han d\u2019acceptar el suggeriment d\u2019utilitzar-la)<\/strong>, no substitueix els mecanismes b\u00e0sics de regulaci\u00f3 de la conviv\u00e8ncia (sancions, expulsions, etc.) i no es pot utilitzar per a resoldre determinats problemes (agressions, ofenses greus als adults, etc.). Per\u00f2 s\u00ed que ajuda a gestionar una gran quantitat de conflictes que enterboleixen la conviv\u00e8ncia di\u00e0ria i que, sense la mediaci\u00f3, no es tractarien de manera adient.<\/p>\n<p align=\"justify\">Tenim un <strong><em>full de demanda de mediaci\u00f3,<\/em><\/strong> c\u00f2pies del qual les trobareu a consergeria a disposici\u00f3 de tothom. Al full s\u2019ha d\u2019indicar la persona que la demana i de quin problema es tracta. Aquest full, per a garantir el caire privat, ho dipositar\u00e0 a la <strong><em>b\u00fastia de la mediaci\u00f3<\/em><\/strong> (porta de la Sala de Visites\/Mediaci\u00f3) de la qual el coordinador de mediaci\u00f3 ho recollir\u00e0 i es posar\u00e0 en contacte amb les persones afectades. Posteriorment una parella de mediadors ajudaran als implicats a gestionar els conflicte pels quals es demana el servei. La Sala de Visites\/Mediaci\u00f3 ser\u00e0 utilitzada per a mediaci\u00f3 durant els 2\/4 d\u2019hora de pati de cada mat\u00ed, de dilluns a divendres.<\/p>\n<p align=\"justify\">Demanem a tothom la m\u00e0xima col\u00b7laboraci\u00f3 per a poder convertir aquest servei en un bon instrument de millora de les relacions interpersonals i, en conseq\u00fc\u00e8ncia, d\u2019increment del bon clima de conviv\u00e8ncia a l\u2019Institut.<\/p>\n<p align=\"justify\">Cordialment,<\/p>\n<p>Eva Viana\u00a0 \u00a0 \u00a0 \u00a0 \u00a0 \u00a0 \u00a0 \u00a0 \u00a0 \u00a0 \u00a0 \u00a0 \u00a0 \u00a0 \u00a0 \u00a0 \u00a0 \u00a0 \u00a0 \u00a0 \u00a0 \u00a0 \u00a0 \u00a0 \u00a0 \u00a0 \u00a0 \u00a0 \u00a0 \u00a0 \u00a0 \u00a0 \u00a0 \u00a0 \u00a0 \u00a0 \u00a0 \u00a0 \u00a0 \u00a0 \u00a0 \u00a0 Cristina Gispert i Folch<br \/>\nCoordinadora de Mediaci\u00f3\u00a0\u00a0\u00a0\u00a0\u00a0\u00a0\u00a0\u00a0\u00a0\u00a0\u00a0\u00a0\u00a0\u00a0\u00a0\u00a0\u00a0\u00a0\u00a0\u00a0\u00a0\u00a0\u00a0\u00a0\u00a0\u00a0\u00a0\u00a0\u00a0\u00a0\u00a0\u00a0\u00a0\u00a0\u00a0\u00a0\u00a0\u00a0\u00a0\u00a0\u00a0\u00a0\u00a0\u00a0\u00a0\u00a0\u00a0\u00a0\u00a0\u00a0\u00a0\u00a0\u00a0\u00a0\u00a0\u00a0\u00a0 \u00a0\u00a0\u00a0\u00a0\u00a0\u00a0 Directora de l\u2019Institut Collblanc<\/p>\n<table style=\"height: 35px;\" width=\"622\">\n<tbody>\n<tr>\n<td>\n<h4 style=\"text-align: left;\" align=\"justify\">Programa de Mediaci\u00f3 Escolar<\/h4>\n<div align=\"justify\">Document elaborat per el Coordinador Equip i Servei de Mediaci\u00f3: Joan Gracia, amb la finalitat de donar a con\u00e8ixer el Servei de Mediaci\u00f3 que ofereix el centre als seus alumnes.<\/div>\n<h4 align=\"justify\"><a href=\"http:\/\/www.xtec.cat\/iescollblanc\/Documents\/General\/Programa%20Med%201314.pdf\" target=\"_blank\" rel=\"noopener noreferrer\">Descarregat d&#8217;aqu\u00ed el document (+)<\/a><\/h4>\n<\/td>\n<\/tr>\n<tr>\n<td>\n<h4 align=\"justify\">Full de demanda de mediaci\u00f3<\/h4>\n<div align=\"justify\">En aquest apartat us podeu descarregar el full per tal de demanar el servei de Mediaci\u00f3.<\/div>\n<h4 align=\"justify\"><a href=\"http:\/\/www.xtec.cat\/iescollblanc\/Documents\/General\/Servei%20Mediacio.pdf\" target=\"_blank\" rel=\"noopener noreferrer\">Descarregat d&#8217;aqu\u00ed el full (+)<\/a><\/h4>\n<\/td>\n<\/tr>\n<tr>\n<td>\n<h4 style=\"text-align: left;\" align=\"left\"><a href=\"http:\/\/www.xtec.cat\/iescollblanc\/Pagines\/mediacio.html#\">Horari d&#8217;atenci\u00f3 a l&#8217;alumnat:<\/a><\/h4>\n<div align=\"center\"><strong>MATINS:<br \/>\nDE DILLUNS A DIVENDRES<br \/>\n10h &#8211; 10&#8217;15h<br \/>\n12&#8217;15 &#8211; 12&#8217;30h<\/strong><\/div>\n<\/td>\n<\/tr>\n<\/tbody>\n<\/table>\n<h5 style=\"text-align: justify;\">Presentaci\u00f3 en powerpoint del programa de mediaci\u00f3<\/h5>\n<p><iframe loading=\"lazy\" src=\"http:\/\/www.slideshare.net\/slideshow\/embed_code\/23772334\" width=\"512\" height=\"421\" frameborder=\"0\" marginwidth=\"0\" marginheight=\"0\" scrolling=\"no\" allowfullscreen=\"allowfullscreen\"><\/iframe><\/p>\n<div><strong><a title=\"Servei de Mediaci\u00f3\" href=\"http:\/\/www.slideshare.net\/institutcollblanc\/servei-de-mediaci\" target=\"_blank\" rel=\"noopener noreferrer\">Servei de Mediaci\u00f3<\/a> <\/strong>from <strong><a href=\"http:\/\/www.slideshare.net\/institutcollblanc\" target=\"_blank\" rel=\"noopener noreferrer\">institutcollblanc<\/a><\/strong><\/div>\n<\/div>\n","protected":false},"excerpt":{"rendered":"<p>Des de fa 14 cursos seguim al nostre institut el Programa de Mediaci\u00f3 Escolar estructurat i promogut pel Departament d\u2019Ensenyament. [&hellip;]<\/p>\n","protected":false},"author":1,"featured_media":0,"parent":63,"menu_order":20,"comment_status":"closed","ping_status":"closed","template":"page-templates\/side-menu.php","meta":{"_bbp_topic_count":0,"_bbp_reply_count":0,"_bbp_total_topic_count":0,"_bbp_total_reply_count":0,"_bbp_voice_count":0,"_bbp_anonymous_reply_count":0,"_bbp_topic_count_hidden":0,"_bbp_reply_count_hidden":0,"_bbp_forum_subforum_count":0,"site-sidebar-layout":"default","site-content-layout":"","ast-site-content-layout":"","site-content-style":"default","site-sidebar-style":"default","ast-global-header-display":"","ast-banner-title-visibility":"","ast-main-header-display":"","ast-hfb-above-header-display":"","ast-hfb-below-header-display":"","ast-hfb-mobile-header-display":"","site-post-title":"","ast-breadcrumbs-content":"","ast-featured-img":"","footer-sml-layout":"","theme-transparent-header-meta":"","adv-header-id-meta":"","stick-header-meta":"","header-above-stick-meta":"","header-main-stick-meta":"","header-below-stick-meta":"","astra-migrate-meta-layouts":"default","ast-page-background-enabled":"default","ast-page-background-meta":{"desktop":{"background-color":"var(--ast-global-color-4)","background-image":"","background-repeat":"repeat","background-position":"center center","background-size":"auto","background-attachment":"scroll","background-type":"","background-media":"","overlay-type":"","overlay-color":"","overlay-opacity":"","overlay-gradient":""},"tablet":{"background-color":"","background-image":"","background-repeat":"repeat","background-position":"center center","background-size":"auto","background-attachment":"scroll","background-type":"","background-media":"","overlay-type":"","overlay-color":"","overlay-opacity":"","overlay-gradient":""},"mobile":{"background-color":"","background-image":"","background-repeat":"repeat","background-position":"center center","background-size":"auto","background-attachment":"scroll","background-type":"","background-media":"","overlay-type":"","overlay-color":"","overlay-opacity":"","overlay-gradient":""}},"ast-content-background-meta":{"desktop":{"background-color":"var(--ast-global-color-5)","background-image":"","background-repeat":"repeat","background-position":"center center","background-size":"auto","background-attachment":"scroll","background-type":"","background-media":"","overlay-type":"","overlay-color":"","overlay-opacity":"","overlay-gradient":""},"tablet":{"background-color":"var(--ast-global-color-5)","background-image":"","background-repeat":"repeat","background-position":"center center","background-size":"auto","background-attachment":"scroll","background-type":"","background-media":"","overlay-type":"","overlay-color":"","overlay-opacity":"","overlay-gradient":""},"mobile":{"background-color":"var(--ast-global-color-5)","background-image":"","background-repeat":"repeat","background-position":"center center","background-size":"auto","background-attachment":"scroll","background-type":"","background-media":"","overlay-type":"","overlay-color":"","overlay-opacity":"","overlay-gradient":""}},"footnotes":""},"class_list":["post-67","page","type-page","status-publish","hentry"],"post_mailing_queue_ids":[],"_links":{"self":[{"href":"https:\/\/agora.xtec.cat\/iescollblanc\/wp-json\/wp\/v2\/pages\/67","targetHints":{"allow":["GET"]}}],"collection":[{"href":"https:\/\/agora.xtec.cat\/iescollblanc\/wp-json\/wp\/v2\/pages"}],"about":[{"href":"https:\/\/agora.xtec.cat\/iescollblanc\/wp-json\/wp\/v2\/types\/page"}],"author":[{"embeddable":true,"href":"https:\/\/agora.xtec.cat\/iescollblanc\/wp-json\/wp\/v2\/users\/1"}],"replies":[{"embeddable":true,"href":"https:\/\/agora.xtec.cat\/iescollblanc\/wp-json\/wp\/v2\/comments?post=67"}],"version-history":[{"count":4,"href":"https:\/\/agora.xtec.cat\/iescollblanc\/wp-json\/wp\/v2\/pages\/67\/revisions"}],"predecessor-version":[{"id":1828,"href":"https:\/\/agora.xtec.cat\/iescollblanc\/wp-json\/wp\/v2\/pages\/67\/revisions\/1828"}],"up":[{"embeddable":true,"href":"https:\/\/agora.xtec.cat\/iescollblanc\/wp-json\/wp\/v2\/pages\/63"}],"wp:attachment":[{"href":"https:\/\/agora.xtec.cat\/iescollblanc\/wp-json\/wp\/v2\/media?parent=67"}],"curies":[{"name":"wp","href":"https:\/\/api.w.org\/{rel}","templated":true}]}}