{"id":65,"date":"2014-09-18T10:12:22","date_gmt":"2014-09-18T10:12:22","guid":{"rendered":"http:\/\/agora.xtec.cat\/iescollblanc\/?page_id=65"},"modified":"2020-01-22T08:17:25","modified_gmt":"2020-01-22T07:17:25","slug":"serveis-digitals","status":"publish","type":"page","link":"https:\/\/agora.xtec.cat\/iescollblanc\/serveis\/serveis-digitals\/","title":{"rendered":"Biblioteca"},"content":{"rendered":"<p>En centre disposa d&#8217;una biblioteca escolar<\/p>\n<table style=\"height: 264px;\" border=\"0\" width=\"644\" cellspacing=\"1\" cellpadding=\"2\">\n<tbody>\n<tr>\n<th scope=\"col\" width=\"292\"><img loading=\"lazy\" decoding=\"async\" src=\"http:\/\/www.xtec.cat\/iescollblanc\/images\/biblioteca.png\" alt=\"\" width=\"298\" height=\"196\" \/><\/th>\n<th scope=\"col\" width=\"302\">\n<p align=\"center\"><span class=\"Estilo3\"><u>HORARI D&#8217;ATENCI\u00d3 A L&#8217;ALUMNAT:<\/u><\/span><\/p>\n<p><strong><span class=\"Estilo1\"><span class=\"Estilo2\">MATINS<\/span>:<\/span> DE DILLUNS A DIVENDRES (PATIS)<br \/>\n10:00 &#8211; 10:15h<br \/>\n12:15 &#8211; 12:30h\u00a0<\/strong><\/th>\n<\/tr>\n<\/tbody>\n<\/table>\n<table border=\"0\" width=\"647\" cellspacing=\"1\" cellpadding=\"2\">\n<tbody>\n<tr>\n<th scope=\"col\" width=\"336\" height=\"96\"><\/th>\n<th scope=\"col\" width=\"290\">\n<div align=\"left\"><a href=\"http:\/\/aplitic.xtec.cat\/epergam\/web\/biblioteca.jsp?codi=43008481\" target=\"_blank\" rel=\"noopener noreferrer\"><img decoding=\"async\" src=\"http:\/\/www.xtec.cat\/iescollblanc\/images\/epergam2.png\" alt=\"\" \/><\/a><\/div>\n<\/th>\n<\/tr>\n<tr>\n<th scope=\"col\" width=\"336\">\n<h3 align=\"left\">Cat\u00e0leg Biblioteca municipal de la Canonja<\/h3>\n<\/th>\n<th scope=\"col\" width=\"290\">\n<div align=\"left\"><a href=\"http:\/\/lacanonja.biblioteques.info\/opac\/cercasimple.php\" target=\"_blank\" rel=\"noopener noreferrer\"><img loading=\"lazy\" decoding=\"async\" src=\"http:\/\/www.xtec.cat\/iescollblanc\/images\/Biblioteca%20canonja.gif\" alt=\"\" width=\"351\" height=\"71\" \/><\/a><\/div>\n<\/th>\n<\/tr>\n<\/tbody>\n<\/table>\n<p><strong><span class=\"Estilo5\">Qu\u00e8 \u00e9s l&#8217;eP\u00e8rgam?<\/span><\/strong><br \/>\nL\u2019 eP\u00e8rgam \u00e9s l\u2019aplicaci\u00f3 de gesti\u00f3 de les biblioteques escolars que ofereix el Departament d&#8217;Ensenyament. \u00c9s una aplicaci\u00f3 en l\u00ednia i es caracteritza per:<\/p>\n<p>* Aprofitar els avantatges de la xarxa per fer la catalogaci\u00f3.<br \/>\n* Permetre la consulta en l\u00ednia dels cat\u00e0legs de les biblioteques escolars.<br \/>\n* Disposar de funcionalitats per incentivar l&#8217;\u00fas de la biblioteca per part de la comunitat escolar.<br \/>\n* Facilitar el manteniment t\u00e8cnic de les dades bibliogr\u00e0fiques i d&#8217;usuaris.<\/p>\n<table border=\"5\" width=\"638\" cellspacing=\"2\" cellpadding=\"10\">\n<tbody>\n<tr>\n<td width=\"288\"><a href=\"https:\/\/picasaweb.google.com\/lh\/photo\/CYzg_3XrTTl-NLRpwZnHJ-Ss9Twk8Oxeg1bgKfbZNq8?feat=embedwebsite\"><img loading=\"lazy\" decoding=\"async\" src=\"https:\/\/lh4.googleusercontent.com\/-qEPZV978zk8\/UdVN7UsxrcI\/AAAAAAAAADQ\/mnb9Jn6GIBE\/s288\/IMG_20130704_105201.jpg\" alt=\"\" width=\"288\" height=\"216\" \/><\/a><\/td>\n<td width=\"290\"><a href=\"https:\/\/picasaweb.google.com\/lh\/photo\/GxMODQvIIBT37cx0-Yw-teSs9Twk8Oxeg1bgKfbZNq8?feat=embedwebsite\"><img loading=\"lazy\" decoding=\"async\" src=\"https:\/\/lh3.googleusercontent.com\/-JZANJpUeHp0\/UdVN-PHpWBI\/AAAAAAAAADg\/Ukou8Xj1ywc\/s288\/IMG_20130704_105411.jpg\" alt=\"\" width=\"288\" height=\"216\" \/><\/a><\/td>\n<\/tr>\n<\/tbody>\n<\/table>\n<hr \/>\n<h3><\/h3>\n<table border=\"1\" width=\"654\" cellspacing=\"2\" cellpadding=\"10\">\n<tbody>\n<tr>\n<td width=\"300\">\n<div align=\"center\"><img loading=\"lazy\" decoding=\"async\" src=\"http:\/\/www.xtec.cat\/iescollblanc\/images\/Biblioteca%20canonja.gif\" alt=\"\" width=\"180\" height=\"50\" \/><\/div>\n<h4 align=\"center\"><a href=\"http:\/\/www.lacanonja.cat\/biblioteca-publica\/la-biblioteca\" target=\"_blank\" rel=\"noopener noreferrer\">Biblioteca Municipal de La Canonja<\/a><\/h4>\n<\/td>\n<td width=\"294\">\n<div align=\"center\"><img loading=\"lazy\" decoding=\"async\" src=\"http:\/\/www.xtec.cat\/iescollblanc\/images\/biblioteques.png\" alt=\"\" width=\"86\" height=\"76\" \/><\/div>\n<h4 align=\"center\"><a href=\"http:\/\/bibliotecatarragona.gencat.cat\/ca\/\" target=\"_blank\" rel=\"noopener noreferrer\">Biblioteca de Tarragona<\/a><\/h4>\n<\/td>\n<\/tr>\n<\/tbody>\n<\/table>\n<p>&nbsp;<\/p>\n","protected":false},"excerpt":{"rendered":"<p>En centre disposa d&#8217;una biblioteca escolar HORARI D&#8217;ATENCI\u00d3 A L&#8217;ALUMNAT: MATINS: DE DILLUNS A DIVENDRES (PATIS) 10:00 &#8211; 10:15h 12:15 [&hellip;]<\/p>\n","protected":false},"author":1,"featured_media":0,"parent":63,"menu_order":10,"comment_status":"closed","ping_status":"closed","template":"page-templates\/side-menu.php","meta":{"_bbp_topic_count":0,"_bbp_reply_count":0,"_bbp_total_topic_count":0,"_bbp_total_reply_count":0,"_bbp_voice_count":0,"_bbp_anonymous_reply_count":0,"_bbp_topic_count_hidden":0,"_bbp_reply_count_hidden":0,"_bbp_forum_subforum_count":0,"site-sidebar-layout":"default","site-content-layout":"","ast-site-content-layout":"","site-content-style":"default","site-sidebar-style":"default","ast-global-header-display":"","ast-banner-title-visibility":"","ast-main-header-display":"","ast-hfb-above-header-display":"","ast-hfb-below-header-display":"","ast-hfb-mobile-header-display":"","site-post-title":"","ast-breadcrumbs-content":"","ast-featured-img":"","footer-sml-layout":"","theme-transparent-header-meta":"","adv-header-id-meta":"","stick-header-meta":"","header-above-stick-meta":"","header-main-stick-meta":"","header-below-stick-meta":"","astra-migrate-meta-layouts":"default","ast-page-background-enabled":"default","ast-page-background-meta":{"desktop":{"background-color":"var(--ast-global-color-4)","background-image":"","background-repeat":"repeat","background-position":"center center","background-size":"auto","background-attachment":"scroll","background-type":"","background-media":"","overlay-type":"","overlay-color":"","overlay-opacity":"","overlay-gradient":""},"tablet":{"background-color":"","background-image":"","background-repeat":"repeat","background-position":"center center","background-size":"auto","background-attachment":"scroll","background-type":"","background-media":"","overlay-type":"","overlay-color":"","overlay-opacity":"","overlay-gradient":""},"mobile":{"background-color":"","background-image":"","background-repeat":"repeat","background-position":"center center","background-size":"auto","background-attachment":"scroll","background-type":"","background-media":"","overlay-type":"","overlay-color":"","overlay-opacity":"","overlay-gradient":""}},"ast-content-background-meta":{"desktop":{"background-color":"var(--ast-global-color-5)","background-image":"","background-repeat":"repeat","background-position":"center center","background-size":"auto","background-attachment":"scroll","background-type":"","background-media":"","overlay-type":"","overlay-color":"","overlay-opacity":"","overlay-gradient":""},"tablet":{"background-color":"var(--ast-global-color-5)","background-image":"","background-repeat":"repeat","background-position":"center center","background-size":"auto","background-attachment":"scroll","background-type":"","background-media":"","overlay-type":"","overlay-color":"","overlay-opacity":"","overlay-gradient":""},"mobile":{"background-color":"var(--ast-global-color-5)","background-image":"","background-repeat":"repeat","background-position":"center center","background-size":"auto","background-attachment":"scroll","background-type":"","background-media":"","overlay-type":"","overlay-color":"","overlay-opacity":"","overlay-gradient":""}},"footnotes":""},"class_list":["post-65","page","type-page","status-publish","hentry"],"post_mailing_queue_ids":[],"_links":{"self":[{"href":"https:\/\/agora.xtec.cat\/iescollblanc\/wp-json\/wp\/v2\/pages\/65","targetHints":{"allow":["GET"]}}],"collection":[{"href":"https:\/\/agora.xtec.cat\/iescollblanc\/wp-json\/wp\/v2\/pages"}],"about":[{"href":"https:\/\/agora.xtec.cat\/iescollblanc\/wp-json\/wp\/v2\/types\/page"}],"author":[{"embeddable":true,"href":"https:\/\/agora.xtec.cat\/iescollblanc\/wp-json\/wp\/v2\/users\/1"}],"replies":[{"embeddable":true,"href":"https:\/\/agora.xtec.cat\/iescollblanc\/wp-json\/wp\/v2\/comments?post=65"}],"version-history":[{"count":3,"href":"https:\/\/agora.xtec.cat\/iescollblanc\/wp-json\/wp\/v2\/pages\/65\/revisions"}],"predecessor-version":[{"id":16378,"href":"https:\/\/agora.xtec.cat\/iescollblanc\/wp-json\/wp\/v2\/pages\/65\/revisions\/16378"}],"up":[{"embeddable":true,"href":"https:\/\/agora.xtec.cat\/iescollblanc\/wp-json\/wp\/v2\/pages\/63"}],"wp:attachment":[{"href":"https:\/\/agora.xtec.cat\/iescollblanc\/wp-json\/wp\/v2\/media?parent=65"}],"curies":[{"name":"wp","href":"https:\/\/api.w.org\/{rel}","templated":true}]}}