{"id":618,"date":"2016-06-02T07:26:53","date_gmt":"2016-06-02T06:26:53","guid":{"rendered":"http:\/\/agora.xtec.cat\/iescollblanc\/?page_id=618"},"modified":"2017-01-25T22:54:36","modified_gmt":"2017-01-25T21:54:36","slug":"aee-collblanc","status":"publish","type":"page","link":"https:\/\/agora.xtec.cat\/iescollblanc\/serveis\/aee-collblanc\/","title":{"rendered":"AEE Collblanc"},"content":{"rendered":"<h3 class=\"img-box\"><img decoding=\"async\" src=\"http:\/\/www.xtec.cat\/iescollblanc\/images\/AEE%20Collblanc%20web.png\" alt=\"\" \/><\/h3>\n<h3 class=\"img-box\">L&#8217;alumnat de primer de batxillerat descobreix el Triatl\u00f3<\/h3>\n<h3 class=\"img-box\"><\/h3>\n<div class=\"inside2\">\n<div class=\"img-box\">\n<div align=\"justify\"><strong><strong><img loading=\"lazy\" decoding=\"async\" class=\" alignleft\" src=\"http:\/\/www.xtec.cat\/iescollblanc\/images\/AEE%20Collblanc\/TRI4.jpg\" alt=\"\" width=\"159\" height=\"212\" \/><\/strong><\/strong><strong>El dijous 15 d&#8217;octubre els alumnes de primer de batxillerat van participar en el II Triatl\u00f3 Interdisciplinar de Catalunya disputat a la platja Llarga de Salou<\/strong>La competici\u00f3 va consistir en nedar 200 metres, fer 8 km en bicicleta i c\u00f3rrer 1,5 km. Aquest triatl\u00f3 ha estat organitzat pel departament d&#8217;Educaci\u00f3 F\u00edsica del centre i els mateixos alumnes, que feien d&#8217;ajudants o competien.<\/div>\n<div align=\"justify\"><\/div>\n<div align=\"justify\">\n<p>Es tracta d&#8217;una iniciativa que va sorgir a l&#8217;Institut Josep Tapir\u00f3, reconeguda pel Departament d&#8217;Ensenyament de la Generalitat, a la qual s&#8217;hi han afegit diversos instituts: Tarragona, Ramon Barbat, Mart\u00ed l&#8217;Hum\u00e0, Vidal i Barraquer, Berenguer d&#8217;Enten\u00e7a, l&#8217;Aula 15 i la Unitat d&#8217;Escolaritzaci\u00f3 Compartida de Salou i l\u2019institut Collblanc.<\/p>\n<p>El nostre centre va portar 25 atletes i 16 alumnes organitzadors de les entrades i sortides a boxes. Tot i que l&#8217;objectiu de l&#8217;activitat era con\u00e8ixer i viure de ben a prop com \u00e9s un triatl\u00f3, cal destacar que Rosa P\u00e9rez, Elena G\u00f3mez i Alexia Mu\u00f1oz en f\u00e8mines, i Fran Grima, Isma Lancharro i Joaquim Jim\u00e9nez en categoria masculina van ser els primers classificats. Tanmateix, l&#8217;esfor\u00e7, la il\u2022lusi\u00f3 i les ganes que hi posaren tots els alumnes va ser incre\u00efble.Cal destacar l&#8217;ajut de l&#8217;AMPA del nostre centre i tamb\u00e9 de l&#8217;Ajuntament de la Canonja, sense el suport dels quals no hauria estat possible realitzar l&#8217;activitat.<\/p>\n<\/div>\n<table style=\"height: 194px;\" border=\"1\" width=\"800\" cellspacing=\"2\" cellpadding=\"5\">\n<tbody>\n<tr>\n<td><img loading=\"lazy\" decoding=\"async\" src=\"http:\/\/www.xtec.cat\/iescollblanc\/images\/AEE%20Collblanc\/TRI3.jpg\" alt=\"\" width=\"211\" height=\"162\" \/><\/td>\n<td><img loading=\"lazy\" decoding=\"async\" src=\"http:\/\/www.xtec.cat\/iescollblanc\/images\/AEE%20Collblanc\/TRI1.jpg\" alt=\"\" width=\"211\" height=\"162\" \/><\/td>\n<td><img loading=\"lazy\" decoding=\"async\" src=\"http:\/\/www.xtec.cat\/iescollblanc\/images\/AEE%20Collblanc\/TRI2.jpg\" alt=\"\" width=\"211\" height=\"162\" \/><\/td>\n<\/tr>\n<\/tbody>\n<\/table>\n<hr \/>\n<\/div>\n<\/div>\n<section id=\"content\">\n<div class=\"inside2\">\n<h3>\u00a0Volei rotaci\u00f3 amb els alumnes de tercer de l&#8217;ESO<\/h3>\n<div class=\"img-box\">\n<p><img loading=\"lazy\" decoding=\"async\" class=\" alignleft\" src=\"http:\/\/www.xtec.cat\/iescollblanc\/images\/AEE%20Collblanc\/volei%202015.jpg\" alt=\"\" width=\"319\" height=\"214\" \/><\/p>\n<div align=\"justify\">\n<p>La setmana passada els alumnes de 3r d&#8217;ESO a les sessions d&#8217;educaci\u00f3 f\u00edsica van rebre la visita d&#8217;en VLADIMIR BOGOEVSKI, un gran professional en l&#8217;esport del voleibol, actualment entrenador i jugador del Club Voleibol Sant Pere i Sant Pau de Tarragona.<br \/>\nLes classes formen part del programa &#8220;Esports a la carta&#8221; que ofereix l&#8217;Ajuntament de Tarragona a tots els centres educatius i tenen com objectiu donar a con\u00e8ixer modalitats esportives que no estan a l&#8217;abast dels centres escolars de prim\u00e0ria i secund\u00e0ria, i fomentar la seva pr\u00e0ctica fora de l&#8217;horari escolar.<\/p>\n<p>Amb aquestes sessions, l&#8217;Associaci\u00f3 Esportiva Escolar IES Collblanc vol aprofitar la gran acollida que est\u00e0 tenint el voleibol a la mat\u00e8ria d&#8217;Educaci\u00f3 F\u00edsica per consolidar l&#8217;equip de voleibol que es va crear l&#8217;any passat gr\u00e0cies tamb\u00e9 a la participaci\u00f3 del Institut en aquest mateix programa de l&#8217;Ajuntament de Tarragona el curs passat. Aquest any, per\u00f2, l&#8217;equip de voleibol es veur\u00e0 refor\u00e7at per una major participaci\u00f3 de jugadores, i a m\u00e9s, aquest curs competir\u00e0 en el torneig comarcal escolar.<br \/>\n<a class=\"Estilo9 Estilo2\" href=\"https:\/\/goo.gl\/photos\/srM4mHbq98RZp6KE8\" target=\"_blank\">Fotos de les sessions de volei rotaci\u00f3 de 3rESO<\/a><\/p>\n<p>Nacho L\u00f3pez<br \/>\nCoordinador AEE Institut Collblanc de La Canonja<\/p>\n<\/div>\n<hr \/>\n<\/div>\n<\/div>\n<section id=\"content\">\n<div class=\"inside2\">\n<h3>\u00a0Bitlles catalanes i integraci\u00f3 a l&#8217;institut Collblanc<\/h3>\n<div class=\"img-box\">\n<p align=\"justify\">Aquest passat <strong>dimecres 22 d\u2019abril<\/strong>, 36 usuaris dels centres ocupacionals <strong>d\u2019Onada Tarragona i de Torredembarra, d\u2019Estela de Tarragona, de Ginesta de Valls i del Ventall del Vendrell<\/strong> varen participar a l\u2019Institut Collblanc de la Canonja a la sessi\u00f3 de bitlles tradicionals catalanes, activitat programada dins <strong>les XIX Jornades esportives per a Centres Ocupacionals i Escoles d\u2019\u2019Educaci\u00f3 Especial.<\/strong><\/p>\n<p align=\"justify\">Com ja es habitual, els alumnes de l\u2019institut varen tenir una participaci\u00f3 for\u00e7a activa en la jornada, coordinant la mateixa, amb una gran implicaci\u00f3 i facilitant, una vegada m\u00e9s, el poder assolir l\u2019objectiu de la integraci\u00f3 i de la sensibilitzaci\u00f3 vers aquest col\u2022lectiu. Un model que est\u00e0 funcionant molt b\u00e9 a les diferents actuacions similars del programa amb la resta de centres educatius implicats.<\/p>\n<p align=\"justify\">Aquesta bona resposta i sensacions, ens ha fet plantejar a la Fundaci\u00f3 Onada i al nostre consell esportiu convocar una torneig de bitlles per a centres de persones amb discapacitat, programant tres jornades en tres centres escolars diferents amb el criteri esmentat en el que els alumnes, en aquest cas de Secund\u00e0ria, tinguin tamb\u00e9 un paper tamb\u00e9 protagonista, conjuntament amb els participants.<\/p>\n<\/div>\n<div align=\"center\"><embed width=\"400\" height=\"267\" flashvars=\"host=picasaweb.google.com&amp;hl=ca&amp;feat=flashalbum&amp;RGB=0x000000&amp;feed=https%3A%2F%2Fpicasaweb.google.com%2Fdata%2Ffeed%2Fapi%2Fuser%2F100788134832491315012%2Falbumid%2F6142292984243445409%3Falt%3Drss%26kind%3Dphoto%26hl%3Dca\" src=\"https:\/\/photos.gstatic.com\/media\/slideshow.swf\" align=\"middle\" type=\"application\/x-shockwave-flash\" pluginspage=\"http:\/\/www.macromedia.com\/go\/getflashplayer\"><\/embed><\/div>\n<\/div>\n<hr \/>\n<section id=\"content\">\n<div class=\"inside2\">\n<h2>\u00a0AEE Collblanc<\/h2>\n<table style=\"height: 472px;\" border=\"1\" width=\"794\" cellspacing=\"2\" cellpadding=\"5\">\n<tbody>\n<tr>\n<td width=\"284\" height=\"226\">\n<div align=\"justify\">\n<p>El <strong>Consell Esportiu del Tarragon\u00e8s<\/strong>, conjuntament amb la <strong>Fundaci\u00f3 Onada<\/strong> i<strong>l&#8217;Escola SOLC<\/strong>, desenvolupa diferents programes de caire l\u00fadic i esportiu, que afavoreixen la formaci\u00f3 integral dels membres de diferents tallers i centres ocupacionals i d&#8217;escoles d&#8217;educaci\u00f3 especial, tant de Tarragona i comarca, com d\u2019altres comarques properes.<\/p>\n<\/div>\n<\/td>\n<td width=\"340\">\n<div align=\"right\"><embed width=\"300\" height=\"220\" flashvars=\"host=picasaweb.google.com&amp;hl=ca&amp;feat=flashalbum&amp;RGB=0x000000&amp;feed=https%3A%2F%2Fpicasaweb.google.com%2Fdata%2Ffeed%2Fapi%2Fuser%2F100788134832491315012%2Falbumid%2F6124597177436049345%3Falt%3Drss%26kind%3Dphoto%26hl%3Dca\" src=\"https:\/\/photos.gstatic.com\/media\/slideshow.swf\" type=\"application\/x-shockwave-flash\" pluginspage=\"http:\/\/www.macromedia.com\/go\/getflashplayer\"><\/embed><\/div>\n<\/td>\n<\/tr>\n<tr>\n<td style=\"text-align: justify;\" colspan=\"2\"><u>Dos objectius b\u00e0sics defineixen clarament aquestes jornades i trobades, des de el punt de vista terap\u00e8utic:<\/u>L\u2019oferta de nous \u00e0mbits d\u2019experi\u00e8ncia i de coneixement dins dels serveis dels tallers i dels centres als usuaris.La participaci\u00f3 en l\u2019entorn comunitari i l\u2019intercanvi en les relacions interpersonals.En aquest cas el Departament d&#8217;Educaci\u00f3 F\u00edsica de l&#8217;Institut Collblanc de La Canonja col\u2022labora en l&#8217;organitzaci\u00f3 de les activitats l\u00fadiques de Tennis taula el dimecres 11 de mar\u00e7 i de Bitlles Catalanes el dia 15 d&#8217;abril.Alumnes de 3r d&#8217;ESO i Batxillerat organitzaran i adaptaran les diverses activitats al mateix temps que acompanyaran i ajudaran als participants a gaudir d&#8217;una bona estona fent una activitat l\u00fadica i esportiva. L&#8217;experi\u00e8ncia de interactuar amb persones amb aquest tipus de discapacitats \u00e9s d&#8217;un gran valor a nivell emocional i els enriqueix molt com a persones<\/td>\n<\/tr>\n<\/tbody>\n<\/table>\n<p><u>Dos objectius b\u00e0sics defineixen clarament aquestes jornades i trobades, des de el punt de vista terap\u00e8utic:<\/u><\/p>\n<p>L\u2019oferta de nous \u00e0mbits d\u2019experi\u00e8ncia i de coneixement dins dels serveis dels tallers i dels centres als usuaris.La participaci\u00f3 en l\u2019entorn comunitari i l\u2019intercanvi en les relacions interpersonals.<\/p>\n<p>En aquest cas el Departament d&#8217;Educaci\u00f3 F\u00edsica de l&#8217;Institut Collblanc de La Canonja col\u2022labora en l&#8217;organitzaci\u00f3 de les activitats l\u00fadiques de Tennis taula el dimecres 11 de mar\u00e7 i de Bitlles Catalanes el dia 15 d&#8217;abril.<\/p>\n<p>Alumnes de 3r d&#8217;ESO i Batxillerat organitzaran i adaptaran les diverses activitats al mateix temps que acompanyaran i ajudaran als participants a gaudir d&#8217;una bona estona fent una activitat l\u00fadica i esportiva. L&#8217;experi\u00e8ncia de interactuar amb persones amb aquest tipus de discapacitats \u00e9s d&#8217;un gran valor a nivell emocional i els enriqueix molt com a persones.<\/p>\n<\/div>\n<hr \/>\n<section id=\"content\">\n<div class=\"inside2\">\n<h3>\u00a0Primera jornada de Tennis Taula<\/h3>\n<div align=\"justify\">\n<p>Aquest passat dissabte, 21 de febrer, es va celebrar a l\u2019Institut Collblanc de la Canonja la primera jornada de la Fase Comarcal de Tennis Taula individual, amb el nou format d\u2019ampliaci\u00f3 de jornades i de sistema de puntuaci\u00f3 acumulada, que ha deparat una bona resposta de diferents escoles i entitats participants, arribant a gaireb\u00e9 60 esportistes d\u2019edat escolar.Una altra novetat, per aquesta edici\u00f3, \u00e9s que la competici\u00f3 tamb\u00e9 est\u00e0 oberta a jugadors i jugadores d\u2019\u00e0mbit federat. La direcci\u00f3 t\u00e8cnica del torneig va ser a c\u00e0rrec de l&#8217;AEE Institut Collblanc amb la col\u2022laboraci\u00f3 de diversos alumnes del mateix centre, alumnes en pr\u00e0ctiques de cicles formatius i universitaris i voluntaris dels Jocs del Mediterrani Tarragona 2017.La segona jornada, tamb\u00e9 puntuable, est\u00e0 prevista pel proper 7 de mar\u00e7 a la mateixa seu.<br \/>\nPodeu consultar les corresponents classificacions en aquest\u00a0<a href=\"http:\/\/www.cetarragones.cat\/documents\/193113686classificacio-1a-jornada-comarcal-tennis-taula.pdf\">enlla\u00e7<\/a>Nacho L\u00f3pez<br \/>\nCoordinador AEE Institut Collblanc de La Canonja<\/p>\n<\/div>\n<div align=\"center\"><embed width=\"400\" height=\"267\" flashvars=\"host=picasaweb.google.com&amp;hl=ca&amp;feat=flashalbum&amp;RGB=0x000000&amp;feed=https%3A%2F%2Fpicasaweb.google.com%2Fdata%2Ffeed%2Fapi%2Fuser%2F100788134832491315012%2Falbumid%2F6119756340424651249%3Falt%3Drss%26kind%3Dphoto%26hl%3Dca\" src=\"https:\/\/photos.gstatic.com\/media\/slideshow.swf\" type=\"application\/x-shockwave-flash\" pluginspage=\"http:\/\/www.macromedia.com\/go\/getflashplayer\"><\/embed><\/div>\n<\/div>\n<hr \/>\n<section id=\"content\">\n<div class=\"inside2\">\n<h3>\u00a0IX Torneig de Tennis Taula de Sant Sebasti\u00e0 a l&#8217;institut Collblanc<\/h3>\n<table style=\"height: 247px;\" border=\"1\" width=\"757\" cellspacing=\"2\" cellpadding=\"5\">\n<tbody>\n<tr>\n<td width=\"350\"><img loading=\"lazy\" decoding=\"async\" src=\"http:\/\/www.xtec.cat\/iescollblanc\/images\/AEE%20Collblanc\/santsebastia%202015.jpg\" alt=\"\" width=\"336\" height=\"229\" \/><\/td>\n<td width=\"280\">\n<div align=\"justify\">\n<div align=\"justify\">\n<p><strong>El proper 24 de gener del 2015 a partir de les 16h de la tarda, l&#8217;AEE Institut Collblanc amb col\u2022laboraci\u00f3 de l&#8217;AMPA Ins. Collblanc<\/strong>organitzar\u00e0 la novena edici\u00f3 del Torneig de Tennis Taula amb motiu de les festes de St. Sebasti\u00e0.La participaci\u00f3 en el torneig est\u00e0 oberta a totes les categories des de pre-benjam\u00ed fins a juvenil, femenins i masculins. A m\u00e9s\u00a0<strong>la inscripci\u00f3 \u00e9s gratu\u00efta per a tots els alumnes, pares i professors de l&#8217;Institut Collblanc, i estar\u00e0 oberta fins el dimecres 21 de gener<\/strong>.<\/p>\n<\/div>\n<\/div>\n<\/td>\n<\/tr>\n<\/tbody>\n<\/table>\n<div align=\"justify\">\n<p>Tothom que estigui interessat en participar en el torneig cal que contacteu amb el professor d&#8217;educaci\u00f3 f\u00edsica i coordinador de les activitats esportives extraescolars Nacho L\u00f3pez o b\u00e9 comunicant-lo mitjan\u00e7ant un correu electr\u00f2nic a l&#8217;adre\u00e7a <a class=\"Estilo9\" href=\"mailto:aeecollblanc@gmail.com\">aeecollblanc@gmail.com<\/a>.<\/p>\n<p>Podeu consultar, <a class=\"Estilo9\" href=\"http:\/\/www.cetarragones.cat\/documents\/985233125trobada-tennis-taula-sant-sebastia-i-collblanc-2015.pdf\" target=\"_blank\">a l\u2019apartat de normatives de la nostra web<\/a>, la convocat\u00f2ria del I<strong>X Torneig Sant Sebasti\u00e0 de Tennis Taula, que tindr\u00e0 lloc el proper dissabte 24 de gener<\/strong>, organitzat per l\u2019AEE Institut Collblanc de la Canonja, amb el suport del Consell Esportiu del Tarragon\u00e8s.<\/p>\n<p><strong>La data l\u00edmit d\u2019inscripci\u00f3<\/strong>, pels esportistes provinents dels JEEC, finalitza el dimecres 21 de gener, a l\u2019aplicaci\u00f3 inform\u00e0tica del CET.<\/p>\n<p>Aquesta trobada est\u00e0 programada com a un contacte previ a la fase comarcal dels JEEC de tennis taula. En aquest sentit, us avancem que, per aquest curs escolar i per tal d\u2019ampliar el nombre de jornades, la modalitat individual de la fase comarcal canviar\u00e0 de format amb la previsi\u00f3 de dues jornades pr\u00e8vies classificat\u00f2ries i una jornada final, que es celebrar\u00e0 conjuntament amb la d\u2019equips.<\/p>\n<p>Tanmateix, una altra novetat \u00e9s que es permetr\u00e0 la participaci\u00f3 d\u2019esportistes federats, amb la possibilitat d\u2019establir classificacions conjuntes i separades.<\/p>\n<p>Les dates de celebraci\u00f3 de la fase comarcal, que tindr\u00e0 lloc tamb\u00e9 al Institut Collblanc, seran el 21 de febrer, el 7 de mar\u00e7 i l\u201911 d\u2019abril.<\/p>\n<\/div>\n<\/div>\n<div align=\"justify\"><\/div>\n<hr align=\"JUSTIFY\" \/>\n<div align=\"justify\">\n<table border=\"1\" width=\"635\" cellspacing=\"2\" cellpadding=\"5\">\n<tbody>\n<tr>\n<td>Col\u00b7laboren:<\/td>\n<td><img loading=\"lazy\" decoding=\"async\" src=\"http:\/\/www.xtec.cat\/iescollblanc\/Documents\/AEE\/aee%20collblanc.PNG\" alt=\"\" width=\"132\" height=\"114\" \/><\/td>\n<td><img loading=\"lazy\" decoding=\"async\" src=\"http:\/\/www.xtec.cat\/iescollblanc\/images\/cet.png\" alt=\"\" width=\"132\" height=\"69\" \/><\/td>\n<td><img loading=\"lazy\" decoding=\"async\" src=\"http:\/\/www.xtec.cat\/iescollblanc\/Documents\/AEE\/AEE.png\" alt=\"\" width=\"131\" height=\"108\" \/><\/td>\n<td><img loading=\"lazy\" decoding=\"async\" src=\"http:\/\/www.xtec.cat\/iescollblanc\/images\/ajuntament2.png\" alt=\"\" width=\"83\" height=\"99\" \/><\/td>\n<\/tr>\n<\/tbody>\n<\/table>\n<\/div>\n<\/section>\n<\/section>\n<\/section>\n<\/section>\n<\/section>\n","protected":false},"excerpt":{"rendered":"<p>L&#8217;alumnat de primer de batxillerat descobreix el Triatl\u00f3 El dijous 15 d&#8217;octubre els alumnes de primer de batxillerat van participar [&hellip;]<\/p>\n","protected":false},"author":1,"featured_media":0,"parent":63,"menu_order":60,"comment_status":"closed","ping_status":"closed","template":"page-templates\/side-menu.php","meta":{"_bbp_topic_count":0,"_bbp_reply_count":0,"_bbp_total_topic_count":0,"_bbp_total_reply_count":0,"_bbp_voice_count":0,"_bbp_anonymous_reply_count":0,"_bbp_topic_count_hidden":0,"_bbp_reply_count_hidden":0,"_bbp_forum_subforum_count":0,"site-sidebar-layout":"default","site-content-layout":"","ast-site-content-layout":"","site-content-style":"default","site-sidebar-style":"default","ast-global-header-display":"","ast-banner-title-visibility":"","ast-main-header-display":"","ast-hfb-above-header-display":"","ast-hfb-below-header-display":"","ast-hfb-mobile-header-display":"","site-post-title":"","ast-breadcrumbs-content":"","ast-featured-img":"","footer-sml-layout":"","theme-transparent-header-meta":"","adv-header-id-meta":"","stick-header-meta":"","header-above-stick-meta":"","header-main-stick-meta":"","header-below-stick-meta":"","astra-migrate-meta-layouts":"default","ast-page-background-enabled":"default","ast-page-background-meta":{"desktop":{"background-color":"var(--ast-global-color-4)","background-image":"","background-repeat":"repeat","background-position":"center center","background-size":"auto","background-attachment":"scroll","background-type":"","background-media":"","overlay-type":"","overlay-color":"","overlay-opacity":"","overlay-gradient":""},"tablet":{"background-color":"","background-image":"","background-repeat":"repeat","background-position":"center center","background-size":"auto","background-attachment":"scroll","background-type":"","background-media":"","overlay-type":"","overlay-color":"","overlay-opacity":"","overlay-gradient":""},"mobile":{"background-color":"","background-image":"","background-repeat":"repeat","background-position":"center center","background-size":"auto","background-attachment":"scroll","background-type":"","background-media":"","overlay-type":"","overlay-color":"","overlay-opacity":"","overlay-gradient":""}},"ast-content-background-meta":{"desktop":{"background-color":"var(--ast-global-color-5)","background-image":"","background-repeat":"repeat","background-position":"center center","background-size":"auto","background-attachment":"scroll","background-type":"","background-media":"","overlay-type":"","overlay-color":"","overlay-opacity":"","overlay-gradient":""},"tablet":{"background-color":"var(--ast-global-color-5)","background-image":"","background-repeat":"repeat","background-position":"center center","background-size":"auto","background-attachment":"scroll","background-type":"","background-media":"","overlay-type":"","overlay-color":"","overlay-opacity":"","overlay-gradient":""},"mobile":{"background-color":"var(--ast-global-color-5)","background-image":"","background-repeat":"repeat","background-position":"center center","background-size":"auto","background-attachment":"scroll","background-type":"","background-media":"","overlay-type":"","overlay-color":"","overlay-opacity":"","overlay-gradient":""}},"footnotes":""},"class_list":["post-618","page","type-page","status-publish","hentry"],"post_mailing_queue_ids":[],"_links":{"self":[{"href":"https:\/\/agora.xtec.cat\/iescollblanc\/wp-json\/wp\/v2\/pages\/618","targetHints":{"allow":["GET"]}}],"collection":[{"href":"https:\/\/agora.xtec.cat\/iescollblanc\/wp-json\/wp\/v2\/pages"}],"about":[{"href":"https:\/\/agora.xtec.cat\/iescollblanc\/wp-json\/wp\/v2\/types\/page"}],"author":[{"embeddable":true,"href":"https:\/\/agora.xtec.cat\/iescollblanc\/wp-json\/wp\/v2\/users\/1"}],"replies":[{"embeddable":true,"href":"https:\/\/agora.xtec.cat\/iescollblanc\/wp-json\/wp\/v2\/comments?post=618"}],"version-history":[{"count":4,"href":"https:\/\/agora.xtec.cat\/iescollblanc\/wp-json\/wp\/v2\/pages\/618\/revisions"}],"predecessor-version":[{"id":1038,"href":"https:\/\/agora.xtec.cat\/iescollblanc\/wp-json\/wp\/v2\/pages\/618\/revisions\/1038"}],"up":[{"embeddable":true,"href":"https:\/\/agora.xtec.cat\/iescollblanc\/wp-json\/wp\/v2\/pages\/63"}],"wp:attachment":[{"href":"https:\/\/agora.xtec.cat\/iescollblanc\/wp-json\/wp\/v2\/media?parent=618"}],"curies":[{"name":"wp","href":"https:\/\/api.w.org\/{rel}","templated":true}]}}