{"id":537,"date":"2016-05-23T18:16:33","date_gmt":"2016-05-23T17:16:33","guid":{"rendered":"http:\/\/agora.xtec.cat\/iescollblanc\/?page_id=537"},"modified":"2026-03-11T14:55:06","modified_gmt":"2026-03-11T13:55:06","slug":"ampa","status":"publish","type":"page","link":"https:\/\/agora.xtec.cat\/iescollblanc\/ampa\/","title":{"rendered":"AMPA"},"content":{"rendered":"\n<p><strong>Atenci\u00f3! <\/strong>Durant el mes d&#8217;octubre l&#8217;AMPA obrir\u00e0 tots els dimecres de les 16.30 h a les 17.30 h.<\/p>\n\n\n\n<p>A partir del mes de novembre, l&#8217;horari d&#8217;atenci\u00f3 ser\u00e0 el primer dimecres de cada mes de les 16.30 h a les 17.30 h.&nbsp; Recordeu que tamb\u00e9 us podeu posar en contacte amb nosaltres mitjan\u00e7ant el seg\u00fcent correu electr\u00f2nic <a href=\"mailto:collblancampa@gmail.com\">collblancampa@gmail.com<\/a><\/p>\n\n\n\n<div class=\"wp-block-getwid-tabs\" data-active-tab=\"0\"><ul class=\"wp-block-getwid-tabs__nav-links\"><\/ul>\n<div class=\"wp-block-getwid-tabs__nav-link\"><span class=\"wp-block-getwid-tabs__title-wrapper\"><a href=\"#\"><span class=\"wp-block-getwid-tabs__title\">Contacte<\/span><\/a><\/span><\/div><div class=\"wp-block-getwid-tabs__tab-content-wrapper\"><div class=\"wp-block-getwid-tabs__tab-content\">\n<div class=\"wp-block-columns is-layout-flex wp-container-core-columns-is-layout-1 wp-block-columns-is-layout-flex\">\n<div class=\"wp-block-column is-layout-flow wp-block-column-is-layout-flow\" style=\"flex-basis:100%\">\n<figure class=\"wp-block-table is-style-stripes\"><table><tbody><tr><td><strong>E-MAIL:<\/strong><\/td><td><a href=\"mailto:collblancampa@gmail.com\">collblancampa@gmail.com<\/a><\/td><\/tr><tr><td><strong>ADRE\u00c7A:<\/strong><\/td><td>C\/ CARRASCO I FORMIGUERA, 12<\/td><\/tr><tr><td><strong>CODI POSTAL:<\/strong><\/td><td>43110<\/td><\/tr><tr><td><strong>TEL\u00c8FON:<\/strong><\/td><td>977 551716<\/td><\/tr><tr><td><strong>FAX:<\/strong><\/td><td>977 551658<\/td><\/tr><tr><td><strong>CODI CENTRE:<\/strong><\/td><td>43008481<\/td><\/tr><tr><td><strong>HORARI<br><\/strong><\/td><td>A partir del pr\u00f2xim mes de novembre l&#8217;horari d&#8217;atenci\u00f3 ser\u00e0 de les 16.30 h a les 17.30 h, el primer dimecres de cada mes.<\/td><\/tr><\/tbody><\/table><figcaption class=\"wp-element-caption\">Taula resum amb les dades de contacte.<\/figcaption><\/figure>\n<\/div>\n<\/div>\n<\/div><\/div>\n\n\n\n<div class=\"wp-block-getwid-tabs__nav-link\"><span class=\"wp-block-getwid-tabs__title-wrapper\"><a href=\"#\"><span class=\"wp-block-getwid-tabs__title\">Funcions AMPA<\/span><\/a><\/span><\/div><div class=\"wp-block-getwid-tabs__tab-content-wrapper\"><div class=\"wp-block-getwid-tabs__tab-content\">\n<p><strong style=\"font-family: inherit; font-size: 1em;\">Les funcions principals d&#8217;una Associaci\u00f3 de Mares i Pares d&#8217;Alumnes (AMPA) s\u00f3n:<\/strong><\/p>\n\n\n\n<ol class=\"wp-block-list\">\n<li><span style=\"font-family: inherit; font-size: 1em;\">Dona suport a pares i mares, mestres i alumnes i tamb\u00e9 als \u00f2rgans de govern del centre en tot all\u00f2 que contribueixi a la millora de la qualitat de l\u2019ensenyament que reben els nois i les noies.<\/span><\/li>\n\n\n\n<li>Promou la participaci\u00f3 dels pares a la comunitat educativa potenciant la seva implicaci\u00f3 en el funcionament del centre.<\/li>\n\n\n\n<li>\u00c9s un espai de reflexi\u00f3 que permet als pares i a les mares reflexionar i opinar sobre el funcionament quotidi\u00e0 de l\u2019escola i sobre temes educatius d\u2019abast m\u00e9s general.<\/li>\n\n\n\n<li>\u00c9s el principal interlocutor que tenen els mestres i els equips directius per tractar els temes que afecten a tot el col\u00b7lectiu de fam\u00edlies.<\/li>\n\n\n\n<li>Participa en la presa de decisions i en el govern del centre mitjan\u00e7ant un representant al consell escolar de centre.<\/li>\n\n\n\n<li>Orienta als pares en l\u2019exercici dels seus drets i obligacions com a membres d\u2019un centre educatiu sostingut amb fons p\u00fablics.<\/li>\n\n\n\n<li>Administra i gestiona els recursos que aporten els associats.<\/li>\n<\/ol>\n<\/div><\/div>\n\n\n\n<div class=\"wp-block-getwid-tabs__nav-link\"><span class=\"wp-block-getwid-tabs__title-wrapper\"><a href=\"#\"><span class=\"wp-block-getwid-tabs__title\">Roba esportiva<\/span><\/a><\/span><\/div><div class=\"wp-block-getwid-tabs__tab-content-wrapper\"><div class=\"wp-block-getwid-tabs__tab-content\">\n<p><strong>A continuaci\u00f3 podeu trobar la informaci\u00f3 sobre la roba esportiva i el preu que t\u00e9 cada pe\u00e7a de roba.<\/strong><\/p>\n\n\n\n<div class=\"wp-block-getwid-images-slider has-arrows-inside has-dots-inside has-captions captions-style-light captions-bottom-center is-carousel has-slides-gap-none has-images-center has-cropped-images\"><div class=\"wp-block-getwid-images-slider__wrapper\" data-effect=\"slide\" data-slides-show=\"2\" data-slides-show-laptop=\"1\" data-slides-show-tablet=\"1\" data-slides-show-mobile=\"1\" data-slides-scroll=\"1\" data-autoplay=\"false\" data-pause-hover=\"false\" data-autoplay-speed=\"6000\" data-infinite=\"true\" data-animation-speed=\"800\" data-center-mode=\"false\" data-variable-width=\"false\" data-arrows=\"inside\" data-dots=\"inside\" data-spacing=\"none\"><div class=\"wp-block-getwid-images-slider__item\"><figure><img loading=\"lazy\" decoding=\"async\" width=\"668\" height=\"512\" src=\"https:\/\/agora.xtec.cat\/iescollblanc\/wp-content\/uploads\/usu1217\/2023\/11\/roba_1.jpg\" data-id=\"18872\" data-link=\"https:\/\/agora.xtec.cat\/iescollblanc\/ampa\/attachment\/roba_1\/\" data-original-link=\"https:\/\/agora.xtec.cat\/iescollblanc\/wp-content\/uploads\/usu1217\/2023\/11\/roba_1.jpg\" class=\"wp-block-getwid-images-slider__image wp-image-18872\" srcset=\"https:\/\/agora.xtec.cat\/iescollblanc\/wp-content\/uploads\/usu1217\/2023\/11\/roba_1.jpg 668w, https:\/\/agora.xtec.cat\/iescollblanc\/wp-content\/uploads\/usu1217\/2023\/11\/roba_1-300x230.jpg 300w\" sizes=\"auto, (max-width: 668px) 100vw, 668px\" \/><\/figure><\/div><div class=\"wp-block-getwid-images-slider__item\"><figure><img loading=\"lazy\" decoding=\"async\" width=\"771\" height=\"603\" src=\"https:\/\/agora.xtec.cat\/iescollblanc\/wp-content\/uploads\/usu1217\/2023\/11\/preus_roba.jpg\" data-id=\"18873\" data-link=\"https:\/\/agora.xtec.cat\/iescollblanc\/ampa\/attachment\/preus_roba\/\" data-original-link=\"https:\/\/agora.xtec.cat\/iescollblanc\/wp-content\/uploads\/usu1217\/2023\/11\/preus_roba.jpg\" class=\"wp-block-getwid-images-slider__image wp-image-18873\" srcset=\"https:\/\/agora.xtec.cat\/iescollblanc\/wp-content\/uploads\/usu1217\/2023\/11\/preus_roba.jpg 771w, https:\/\/agora.xtec.cat\/iescollblanc\/wp-content\/uploads\/usu1217\/2023\/11\/preus_roba-300x235.jpg 300w, https:\/\/agora.xtec.cat\/iescollblanc\/wp-content\/uploads\/usu1217\/2023\/11\/preus_roba-768x601.jpg 768w\" sizes=\"auto, (max-width: 771px) 100vw, 771px\" \/><\/figure><\/div><div class=\"wp-block-getwid-images-slider__item\"><figure><img loading=\"lazy\" decoding=\"async\" width=\"672\" height=\"489\" src=\"https:\/\/agora.xtec.cat\/iescollblanc\/wp-content\/uploads\/usu1217\/2023\/11\/roba_2.jpg\" data-id=\"18871\" data-link=\"https:\/\/agora.xtec.cat\/iescollblanc\/ampa\/attachment\/roba_2\/\" data-original-link=\"https:\/\/agora.xtec.cat\/iescollblanc\/wp-content\/uploads\/usu1217\/2023\/11\/roba_2.jpg\" class=\"wp-block-getwid-images-slider__image wp-image-18871\" srcset=\"https:\/\/agora.xtec.cat\/iescollblanc\/wp-content\/uploads\/usu1217\/2023\/11\/roba_2.jpg 672w, https:\/\/agora.xtec.cat\/iescollblanc\/wp-content\/uploads\/usu1217\/2023\/11\/roba_2-300x218.jpg 300w\" sizes=\"auto, (max-width: 672px) 100vw, 672px\" \/><\/figure><\/div><\/div><\/div>\n<\/div><\/div>\n\n\n\n<div class=\"wp-block-getwid-tabs__nav-link\"><span class=\"wp-block-getwid-tabs__title-wrapper\"><a href=\"#\"><span class=\"wp-block-getwid-tabs__title\">Subvencions<\/span><\/a><\/span><\/div><div class=\"wp-block-getwid-tabs__tab-content-wrapper\"><div class=\"wp-block-getwid-tabs__tab-content\">\n<p><\/p>\n<\/div><\/div>\n<\/div>\n\n\n\n<figure class=\"wp-block-image size-large\"><a href=\"https:\/\/agora.xtec.cat\/iescollblanc\/wp-content\/uploads\/usu1217\/2026\/03\/Subvencio-Ajuntament-de-la-Canonja-AMPA-24-25.png\"><img loading=\"lazy\" decoding=\"async\" width=\"1024\" height=\"1024\" src=\"https:\/\/agora.xtec.cat\/iescollblanc\/wp-content\/uploads\/usu1217\/2026\/03\/Subvencio-Ajuntament-de-la-Canonja-AMPA-24-25-1024x1024.png\" alt=\"\" class=\"wp-image-20139\" srcset=\"https:\/\/agora.xtec.cat\/iescollblanc\/wp-content\/uploads\/usu1217\/2026\/03\/Subvencio-Ajuntament-de-la-Canonja-AMPA-24-25-1024x1024.png 1024w, https:\/\/agora.xtec.cat\/iescollblanc\/wp-content\/uploads\/usu1217\/2026\/03\/Subvencio-Ajuntament-de-la-Canonja-AMPA-24-25-300x300.png 300w, https:\/\/agora.xtec.cat\/iescollblanc\/wp-content\/uploads\/usu1217\/2026\/03\/Subvencio-Ajuntament-de-la-Canonja-AMPA-24-25-150x150.png 150w, https:\/\/agora.xtec.cat\/iescollblanc\/wp-content\/uploads\/usu1217\/2026\/03\/Subvencio-Ajuntament-de-la-Canonja-AMPA-24-25-768x768.png 768w, https:\/\/agora.xtec.cat\/iescollblanc\/wp-content\/uploads\/usu1217\/2026\/03\/Subvencio-Ajuntament-de-la-Canonja-AMPA-24-25.png 1080w\" sizes=\"auto, (max-width: 1024px) 100vw, 1024px\" \/><\/a><\/figure>\n","protected":false},"excerpt":{"rendered":"<p>Atenci\u00f3! Durant el mes d&#8217;octubre l&#8217;AMPA obrir\u00e0 tots els dimecres de les 16.30 h a les 17.30 h. A partir [&hellip;]<\/p>\n","protected":false},"author":1,"featured_media":0,"parent":0,"menu_order":0,"comment_status":"closed","ping_status":"closed","template":"","meta":{"_bbp_topic_count":0,"_bbp_reply_count":0,"_bbp_total_topic_count":0,"_bbp_total_reply_count":0,"_bbp_voice_count":0,"_bbp_anonymous_reply_count":0,"_bbp_topic_count_hidden":0,"_bbp_reply_count_hidden":0,"_bbp_forum_subforum_count":0,"site-sidebar-layout":"default","site-content-layout":"","ast-site-content-layout":"default","site-content-style":"default","site-sidebar-style":"default","ast-global-header-display":"","ast-banner-title-visibility":"","ast-main-header-display":"","ast-hfb-above-header-display":"","ast-hfb-below-header-display":"","ast-hfb-mobile-header-display":"","site-post-title":"","ast-breadcrumbs-content":"","ast-featured-img":"","footer-sml-layout":"","theme-transparent-header-meta":"","adv-header-id-meta":"","stick-header-meta":"","header-above-stick-meta":"","header-main-stick-meta":"","header-below-stick-meta":"","astra-migrate-meta-layouts":"set","ast-page-background-enabled":"default","ast-page-background-meta":{"desktop":{"background-color":"var(--ast-global-color-4)","background-image":"","background-repeat":"repeat","background-position":"center center","background-size":"auto","background-attachment":"scroll","background-type":"","background-media":"","overlay-type":"","overlay-color":"","overlay-opacity":"","overlay-gradient":""},"tablet":{"background-color":"","background-image":"","background-repeat":"repeat","background-position":"center center","background-size":"auto","background-attachment":"scroll","background-type":"","background-media":"","overlay-type":"","overlay-color":"","overlay-opacity":"","overlay-gradient":""},"mobile":{"background-color":"","background-image":"","background-repeat":"repeat","background-position":"center center","background-size":"auto","background-attachment":"scroll","background-type":"","background-media":"","overlay-type":"","overlay-color":"","overlay-opacity":"","overlay-gradient":""}},"ast-content-background-meta":{"desktop":{"background-color":"var(--ast-global-color-5)","background-image":"","background-repeat":"repeat","background-position":"center center","background-size":"auto","background-attachment":"scroll","background-type":"","background-media":"","overlay-type":"","overlay-color":"","overlay-opacity":"","overlay-gradient":""},"tablet":{"background-color":"var(--ast-global-color-5)","background-image":"","background-repeat":"repeat","background-position":"center center","background-size":"auto","background-attachment":"scroll","background-type":"","background-media":"","overlay-type":"","overlay-color":"","overlay-opacity":"","overlay-gradient":""},"mobile":{"background-color":"var(--ast-global-color-5)","background-image":"","background-repeat":"repeat","background-position":"center center","background-size":"auto","background-attachment":"scroll","background-type":"","background-media":"","overlay-type":"","overlay-color":"","overlay-opacity":"","overlay-gradient":""}},"footnotes":""},"class_list":["post-537","page","type-page","status-publish","hentry"],"post_mailing_queue_ids":[],"_links":{"self":[{"href":"https:\/\/agora.xtec.cat\/iescollblanc\/wp-json\/wp\/v2\/pages\/537","targetHints":{"allow":["GET"]}}],"collection":[{"href":"https:\/\/agora.xtec.cat\/iescollblanc\/wp-json\/wp\/v2\/pages"}],"about":[{"href":"https:\/\/agora.xtec.cat\/iescollblanc\/wp-json\/wp\/v2\/types\/page"}],"author":[{"embeddable":true,"href":"https:\/\/agora.xtec.cat\/iescollblanc\/wp-json\/wp\/v2\/users\/1"}],"replies":[{"embeddable":true,"href":"https:\/\/agora.xtec.cat\/iescollblanc\/wp-json\/wp\/v2\/comments?post=537"}],"version-history":[{"count":6,"href":"https:\/\/agora.xtec.cat\/iescollblanc\/wp-json\/wp\/v2\/pages\/537\/revisions"}],"predecessor-version":[{"id":20140,"href":"https:\/\/agora.xtec.cat\/iescollblanc\/wp-json\/wp\/v2\/pages\/537\/revisions\/20140"}],"wp:attachment":[{"href":"https:\/\/agora.xtec.cat\/iescollblanc\/wp-json\/wp\/v2\/media?parent=537"}],"curies":[{"name":"wp","href":"https:\/\/api.w.org\/{rel}","templated":true}]}}