{"id":4266,"date":"2020-12-13T22:40:15","date_gmt":"2020-12-13T21:40:15","guid":{"rendered":"https:\/\/agora.xtec.cat\/iescirvianum\/?page_id=4266"},"modified":"2021-01-12T18:27:41","modified_gmt":"2021-01-12T17:27:41","slug":"modalitats-destada-de-lalumne-a-lempresa-en-la-fp-dual","status":"publish","type":"page","link":"https:\/\/agora.xtec.cat\/iescirvianum\/estudis\/fp-dual\/lempresa-i-la-fp-dual\/modalitats-destada-de-lalumne-a-lempresa-en-la-fp-dual\/","title":{"rendered":"Modalitats d&#8217;estada de l&#8217;alumne a l&#8217;empresa en la FP DUAL"},"content":{"rendered":"<p><img loading=\"lazy\" decoding=\"async\" class=\"aligncenter size-full wp-image-4267\" src=\"https:\/\/agora.xtec.cat\/iescirvianum\/wp-content\/uploads\/usu134\/2020\/12\/BannerFPDUAL-aprenent-6.jpg\" alt=\"\" width=\"1000\" height=\"200\" srcset=\"https:\/\/agora.xtec.cat\/iescirvianum\/wp-content\/uploads\/usu134\/2020\/12\/BannerFPDUAL-aprenent-6.jpg 1000w, https:\/\/agora.xtec.cat\/iescirvianum\/wp-content\/uploads\/usu134\/2020\/12\/BannerFPDUAL-aprenent-6-300x60.jpg 300w, https:\/\/agora.xtec.cat\/iescirvianum\/wp-content\/uploads\/usu134\/2020\/12\/BannerFPDUAL-aprenent-6-768x154.jpg 768w\" sizes=\"auto, (max-width: 1000px) 100vw, 1000px\" \/><\/p>\n<div id='gallery-1' class='gallery galleryid-4266 gallery-columns-3 gallery-size-medium'><figure class='gallery-item'>\n\t\t\t<div class='gallery-icon landscape'>\n\t\t\t\t<img loading=\"lazy\" decoding=\"async\" width=\"300\" height=\"51\" src=\"https:\/\/agora.xtec.cat\/iescirvianum\/wp-content\/uploads\/usu134\/2021\/01\/gene-300x51.jpg\" class=\"attachment-medium size-medium\" alt=\"\" srcset=\"https:\/\/agora.xtec.cat\/iescirvianum\/wp-content\/uploads\/usu134\/2021\/01\/gene-300x51.jpg 300w, https:\/\/agora.xtec.cat\/iescirvianum\/wp-content\/uploads\/usu134\/2021\/01\/gene.jpg 754w\" sizes=\"auto, (max-width: 300px) 100vw, 300px\" \/>\n\t\t\t<\/div><\/figure><figure class='gallery-item'>\n\t\t\t<div class='gallery-icon landscape'>\n\t\t\t\t<img loading=\"lazy\" decoding=\"async\" width=\"300\" height=\"82\" src=\"https:\/\/agora.xtec.cat\/iescirvianum\/wp-content\/uploads\/usu134\/2021\/01\/spanya-300x82.png\" class=\"attachment-medium size-medium\" alt=\"\" srcset=\"https:\/\/agora.xtec.cat\/iescirvianum\/wp-content\/uploads\/usu134\/2021\/01\/spanya-300x82.png 300w, https:\/\/agora.xtec.cat\/iescirvianum\/wp-content\/uploads\/usu134\/2021\/01\/spanya.png 678w\" sizes=\"auto, (max-width: 300px) 100vw, 300px\" \/>\n\t\t\t<\/div><\/figure><figure class='gallery-item'>\n\t\t\t<div class='gallery-icon landscape'>\n\t\t\t\t<img loading=\"lazy\" decoding=\"async\" width=\"300\" height=\"59\" src=\"https:\/\/agora.xtec.cat\/iescirvianum\/wp-content\/uploads\/usu134\/2021\/01\/FSE-300x59.png\" class=\"attachment-medium size-medium\" alt=\"\" srcset=\"https:\/\/agora.xtec.cat\/iescirvianum\/wp-content\/uploads\/usu134\/2021\/01\/FSE-300x59.png 300w, https:\/\/agora.xtec.cat\/iescirvianum\/wp-content\/uploads\/usu134\/2021\/01\/FSE.png 476w\" sizes=\"auto, (max-width: 300px) 100vw, 300px\" \/>\n\t\t\t<\/div><\/figure>\n\t\t<\/div>\n\n<p>&nbsp;<\/p>\n<p>Existeixen dos modalitats d&#8217;estada de l&#8217;alumne a l&#8217;empresa:\u00a0<strong>contracte laboral<\/strong>\u00a0i\u00a0<strong>beca<\/strong><\/p>\n<h3>CONTRACTE LABORAL<\/h3>\n<p>Qualsevol tipus de contracte, a determinar per l&#8217;empresa. El m\u00e9s adient \u00e9s el contracte de formaci\u00f3 i l&#8217;aprenentatge.<\/p>\n<ul>\n<li><em>Edat m\u00e0xima<\/em>: 30 anys.<\/li>\n<li><em>Durada<\/em>: m\u00ednim 1 any m\u00e0xim 3 anys.<\/li>\n<li><em>Jornada<\/em>: 40 hores setmana (que inclou la formaci\u00f3 realitzada al centre educatiu amb un m\u00ednim del 25% de la jornada el primer any).<\/li>\n<li><em>Bonificacions a la SS<\/em>: 100% de les quotes per empreses de menys de 250 treballadors; 75% per empreses m\u00e9s grans. En cas de posterior contractaci\u00f3 indefinida, reduccions de fins a 1800 E\/any durant 3 anys.<\/li>\n<li><em>Retribuci\u00f3<\/em>: segons normativa, a acordar. Refer\u00e8ncia m\u00ednima: salari m\u00ednim interprofessional.<\/li>\n<\/ul>\n<h3>BECA<\/h3>\n<p>L&#8217;empresa gestiona l&#8217;alta a la SS com a becari i realitza la compensaci\u00f3 econ\u00f2mica a l&#8217;alumnat. Cal signar un acord amb les activitats formatives a realitzar segons el model establert.<\/p>\n<ul>\n<li><em>Durada<\/em>: m\u00ednim 2 mesos i m\u00e0xim de 10 mesos dins d&#8217;un curs amb possibilitat d&#8217;una pr\u00f2rroga.<\/li>\n<li><em>Retribuci\u00f3<\/em>: a acordar entre l&#8217;empresa i el titular del centre.<\/li>\n<\/ul>\n","protected":false},"excerpt":{"rendered":"<p>&nbsp; Existeixen dos modalitats d&#8217;estada de l&#8217;alumne a l&#8217;empresa:\u00a0contracte laboral\u00a0i\u00a0beca CONTRACTE LABORAL Qualsevol tipus de contracte, a determinar per l&#8217;empresa. El m\u00e9s adient \u00e9s el contracte de formaci\u00f3 i l&#8217;aprenentatge. Edat m\u00e0xima: 30 anys. Durada: m\u00ednim 1 any m\u00e0xim 3 anys. Jornada: 40 hores setmana (que inclou la formaci\u00f3 realitzada al centre educatiu amb un [&hellip;]<\/p>\n","protected":false},"author":1,"featured_media":0,"parent":4228,"menu_order":4,"comment_status":"closed","ping_status":"closed","template":"page-templates\/side-menu.php","meta":{"site-sidebar-layout":"default","site-content-layout":"","ast-site-content-layout":"","site-content-style":"default","site-sidebar-style":"default","ast-global-header-display":"","ast-banner-title-visibility":"","ast-main-header-display":"","ast-hfb-above-header-display":"","ast-hfb-below-header-display":"","ast-hfb-mobile-header-display":"","site-post-title":"","ast-breadcrumbs-content":"","ast-featured-img":"","footer-sml-layout":"","theme-transparent-header-meta":"","adv-header-id-meta":"","stick-header-meta":"","header-above-stick-meta":"","header-main-stick-meta":"","header-below-stick-meta":"","astra-migrate-meta-layouts":"default","ast-page-background-enabled":"default","ast-page-background-meta":{"desktop":{"background-color":"var(--ast-global-color-4)","background-image":"","background-repeat":"repeat","background-position":"center center","background-size":"auto","background-attachment":"scroll","background-type":"","background-media":"","overlay-type":"","overlay-color":"","overlay-opacity":"","overlay-gradient":""},"tablet":{"background-color":"","background-image":"","background-repeat":"repeat","background-position":"center center","background-size":"auto","background-attachment":"scroll","background-type":"","background-media":"","overlay-type":"","overlay-color":"","overlay-opacity":"","overlay-gradient":""},"mobile":{"background-color":"","background-image":"","background-repeat":"repeat","background-position":"center center","background-size":"auto","background-attachment":"scroll","background-type":"","background-media":"","overlay-type":"","overlay-color":"","overlay-opacity":"","overlay-gradient":""}},"ast-content-background-meta":{"desktop":{"background-color":"var(--ast-global-color-5)","background-image":"","background-repeat":"repeat","background-position":"center center","background-size":"auto","background-attachment":"scroll","background-type":"","background-media":"","overlay-type":"","overlay-color":"","overlay-opacity":"","overlay-gradient":""},"tablet":{"background-color":"var(--ast-global-color-5)","background-image":"","background-repeat":"repeat","background-position":"center center","background-size":"auto","background-attachment":"scroll","background-type":"","background-media":"","overlay-type":"","overlay-color":"","overlay-opacity":"","overlay-gradient":""},"mobile":{"background-color":"var(--ast-global-color-5)","background-image":"","background-repeat":"repeat","background-position":"center center","background-size":"auto","background-attachment":"scroll","background-type":"","background-media":"","overlay-type":"","overlay-color":"","overlay-opacity":"","overlay-gradient":""}},"footnotes":""},"class_list":["post-4266","page","type-page","status-publish","hentry"],"post_mailing_queue_ids":[],"_links":{"self":[{"href":"https:\/\/agora.xtec.cat\/iescirvianum\/wp-json\/wp\/v2\/pages\/4266","targetHints":{"allow":["GET"]}}],"collection":[{"href":"https:\/\/agora.xtec.cat\/iescirvianum\/wp-json\/wp\/v2\/pages"}],"about":[{"href":"https:\/\/agora.xtec.cat\/iescirvianum\/wp-json\/wp\/v2\/types\/page"}],"author":[{"embeddable":true,"href":"https:\/\/agora.xtec.cat\/iescirvianum\/wp-json\/wp\/v2\/users\/1"}],"replies":[{"embeddable":true,"href":"https:\/\/agora.xtec.cat\/iescirvianum\/wp-json\/wp\/v2\/comments?post=4266"}],"version-history":[{"count":2,"href":"https:\/\/agora.xtec.cat\/iescirvianum\/wp-json\/wp\/v2\/pages\/4266\/revisions"}],"predecessor-version":[{"id":4645,"href":"https:\/\/agora.xtec.cat\/iescirvianum\/wp-json\/wp\/v2\/pages\/4266\/revisions\/4645"}],"up":[{"embeddable":true,"href":"https:\/\/agora.xtec.cat\/iescirvianum\/wp-json\/wp\/v2\/pages\/4228"}],"wp:attachment":[{"href":"https:\/\/agora.xtec.cat\/iescirvianum\/wp-json\/wp\/v2\/media?parent=4266"}],"curies":[{"name":"wp","href":"https:\/\/api.w.org\/{rel}","templated":true}]}}