{"id":3365,"date":"2020-04-24T22:55:05","date_gmt":"2020-04-24T20:55:05","guid":{"rendered":"https:\/\/agora.xtec.cat\/iescirvianum\/?page_id=3365"},"modified":"2021-05-20T14:07:19","modified_gmt":"2021-05-20T12:07:19","slug":"portes-virtuals-de-linstitut-cirvianum-de-torello","status":"publish","type":"page","link":"https:\/\/agora.xtec.cat\/iescirvianum\/estudis\/portes-virtuals-de-linstitut-cirvianum-de-torello\/","title":{"rendered":"Portes Virtuals de l&#8217;Institut Cirvi\u00e0num de Torell\u00f3"},"content":{"rendered":"<p><img loading=\"lazy\" decoding=\"async\" class=\"size-full wp-image-3443 aligncenter\" src=\"https:\/\/agora.xtec.cat\/iescirvianum\/wp-content\/uploads\/usu134\/2020\/04\/Fa\u00e7anaCentre1.jpg\" alt=\"\" width=\"1000\" height=\"400\" srcset=\"https:\/\/agora.xtec.cat\/iescirvianum\/wp-content\/uploads\/usu134\/2020\/04\/Fa\u00e7anaCentre1.jpg 1000w, https:\/\/agora.xtec.cat\/iescirvianum\/wp-content\/uploads\/usu134\/2020\/04\/Fa\u00e7anaCentre1-300x120.jpg 300w, https:\/\/agora.xtec.cat\/iescirvianum\/wp-content\/uploads\/usu134\/2020\/04\/Fa\u00e7anaCentre1-768x307.jpg 768w\" sizes=\"auto, (max-width: 1000px) 100vw, 1000px\" \/><\/p>\n<p style=\"text-align: center;\"><span style=\"color: #003366;\"><strong>Aprofitem els recursos propis, per tal d\u2019oferir-vos una visita guiada pel nostre Institut de forma virtual.<\/strong><\/span><\/p>\n<p style=\"text-align: center;\"><span style=\"color: #003366;\"><strong>Enguany hem rebut una inesperada visita, per veure com s\u00f3m la gent del centre, esperem el gaudiu.<\/strong><\/span><\/p>\n<p style=\"text-align: center;\"><iframe loading=\"lazy\" src=\"https:\/\/www.youtube.com\/embed\/ZHaAkpBd0HM\" width=\"560\" height=\"315\" frameborder=\"0\"><\/iframe><\/p>\n<div style=\"text-align: center; padding: 10px;\">\n<p><span style=\"color: #000000; font-size: 1.3em;\"><strong>Presentaci\u00f3 de les Jornades Portes Obertes Virtuals<\/strong><\/span><\/p>\n<p><audio controls=\"controls\"><source src=\"https:\/\/agora.xtec.cat\/iescirvianum\/wp-content\/uploads\/usu134\/2020\/05\/PresentacioJPOVirtuals.mp3\" \/><\/audio><\/p>\n<\/div>\n<div style=\"text-align: center; padding: 10px;\">\n<p style=\"text-align: center;\"><span style=\"color: #000000; font-size: 1.3em;\"><strong>Falca de r\u00e0dio FlaixBac<\/strong><\/span><\/p>\n<p><audio controls=\"controls\"><source src=\"https:\/\/agora.xtec.cat\/iescirvianum\/wp-content\/uploads\/usu134\/2020\/04\/cirvianum-institut-192236.mp3\" \/><\/audio><\/p>\n<\/div>\n<div style=\"text-align: center; padding: 10px;\">\n<p><span style=\"color: #000000; font-size: 1.3em;\"><strong>Falca de r\u00e0dio Rac1<\/strong><\/span><br \/>\n<audio controls=\"controls\"><source src=\"https:\/\/agora.xtec.cat\/iescirvianum\/wp-content\/uploads\/usu134\/2020\/06\/INSTITUT-CIRVIANUM-PREINSCRIPCIONS-OK-27-05-20.mp3\" \/><\/audio><\/p>\n<\/div>\n<p style=\"display: block; text-align: justify;\"><span style=\"font-weight: 400;\">Ara fa uns anys que v\u00e0rem gravar un v\u00eddeo, i hem pensat de reutilitzar-lo per tal de poder mostrar-vos un <strong><span style=\"color: #000080; font-size: 1.3em;\">recorregut<\/span><\/strong> per les <strong><span style=\"color: #000080; font-size: 1.3em;\">instal\u00b7lacions<\/span><\/strong>.<\/span> principals del centre, per aportar-vos la idea de com s\u00f3n, quins <strong><span style=\"color: #000080; font-size: 1.3em;\">estudis<\/span><\/strong>. es fan, i com les utilitza l\u2019alumnat.<\/p>\n<p style=\"text-align: justify;\"><span style=\"font-weight: 400;\">Tamb\u00e9, hem pensat que permetr\u00e0 veure el centre\u00a0fora de la normalitat lectiva i d\u2019una manera divertida:<\/span><\/p>\n<div style=\"text-align: center;\"><iframe loading=\"lazy\" src=\"https:\/\/www.youtube.com\/embed\/Agp3z683euA\" width=\"560\" height=\"315\" frameborder=\"0\"><\/iframe><\/div>\n<p>&nbsp;<\/p>\n<p style=\"text-align: justify;\"><span style=\"font-weight: 400;\">Tot seguit, teniu enlla\u00e7os directes als<strong><span style=\"color: #000080; font-size: 1.3em;\"> tr\u00edptics<\/span><\/strong>, amb la informaci\u00f3 m\u00e9s rellevant de cadascun dels estudis que s\u2019imparteixen a l\u2019Institut, abarcant des de <span style=\"color: #333399; font-size: 1.3em;\"><strong>l\u2019ESO, el Batxillerat i els Cicles Formatius<\/strong><\/span>.<\/span><\/p>\n<div style=\"box-sizing: border-box; border: 1px solid black; margin: 2%; float: left; text-align: center; display: inline-block;\"><a href=\"https:\/\/drive.google.com\/open?id=16Gf4u1anwHUJ2jfC6lgMI-Gtuc-a5JCq\" target=\"_blank\" rel=\"noopener noreferrer\"><img loading=\"lazy\" decoding=\"async\" class=\"aligncenter wp-image-3485\" src=\"https:\/\/agora.xtec.cat\/iescirvianum\/wp-content\/uploads\/usu134\/2020\/04\/ESO-TRIP.jpg\" alt=\"\" width=\"85\" height=\"127\" srcset=\"https:\/\/agora.xtec.cat\/iescirvianum\/wp-content\/uploads\/usu134\/2020\/04\/ESO-TRIP.jpg 288w, https:\/\/agora.xtec.cat\/iescirvianum\/wp-content\/uploads\/usu134\/2020\/04\/ESO-TRIP-202x300.jpg 202w\" sizes=\"auto, (max-width: 85px) 100vw, 85px\" \/><\/a><\/div>\n<div style=\"box-sizing: border-box; border: 1px solid black; margin: 2%; float: left; text-align: center; display: inline-block;\"><a href=\"https:\/\/drive.google.com\/file\/d\/1GY4naCU___2Nz5fGoquOWKRiGOd3qfeP\/view?usp=sharing\" target=\"_blank\" rel=\"noopener noreferrer\"><img loading=\"lazy\" decoding=\"async\" class=\"aligncenter size-full wp-image-5519\" src=\"https:\/\/agora.xtec.cat\/iescirvianum\/wp-content\/uploads\/usu134\/2021\/05\/CFGB-OI-TRIP.jpg\" alt=\"\" width=\"85\" height=\"127\" \/><\/a><\/div>\n<div style=\"box-sizing: border-box; border: 1px solid black; margin: 2%; float: left; text-align: center; display: inline-block;\"><a href=\"https:\/\/drive.google.com\/open?id=1lxp1Y1cGoKxElMYY8Y5_UuB4_u__-Gzq\" target=\"_blank\" rel=\"noopener noreferrer\"><img loading=\"lazy\" decoding=\"async\" class=\"aligncenter wp-image-3483\" src=\"https:\/\/agora.xtec.cat\/iescirvianum\/wp-content\/uploads\/usu134\/2020\/04\/BAT-TRP.jpg\" alt=\"\" width=\"85\" height=\"127\" srcset=\"https:\/\/agora.xtec.cat\/iescirvianum\/wp-content\/uploads\/usu134\/2020\/04\/BAT-TRP.jpg 326w, https:\/\/agora.xtec.cat\/iescirvianum\/wp-content\/uploads\/usu134\/2020\/04\/BAT-TRP-202x300.jpg 202w\" sizes=\"auto, (max-width: 85px) 100vw, 85px\" \/><\/a><\/div>\n<div style=\"box-sizing: border-box; border: 1px solid black; margin: 2%; float: left; text-align: center; display: inline-block;\"><a href=\"https:\/\/drive.google.com\/file\/d\/1Wn7PtlJRiUKxalXeNC1IzaflswZpXvBV\/view?usp=sharing\" target=\"_blank\" rel=\"noopener noreferrer\"><img loading=\"lazy\" decoding=\"async\" class=\"aligncenter wp-image-5408\" src=\"https:\/\/agora.xtec.cat\/iescirvianum\/wp-content\/uploads\/usu134\/2021\/05\/BTX-ART-TRIP-2.jpg\" alt=\"\" width=\"85\" height=\"127\" srcset=\"https:\/\/agora.xtec.cat\/iescirvianum\/wp-content\/uploads\/usu134\/2021\/05\/BTX-ART-TRIP-2.jpg 258w, https:\/\/agora.xtec.cat\/iescirvianum\/wp-content\/uploads\/usu134\/2021\/05\/BTX-ART-TRIP-2-201x300.jpg 201w\" sizes=\"auto, (max-width: 85px) 100vw, 85px\" \/><\/a><\/div>\n<div style=\"box-sizing: border-box; border: 1px solid black; margin: 2%; float: left; text-align: center; display: inline-block;\"><a href=\"https:\/\/drive.google.com\/open?id=1vBE1qOEYD3u7R-NxE67tnItMd6xgfVKW\" target=\"_blank\" rel=\"noopener noreferrer\"><img loading=\"lazy\" decoding=\"async\" class=\"aligncenter wp-image-3482\" src=\"https:\/\/agora.xtec.cat\/iescirvianum\/wp-content\/uploads\/usu134\/2020\/04\/SMX-TRIP.jpg\" alt=\"\" width=\"85\" height=\"127\" srcset=\"https:\/\/agora.xtec.cat\/iescirvianum\/wp-content\/uploads\/usu134\/2020\/04\/SMX-TRIP.jpg 286w, https:\/\/agora.xtec.cat\/iescirvianum\/wp-content\/uploads\/usu134\/2020\/04\/SMX-TRIP-201x300.jpg 201w\" sizes=\"auto, (max-width: 85px) 100vw, 85px\" \/><\/a><\/div>\n<div style=\"border: 1px solid black; margin: 2%; float: left; text-align: center; display: inline-block;\"><a href=\"https:\/\/drive.google.com\/open?id=1QGi3hUSPs5ZjRJ3mHeRNv9UJ028xtn-n\" target=\"_blank\" rel=\"noopener noreferrer\"><img loading=\"lazy\" decoding=\"async\" class=\"aligncenter wp-image-3486\" src=\"https:\/\/agora.xtec.cat\/iescirvianum\/wp-content\/uploads\/usu134\/2020\/04\/PCC-TRIP.jpg\" alt=\"\" width=\"85\" height=\"127\" srcset=\"https:\/\/agora.xtec.cat\/iescirvianum\/wp-content\/uploads\/usu134\/2020\/04\/PCC-TRIP.jpg 286w, https:\/\/agora.xtec.cat\/iescirvianum\/wp-content\/uploads\/usu134\/2020\/04\/PCC-TRIP-201x300.jpg 201w\" sizes=\"auto, (max-width: 85px) 100vw, 85px\" \/><\/a><\/div>\n<div style=\"box-sizing: border-box; border: 1px solid black; margin: 2%; text-align: center; display: inline-block;\"><a href=\"https:\/\/drive.google.com\/open?id=1UGg2FnkTZNM_zexWjUet_bR6YEooWRpH\" target=\"_blank\" rel=\"noopener noreferrer\"><img loading=\"lazy\" decoding=\"async\" class=\"aligncenter wp-image-3484\" src=\"https:\/\/agora.xtec.cat\/iescirvianum\/wp-content\/uploads\/usu134\/2020\/04\/DAW-TRIP.jpg\" alt=\"\" width=\"85\" height=\"127\" srcset=\"https:\/\/agora.xtec.cat\/iescirvianum\/wp-content\/uploads\/usu134\/2020\/04\/DAW-TRIP.jpg 286w, https:\/\/agora.xtec.cat\/iescirvianum\/wp-content\/uploads\/usu134\/2020\/04\/DAW-TRIP-201x300.jpg 201w\" sizes=\"auto, (max-width: 85px) 100vw, 85px\" \/><\/a><\/div>\n<p><img loading=\"lazy\" decoding=\"async\" class=\"wp-image-4945 alignleft\" src=\"https:\/\/agora.xtec.cat\/iescirvianum\/wp-content\/uploads\/usu134\/2021\/03\/iddink.png\" alt=\"\" width=\"107\" height=\"107\" srcset=\"https:\/\/agora.xtec.cat\/iescirvianum\/wp-content\/uploads\/usu134\/2021\/03\/iddink.png 225w, https:\/\/agora.xtec.cat\/iescirvianum\/wp-content\/uploads\/usu134\/2021\/03\/iddink-150x150.png 150w\" sizes=\"auto, (max-width: 107px) 100vw, 107px\" \/><\/p>\n<p>&nbsp;<\/p>\n<p>Si ja\u00a0con<span style=\"font-family: inherit; font-size: 1em;\">eixeu el centre, tamb\u00e9 us donem la possibilitat de con\u00e8ixer el procediment d&#8217;adquisici\u00f3 dels llibres de text d&#8217;Iddink<\/span><span style=\"font-family: inherit; font-size: 1em;\">\u00a0pels estudis d&#8217;ESO i Batxillerat en <\/span><a style=\"font-family: inherit; font-size: 1em;\" href=\"https:\/\/agora.xtec.cat\/iescirvianum\/llibres-iddink\/\">aquesta p\u00e0gina<\/a><span style=\"font-family: inherit; font-size: 1em;\">.<\/span><\/p>\n<p>&nbsp;<\/p>\n<p class=\"aligncenter\" style=\"text-align: justify;\"><span style=\"font-weight: 400;\">A continuaci\u00f3, teniu enlla\u00e7os directes a <strong><span style=\"color: #000080; font-size: 1.3em;\">v\u00eddeos<\/span><\/strong> de presentacions amb la informaci\u00f3 m\u00e9s rellevant, contingut i detalls de cadascun dels estudis que s\u2019imparteixen a l\u2019Institut, abarcant des de l\u2019ESO, el Batxillerat i els Cicles Formatius. <\/span><\/p>\n<p style=\"text-align: justify;\"><span style=\"font-weight: 400;\">Esperem que hi trobeu tota la informaci\u00f3 que obtindr\u00edeu en una visita o en una jornada de portes obertes, les quals enguany no ha estat possible de realitzar.<\/span>.<\/p>\n<h4 style=\"text-align: center;\"><strong><span style=\"color: #000080;\">Informaci\u00f3 general de l&#8217;Institut Cirvi\u00e0num de Torell\u00f3<\/span><\/strong><\/h4>\n<div style=\"text-align: center;\"><iframe loading=\"lazy\" src=\"https:\/\/www.youtube.com\/embed\/Ijld_IgX9gg\" width=\"560\" height=\"315\" frameborder=\"0\"><\/iframe><\/div>\n<p>&nbsp;<\/p>\n<div>\n<h4 style=\"text-align: center;\"><strong><span style=\"color: #000080;\">Informaci\u00f3 de l&#8217;ESO<\/span><\/strong><\/h4>\n<\/div>\n<div style=\"text-align: center;\"><iframe loading=\"lazy\" src=\"https:\/\/www.youtube.com\/embed\/Jt-KKmEyOGU\" width=\"560\" height=\"315\" frameborder=\"0\"><\/iframe><\/div>\n<p>&nbsp;<\/p>\n<div>\n<h4 style=\"text-align: center;\"><strong><span style=\"color: #000080;\">Informaci\u00f3 del Batxillerat<\/span><\/strong><\/h4>\n<\/div>\n<div style=\"text-align: center;\"><iframe loading=\"lazy\" src=\"https:\/\/www.youtube.com\/embed\/FVPDKqvQVQM\" width=\"560\" height=\"315\" frameborder=\"0\"><\/iframe><\/div>\n<p>&nbsp;<\/p>\n<div>\n<h4 style=\"text-align: center;\"><strong><span style=\"color: #000080;\">Informaci\u00f3 del CFGS DAW Desenvolupament d&#8217;Aplicacions Web<\/span><\/strong><\/h4>\n<\/div>\n<div style=\"text-align: center;\"><iframe loading=\"lazy\" src=\"https:\/\/www.youtube.com\/embed\/fPAgUFjXxoE\" width=\"560\" height=\"315\" frameborder=\"0\"><\/iframe><\/div>\n<p>&nbsp;<\/p>\n<div>\n<h4 style=\"text-align: center;\"><strong><span style=\"color: #000080;\">Informaci\u00f3 del CFGM SMX Sistemes Microinform\u00e0tics i Xarxes<\/span><\/strong><\/h4>\n<\/div>\n<div style=\"text-align: center;\"><iframe loading=\"lazy\" src=\"https:\/\/www.youtube.com\/embed\/SEP5FEM28Y8\" width=\"560\" height=\"315\" frameborder=\"0\"><\/iframe><\/div>\n<p>&nbsp;<\/p>\n<div>\n<h4 style=\"text-align: center;\"><strong><span style=\"color: #000080;\">Informaci\u00f3 del CFGM PCC Perruqueria i Cosm\u00e8tica Capil\u00b7lar<\/span><\/strong><\/h4>\n<\/div>\n<div style=\"text-align: center;\"><iframe loading=\"lazy\" src=\"https:\/\/www.youtube.com\/embed\/I8DA2ElreaA\" width=\"560\" height=\"315\" frameborder=\"0\"><\/iframe><\/div>\n<p>&nbsp;<\/p>\n<div>\n<h4 style=\"text-align: center;\"><strong><span style=\"color: #000080;\">Informaci\u00f3 de la FP DUAL<\/span><\/strong><\/h4>\n<\/div>\n<div style=\"text-align: center;\"><iframe loading=\"lazy\" src=\"https:\/\/www.youtube.com\/embed\/c1-OMNxmDfA\" width=\"560\" height=\"315\" frameborder=\"0\"><\/iframe><\/div>\n<p><a name=\"xerrades\"><\/a><\/p>\n<h3><span style=\"color: #000080;\"><strong>Xerrades informatives online dels estudis postobligat\u00f2ris<\/strong><\/span><\/h3>\n<p>Durant les darreres setmanes s&#8217;han dut a terme diverses jornades de <strong>portes obertes virtuals<\/strong> per presentar els estudis que duguem a terme al centre:<\/p>\n<ul>\n<li>ESO<\/li>\n<li>Batxillerat<\/li>\n<li>CFGM Sistemes Microinform\u00e0tics i Xarxes<\/li>\n<li>CFGM Perruqueria i Cosm\u00e8tica Capil\u00b7lar<\/li>\n<li>CFGS Desenvolupament d&#8217;Aplicacions Web<\/li>\n<\/ul>\n<p style=\"text-align: justify;\"><strong>Les properes sessions s\u00f3n:<\/strong><\/p>\n<ul>\n<li style=\"text-align: justify;\"><span style=\"color: #000080;\"><strong>Xerrades previstes, habitualment es fan la primera quinzena de maig.<\/strong><\/span><\/li>\n<\/ul>\n<p>&nbsp;<\/p>\n<p>Segueix-nos a <strong><a href=\"https:\/\/www.instagram.com\/icirvianum\/\">Instagram<\/a><\/strong> i <strong><a href=\"https:\/\/twitter.com\/ICirvianum\">Twitter<\/a><\/strong> per rebre totes les novetats.<strong><br \/>\n<\/strong><\/p>\n<p style=\"text-align: justify;\"><span style=\"font-weight: 400;\">Aprofitem tamb\u00e9 per convidar-vos a visitar diferents llocs de la nostra p\u00e0gina web, on podeu veure <a href=\"https:\/\/agora.xtec.cat\/iescirvianum\/linstitut\/professorat\/\">el professorat<\/a>, <a href=\"https:\/\/agora.xtec.cat\/iescirvianum\/\">not\u00edcies<\/a>,<span style=\"color: #000000;\"> estudis ESO, Batxillerat, Cicles formatius&#8230;<\/span> i, si aneu a la <a href=\"https:\/\/agora.xtec.cat\/iescirvianum\/linstitut\/mediateca\/\">mediateca<\/a> podreu veure un recull d\u2019\u00e0lbums d\u2019imatges dels darrers anys. Estem en proc\u00e9s d\u2019anar posant \u00e0lbums de fotos cada vegada m\u00e9s antics, tot i que suposa en molts casos una gran feinada de digitalitzaci\u00f3 de les fotos, pensem que compensa poder veure l\u2019evoluci\u00f3 del centre al llarg dels anys.<\/span><\/p>\n<p>&nbsp;<\/p>\n<p style=\"text-align: justify;\"><span style=\"font-weight: 400;\">Finalment, us convidem a formar part de la comunitat de seguidors de les nostres xarxes socials actives, les quals moltes vegades complementen la informaci\u00f3 tamb\u00e9 publicada a la nostra p\u00e0gina web, per\u00f2 permeten obtenir-la de manera molt m\u00e9s r\u00e0pida i directa.<\/span><\/p>\n<div style=\"width=60%; height=15%; margin-left: 20%; margin-right: 20%;\">\n<table>\n<tbody>\n<tr>\n<td style=\"width: 250px; text-align: center;\">\n<p><figure id=\"attachment_3373\" aria-describedby=\"caption-attachment-3373\" style=\"width: 100px\" class=\"wp-caption aligncenter\"><a href=\"https:\/\/twitter.com\/ICirvianum\" target=\"_blank\" rel=\"noopener noreferrer\"><img loading=\"lazy\" decoding=\"async\" class=\"wp-image-3373 size-full\" src=\"https:\/\/agora.xtec.cat\/iescirvianum\/wp-content\/uploads\/usu134\/2020\/04\/twiterlogo.png\" alt=\"\" width=\"100\" height=\"100\" srcset=\"https:\/\/agora.xtec.cat\/iescirvianum\/wp-content\/uploads\/usu134\/2020\/04\/twiterlogo.png 360w, https:\/\/agora.xtec.cat\/iescirvianum\/wp-content\/uploads\/usu134\/2020\/04\/twiterlogo-150x150.png 150w, https:\/\/agora.xtec.cat\/iescirvianum\/wp-content\/uploads\/usu134\/2020\/04\/twiterlogo-300x300.png 300w\" sizes=\"auto, (max-width: 100px) 100vw, 100px\" \/><\/a><figcaption id=\"caption-attachment-3373\" class=\"wp-caption-text\">@icirvianum<\/figcaption><\/figure><\/td>\n<td style=\"width: 237px; text-align: center;\">\n<p><figure id=\"attachment_1836\" aria-describedby=\"caption-attachment-1836\" style=\"width: 100px\" class=\"wp-caption aligncenter\"><a href=\"https:\/\/www.instagram.com\/icirvianum\/\" target=\"_blank\" rel=\"noopener noreferrer\"><img loading=\"lazy\" decoding=\"async\" class=\"wp-image-1836 size-full\" src=\"https:\/\/agora.xtec.cat\/iescirvianum\/wp-content\/uploads\/usu134\/2018\/10\/instagram_circle_color-512.png\" alt=\"\" width=\"100\" height=\"100\" srcset=\"https:\/\/agora.xtec.cat\/iescirvianum\/wp-content\/uploads\/usu134\/2018\/10\/instagram_circle_color-512.png 512w, https:\/\/agora.xtec.cat\/iescirvianum\/wp-content\/uploads\/usu134\/2018\/10\/instagram_circle_color-512-150x150.png 150w, https:\/\/agora.xtec.cat\/iescirvianum\/wp-content\/uploads\/usu134\/2018\/10\/instagram_circle_color-512-300x300.png 300w\" sizes=\"auto, (max-width: 100px) 100vw, 100px\" \/><\/a><figcaption id=\"caption-attachment-1836\" class=\"wp-caption-text\">@icirvianum<\/figcaption><\/figure><\/td>\n<\/tr>\n<\/tbody>\n<\/table>\n<\/div>\n<p>&nbsp;<\/p>\n","protected":false},"excerpt":{"rendered":"<p>Aprofitem els recursos propis, per tal d\u2019oferir-vos una visita guiada pel nostre Institut de forma virtual. Enguany hem rebut una inesperada visita, per veure com s\u00f3m la gent del centre, esperem el gaudiu. Presentaci\u00f3 de les Jornades Portes Obertes Virtuals Falca de r\u00e0dio FlaixBac Falca de r\u00e0dio Rac1 Ara fa uns anys que v\u00e0rem gravar [&hellip;]<\/p>\n","protected":false},"author":1,"featured_media":0,"parent":195,"menu_order":1,"comment_status":"open","ping_status":"closed","template":"page-templates\/side-menu.php","meta":{"site-sidebar-layout":"default","site-content-layout":"","ast-site-content-layout":"","site-content-style":"default","site-sidebar-style":"default","ast-global-header-display":"","ast-banner-title-visibility":"","ast-main-header-display":"","ast-hfb-above-header-display":"","ast-hfb-below-header-display":"","ast-hfb-mobile-header-display":"","site-post-title":"","ast-breadcrumbs-content":"","ast-featured-img":"","footer-sml-layout":"","theme-transparent-header-meta":"","adv-header-id-meta":"","stick-header-meta":"","header-above-stick-meta":"","header-main-stick-meta":"","header-below-stick-meta":"","astra-migrate-meta-layouts":"default","ast-page-background-enabled":"default","ast-page-background-meta":{"desktop":{"background-color":"var(--ast-global-color-4)","background-image":"","background-repeat":"repeat","background-position":"center center","background-size":"auto","background-attachment":"scroll","background-type":"","background-media":"","overlay-type":"","overlay-color":"","overlay-opacity":"","overlay-gradient":""},"tablet":{"background-color":"","background-image":"","background-repeat":"repeat","background-position":"center center","background-size":"auto","background-attachment":"scroll","background-type":"","background-media":"","overlay-type":"","overlay-color":"","overlay-opacity":"","overlay-gradient":""},"mobile":{"background-color":"","background-image":"","background-repeat":"repeat","background-position":"center center","background-size":"auto","background-attachment":"scroll","background-type":"","background-media":"","overlay-type":"","overlay-color":"","overlay-opacity":"","overlay-gradient":""}},"ast-content-background-meta":{"desktop":{"background-color":"var(--ast-global-color-5)","background-image":"","background-repeat":"repeat","background-position":"center center","background-size":"auto","background-attachment":"scroll","background-type":"","background-media":"","overlay-type":"","overlay-color":"","overlay-opacity":"","overlay-gradient":""},"tablet":{"background-color":"var(--ast-global-color-5)","background-image":"","background-repeat":"repeat","background-position":"center center","background-size":"auto","background-attachment":"scroll","background-type":"","background-media":"","overlay-type":"","overlay-color":"","overlay-opacity":"","overlay-gradient":""},"mobile":{"background-color":"var(--ast-global-color-5)","background-image":"","background-repeat":"repeat","background-position":"center center","background-size":"auto","background-attachment":"scroll","background-type":"","background-media":"","overlay-type":"","overlay-color":"","overlay-opacity":"","overlay-gradient":""}},"footnotes":""},"class_list":["post-3365","page","type-page","status-publish","hentry"],"post_mailing_queue_ids":[],"_links":{"self":[{"href":"https:\/\/agora.xtec.cat\/iescirvianum\/wp-json\/wp\/v2\/pages\/3365","targetHints":{"allow":["GET"]}}],"collection":[{"href":"https:\/\/agora.xtec.cat\/iescirvianum\/wp-json\/wp\/v2\/pages"}],"about":[{"href":"https:\/\/agora.xtec.cat\/iescirvianum\/wp-json\/wp\/v2\/types\/page"}],"author":[{"embeddable":true,"href":"https:\/\/agora.xtec.cat\/iescirvianum\/wp-json\/wp\/v2\/users\/1"}],"replies":[{"embeddable":true,"href":"https:\/\/agora.xtec.cat\/iescirvianum\/wp-json\/wp\/v2\/comments?post=3365"}],"version-history":[{"count":5,"href":"https:\/\/agora.xtec.cat\/iescirvianum\/wp-json\/wp\/v2\/pages\/3365\/revisions"}],"predecessor-version":[{"id":5549,"href":"https:\/\/agora.xtec.cat\/iescirvianum\/wp-json\/wp\/v2\/pages\/3365\/revisions\/5549"}],"up":[{"embeddable":true,"href":"https:\/\/agora.xtec.cat\/iescirvianum\/wp-json\/wp\/v2\/pages\/195"}],"wp:attachment":[{"href":"https:\/\/agora.xtec.cat\/iescirvianum\/wp-json\/wp\/v2\/media?parent=3365"}],"curies":[{"name":"wp","href":"https:\/\/api.w.org\/{rel}","templated":true}]}}