{"id":27,"date":"2014-09-17T16:24:03","date_gmt":"2014-09-17T16:24:03","guid":{"rendered":"http:\/\/agora.xtec.cat\/iescastelldestela\/?page_id=27"},"modified":"2023-10-03T17:32:41","modified_gmt":"2023-10-03T15:32:41","slug":"historia","status":"publish","type":"page","link":"https:\/\/agora.xtec.cat\/iescastelldestela\/linstitut\/historia\/","title":{"rendered":"Hist\u00f2ria"},"content":{"rendered":"<address><span style=\"color: #800080;\">ELS PRECEDENTS<\/span><br \/>\nEls anys seixanta del segle passat nom\u00e9s hi havia dos instituts a les comarques gironines: Figueres i Girona. Un conjunt de col\u00b7legis particulars de pagament, que no estaven a l&#8217;abast de totes les fam\u00edlies, pretenien suplir la deficient xarxa educativa p\u00fablica. Alguns mestres preparaven els seus alumnes per examinar-se als instituts, d&#8217;aquesta manera tenien la possibilitat de fer el batxillerat sense haver de moure&#8217;s del poble, com era el cas d&#8217;Amer. Els mestres Manel Xiberta i Rosa Gispert havien preparat ja abans de 1965 alguns grups de pocs nois i encara menys noies per superar el batxillerat.<\/address>\n<address>\u00a0<\/address>\n<address><span style=\"color: #800080;\">1965, UNA DATA B\u00c0SICA<\/span><br \/>\nUn Decret de l&#8217;any 1964 donava pautes per crear nous CLA (Col\u00b7legi Lliure Adoptat), un tipus de centres municipals dels quals l&#8217;estat subvencionava la despesa de dos professors i l&#8217;ajuntament havia de fer-se c\u00e0rrec de la resta de docents, aix\u00ed com de l&#8217;edifici, instal\u00b7lacions, neteja&#8230;<br \/>\nRepresentava una forta c\u00e0rrega pel municipi que ho tirava endavant, ja que era una despesa que hipotecava altres inversions. L&#8217;ajuntament d&#8217;Amer va optar per assumir l&#8217;important dispendi, i gaudir d&#8217;un centre d&#8217;ensenyament de batxillerat al seu poble. No n&#8217;hi havia prou amb un sol municipi per fer possible el CLA, calia trobar altres ajuntaments que hi donessin suport i hi enviessin els alumnes. Aix\u00f2 es va aconseguir l&#8217;any 1965 ja que tots els municipis de la zona es van posar d&#8217;acord per reclamar la creaci\u00f3 a Amer del centre de batxillerat. Va ser una posici\u00f3 un\u00e0nime b\u00e0sica per obtenir el que es pretenia.<\/address>\n<address>\u00a0<\/address>\n<address><span style=\"color: #800080;\">L&#8217;INICI DEL CLA<\/span><br \/>\nAl BOE de 31 de maig de 1966 es publicava la creaci\u00f3 del CLA d&#8217;Amer, i l&#8217;octubre d&#8217;aquell any comen\u00e7aven les classes en unes aules improvisades al segon pis de l&#8217;Ajuntament. Com a pati es feia servir la pla\u00e7a major de la vila. La voluntat de tirar endavant el centre va suplir totes les defici\u00e8ncies, que eren moltes. El primer curs es van matricular 58 alumnes a primer, que suposaven dos grups, i 24 a segon. Aquests van ser els tres primers grups d&#8217;alumnes.<\/address>\n<address>\u00a0<\/address>\n<address>\n<table style=\"border-collapse: collapse; width: 100%; height: 227px;\">\n<tbody>\n<tr style=\"height: 227px;\">\n<td style=\"width: 63.0682%; height: 227px;\"><img loading=\"lazy\" decoding=\"async\" class=\"wp-image-80 aligncenter\" src=\"http:\/\/institutcastelldestela.files.wordpress.com\/2014\/04\/terrenys2.jpg\" alt=\"terrenys2\" width=\"507\" height=\"172\" \/><\/td>\n<td style=\"width: 36.9318%; height: 227px;\"><a href=\"http:\/\/institutcastelldestela.files.wordpress.com\/2014\/04\/terrenys1.jpg\"><img loading=\"lazy\" decoding=\"async\" class=\"wp-image-79 aligncenter\" src=\"http:\/\/institutcastelldestela.files.wordpress.com\/2014\/04\/terrenys1.jpg\" alt=\"terrenys1\" width=\"253\" height=\"176\" \/><\/a><\/td>\n<\/tr>\n<\/tbody>\n<\/table>\n<\/address>\n<address>\u00a0<\/address>\n<address>\u00a0<\/address>\n<address><span style=\"color: #800080;\">EL NOU EDIFICI<\/span><br \/>\nL&#8217;any 1965 l&#8217;ajuntament d&#8217;Amer va oferir els terrenys per edificar el nou edifici. Es van moure amb una rapidesa i efici\u00e8ncia extraordin\u00e0ria. L&#8217;arquitecte Josep Claret va enllestir en un temps r\u00e8cord l&#8217;avantprojecte per tal de poder presentar al Ministeri. El setembre de 1965 contestaven des de Madrid que es concedia la subvenci\u00f3 per comen\u00e7ar les obres, per\u00f2 encara no hi havia ni un duro. El febrer de 1966 des del Ministeri es notificava que el CLA havia estat classificat per rebre la subvenci\u00f3. El febrer de 1968 es publicava l&#8217;edicte de les condicions de la subhasta, i comen\u00e7aven tot seguit les obres. Finalment el 27 d&#8217;octubre de 1969 s&#8217;inaugurava el nou edifici.<\/address>\n<address><a href=\"http:\/\/institutcastelldestela.files.wordpress.com\/2014\/04\/construccio.jpg\"><img loading=\"lazy\" decoding=\"async\" class=\"aligncenter wp-image-65 \" src=\"http:\/\/institutcastelldestela.files.wordpress.com\/2014\/04\/construccio.jpg\" alt=\"construccio\" width=\"255\" height=\"176\" \/><\/a><\/address>\n<address>\u00a0<\/address>\n<address>\u00a0<\/address>\n<address><span style=\"color: #800080;\">ARA S\u00cd: INSTITUT<\/span><br \/>\nEl batxillerat de l&#8217;\u00e8poca estava dividit en dues parts: l&#8217;elemental, que era de quatre cursos i el superior, que era de dos. A m\u00e9s hi havia un altre curs, el COU, pels alumnes que volien fer estudis universitaris. En un principi en el CLA d&#8217;Amer nom\u00e9s es feia el batxillerat elemental. Era el CLA de les comarques gironines que tenia m\u00e9s alumnes, ja que a la comarca no hi havia cap altre centre, ni p\u00fablic ni privat, que fes batxillerat. Els instituts m\u00e9s propers eren els de Girona i Olot, que estaven plens, el que va motivar una sol\u00b7licitud, el novembre de 1970, per convertir el CLA en un Institut. Un parell d&#8217;anys despr\u00e9s, el gener de 1973, els alcaldes de la zona -Sant Feliu de Pallerols, Sant Aniol de Finestres, les Planes, Sant Mart\u00ed de Ll\u00e9mena, Amer, Susqueda, la Cellera, Angl\u00e8s i Osor- signen la sol\u00b7licitud per convertir el CLA en Institut, cosa que s&#8217;aconsegueix al cap d&#8217;uns anys, com ho reflexa el BOE de 13 de juny de 1980, on surt publicada l&#8217;ordre de creaci\u00f3 de l&#8217;Institut Nacional de Batxillerat d&#8217;Amer, que va obrir les portes d&#8217;octubre d&#8217;aquell any. Era la culminaci\u00f3 d&#8217;unes gestions molt encertadament programades. Amer va ser la primera poblaci\u00f3 de la Selva interior amb tenir institut.<\/address>\n<address>\n<table style=\"border-collapse: collapse; width: 100%;\">\n<tbody>\n<tr>\n<td style=\"width: 50%;\"><a href=\"http:\/\/institutcastelldestela.files.wordpress.com\/2014\/04\/gimnastica.jpg\"><img loading=\"lazy\" decoding=\"async\" class=\"wp-image-69 alignright\" src=\"http:\/\/institutcastelldestela.files.wordpress.com\/2014\/04\/gimnastica.jpg\" alt=\"gimnastica\" width=\"268\" height=\"190\" \/><\/a><\/td>\n<td style=\"width: 50%;\"><a href=\"http:\/\/institutcastelldestela.files.wordpress.com\/2014\/04\/pista.jpg\"><img loading=\"lazy\" decoding=\"async\" class=\"wp-image-75 alignleft\" src=\"http:\/\/institutcastelldestela.files.wordpress.com\/2014\/04\/pista.jpg\" alt=\"pista\" width=\"213\" height=\"199\" \/><\/a><\/td>\n<\/tr>\n<\/tbody>\n<\/table>\n<\/address>\n<address>\u00a0<\/address>\n<address><span style=\"color: #800080;\">CREACI\u00d3 DE L&#8217;AMPA<\/span><br \/>\nTot i que la primera noticia d&#8217;un president dels caps de fam\u00edlia, es de 1972, no tenim m\u00e9s informaci\u00f3 fins el 1977 en que una comissi\u00f3 gestora convoca totes les mares i pares a una assemblea constituent, la primera reuni\u00f3 de la qual es va fer el desembre d&#8217;aquell mateix any. La constituci\u00f3 oficial de l&#8217;Associaci\u00f3 coincideix amb la creaci\u00f3 de l&#8217;Institut el curs 1980-81. En general l&#8217;AMPA sempre ha sintonitzat amb el claustre de professors, sabent romandre discretament el marge dels assumptes propis de l&#8217;activitat docent i organitzativa de la vida acad\u00e8mica.<\/address>\n<address>\u00a0<\/address>\n<address><span style=\"color: #800080;\">EXPERIMENTEM LA REFORMA<\/span><br \/>\nEls anys vuitanta arriben al centre nous professors amb ganes de millorar-lo tant pedag\u00f2gicament com en instal\u00b7lacions. Es fan activitats que engresquen a molts alumnes, i les Setmanes Culturals en van ser un bon reflex.<br \/>\nNo hi havia calefacci\u00f3 fora de l&#8217;edifici central, no hi havia cap tipus de tanca en tot el pati. Un seguit de defici\u00e8ncies, com la manca de seminaris i espais docents encara les patim, d&#8217;altres s&#8217;han solucionat. Els primers passos per experimentar la reforma es fan el curs 1985-86, tot i que no ser\u00e0 fins dos cursos despr\u00e8s que vam tenir el primer grup. L&#8217;institut d&#8217;Amer va ser el segon centre de BUP del pa\u00eds que experimentava la Reforma, i el primer de les comarques gironines, una mostra evident de l&#8217;inter\u00e8s del seu professorat per la innovaci\u00f3 educativa.<\/address>\n<address>\u00a0<\/address>\n<address><span style=\"color: #800080;\">EL NOM I EL LOGOTIP<\/span><br \/>\nEl 15 d&#8217;abril de 1988 es va batejar l&#8217;institut amb el nom de Castell d&#8217;Estela. Fins al moment nom\u00e9s havia adoptat noms que indicaven la seva localitzaci\u00f3: CLA d&#8217;Amer, Institut Nacional de Batxillerat d&#8217;Amer. A partir del 1983 apareixen per primera vegada els segells amb el nom d&#8217;Institut de Batxillerat Mixt, retolat en catal\u00e0. El nom de Castell d&#8217;Estela es fixa despr\u00e9s de demanar a tots els estaments de l&#8217;institut que fessin propostes resultant guanyadora el nom de la muntanya del Castell d&#8217;Estela. S&#8217;opt\u00e0 per posar el nom d&#8217;aquest castell, datat des de 1289 que est\u00e0 situat en el punt m\u00e9s elevat de la carena del Serrat de les Saleres Velles, davant l&#8217;aiguabarreig del Ter i el Brugent, un punt enlairat i com\u00fa a pr\u00e0cticament tots els municipis que nodreixen d&#8217;alumnes el centre. Per celebrar el bateig es feu una festa per la qual s&#8217;editaren uns senzills tr\u00edptics on Joan Sala va dibuixar una interpretaci\u00f3 senzilla del perfil del Castell d&#8217;Estela que finalment es convertirien en el logotip identificatiu del centre.<\/address>\n<address><a href=\"http:\/\/institutcastelldestela.files.wordpress.com\/2014\/04\/placa.jpg\"><img loading=\"lazy\" decoding=\"async\" class=\"aligncenter wp-image-76 size-full\" src=\"http:\/\/institutcastelldestela.files.wordpress.com\/2014\/04\/placa.jpg\" alt=\"placa\" width=\"200\" height=\"201\" \/><\/a> <a href=\"http:\/\/institutcastelldestela.files.wordpress.com\/2014\/04\/logoapa1.jpg\"><img loading=\"lazy\" decoding=\"async\" class=\"aligncenter wp-image-72 size-full\" src=\"http:\/\/institutcastelldestela.files.wordpress.com\/2014\/04\/logoapa1.jpg\" alt=\"logoapa1\" width=\"200\" height=\"135\" \/><\/a><\/address>\n<address>\u00a0<\/address>\n<address><span style=\"color: #800080;\">UN CENTRE AMB TOTA L&#8217;OFERTA DE BATXILLERAT<\/span><br \/>\nDes de l&#8217;aplicaci\u00f3 definitiva de la Reforma a l&#8217;institut s&#8217;hi realitza l&#8217;ESO i totes les modalitat del Batxillerat. El curs 98-99 s&#8217;ampli\u00e0 l&#8217;oferta educativa amb el reconeixement del Batxillerat d&#8217;Arts del qual ja s&#8217;impartien mat\u00e8ries des de l&#8217;\u00e8poca de l&#8217;experimentaci\u00f3 de la Reforma. Aix\u00ed doncs els alumnes poden escollir entre el batxillerat d&#8217;Humanitats i Ci\u00e8ncies socials, el de Ci\u00e8ncies de la Naturalesa i la Salut, el Tecnol\u00f2gic i l&#8217;Art\u00edstic.<\/address>\n<address><a href=\"http:\/\/institutcastelldestela.files.wordpress.com\/2014\/04\/batxillerats.jpg\"><img loading=\"lazy\" decoding=\"async\" class=\"aligncenter wp-image-63 size-full\" src=\"http:\/\/institutcastelldestela.files.wordpress.com\/2014\/04\/batxillerats.jpg\" alt=\"batxillerats\" width=\"200\" height=\"51\" \/><\/a><\/address>\n<address>\u00a0<\/address>\n<address><span style=\"color: #800080;\">EL 20e ANIVERSARI DE LA REVISTA<\/span><br \/>\nTot i que ja s&#8217;havien editat revistes en l&#8217;\u00e8poca del CLA, la revista Tal com sona va apar\u00e8ixer el desembre de 1983, fet que la converteix en una de les m\u00e9s veteranes dels instituts de batxillerat. L&#8217;any 1989 el Ministeri d&#8217;Educaci\u00f3 va convocar un premi de Publicaciones Escolares, entre tots els centre d&#8217;EGB, BUP i FP de tot l&#8217;Estat, i Tal com sona va ser una de les deu revistes premiades. Era un important reconeixement de la feina feta. El maig de 2004 es van fer un seguit d&#8217;actes per celebrar el n\u00famero 60 de la revista, i el 20\u00e8 aniversari de la seva publicaci\u00f3. Tal com sona continua essent un perfecte vehicle de comunicaci\u00f3 per la comunitat docent.<\/address>\n<address>\u00a0<\/address>\n<address><span style=\"color: #800080;\">PERSPECTIVES DE FUTUR\u00a0<strong>\u00a0:<\/strong> el nou edifici<\/span><br \/>\n<span style=\"color: #000000;\"> S\u00f3n molts els canvis que s&#8217;han produ\u00eft en aquests \u00faltims deu anys: els constants retocs de la reforma, l&#8217;arribada d&#8217;alumnat nouvingut, la introducci\u00f3 de les tecnologies de la informaci\u00f3 i la comunicaci\u00f3. L&#8217;IES Castell d&#8217;Estela ha procurat consolidar el seu Pla d&#8217;Acci\u00f3 tutorial, element b\u00e0sic per al seguiment i l&#8217;atenci\u00f3 de l&#8217;aprenentatge dels alumnes i ha aplicat mesures d&#8217;atenci\u00f3 a la diversitat. Tamb\u00e9 s&#8217;han endegat projectes d&#8217;innovaci\u00f3 educativa o intercanvis que afavoreixen l&#8217;aprenentatge de les lleng\u00fces estrangeres i el creixement personal dels alumnes. Les perspectives de futur se centren en els aspectes citats i tamb\u00e9 en potenciar activitats que afavoreixin la implicaci\u00f3 dels alumnes en el centre i que els facin ser m\u00e9s aut\u00f2noms i responsables. Altrament l&#8217;institut ha de continuar vetllant per la millora de les seves instal.lacions, l&#8217;ampliaci\u00f3 de l&#8217;oferta educativa i el mateniment del nivell d&#8217;aprenentatge ofert fins al moment.<\/span><\/address>\n<address><a href=\"http:\/\/institutcastelldestela.files.wordpress.com\/2014\/05\/imatge-institut.jpg\"><img loading=\"lazy\" decoding=\"async\" class=\"aligncenter wp-image-59 size-medium\" src=\"http:\/\/institutcastelldestela.files.wordpress.com\/2014\/05\/imatge-institut.jpg?w=300\" alt=\"imatge institut\" width=\"300\" height=\"191\" \/><\/a><\/address>\n<address>\u00a0<\/address>\n","protected":false},"excerpt":{"rendered":"<p>ELS PRECEDENTS<br \/>\nEls anys seixanta del segle passat nom\u00e9s hi havia dos instituts a les comarques gironines: Figueres i Girona. Un conjunt de col\u00b7legis particulars de pagament, que no estaven a l&#8217;abast de totes les fam\u00edlies, pretenien suplir la deficient xarxa educativa p\u00fablica. Alguns mestres preparaven&hellip;  <a href=\"https:\/\/agora.xtec.cat\/iescastelldestela\/linstitut\/historia\/\" title=\"Read Hist\u00f2ria\">Llegeix m\u00e9s\u00bb<\/a><\/p>\n","protected":false},"author":1,"featured_media":0,"parent":19,"menu_order":20,"comment_status":"closed","ping_status":"closed","template":"page-templates\/side-menu.php","meta":{"_bbp_topic_count":0,"_bbp_reply_count":0,"_bbp_total_topic_count":0,"_bbp_total_reply_count":0,"_bbp_voice_count":0,"_bbp_anonymous_reply_count":0,"_bbp_topic_count_hidden":0,"_bbp_reply_count_hidden":0,"_bbp_forum_subforum_count":0,"footnotes":""},"class_list":["post-27","page","type-page","status-publish","hentry"],"post_mailing_queue_ids":[],"_links":{"self":[{"href":"https:\/\/agora.xtec.cat\/iescastelldestela\/wp-json\/wp\/v2\/pages\/27","targetHints":{"allow":["GET"]}}],"collection":[{"href":"https:\/\/agora.xtec.cat\/iescastelldestela\/wp-json\/wp\/v2\/pages"}],"about":[{"href":"https:\/\/agora.xtec.cat\/iescastelldestela\/wp-json\/wp\/v2\/types\/page"}],"author":[{"embeddable":true,"href":"https:\/\/agora.xtec.cat\/iescastelldestela\/wp-json\/wp\/v2\/users\/1"}],"replies":[{"embeddable":true,"href":"https:\/\/agora.xtec.cat\/iescastelldestela\/wp-json\/wp\/v2\/comments?post=27"}],"version-history":[{"count":6,"href":"https:\/\/agora.xtec.cat\/iescastelldestela\/wp-json\/wp\/v2\/pages\/27\/revisions"}],"predecessor-version":[{"id":9711,"href":"https:\/\/agora.xtec.cat\/iescastelldestela\/wp-json\/wp\/v2\/pages\/27\/revisions\/9711"}],"up":[{"embeddable":true,"href":"https:\/\/agora.xtec.cat\/iescastelldestela\/wp-json\/wp\/v2\/pages\/19"}],"wp:attachment":[{"href":"https:\/\/agora.xtec.cat\/iescastelldestela\/wp-json\/wp\/v2\/media?parent=27"}],"curies":[{"name":"wp","href":"https:\/\/api.w.org\/{rel}","templated":true}]}}