{"id":46,"date":"2014-09-17T16:53:45","date_gmt":"2014-09-17T16:53:45","guid":{"rendered":"http:\/\/agora.xtec.cat\/iescastellbisbal\/?page_id=46"},"modified":"2026-09-01T13:02:02","modified_gmt":"2026-09-01T11:02:02","slug":"organigrama","status":"publish","type":"page","link":"https:\/\/agora.xtec.cat\/iescastellbisbal\/linstitut\/organigrama\/","title":{"rendered":"Organitzaci\u00f3 del centre"},"content":{"rendered":"<table style=\"border: 2px solid #777777; width: 64.679%;\" border=\"0\" cellspacing=\"1\" cellpadding=\"10\">\n<tbody>\n<tr bgcolor=\"#eeeeee\">\n<td style=\"width: 107.798%;\" colspan=\"2\" align=\"center\"><strong><span style=\"font-family: verdana; font-size: x-large;\">Equip directiu<\/span><\/strong><\/td>\n<\/tr>\n<tr>\n<td style=\"width: 50%;\"><span style=\"font-family: verdana; font-size: medium;\">Director:<\/span><\/td>\n<td style=\"width: 57.7982%;\"><span style=\"font-family: verdana; font-size: medium;\">Jordi Castellv\u00ed Segura<\/span><\/td>\n<\/tr>\n<tr>\n<td style=\"width: 50%;\"><span style=\"font-family: verdana; font-size: medium;\">Cap d&#8217;estudis:<\/span><\/td>\n<td style=\"width: 57.7982%;\"><span style=\"font-family: verdana; font-size: medium;\">Anna L\u00f3pez<\/span> Casado<\/td>\n<\/tr>\n<tr>\n<td style=\"width: 50%;\"><span style=\"font-family: verdana; font-size: medium;\">Coordinador pedag\u00f2gic:<\/span><\/td>\n<td style=\"width: 57.7982%;\"><span style=\"font-family: verdana; font-size: medium;\">Josep Manel Castillo Ru\u00edz<\/span><\/td>\n<\/tr>\n<tr>\n<td style=\"width: 50%;\"><span style=\"font-family: verdana; font-size: medium;\">Secretari:<\/span><\/td>\n<td style=\"width: 57.7982%;\"><span style=\"font-family: verdana; font-size: medium;\">Ra\u00fal Baldom\u00e0 Paredes<\/span><\/td>\n<\/tr>\n<\/tbody>\n<\/table>\n<table style=\"border: 2px solid #777777; width: 66.8815%; height: 439px;\" border=\"0\" cellspacing=\"1\" cellpadding=\"10\">\n<tbody>\n<tr style=\"height: 36px;\" bgcolor=\"#eeeeee\">\n<td style=\"width: 111.202%; height: 36px;\" colspan=\"2\" align=\"center\"><strong><span style=\"font-family: verdana; font-size: x-large;\">Coordinacions i tutories t\u00e8cniques<\/span><\/strong><\/td>\n<\/tr>\n<tr style=\"height: 32px;\">\n<td style=\"width: 50%; height: 32px;\">Audiovisuals aules<\/td>\n<td style=\"width: 61.2025%; height: 32px;\">Valent\u00ed V\u00e1zquez<\/td>\n<\/tr>\n<tr style=\"height: 32px;\">\n<td style=\"width: 50%; height: 32px;\">Biblioteca<\/td>\n<td style=\"width: 61.2025%; height: 32px;\">Anna Puig<\/td>\n<\/tr>\n<tr style=\"height: 23px;\">\n<td style=\"width: 50%; height: 23px;\">Cocobe<\/td>\n<td style=\"width: 61.2025%; height: 23px;\">\u00c0ngela Bosch<\/td>\n<\/tr>\n<tr style=\"height: 32px;\">\n<td style=\"width: 50%; height: 32px;\">Coordinaci\u00f3 CLIC<\/td>\n<td style=\"width: 61.2025%; height: 32px;\">Jordi Peig<\/td>\n<\/tr>\n<tr style=\"height: 32px;\">\n<td style=\"width: 50%; height: 32px;\">Coordinaci\u00f3 coeducaci\u00f3<\/td>\n<td style=\"width: 61.2025%; height: 32px;\">N\u00faria Monge<\/td>\n<\/tr>\n<tr style=\"height: 32px;\">\n<td style=\"width: 50%; height: 32px;\">Coordinaci\u00f3 inform\u00e0tica<\/td>\n<td style=\"width: 61.2025%; height: 32px;\">Xavier Campos<\/td>\n<\/tr>\n<tr style=\"height: 32px;\">\n<td style=\"width: 50%; height: 32px;\">Espectacles audiovisuals<\/td>\n<td style=\"width: 61.2025%; height: 32px;\">Jaume Esteve<\/td>\n<\/tr>\n<tr style=\"height: 32px;\">\n<td style=\"width: 50%; height: 32px;\">Gesti\u00f3 emocional<\/td>\n<td style=\"width: 61.2025%; height: 32px;\">Antonio J\u00e1\u00f1ez<\/td>\n<\/tr>\n<tr style=\"height: 32px;\">\n<td style=\"width: 50%; height: 32px;\">Gesti\u00f3 incid\u00e8ncies &#8211; iEduca<\/td>\n<td style=\"width: 61.2025%; height: 32px;\">Mari Carmen L\u00f3pez<\/td>\n<\/tr>\n<tr style=\"height: 32px;\">\n<td style=\"width: 50%; height: 32px;\">G-Suite<\/td>\n<td style=\"width: 61.2025%; height: 32px;\">Oriol Rius<\/td>\n<\/tr>\n<tr style=\"height: 23px;\">\n<td style=\"width: 50%; height: 23px;\">Llengua i cohesi\u00f3 social<\/td>\n<td style=\"width: 61.2025%; height: 23px;\"><\/td>\n<\/tr>\n<tr>\n<td style=\"width: 50%;\">Mobilitat Internacional<\/td>\n<td style=\"width: 61.2025%;\">Alba Trulls<\/td>\n<\/tr>\n<tr style=\"height: 23px;\">\n<td style=\"width: 50%; height: 23px;\">P\u00e0gina web<\/td>\n<td style=\"width: 61.2025%; height: 23px;\">Irene Fustagueras<\/td>\n<\/tr>\n<tr style=\"height: 23px;\">\n<td style=\"width: 50%; height: 23px;\">Pla d&#8217;Esports<\/td>\n<td style=\"width: 61.2025%; height: 23px;\">Juanjo Ramon<\/td>\n<\/tr>\n<tr style=\"height: 23px;\">\n<td style=\"width: 50%; height: 23px;\">Riscos laborals<\/td>\n<td style=\"width: 61.2025%; height: 23px;\">Valent\u00ed V\u00e1zquez<\/td>\n<\/tr>\n<\/tbody>\n<\/table>\n<table style=\"width: 100%;\">\n<tbody>\n<tr bgcolor=\"#eeeeee\">\n<td style=\"width: 100%;\" colspan=\"4\" align=\"center\"><span style=\"font-family: verdana; font-size: x-large;\"><strong>Departaments i \u00e0rees<\/strong><\/span><\/td>\n<\/tr>\n<tr>\n<td style=\"border-bottom: medium none; width: 25%;\">Departament de ci\u00e8ncies<\/td>\n<td style=\"width: 25%;\">\u00c0rea de ci\u00e8ncies<\/td>\n<td style=\"border-bottom: medium none; width: 25%;\">Departament de lleng\u00fces estrangeres<\/td>\n<td style=\"width: 25%;\">\u00c0rea d&#8217;angl\u00e8s<\/td>\n<\/tr>\n<tr>\n<td style=\"border-top: medium none; width: 25%;\"><\/td>\n<td style=\"width: 25%;\">\u00c0rea de f\u00edsica i qu\u00edmica<\/td>\n<td style=\"border-top: medium none; border-bottom: medium none; width: 25%;\"><\/td>\n<td style=\"width: 25%;\">\u00c0rea de franc\u00e8s<\/td>\n<\/tr>\n<tr>\n<td style=\"border-bottom: medium none; width: 25%;\">Departament de diversitat<\/td>\n<td style=\"width: 25%;\">Aula oberta<\/td>\n<td style=\"border-top: medium none; width: 25%;\"><\/td>\n<td style=\"width: 25%;\">\u00c0rea de lleng\u00fces cl\u00e0ssiques<\/td>\n<\/tr>\n<tr>\n<td style=\"border-top: medium none; border-bottom: medium none; width: 25%;\"><\/td>\n<td style=\"width: 25%;\">Equip de psicopedagogia<\/td>\n<td style=\"border-bottom: medium none; width: 25%;\">Departament de matem\u00e0tiques<\/td>\n<td style=\"width: 25%;\">\u00c0rea d&#8217;economia<\/td>\n<\/tr>\n<tr>\n<td style=\"border-top: medium none; width: 25%;\"><\/td>\n<td style=\"width: 25%;\">USEE<\/td>\n<td style=\"border-top: medium none; width: 25%;\"><\/td>\n<td style=\"width: 25%;\">\u00c0rea de matem\u00e0tiques<\/td>\n<\/tr>\n<tr>\n<td style=\"border-bottom: medium none; width: 25%;\">Departament d&#8217;expressi\u00f3<\/td>\n<td style=\"width: 25%;\">\u00c0rea d&#8217;educaci\u00f3 f\u00edsica<\/td>\n<td style=\"border-bottom: medium none; width: 25%;\">Departament de socials<\/td>\n<td style=\"width: 25%;\">\u00c0rea de socials<\/td>\n<\/tr>\n<tr>\n<td style=\"border-top: medium none; border-bottom: medium none; width: 25%;\"><\/td>\n<td style=\"width: 25%;\">\u00c0rea d&#8217;educaci\u00f3 visual i pl\u00e0stica<\/td>\n<td style=\"border-top: medium none; border-bottom: medium none; width: 25%;\"><\/td>\n<td style=\"width: 25%;\">\u00c0rea de filosofia<\/td>\n<\/tr>\n<tr>\n<td style=\"border-top: medium none; width: 25%;\"><\/td>\n<td style=\"width: 25%;\">\u00c0rea de m\u00fasica<\/td>\n<td style=\"border-top: medium none; width: 25%;\"><\/td>\n<td style=\"width: 25%;\">\u00c0rea de religi\u00f3<\/td>\n<\/tr>\n<tr>\n<td style=\"width: 25%;\">Departament d&#8217;inform\u00e0tica<\/td>\n<td style=\"width: 25%;\">\u00c0rea d&#8217;explotaci\u00f3 de sistemes inform\u00e0tics<\/td>\n<td style=\"width: 25%;\">Departament de tecnologia<\/td>\n<td style=\"width: 25%;\"><\/td>\n<\/tr>\n<\/tbody>\n<tbody>\n<tr>\n<td style=\"border-bottom: medium none; width: 25%;\">Departament de lleng\u00fces<\/td>\n<td style=\"width: 25%;\">\u00c0rea de catal\u00e0<\/td>\n<td style=\"border-bottom: medium none; width: 25%;\"><\/td>\n<td style=\"border-bottom: medium none; width: 25%;\"><\/td>\n<\/tr>\n<\/tbody>\n<tbody>\n<tr>\n<td style=\"border-top: medium none; width: 25%;\"><\/td>\n<td style=\"width: 25%;\">\u00c0rea de castell\u00e0<\/td>\n<td style=\"border-top: medium none; width: 25%;\"><\/td>\n<td style=\"border-top: medium none; width: 25%;\"><\/td>\n<\/tr>\n<\/tbody>\n<\/table>\n","protected":false},"excerpt":{"rendered":"<p>Equip directiu Director: Jordi Castellv\u00ed Segura Cap d&#8217;estudis: Anna L\u00f3pez Casado Coordinador pedag\u00f2gic: Josep Manel Castillo Ru\u00edz Secretari: Ra\u00fal Baldom\u00e0 Paredes Coordinacions i tutories t\u00e8cniques Audiovisuals aules Valent\u00ed V\u00e1zquez Biblioteca Anna Puig Cocobe \u00c0ngela Bosch Coordinaci\u00f3 CLIC Jordi Peig Coordinaci\u00f3 coeducaci\u00f3 N\u00faria Monge Coordinaci\u00f3 inform\u00e0tica Xavier Campos Espectacles audiovisuals Jaume Esteve Gesti\u00f3 emocional Antonio J\u00e1\u00f1ez [&hellip;]<\/p>\n","protected":false},"author":1,"featured_media":0,"parent":19,"menu_order":50,"comment_status":"closed","ping_status":"closed","template":"","meta":{"_bbp_topic_count":0,"_bbp_reply_count":0,"_bbp_total_topic_count":0,"_bbp_total_reply_count":0,"_bbp_voice_count":0,"_bbp_anonymous_reply_count":0,"_bbp_topic_count_hidden":0,"_bbp_reply_count_hidden":0,"_bbp_forum_subforum_count":0,"site-sidebar-layout":"default","site-content-layout":"","ast-site-content-layout":"default","site-content-style":"default","site-sidebar-style":"default","ast-global-header-display":"","ast-banner-title-visibility":"","ast-main-header-display":"","ast-hfb-above-header-display":"","ast-hfb-below-header-display":"","ast-hfb-mobile-header-display":"","site-post-title":"","ast-breadcrumbs-content":"","ast-featured-img":"","footer-sml-layout":"","theme-transparent-header-meta":"","adv-header-id-meta":"","stick-header-meta":"","header-above-stick-meta":"","header-main-stick-meta":"","header-below-stick-meta":"","astra-migrate-meta-layouts":"set","ast-page-background-enabled":"default","ast-page-background-meta":{"desktop":{"background-color":"var(--ast-global-color-4)","background-image":"","background-repeat":"repeat","background-position":"center center","background-size":"auto","background-attachment":"scroll","background-type":"","background-media":"","overlay-type":"","overlay-color":"","overlay-opacity":"","overlay-gradient":""},"tablet":{"background-color":"","background-image":"","background-repeat":"repeat","background-position":"center center","background-size":"auto","background-attachment":"scroll","background-type":"","background-media":"","overlay-type":"","overlay-color":"","overlay-opacity":"","overlay-gradient":""},"mobile":{"background-color":"","background-image":"","background-repeat":"repeat","background-position":"center center","background-size":"auto","background-attachment":"scroll","background-type":"","background-media":"","overlay-type":"","overlay-color":"","overlay-opacity":"","overlay-gradient":""}},"ast-content-background-meta":{"desktop":{"background-color":"var(--ast-global-color-5)","background-image":"","background-repeat":"repeat","background-position":"center center","background-size":"auto","background-attachment":"scroll","background-type":"","background-media":"","overlay-type":"","overlay-color":"","overlay-opacity":"","overlay-gradient":""},"tablet":{"background-color":"var(--ast-global-color-5)","background-image":"","background-repeat":"repeat","background-position":"center center","background-size":"auto","background-attachment":"scroll","background-type":"","background-media":"","overlay-type":"","overlay-color":"","overlay-opacity":"","overlay-gradient":""},"mobile":{"background-color":"var(--ast-global-color-5)","background-image":"","background-repeat":"repeat","background-position":"center center","background-size":"auto","background-attachment":"scroll","background-type":"","background-media":"","overlay-type":"","overlay-color":"","overlay-opacity":"","overlay-gradient":""}},"footnotes":""},"class_list":["post-46","page","type-page","status-publish","hentry"],"post_mailing_queue_ids":[],"_links":{"self":[{"href":"https:\/\/agora.xtec.cat\/iescastellbisbal\/wp-json\/wp\/v2\/pages\/46","targetHints":{"allow":["GET"]}}],"collection":[{"href":"https:\/\/agora.xtec.cat\/iescastellbisbal\/wp-json\/wp\/v2\/pages"}],"about":[{"href":"https:\/\/agora.xtec.cat\/iescastellbisbal\/wp-json\/wp\/v2\/types\/page"}],"author":[{"embeddable":true,"href":"https:\/\/agora.xtec.cat\/iescastellbisbal\/wp-json\/wp\/v2\/users\/1"}],"replies":[{"embeddable":true,"href":"https:\/\/agora.xtec.cat\/iescastellbisbal\/wp-json\/wp\/v2\/comments?post=46"}],"version-history":[{"count":5,"href":"https:\/\/agora.xtec.cat\/iescastellbisbal\/wp-json\/wp\/v2\/pages\/46\/revisions"}],"predecessor-version":[{"id":8992,"href":"https:\/\/agora.xtec.cat\/iescastellbisbal\/wp-json\/wp\/v2\/pages\/46\/revisions\/8992"}],"up":[{"embeddable":true,"href":"https:\/\/agora.xtec.cat\/iescastellbisbal\/wp-json\/wp\/v2\/pages\/19"}],"wp:attachment":[{"href":"https:\/\/agora.xtec.cat\/iescastellbisbal\/wp-json\/wp\/v2\/media?parent=46"}],"curies":[{"name":"wp","href":"https:\/\/api.w.org\/{rel}","templated":true}]}}