{"id":2403,"date":"2022-05-30T23:18:09","date_gmt":"2022-05-30T21:18:09","guid":{"rendered":"https:\/\/agora.xtec.cat\/iescarrascobarcelona\/?page_id=2403"},"modified":"2024-02-11T23:09:11","modified_gmt":"2024-02-11T22:09:11","slug":"comunicacio","status":"publish","type":"page","link":"https:\/\/agora.xtec.cat\/iescarrascobarcelona\/edc\/part-estrategica\/comunicacio\/","title":{"rendered":"Comunicaci\u00f3"},"content":{"rendered":"<p>&nbsp;<\/p>\n<table style=\"border-collapse: collapse; width: 100%;\">\n<tbody>\n<tr>\n<td style=\"width: 50%;\"><strong>SISTEMA DE COMUNICACI\u00d3<\/strong><\/td>\n<td style=\"width: 50%;\"><\/td>\n<\/tr>\n<tr>\n<td style=\"width: 50%;\"><a href=\"https:\/\/agora.xtec.cat\/iescarrascobarcelona\/\" target=\"_blank\" rel=\"noopener\"><img loading=\"lazy\" decoding=\"async\" class=\"alignnone wp-image-3005\" src=\"https:\/\/agora.xtec.cat\/iescarrascobarcelona\/wp-content\/uploads\/usu2495\/2024\/02\/nova_web-1024x557.jpg\" alt=\"\" width=\"297\" height=\"162\" srcset=\"https:\/\/agora.xtec.cat\/iescarrascobarcelona\/wp-content\/uploads\/usu2495\/2024\/02\/nova_web-1024x557.jpg 1024w, https:\/\/agora.xtec.cat\/iescarrascobarcelona\/wp-content\/uploads\/usu2495\/2024\/02\/nova_web-300x163.jpg 300w, https:\/\/agora.xtec.cat\/iescarrascobarcelona\/wp-content\/uploads\/usu2495\/2024\/02\/nova_web-768x418.jpg 768w, https:\/\/agora.xtec.cat\/iescarrascobarcelona\/wp-content\/uploads\/usu2495\/2024\/02\/nova_web-1536x835.jpg 1536w, https:\/\/agora.xtec.cat\/iescarrascobarcelona\/wp-content\/uploads\/usu2495\/2024\/02\/nova_web.jpg 1668w\" sizes=\"auto, (max-width: 297px) 100vw, 297px\" \/><\/a><\/td>\n<td style=\"width: 50%; text-align: justify;\"><span dir=\"ltr\" role=\"presentation\">La nostra p\u00e0gina web est\u00e0 basada en <a href=\"https:\/\/agora.xtec.cat\/nodes\/\" target=\"_blank\" rel=\"noopener\">NODES<\/a>, un servei del Departament d\u2019Educaci\u00f3 que proporciona un espai web amb funcionalitats avan\u00e7ades per als centres educatius de Catalunya.<br \/>\n<\/span>Nodes est\u00e0 constru\u00eft sobre tecnologia <a href=\"http:\/\/wordpress.org\" target=\"_blank\" rel=\"noopener noreferrer\">WordPress<\/a>, el sistema de publicaci\u00f3 de continguts m\u00e9s utilitzat del m\u00f3n, que destaca\u00a0per la seva facilitat d\u2019\u00fas.<\/td>\n<\/tr>\n<tr>\n<td style=\"width: 50%;\"><a href=\"https:\/\/formigueig.wordpress.com\/\" target=\"_blank\" rel=\"noopener\"><img loading=\"lazy\" decoding=\"async\" class=\"alignnone wp-image-3006 size-medium\" src=\"https:\/\/agora.xtec.cat\/iescarrascobarcelona\/wp-content\/uploads\/usu2495\/2024\/02\/formigueig-300x69.jpg\" alt=\"\" width=\"300\" height=\"69\" srcset=\"https:\/\/agora.xtec.cat\/iescarrascobarcelona\/wp-content\/uploads\/usu2495\/2024\/02\/formigueig-300x69.jpg 300w, https:\/\/agora.xtec.cat\/iescarrascobarcelona\/wp-content\/uploads\/usu2495\/2024\/02\/formigueig-1024x236.jpg 1024w, https:\/\/agora.xtec.cat\/iescarrascobarcelona\/wp-content\/uploads\/usu2495\/2024\/02\/formigueig-768x177.jpg 768w, https:\/\/agora.xtec.cat\/iescarrascobarcelona\/wp-content\/uploads\/usu2495\/2024\/02\/formigueig.jpg 1182w\" sizes=\"auto, (max-width: 300px) 100vw, 300px\" \/><\/a><\/td>\n<td style=\"width: 50%;\"><span dir=\"ltr\" role=\"presentation\">Tamb\u00e9 tenim la revista Formigueig Digital constru\u00efda sobre un bloc amb tecnologia <a href=\"https:\/\/wordpress.com\/\" target=\"_blank\" rel=\"noopener\">WordPress<\/a>. Aquest \u00e9s el lloc ideal per posar textos de l&#8217;alumnat, del professorat i tamb\u00e9 de les fam\u00edlies que vulguin participar. <\/span><\/td>\n<\/tr>\n<tr>\n<td style=\"width: 50%;\"><a href=\"https:\/\/insmanuelcarrasco.clickedu.eu\/user.php?action=login\" target=\"_blank\" rel=\"noopener\"><img loading=\"lazy\" decoding=\"async\" class=\"alignnone size-full wp-image-2609\" src=\"https:\/\/agora.xtec.cat\/iescarrascobarcelona\/wp-content\/uploads\/usu2495\/2023\/02\/clickedu.jpg\" alt=\"\" width=\"300\" height=\"180\" \/><\/a><\/td>\n<td style=\"width: 50%;\"><span dir=\"ltr\" role=\"presentation\"> En el nostre institut utilitzem la plataforma Clickedu com a <\/span><span dir=\"ltr\" role=\"presentation\">eina de comunicaci\u00f3 entre els<\/span> <span dir=\"ltr\" role=\"presentation\">responsables legals<\/span> <span dir=\"ltr\" role=\"presentation\">i<\/span> <span dir=\"ltr\" role=\"presentation\">el professorat i el PAS<\/span> <span dir=\"ltr\" role=\"presentation\">del <\/span><span dir=\"ltr\" role=\"presentation\">centre. La comunicaci\u00f3 amb les fam\u00edlies priorit\u00e0riament es materialitza a trav\u00e9s d&#8217;aquesta plataforma. A m\u00e9s a m\u00e9s el Clickedu tamb\u00e9 s&#8217;utilitza per elaborar els butlletins trimestrals de notes, seguiment tutorial i altres finalitats.<\/span><span dir=\"ltr\" role=\"presentation\"><br \/>\n<\/span><\/td>\n<\/tr>\n<tr>\n<td style=\"width: 50%;\"><a href=\"https:\/\/mail.google.com\/mail\/u\/0\/#inbox\" target=\"_blank\" rel=\"noopener\"><img loading=\"lazy\" decoding=\"async\" class=\"alignnone size-full wp-image-2612\" src=\"https:\/\/agora.xtec.cat\/iescarrascobarcelona\/wp-content\/uploads\/usu2495\/2023\/02\/gsuiteok-300-1.png\" alt=\"\" width=\"300\" height=\"169\" \/><\/a><\/td>\n<td style=\"width: 50%;\">Tots el nostre alumnat i professorat disposa d&#8217;un compte de correu GSuite amb finalitats exclusivament educatives. Aquest compte de correu est\u00e0 basat en un domini propi del nostre centre (inscarrasco.cat). Tots els membres de la nostra comunitat educativa (professorat, alumnat i PAS) disposen d&#8217;un correu electr\u00f2nic del tipus usuari@inscarrasco.cat<\/td>\n<\/tr>\n<tr>\n<td style=\"width: 50%;\"><a href=\"https:\/\/mail.google.com\/mail\/u\/1\/#inbox\" target=\"_blank\" rel=\"noopener\"><img loading=\"lazy\" decoding=\"async\" class=\"alignnone size-full wp-image-2613\" src=\"https:\/\/agora.xtec.cat\/iescarrascobarcelona\/wp-content\/uploads\/usu2495\/2023\/02\/xtec300.jpg\" alt=\"\" width=\"300\" height=\"180\" \/><\/a><\/td>\n<td style=\"width: 50%;\">El mitj\u00e0 de comunicaci\u00f3 principal de la secretaria de l&#8217;escola amb l&#8217;administraci\u00f3 i altres instituts \u00e9s el correu electr\u00f2nic XTEC. El correu XTEC \u00e9s subministrat pel Departament d&#8217;Educaci\u00f3 i tamb\u00e9 \u00e9s una primera eina de comunicaci\u00f3 amb les fam\u00edlies de l&#8217;escola quan encara no tenen usuari Clickedu. Correu: iescarrascobarcelona@xtec.cat<\/td>\n<\/tr>\n<tr>\n<td style=\"width: 50%;\">\u00a0 \u00a0 \u00a0 \u00a0<a href=\"https:\/\/twitter.com\/ies_carrasco\" target=\"_blank\" rel=\"noopener\"><img loading=\"lazy\" decoding=\"async\" class=\"alignnone wp-image-2633 size-full\" src=\"https:\/\/agora.xtec.cat\/iescarrascobarcelona\/wp-content\/uploads\/usu2495\/2023\/02\/Twitter_petit.png\" alt=\"\" width=\"75\" height=\"75\" \/><\/a><a href=\"https:\/\/agora.xtec.cat\/iescarrascobarcelona\/wp-content\/uploads\/usu2495\/2023\/02\/Twitter_petit.png\"><img loading=\"lazy\" decoding=\"async\" class=\"alignnone size-full wp-image-2633\" src=\"https:\/\/agora.xtec.cat\/iescarrascobarcelona\/wp-content\/uploads\/usu2495\/2023\/02\/Twitter_petit.png\" alt=\"\" width=\"75\" height=\"75\" \/><\/a><a href=\"https:\/\/agora.xtec.cat\/iescarrascobarcelona\/wp-content\/uploads\/usu2495\/2023\/02\/Twitter_petit.png\"><img loading=\"lazy\" decoding=\"async\" class=\"alignnone size-full wp-image-2633\" src=\"https:\/\/agora.xtec.cat\/iescarrascobarcelona\/wp-content\/uploads\/usu2495\/2023\/02\/Twitter_petit.png\" alt=\"\" width=\"75\" height=\"75\" \/><\/a><\/td>\n<td style=\"width: 50%;\"><a href=\"https:\/\/twitter.com\/ies_carrasco\" target=\"_blank\" rel=\"noopener\"><b>Twitter<\/b><\/a>, actualment anomenat <b>X<\/b> , \u00e9s un servei de <a title=\"Microblogging\" href=\"https:\/\/ca.wikipedia.org\/wiki\/Microblogging\">microblogging<\/a> que permet als seus usuaris enviar i llegir missatges de text d&#8217;una llargada m\u00e0xima de 280 car\u00e0cters anomenats tuits o piulades. Nosaltres utilitzem aquesta xarxa social per informar sobre totes les sortides i activitats que fem en el nostre centre educatiu.<\/td>\n<\/tr>\n<\/tbody>\n<\/table>\n","protected":false},"excerpt":{"rendered":"<p>&nbsp; SISTEMA DE COMUNICACI\u00d3 La nostra p\u00e0gina web est\u00e0 basada en NODES, un servei del Departament d\u2019Educaci\u00f3 que proporciona un espai web amb funcionalitats avan\u00e7ades per als centres educatius de Catalunya. Nodes est\u00e0 constru\u00eft sobre tecnologia WordPress, el sistema de publicaci\u00f3 de continguts m\u00e9s utilitzat del m\u00f3n, que destaca\u00a0per la seva facilitat d\u2019\u00fas. Tamb\u00e9 tenim [&hellip;]<\/p>\n","protected":false},"author":1,"featured_media":0,"parent":2392,"menu_order":2,"comment_status":"closed","ping_status":"closed","template":"page-templates\/side-menu.php","meta":{"_bbp_topic_count":0,"_bbp_reply_count":0,"_bbp_total_topic_count":0,"_bbp_total_reply_count":0,"_bbp_voice_count":0,"_bbp_anonymous_reply_count":0,"_bbp_topic_count_hidden":0,"_bbp_reply_count_hidden":0,"_bbp_forum_subforum_count":0,"site-sidebar-layout":"default","site-content-layout":"","ast-site-content-layout":"","site-content-style":"default","site-sidebar-style":"default","ast-global-header-display":"","ast-banner-title-visibility":"","ast-main-header-display":"","ast-hfb-above-header-display":"","ast-hfb-below-header-display":"","ast-hfb-mobile-header-display":"","site-post-title":"","ast-breadcrumbs-content":"","ast-featured-img":"","footer-sml-layout":"","theme-transparent-header-meta":"","adv-header-id-meta":"","stick-header-meta":"","header-above-stick-meta":"","header-main-stick-meta":"","header-below-stick-meta":"","astra-migrate-meta-layouts":"default","ast-page-background-enabled":"default","ast-page-background-meta":{"desktop":{"background-color":"var(--ast-global-color-4)","background-image":"","background-repeat":"repeat","background-position":"center center","background-size":"auto","background-attachment":"scroll","background-type":"","background-media":"","overlay-type":"","overlay-color":"","overlay-opacity":"","overlay-gradient":""},"tablet":{"background-color":"","background-image":"","background-repeat":"repeat","background-position":"center center","background-size":"auto","background-attachment":"scroll","background-type":"","background-media":"","overlay-type":"","overlay-color":"","overlay-opacity":"","overlay-gradient":""},"mobile":{"background-color":"","background-image":"","background-repeat":"repeat","background-position":"center center","background-size":"auto","background-attachment":"scroll","background-type":"","background-media":"","overlay-type":"","overlay-color":"","overlay-opacity":"","overlay-gradient":""}},"ast-content-background-meta":{"desktop":{"background-color":"var(--ast-global-color-5)","background-image":"","background-repeat":"repeat","background-position":"center center","background-size":"auto","background-attachment":"scroll","background-type":"","background-media":"","overlay-type":"","overlay-color":"","overlay-opacity":"","overlay-gradient":""},"tablet":{"background-color":"var(--ast-global-color-5)","background-image":"","background-repeat":"repeat","background-position":"center center","background-size":"auto","background-attachment":"scroll","background-type":"","background-media":"","overlay-type":"","overlay-color":"","overlay-opacity":"","overlay-gradient":""},"mobile":{"background-color":"var(--ast-global-color-5)","background-image":"","background-repeat":"repeat","background-position":"center center","background-size":"auto","background-attachment":"scroll","background-type":"","background-media":"","overlay-type":"","overlay-color":"","overlay-opacity":"","overlay-gradient":""}},"footnotes":""},"class_list":["post-2403","page","type-page","status-publish","hentry"],"post_mailing_queue_ids":[],"_links":{"self":[{"href":"https:\/\/agora.xtec.cat\/iescarrascobarcelona\/wp-json\/wp\/v2\/pages\/2403","targetHints":{"allow":["GET"]}}],"collection":[{"href":"https:\/\/agora.xtec.cat\/iescarrascobarcelona\/wp-json\/wp\/v2\/pages"}],"about":[{"href":"https:\/\/agora.xtec.cat\/iescarrascobarcelona\/wp-json\/wp\/v2\/types\/page"}],"author":[{"embeddable":true,"href":"https:\/\/agora.xtec.cat\/iescarrascobarcelona\/wp-json\/wp\/v2\/users\/1"}],"replies":[{"embeddable":true,"href":"https:\/\/agora.xtec.cat\/iescarrascobarcelona\/wp-json\/wp\/v2\/comments?post=2403"}],"version-history":[{"count":6,"href":"https:\/\/agora.xtec.cat\/iescarrascobarcelona\/wp-json\/wp\/v2\/pages\/2403\/revisions"}],"predecessor-version":[{"id":3010,"href":"https:\/\/agora.xtec.cat\/iescarrascobarcelona\/wp-json\/wp\/v2\/pages\/2403\/revisions\/3010"}],"up":[{"embeddable":true,"href":"https:\/\/agora.xtec.cat\/iescarrascobarcelona\/wp-json\/wp\/v2\/pages\/2392"}],"wp:attachment":[{"href":"https:\/\/agora.xtec.cat\/iescarrascobarcelona\/wp-json\/wp\/v2\/media?parent=2403"}],"curies":[{"name":"wp","href":"https:\/\/api.w.org\/{rel}","templated":true}]}}