{"id":2401,"date":"2022-05-30T23:17:43","date_gmt":"2022-05-30T21:17:43","guid":{"rendered":"https:\/\/agora.xtec.cat\/iescarrascobarcelona\/?page_id=2401"},"modified":"2024-02-12T23:05:06","modified_gmt":"2024-02-12T22:05:06","slug":"usuaris-del-centre","status":"publish","type":"page","link":"https:\/\/agora.xtec.cat\/iescarrascobarcelona\/edc\/part-estrategica\/usuaris-del-centre\/","title":{"rendered":"Usuaris del centre"},"content":{"rendered":"<p><strong>CURS 2023-24<\/strong><\/p>\n<p><strong>Equip directiu:<\/strong><\/p>\n<table style=\"width: 80.3636%; border-style: solid; height: 170px;\">\n<tbody>\n<tr style=\"height: 32px;\">\n<td style=\"width: 186.567px; background-color: #08d4c3; height: 32px;\"><strong>C\u00c0RREC<\/strong><\/td>\n<td style=\"width: 124.7px; background-color: #08d4c3; height: 32px;\"><strong>NOM<\/strong><\/td>\n<td style=\"width: 185.467px; background-color: #08d4c3; height: 32px;\"><strong>EMAIL<\/strong><\/td>\n<\/tr>\n<tr style=\"height: 32px;\">\n<td style=\"width: 186.567px; height: 32px;\">Directora<\/td>\n<td style=\"width: 124.7px; height: 32px;\">Carme Clar\u00f3s<\/td>\n<td style=\"width: 185.467px; height: 32px;\">cclaros@inscarrasco.cat<\/td>\n<\/tr>\n<tr style=\"height: 32px;\">\n<td style=\"width: 186.567px; height: 32px;\">Cap d&#8217;estudis<\/td>\n<td style=\"width: 124.7px; height: 32px;\">Montse Valls<\/td>\n<td style=\"width: 185.467px; height: 32px;\">mvalls@inscarrasco.cat<\/td>\n<\/tr>\n<tr style=\"height: 32px;\">\n<td style=\"width: 186.567px; height: 32px;\">Coordinadora pedag\u00f2gica<\/td>\n<td style=\"width: 124.7px; height: 32px;\">Raquel Mart\u00ednez<\/td>\n<td style=\"width: 185.467px; height: 32px;\">rmartinez@inscarrasco.cat<\/td>\n<\/tr>\n<tr style=\"height: 32px;\">\n<td style=\"width: 186.567px; height: 32px;\">Secretari<\/td>\n<td style=\"width: 124.7px; height: 32px;\">Ricard Orihuela<\/td>\n<td style=\"width: 185.467px; height: 32px;\">rorihuela<span class=\"\">@inscarrasco.ca<\/span>t<\/td>\n<\/tr>\n<\/tbody>\n<\/table>\n<p><strong>C\u00e0rrecs de coordinaci\u00f3 i responsabilitats<\/strong><\/p>\n<table style=\"height: 906px; width: 81.657%; border-style: solid;\">\n<tbody>\n<tr style=\"height: 32px;\">\n<td style=\"width: 33.7278%; height: 32px; background-color: #08d4c3;\"><strong>C\u00c0RREC<\/strong><\/td>\n<td style=\"width: 26.0355%; height: 32px; background-color: #08d4c3;\"><strong>NOM<\/strong><\/td>\n<td style=\"width: 43.1361%; height: 32px; background-color: #08d4c3;\"><strong>EMAIL<\/strong><\/td>\n<\/tr>\n<tr style=\"height: 32px;\">\n<td style=\"width: 33.7278%; height: 32px;\">Coordinaci\u00f3 ESO<\/td>\n<td style=\"width: 26.0355%; height: 32px;\">Bet Ramallo<\/td>\n<td style=\"width: 43.1361%; height: 32px;\">betramallo@inscarrasco.cat<\/td>\n<\/tr>\n<tr style=\"height: 32px;\">\n<td style=\"width: 33.7278%; height: 32px;\">Coordinaci\u00f3 Batxillerat<\/td>\n<td style=\"width: 26.0355%; height: 32px;\">Mireia Rigau<\/td>\n<td style=\"width: 43.1361%; height: 32px;\">mrigau@inscarrasco.cat<\/td>\n<\/tr>\n<tr style=\"height: 48px;\">\n<td style=\"width: 33.7278%; height: 48px;\">Coordinaci\u00f3 digital<\/td>\n<td style=\"width: 26.0355%; height: 48px;\">Xavier Jim\u00e9nez<\/td>\n<td style=\"width: 43.1361%; height: 48px;\">xjimenez@inscarrasco.cat<\/td>\n<\/tr>\n<tr style=\"height: 48px;\">\n<td style=\"width: 33.7278%; height: 48px;\">Coordinaci\u00f3 riscos laborals<\/td>\n<td style=\"width: 26.0355%; height: 48px;\">Josep Torruella<\/td>\n<td style=\"width: 43.1361%; height: 48px;\">jtorruella@inscarrasco.cat<\/td>\n<\/tr>\n<tr style=\"height: 32px;\">\n<td style=\"width: 33.7278%; height: 32px;\">Coordinaci\u00f3 LIC<\/td>\n<td style=\"width: 26.0355%; height: 32px;\">Julio Hernando<\/td>\n<td style=\"width: 43.1361%; height: 32px;\">jhernando@inscarrasco.cat<\/td>\n<\/tr>\n<tr style=\"height: 48px;\">\n<td style=\"width: 33.7278%; height: 48px;\">Responsable activitats i serveis escolar<\/td>\n<td style=\"width: 26.0355%; height: 48px;\">Claudia Figueroa<\/td>\n<td style=\"width: 43.1361%; height: 48px;\">cfigueroa<span class=\"\">@inscarrasco.cat<\/span><\/td>\n<\/tr>\n<tr style=\"height: 48px;\">\n<td style=\"width: 33.7278%; height: 48px;\">Responsable de comunicaci\u00f3 2.0<\/td>\n<td style=\"width: 26.0355%; height: 48px;\">Ricard Orihuela<\/td>\n<td style=\"width: 43.1361%; height: 48px;\">rorihuela<span class=\"\">@inscarrasco.cat<\/span><\/td>\n<\/tr>\n<tr style=\"height: 48px;\">\n<td style=\"width: 33.7278%; height: 48px;\">Responsable d&#8217;escoles + sostenibles<\/td>\n<td style=\"width: 26.0355%; height: 48px;\">Mireia Mora<\/td>\n<td style=\"width: 43.1361%; height: 48px;\">mmora@inscarrasco.cat<\/td>\n<\/tr>\n<tr style=\"height: 48px;\">\n<td style=\"width: 33.7278%; height: 48px;\">Responsable de mediaci\u00f3<\/td>\n<td style=\"width: 26.0355%; height: 48px;\">Ferran Gonz\u00e1lez<\/td>\n<td style=\"width: 43.1361%; height: 48px;\">fgonzalez@inscarrasco.cat<\/td>\n<\/tr>\n<tr style=\"height: 48px;\">\n<td style=\"width: 33.7278%; height: 48px;\">Coordinaci\u00f3 coeducaci\u00f3, conviv\u00e8ncia i benestar<\/td>\n<td style=\"width: 26.0355%; height: 48px;\">Marta Rodr\u00edguez<\/td>\n<td style=\"width: 43.1361%; height: 48px;\"><span class=\"\">mrodriguez<span class=\"\"><span class=\"\">@i<\/span><\/span>nscarrasco.cat<\/span><\/td>\n<\/tr>\n<tr style=\"height: 18px;\">\n<td style=\"width: 33.7278%; height: 18px;\">Responsable de Pla Lector<\/td>\n<td style=\"width: 26.0355%; height: 18px;\">Victoria Rivero<\/td>\n<td style=\"width: 43.1361%; height: 18px;\">vrivero@inscarrasco.cat<\/td>\n<\/tr>\n<tr style=\"height: 23px;\">\n<td style=\"width: 33.7278%; height: 23px;\">Responsable mobilitat internacional<\/td>\n<td style=\"width: 26.0355%; height: 23px;\">Tess Hill<\/td>\n<td style=\"width: 43.1361%; height: 23px;\">thill@inscarrasco.cat<\/td>\n<\/tr>\n<tr style=\"height: 48px;\">\n<td style=\"width: 33.7278%; height: 48px;\">Responsable revista digital<\/td>\n<td style=\"width: 26.0355%; height: 48px;\">Julio Hernando<\/td>\n<td style=\"width: 43.1361%; height: 48px;\">jhernando@inscarrasco.cat<\/td>\n<\/tr>\n<tr style=\"height: 32px;\">\n<td style=\"width: 33.7278%; height: 32px;\">Responsable TAC<\/td>\n<td style=\"width: 26.0355%; height: 32px;\">Xavier Jim\u00e9nez<\/td>\n<td style=\"width: 43.1361%; height: 32px;\">xjimenez@inscarrasco.cat<\/td>\n<\/tr>\n<tr style=\"height: 48px;\">\n<td style=\"width: 33.7278%; height: 48px;\">Responsable temps d&#8217;esbarjo<\/td>\n<td style=\"width: 26.0355%; height: 48px;\">Claudia Figueroa<\/p>\n<p>Mart\u00ed Graells<\/td>\n<td style=\"width: 43.1361%; height: 48px;\"><span class=\"\">cfigueroa<span class=\"\">@inscarras<\/span>co.cat<\/span><\/p>\n<p>mgraells@inscarrasco.cat<\/td>\n<\/tr>\n<tr style=\"height: 32px;\">\n<td style=\"width: 33.7278%; height: 32px;\">Responsables XdB<\/td>\n<td style=\"width: 26.0355%; height: 32px;\">Raquel Mart\u00ednez<\/p>\n<p>Laia Campos<\/td>\n<td style=\"width: 43.1361%; height: 32px;\">&nbsp;<\/p>\n<p>rmartinez<span class=\"\"><span class=\"\">@inscarrasco.cat<\/span><\/span><\/p>\n<p>lcampos@inscarrasco.cat<\/p>\n<p>&nbsp;<\/td>\n<\/tr>\n<\/tbody>\n<\/table>\n<p><strong>Caps de Departament<\/strong><\/p>\n<table style=\"width: 83.5438%; border-style: solid; height: 235px;\">\n<tbody>\n<tr style=\"height: 32px;\">\n<td style=\"width: 32.7774%; background-color: #08d4c3; height: 32px;\"><strong>CAPS D&#8217;\u00c1MBIT <\/strong><\/td>\n<td style=\"width: 28.1008%; background-color: #08d4c3; height: 32px;\"><strong>NOM<\/strong><\/td>\n<td style=\"width: 37.3254%; background-color: #08d4c3; height: 32px;\"><strong>EMAIL<\/strong><\/td>\n<\/tr>\n<tr style=\"height: 32px;\">\n<td style=\"width: 32.7774%; height: 32px;\">\u00c0mbit cientificotecnol\u00f2gic<\/td>\n<td style=\"width: 28.1008%; height: 32px;\">Jes\u00fas Pardo<\/td>\n<td style=\"width: 37.3254%; height: 32px;\">jpardo@inscarrasco.cat<\/td>\n<\/tr>\n<tr style=\"height: 32px;\">\n<td style=\"width: 32.7774%; height: 32px;\">\u00c0mbit d&#8217;expressi\u00f3<\/td>\n<td style=\"width: 28.1008%; height: 32px;\">Mart\u00ed Graells<\/td>\n<td style=\"width: 37.3254%; height: 32px;\">mgraells@inscarrasco.cat<\/td>\n<\/tr>\n<tr>\n<td style=\"width: 32.7774%;\">\u00c0mbit ling\u00fc\u00edstic<\/td>\n<td style=\"width: 28.1008%;\">Alicia de Miguel<\/td>\n<td style=\"width: 37.3254%;\">amigue3@inscarrasco.cat<\/td>\n<\/tr>\n<tr>\n<td style=\"width: 32.7774%;\">\u00c0mbit matem\u00e0tic<\/td>\n<td style=\"width: 28.1008%;\">Silvia Bielsa<\/td>\n<td style=\"width: 37.3254%;\"><span class=\"\">sbielsa@inscarrasco.cat<\/span><\/td>\n<\/tr>\n<tr>\n<td style=\"width: 32.7774%;\">\u00c0mbit social<\/td>\n<td style=\"width: 28.1008%;\">Marta Farr\u00e0s<\/td>\n<td style=\"width: 37.3254%;\">mfarras<span class=\"\">@inscarrasco.cat<\/span><\/td>\n<\/tr>\n<\/tbody>\n<\/table>\n<p>&nbsp;<\/p>\n<p><a href=\"https:\/\/agora.xtec.cat\/iescarrascobarcelona\/wp-content\/uploads\/usu2495\/2023\/05\/en-construccio.jpg\"><img loading=\"lazy\" decoding=\"async\" class=\"alignnone size-full wp-image-2765\" src=\"https:\/\/agora.xtec.cat\/iescarrascobarcelona\/wp-content\/uploads\/usu2495\/2023\/05\/en-construccio.jpg\" alt=\"\" width=\"860\" height=\"563\" srcset=\"https:\/\/agora.xtec.cat\/iescarrascobarcelona\/wp-content\/uploads\/usu2495\/2023\/05\/en-construccio.jpg 860w, https:\/\/agora.xtec.cat\/iescarrascobarcelona\/wp-content\/uploads\/usu2495\/2023\/05\/en-construccio-300x196.jpg 300w, https:\/\/agora.xtec.cat\/iescarrascobarcelona\/wp-content\/uploads\/usu2495\/2023\/05\/en-construccio-768x503.jpg 768w\" sizes=\"auto, (max-width: 860px) 100vw, 860px\" \/><\/a><\/p>\n","protected":false},"excerpt":{"rendered":"<p>CURS 2023-24 Equip directiu: C\u00c0RREC NOM EMAIL Directora Carme Clar\u00f3s cclaros@inscarrasco.cat Cap d&#8217;estudis Montse Valls mvalls@inscarrasco.cat Coordinadora pedag\u00f2gica Raquel Mart\u00ednez rmartinez@inscarrasco.cat Secretari Ricard Orihuela rorihuela@inscarrasco.cat C\u00e0rrecs de coordinaci\u00f3 i responsabilitats C\u00c0RREC NOM EMAIL Coordinaci\u00f3 ESO Bet Ramallo betramallo@inscarrasco.cat Coordinaci\u00f3 Batxillerat Mireia Rigau mrigau@inscarrasco.cat Coordinaci\u00f3 digital Xavier Jim\u00e9nez xjimenez@inscarrasco.cat Coordinaci\u00f3 riscos laborals Josep Torruella jtorruella@inscarrasco.cat Coordinaci\u00f3 [&hellip;]<\/p>\n","protected":false},"author":1,"featured_media":0,"parent":2392,"menu_order":6,"comment_status":"closed","ping_status":"closed","template":"page-templates\/side-menu.php","meta":{"_bbp_topic_count":0,"_bbp_reply_count":0,"_bbp_total_topic_count":0,"_bbp_total_reply_count":0,"_bbp_voice_count":0,"_bbp_anonymous_reply_count":0,"_bbp_topic_count_hidden":0,"_bbp_reply_count_hidden":0,"_bbp_forum_subforum_count":0,"site-sidebar-layout":"default","site-content-layout":"","ast-site-content-layout":"","site-content-style":"default","site-sidebar-style":"default","ast-global-header-display":"","ast-banner-title-visibility":"","ast-main-header-display":"","ast-hfb-above-header-display":"","ast-hfb-below-header-display":"","ast-hfb-mobile-header-display":"","site-post-title":"","ast-breadcrumbs-content":"","ast-featured-img":"","footer-sml-layout":"","theme-transparent-header-meta":"","adv-header-id-meta":"","stick-header-meta":"","header-above-stick-meta":"","header-main-stick-meta":"","header-below-stick-meta":"","astra-migrate-meta-layouts":"default","ast-page-background-enabled":"default","ast-page-background-meta":{"desktop":{"background-color":"var(--ast-global-color-4)","background-image":"","background-repeat":"repeat","background-position":"center center","background-size":"auto","background-attachment":"scroll","background-type":"","background-media":"","overlay-type":"","overlay-color":"","overlay-opacity":"","overlay-gradient":""},"tablet":{"background-color":"","background-image":"","background-repeat":"repeat","background-position":"center center","background-size":"auto","background-attachment":"scroll","background-type":"","background-media":"","overlay-type":"","overlay-color":"","overlay-opacity":"","overlay-gradient":""},"mobile":{"background-color":"","background-image":"","background-repeat":"repeat","background-position":"center center","background-size":"auto","background-attachment":"scroll","background-type":"","background-media":"","overlay-type":"","overlay-color":"","overlay-opacity":"","overlay-gradient":""}},"ast-content-background-meta":{"desktop":{"background-color":"var(--ast-global-color-5)","background-image":"","background-repeat":"repeat","background-position":"center center","background-size":"auto","background-attachment":"scroll","background-type":"","background-media":"","overlay-type":"","overlay-color":"","overlay-opacity":"","overlay-gradient":""},"tablet":{"background-color":"var(--ast-global-color-5)","background-image":"","background-repeat":"repeat","background-position":"center center","background-size":"auto","background-attachment":"scroll","background-type":"","background-media":"","overlay-type":"","overlay-color":"","overlay-opacity":"","overlay-gradient":""},"mobile":{"background-color":"var(--ast-global-color-5)","background-image":"","background-repeat":"repeat","background-position":"center center","background-size":"auto","background-attachment":"scroll","background-type":"","background-media":"","overlay-type":"","overlay-color":"","overlay-opacity":"","overlay-gradient":""}},"footnotes":""},"class_list":["post-2401","page","type-page","status-publish","hentry"],"post_mailing_queue_ids":[],"_links":{"self":[{"href":"https:\/\/agora.xtec.cat\/iescarrascobarcelona\/wp-json\/wp\/v2\/pages\/2401","targetHints":{"allow":["GET"]}}],"collection":[{"href":"https:\/\/agora.xtec.cat\/iescarrascobarcelona\/wp-json\/wp\/v2\/pages"}],"about":[{"href":"https:\/\/agora.xtec.cat\/iescarrascobarcelona\/wp-json\/wp\/v2\/types\/page"}],"author":[{"embeddable":true,"href":"https:\/\/agora.xtec.cat\/iescarrascobarcelona\/wp-json\/wp\/v2\/users\/1"}],"replies":[{"embeddable":true,"href":"https:\/\/agora.xtec.cat\/iescarrascobarcelona\/wp-json\/wp\/v2\/comments?post=2401"}],"version-history":[{"count":5,"href":"https:\/\/agora.xtec.cat\/iescarrascobarcelona\/wp-json\/wp\/v2\/pages\/2401\/revisions"}],"predecessor-version":[{"id":3014,"href":"https:\/\/agora.xtec.cat\/iescarrascobarcelona\/wp-json\/wp\/v2\/pages\/2401\/revisions\/3014"}],"up":[{"embeddable":true,"href":"https:\/\/agora.xtec.cat\/iescarrascobarcelona\/wp-json\/wp\/v2\/pages\/2392"}],"wp:attachment":[{"href":"https:\/\/agora.xtec.cat\/iescarrascobarcelona\/wp-json\/wp\/v2\/media?parent=2401"}],"curies":[{"name":"wp","href":"https:\/\/api.w.org\/{rel}","templated":true}]}}