{"id":15577,"date":"2026-09-03T08:54:00","date_gmt":"2026-09-03T06:54:00","guid":{"rendered":"https:\/\/agora.xtec.cat\/iescanet\/?page_id=15577"},"modified":"2026-09-03T08:54:00","modified_gmt":"2026-09-03T06:54:00","slug":"equip-docent-de-2n-de-batxillerat-curs-2026-2027","status":"publish","type":"page","link":"https:\/\/agora.xtec.cat\/iescanet\/equip-docent-de-2n-de-batxillerat-curs-2026-2027\/","title":{"rendered":"Equip docent de 2n de Batxillerat Curs 2026 &#8211; 2027"},"content":{"rendered":"<h3 style=\"text-align: center;\"><span style=\"color: #339966;\">Llistat de professors que imparteixen classes a 2n de Batxillerat<\/span><\/h3>\n<p><a href=\"https:\/\/agora.xtec.cat\/iescanet\/wp-content\/uploads\/usu966\/2026\/09\/Equip-Doc-2n-Batx-Copy.jpg\"><img loading=\"lazy\" decoding=\"async\" class=\"alignnone size-full wp-image-15586\" src=\"https:\/\/agora.xtec.cat\/iescanet\/wp-content\/uploads\/usu966\/2026\/09\/Equip-Doc-2n-Batx-Copy.jpg\" alt=\"\" width=\"1024\" height=\"683\" srcset=\"https:\/\/agora.xtec.cat\/iescanet\/wp-content\/uploads\/usu966\/2026\/09\/Equip-Doc-2n-Batx-Copy.jpg 1024w, https:\/\/agora.xtec.cat\/iescanet\/wp-content\/uploads\/usu966\/2026\/09\/Equip-Doc-2n-Batx-Copy-300x200.jpg 300w, https:\/\/agora.xtec.cat\/iescanet\/wp-content\/uploads\/usu966\/2026\/09\/Equip-Doc-2n-Batx-Copy-768x512.jpg 768w\" sizes=\"auto, (max-width: 1024px) 100vw, 1024px\" \/><\/a><\/p>\n<ul>\n<li style=\"font-weight: 400;\" aria-level=\"1\"><b>Olga Turroja<\/b><span style=\"font-weight: 400;\"> \u2014 Catal\u00e0<\/span><\/li>\n<li style=\"font-weight: 400;\" aria-level=\"1\"><b>Neus Verg\u00e9s<\/b><span style=\"font-weight: 400;\"> \u2014 Catal\u00e0<\/span><\/li>\n<li style=\"font-weight: 400;\" aria-level=\"1\"><b>Raquel S\u00e1nchez<\/b><span style=\"font-weight: 400;\"> \u2014 Castell\u00e0, Literatura castellana<\/span><\/li>\n<li style=\"font-weight: 400;\" aria-level=\"1\"><b>David Garc\u00eda<\/b><span style=\"font-weight: 400;\"> \u2014 Castell\u00e0<\/span><\/li>\n<li style=\"font-weight: 400;\" aria-level=\"1\"><b>Marta Comellas<\/b><span style=\"font-weight: 400;\"> \u2014 Angl\u00e8s, tutoria<\/span><\/li>\n<li style=\"font-weight: 400;\" aria-level=\"1\"><b>N\u00faria Feliu<\/b><span style=\"font-weight: 400;\"> \u2014 Angl\u00e8s<\/span><\/li>\n<li style=\"font-weight: 400;\" aria-level=\"1\"><b>Joan Bar\u00f3n<\/b><span style=\"font-weight: 400;\"> \u2014 Franc\u00e8s, Literatura francesa, tutoria<\/span><\/li>\n<li style=\"font-weight: 400;\" aria-level=\"1\"><b>Eric Saltor<\/b><span style=\"font-weight: 400;\"> \u2014 Hist\u00f2ria de la Filosofia, tutoria<\/span><\/li>\n<li style=\"font-weight: 400;\" aria-level=\"1\"><b>Jordi Masachs<\/b><span style=\"font-weight: 400;\"> \u2014 Hist\u00f2ria d\u2019Espanya, Hist\u00f2ria de l\u2019Art<\/span><\/li>\n<li style=\"font-weight: 400;\" aria-level=\"1\"><b>Miquel Ribas<\/b><span style=\"font-weight: 400;\"> \u2014 Histoire d\u2019Espagne, Histoire de France II<\/span><\/li>\n<li style=\"font-weight: 400;\" aria-level=\"1\"><b>Toni Martinez<\/b><span style=\"font-weight: 400;\"> \u2014 Matem\u00e0tiques aplicades a les CCSS<\/span><\/li>\n<li style=\"font-weight: 400;\" aria-level=\"1\"><b>Marta S\u00e1nchez<\/b><span style=\"font-weight: 400;\"> \u2014 Matem\u00e0tiques II<\/span><\/li>\n<li style=\"font-weight: 400;\" aria-level=\"1\"><b>Carles Amat<\/b><span style=\"font-weight: 400;\"> \u2014 Tecnologia i Enginyeria II<\/span><\/li>\n<li style=\"font-weight: 400;\" aria-level=\"1\"><b>Joan Carles Al\u00e0<\/b><span style=\"font-weight: 400;\"> \u2014 Llat\u00ed II<\/span><\/li>\n<li style=\"font-weight: 400;\" aria-level=\"1\"><b>Roger Pou<\/b><span style=\"font-weight: 400;\"> \u2014 Arts esc\u00e8niques II, tutoria<\/span><\/li>\n<li style=\"font-weight: 400;\" aria-level=\"1\"><b>Anna Franquesa<\/b><span style=\"font-weight: 400;\"> \u2014 Literatura catalana, Literatura dram\u00e0tica<\/span><\/li>\n<li style=\"font-weight: 400;\" aria-level=\"1\"><b>Pen\u00e8lope Albero<\/b><span style=\"font-weight: 400;\"> \u2014 Funcionament de l\u2019empresa i disseny de models de negoci<\/span><\/li>\n<li style=\"font-weight: 400;\" aria-level=\"1\"><b>Ariadna Masip<\/b><span style=\"font-weight: 400;\"> \u2014 Biologia II<\/span><\/li>\n<li style=\"font-weight: 400;\" aria-level=\"1\"><b>S\u00edlvia Magri\u00f1\u00e0<\/b><span style=\"font-weight: 400;\"> \u2014 An\u00e0lisi musical II, Cor i t\u00e8cnica vocal<\/span><\/li>\n<li style=\"font-weight: 400;\" aria-level=\"1\"><b>Sergi P\u00e9rez<\/b><span style=\"font-weight: 400;\"> \u2014 Geografia<\/span><\/li>\n<li style=\"font-weight: 400;\" aria-level=\"1\"><b>Montse Zaera<\/b><span style=\"font-weight: 400;\"> \u2014 Qu\u00edmica II, F\u00edsica II, tutoria<\/span><\/li>\n<li style=\"font-weight: 400;\" aria-level=\"1\"><b>Raquel Bold\u00fa<\/b><span style=\"font-weight: 400;\"> \u2014 Dibuix t\u00e8cnic II<\/span><\/li>\n<li style=\"font-weight: 400;\" aria-level=\"1\"><b>Maria Rodr\u00edguez<\/b><span style=\"font-weight: 400;\"> \u2014 Hist\u00f2ria de la m\u00fasica i la dansa<\/span><\/li>\n<li style=\"font-weight: 400;\" aria-level=\"1\"><b>S\u00f2nia Alarc\u00f3n<\/b><span style=\"font-weight: 400;\"> \u2014 Geologia<\/span><\/li>\n<\/ul>\n","protected":false},"excerpt":{"rendered":"<p>Llistat de professors que imparteixen classes a 2n de Batxillerat<br \/>\n<a href=\"https:\/\/agora.xtec.cat\/iescanet\/wp-content\/uploads\/usu966\/2026\/09\/Equip-Doc-2n-Batx-Copy.jpg\"><\/a><\/p>\n<ul>\n<li style=\"font-weight: 400;\" aria-level=\"1\">Olga Turroja \u2014 Catal\u00e0<\/li>\n<li style=\"font-weight: 400;\" aria-level=\"1\">Neus Verg\u00e9s \u2014 Catal\u00e0<\/li>\n<li style=\"font-weight: 400;\" aria-level=\"1\">Raquel S\u00e1nchez \u2014 Castell\u00e0, Literatura castellana<\/li>\n<li style=\"font-weight: 400;\" aria-level=\"1\">David Garc\u00eda \u2014 Castell\u00e0<\/li>\n<li style=\"font-weight: 400;\" aria-level=\"1\">Marta Comellas \u2014 Angl\u00e8s, tutoria<\/li>\n<li style=\"font-weight:&hellip;  <a href=\"https:\/\/agora.xtec.cat\/iescanet\/equip-docent-de-2n-de-batxillerat-curs-2026-2027\/\" title=\"Read Equip docent de 2n de Batxillerat Curs 2026 &#8211; 2027\">Llegeix m\u00e9s\u00bb<\/a><br \/>\n","protected":false},"author":1,"featured_media":0,"parent":0,"menu_order":0,"comment_status":"closed","ping_status":"closed","template":"","meta":{"_bbp_topic_count":0,"_bbp_reply_count":0,"_bbp_total_topic_count":0,"_bbp_total_reply_count":0,"_bbp_voice_count":0,"_bbp_anonymous_reply_count":0,"_bbp_topic_count_hidden":0,"_bbp_reply_count_hidden":0,"_bbp_forum_subforum_count":0,"footnotes":""},"class_list":["post-15577","page","type-page","status-publish","hentry"],"post_mailing_queue_ids":[],"_links":{"self":[{"href":"https:\/\/agora.xtec.cat\/iescanet\/wp-json\/wp\/v2\/pages\/15577","targetHints":{"allow":["GET"]}}],"collection":[{"href":"https:\/\/agora.xtec.cat\/iescanet\/wp-json\/wp\/v2\/pages"}],"about":[{"href":"https:\/\/agora.xtec.cat\/iescanet\/wp-json\/wp\/v2\/types\/page"}],"author":[{"embeddable":true,"href":"https:\/\/agora.xtec.cat\/iescanet\/wp-json\/wp\/v2\/users\/1"}],"replies":[{"embeddable":true,"href":"https:\/\/agora.xtec.cat\/iescanet\/wp-json\/wp\/v2\/comments?post=15577"}],"version-history":[{"count":2,"href":"https:\/\/agora.xtec.cat\/iescanet\/wp-json\/wp\/v2\/pages\/15577\/revisions"}],"predecessor-version":[{"id":15606,"href":"https:\/\/agora.xtec.cat\/iescanet\/wp-json\/wp\/v2\/pages\/15577\/revisions\/15606"}],"wp:attachment":[{"href":"https:\/\/agora.xtec.cat\/iescanet\/wp-json\/wp\/v2\/media?parent=15577"}],"curies":[{"name":"wp","href":"https:\/\/api.w.org\/{rel}","templated":true}]}}