{"id":15575,"date":"2026-09-03T08:50:25","date_gmt":"2026-09-03T06:50:25","guid":{"rendered":"https:\/\/agora.xtec.cat\/iescanet\/?page_id=15575"},"modified":"2026-09-03T08:52:00","modified_gmt":"2026-09-03T06:52:00","slug":"equip-docent-de-1r-de-batxillerat-curs-2026-2027","status":"publish","type":"page","link":"https:\/\/agora.xtec.cat\/iescanet\/equip-docent-de-1r-de-batxillerat-curs-2026-2027\/","title":{"rendered":"Equip docent de 1r de Batxillerat Curs 2026 &#8211; 2027"},"content":{"rendered":"<h3><span style=\"color: #339966;\">Llistat de professors que imparteixen classes a 1r de Batxillerat<\/span><\/h3>\n<p><a href=\"https:\/\/agora.xtec.cat\/iescanet\/wp-content\/uploads\/usu966\/2026\/09\/Equip-Doc-1rBAtx-Copy.jpg\"><img loading=\"lazy\" decoding=\"async\" class=\"alignnone size-full wp-image-15592\" src=\"https:\/\/agora.xtec.cat\/iescanet\/wp-content\/uploads\/usu966\/2026\/09\/Equip-Doc-1rBAtx-Copy.jpg\" alt=\"\" width=\"1024\" height=\"683\" srcset=\"https:\/\/agora.xtec.cat\/iescanet\/wp-content\/uploads\/usu966\/2026\/09\/Equip-Doc-1rBAtx-Copy.jpg 1024w, https:\/\/agora.xtec.cat\/iescanet\/wp-content\/uploads\/usu966\/2026\/09\/Equip-Doc-1rBAtx-Copy-300x200.jpg 300w, https:\/\/agora.xtec.cat\/iescanet\/wp-content\/uploads\/usu966\/2026\/09\/Equip-Doc-1rBAtx-Copy-768x512.jpg 768w\" sizes=\"auto, (max-width: 1024px) 100vw, 1024px\" \/><\/a><\/p>\n<ul>\n<li style=\"font-weight: 400;\" aria-level=\"1\"><b>Neus Verg\u00e9s<\/b><span style=\"font-weight: 400;\"> \u2014 Catal\u00e0<\/span><\/li>\n<li style=\"font-weight: 400;\" aria-level=\"1\"><b>Olga Turroja<\/b><span style=\"font-weight: 400;\"> \u2014 Catal\u00e0<\/span><\/li>\n<li style=\"font-weight: 400;\" aria-level=\"1\"><b>J\u00falia Garc\u00eda<\/b><span style=\"font-weight: 400;\"> \u2014 Castell\u00e0, tutor\u00eda<\/span><\/li>\n<li style=\"font-weight: 400;\" aria-level=\"1\"><b>Raquel S\u00e1nchez<\/b><span style=\"font-weight: 400;\"> \u2014 Castell\u00e0, tutor\u00eda<\/span><\/li>\n<li style=\"font-weight: 400;\" aria-level=\"1\"><b>\u00c0lex S\u00e1nchez<\/b><span style=\"font-weight: 400;\"> \u2014 Angl\u00e8s, tutor\u00eda<\/span><\/li>\n<li style=\"font-weight: 400;\" aria-level=\"1\"><b>Ingrid Lorenzo<\/b><span style=\"font-weight: 400;\"> \u2014 Angl\u00e8s<\/span><\/li>\n<li style=\"font-weight: 400;\" aria-level=\"1\"><b>Joan Bar\u00f3n<\/b><span style=\"font-weight: 400;\"> \u2014 Franc\u00e8s Batxibac, Literatura francesa<\/span><\/li>\n<li style=\"font-weight: 400;\" aria-level=\"1\"><b>Jovita Pigem<\/b><span style=\"font-weight: 400;\"> \u2014 Filosofia, Psicologia, CPD<\/span><\/li>\n<li style=\"font-weight: 400;\" aria-level=\"1\"><b>Eric Saltor<\/b><span style=\"font-weight: 400;\"> \u2014 Filosofia<\/span><\/li>\n<li style=\"font-weight: 400;\" aria-level=\"1\"><b>Aniol Vidal<\/b><span style=\"font-weight: 400;\"> \u2014 Educaci\u00f3 f\u00edsica<\/span><\/li>\n<li style=\"font-weight: 400;\" aria-level=\"1\"><b>Joan Carles Al\u00e0<\/b><span style=\"font-weight: 400;\"> \u2014 Llat\u00ed<\/span><\/li>\n<li style=\"font-weight: 400;\" aria-level=\"1\"><b>Marta S\u00e1nchez<\/b><span style=\"font-weight: 400;\"> \u2014 Matem\u00e0tiques I<\/span><\/li>\n<li style=\"font-weight: 400;\" aria-level=\"1\"><b>Carlos S\u00e1nchez<\/b><span style=\"font-weight: 400;\"> \u2014 An\u00e0lisi musical I<\/span><\/li>\n<li style=\"font-weight: 400;\" aria-level=\"1\"><b>Pen\u00e8lope Albero<\/b><span style=\"font-weight: 400;\"> \u2014 Economia, Funcionament de l\u2019empresa<\/span><\/li>\n<li style=\"font-weight: 400;\" aria-level=\"1\"><b>David Garc\u00eda<\/b><span style=\"font-weight: 400;\"> \u2014 Literatura universal<\/span><\/li>\n<li style=\"font-weight: 400;\" aria-level=\"1\"><b>N\u00faria Mir\u00f3<\/b><span style=\"font-weight: 400;\"> \u2014 F\u00edsica i Qu\u00edmica, Ampliaci\u00f3 de Qu\u00edmica<\/span><\/li>\n<li style=\"font-weight: 400;\" aria-level=\"1\"><b>Roger Pou<\/b><span style=\"font-weight: 400;\"> \u2014 Arts esc\u00e8niques I, Pr\u00e0ctica teatral<\/span><\/li>\n<li style=\"font-weight: 400;\" aria-level=\"1\"><b>Albert Monta\u00f1\u00e0<\/b><span style=\"font-weight: 400;\"> \u2014 Hist\u00f2ria del m\u00f3n contemporani, Problem\u00e0tiques socials<\/span><\/li>\n<li style=\"font-weight: 400;\" aria-level=\"1\"><b>Alba Freixas<\/b><span style=\"font-weight: 400;\"> \u2014 Biologia i Geologia<\/span><\/li>\n<li style=\"font-weight: 400;\" aria-level=\"1\"><b>Xevi Llad\u00f3<\/b><span style=\"font-weight: 400;\"> \u2014 Tecnologia industrial<\/span><\/li>\n<li style=\"font-weight: 400;\" aria-level=\"1\"><b>Laia Bley<\/b><span style=\"font-weight: 400;\"> \u2014 Cultura audiovisual<\/span><\/li>\n<li style=\"font-weight: 400;\" aria-level=\"1\"><b>S\u00edlvia Magri\u00f1\u00e0<\/b><span style=\"font-weight: 400;\"> \u2014 Llenguatge i pr\u00e0ctica musical, Taller de creaci\u00f3 esc\u00e8nica 1<\/span><\/li>\n<li style=\"font-weight: 400;\" aria-level=\"1\"><b>Raquel Bold\u00fa<\/b><span style=\"font-weight: 400;\"> \u2014 Dibuix t\u00e8cnic<\/span><\/li>\n<li style=\"font-weight: 400;\" aria-level=\"1\"><b>Ariadna Masip<\/b><span style=\"font-weight: 400;\"> \u2014 Ampliaci\u00f3 de Biologia<\/span><\/li>\n<li style=\"font-weight: 400;\" aria-level=\"1\"><b>Miquel Ribas<\/b><span style=\"font-weight: 400;\"> \u2014 Hist\u00f2ria de Fran\u00e7a, Atelier Historique, tutoria<\/span><\/li>\n<li style=\"font-weight: 400;\" aria-level=\"1\"><b>Maria Rodr\u00edguez<\/b><span style=\"font-weight: 400;\"> \u2014 Anatomia aplicada a la dansa, Taller de creaci\u00f3 esc\u00e8nica 2<\/span><\/li>\n<li style=\"font-weight: 400;\" aria-level=\"1\"><b>J\u00falia Velilla<\/b><span style=\"font-weight: 400;\"> \u2014 Revista<\/span><\/li>\n<li style=\"font-weight: 400;\" aria-level=\"1\"><b>S\u00f2nia Alarc\u00f3n<\/b><span style=\"font-weight: 400;\"> \u2014 Ampliaci\u00f3 de Geologia<\/span><\/li>\n<li style=\"font-weight: 400;\" aria-level=\"1\"><b>Elena Lago<\/b><span style=\"font-weight: 400;\"> \u2014 Rob\u00f2tica<\/span><\/li>\n<li style=\"font-weight: 400;\" aria-level=\"1\"><b>Maria Montseny<\/b><span style=\"font-weight: 400;\"> \u2014 Tutoria<\/span><\/li>\n<\/ul>\n","protected":false},"excerpt":{"rendered":"<p>Llistat de professors que imparteixen classes a 1r de Batxillerat<br \/>\n<a href=\"https:\/\/agora.xtec.cat\/iescanet\/wp-content\/uploads\/usu966\/2026\/09\/Equip-Doc-1rBAtx-Copy.jpg\"><\/a><\/p>\n<ul>\n<li style=\"font-weight: 400;\" aria-level=\"1\">Neus Verg\u00e9s \u2014 Catal\u00e0<\/li>\n<li style=\"font-weight: 400;\" aria-level=\"1\">Olga Turroja \u2014 Catal\u00e0<\/li>\n<li style=\"font-weight: 400;\" aria-level=\"1\">J\u00falia Garc\u00eda \u2014 Castell\u00e0, tutor\u00eda<\/li>\n<li style=\"font-weight: 400;\" aria-level=\"1\">Raquel S\u00e1nchez \u2014 Castell\u00e0, tutor\u00eda<\/li>\n<li style=\"font-weight: 400;\" aria-level=\"1\">\u00c0lex S\u00e1nchez \u2014 Angl\u00e8s, tutor\u00eda<\/li>\n<li style=\"font-weight:&hellip;  <a href=\"https:\/\/agora.xtec.cat\/iescanet\/equip-docent-de-1r-de-batxillerat-curs-2026-2027\/\" title=\"Read Equip docent de 1r de Batxillerat Curs 2026 &#8211; 2027\">Llegeix m\u00e9s\u00bb<\/a><br \/>\n","protected":false},"author":1,"featured_media":0,"parent":0,"menu_order":0,"comment_status":"closed","ping_status":"closed","template":"","meta":{"_bbp_topic_count":0,"_bbp_reply_count":0,"_bbp_total_topic_count":0,"_bbp_total_reply_count":0,"_bbp_voice_count":0,"_bbp_anonymous_reply_count":0,"_bbp_topic_count_hidden":0,"_bbp_reply_count_hidden":0,"_bbp_forum_subforum_count":0,"footnotes":""},"class_list":["post-15575","page","type-page","status-publish","hentry"],"post_mailing_queue_ids":[],"_links":{"self":[{"href":"https:\/\/agora.xtec.cat\/iescanet\/wp-json\/wp\/v2\/pages\/15575","targetHints":{"allow":["GET"]}}],"collection":[{"href":"https:\/\/agora.xtec.cat\/iescanet\/wp-json\/wp\/v2\/pages"}],"about":[{"href":"https:\/\/agora.xtec.cat\/iescanet\/wp-json\/wp\/v2\/types\/page"}],"author":[{"embeddable":true,"href":"https:\/\/agora.xtec.cat\/iescanet\/wp-json\/wp\/v2\/users\/1"}],"replies":[{"embeddable":true,"href":"https:\/\/agora.xtec.cat\/iescanet\/wp-json\/wp\/v2\/comments?post=15575"}],"version-history":[{"count":2,"href":"https:\/\/agora.xtec.cat\/iescanet\/wp-json\/wp\/v2\/pages\/15575\/revisions"}],"predecessor-version":[{"id":15604,"href":"https:\/\/agora.xtec.cat\/iescanet\/wp-json\/wp\/v2\/pages\/15575\/revisions\/15604"}],"wp:attachment":[{"href":"https:\/\/agora.xtec.cat\/iescanet\/wp-json\/wp\/v2\/media?parent=15575"}],"curies":[{"name":"wp","href":"https:\/\/api.w.org\/{rel}","templated":true}]}}