{"id":15570,"date":"2026-09-03T08:39:08","date_gmt":"2026-09-03T06:39:08","guid":{"rendered":"https:\/\/agora.xtec.cat\/iescanet\/?page_id=15570"},"modified":"2026-09-03T08:39:19","modified_gmt":"2026-09-03T06:39:19","slug":"equip-docent-de-3r-deso-curs-2026-2027","status":"publish","type":"page","link":"https:\/\/agora.xtec.cat\/iescanet\/equip-docent-de-3r-deso-curs-2026-2027\/","title":{"rendered":"Equip docent de 3r d&#8217;ESO Curs 2026 &#8211; 2027"},"content":{"rendered":"<h3 style=\"text-align: center;\"><span style=\"color: #339966;\">Llistat de professors que imparteixen classes a 3r d&#8217;ESO<\/span><\/h3>\n<p><a href=\"https:\/\/agora.xtec.cat\/iescanet\/wp-content\/uploads\/usu966\/2026\/09\/Equip-Doc.-3rESO-Copy.jpg\"><img loading=\"lazy\" decoding=\"async\" class=\"alignnone size-full wp-image-15590\" src=\"https:\/\/agora.xtec.cat\/iescanet\/wp-content\/uploads\/usu966\/2026\/09\/Equip-Doc.-3rESO-Copy.jpg\" alt=\"\" width=\"1024\" height=\"683\" srcset=\"https:\/\/agora.xtec.cat\/iescanet\/wp-content\/uploads\/usu966\/2026\/09\/Equip-Doc.-3rESO-Copy.jpg 1024w, https:\/\/agora.xtec.cat\/iescanet\/wp-content\/uploads\/usu966\/2026\/09\/Equip-Doc.-3rESO-Copy-300x200.jpg 300w, https:\/\/agora.xtec.cat\/iescanet\/wp-content\/uploads\/usu966\/2026\/09\/Equip-Doc.-3rESO-Copy-768x512.jpg 768w\" sizes=\"auto, (max-width: 1024px) 100vw, 1024px\" \/><\/a><\/p>\n<ul>\n<li style=\"font-weight: 400;\" aria-level=\"1\"><b>Anna Franquesa<\/b><span style=\"font-weight: 400;\"> \u2014 Catal\u00e0, tutoria<\/span><\/li>\n<li style=\"font-weight: 400;\" aria-level=\"1\"><b>J\u00faila Velilla<\/b><span style=\"font-weight: 400;\"> \u2014 Catal\u00e0<\/span><\/li>\n<li style=\"font-weight: 400;\" aria-level=\"1\"><b>J\u00falia Garc\u00eda<\/b><span style=\"font-weight: 400;\"> \u2014 Castell\u00e0<\/span><\/li>\n<li style=\"font-weight: 400;\" aria-level=\"1\"><b>Sara Avenda\u00f1o<\/b><span style=\"font-weight: 400;\"> \u2014 Castell\u00e0<\/span><\/li>\n<li style=\"font-weight: 400;\" aria-level=\"1\"><b>Toni Martinez<\/b><span style=\"font-weight: 400;\"> \u2014 Matem\u00e0tiques<\/span><\/li>\n<li style=\"font-weight: 400;\" aria-level=\"1\"><b>Francesc S\u00e1nchez<\/b><span style=\"font-weight: 400;\"> \u2014 Angl\u00e8s<\/span><\/li>\n<li style=\"font-weight: 400;\" aria-level=\"1\"><b>Natxo Rodr\u00edguez<\/b><span style=\"font-weight: 400;\"> \u2014 Angl\u00e8s, Alemany<\/span><\/li>\n<li style=\"font-weight: 400;\" aria-level=\"1\"><b>\u00c0lex S\u00e1nchez<\/b><span style=\"font-weight: 400;\"> \u2014 Angl\u00e8s<\/span><\/li>\n<li style=\"font-weight: 400;\" aria-level=\"1\"><b>Ariadna Masip<\/b><span style=\"font-weight: 400;\"> \u2014 Biologia i Geologia, tutoria<\/span><\/li>\n<li style=\"font-weight: 400;\" aria-level=\"1\"><b>N\u00faria Mir\u00f3<\/b><span style=\"font-weight: 400;\"> \u2014 F\u00edsica i Qu\u00edmica<\/span><\/li>\n<li style=\"font-weight: 400;\" aria-level=\"1\"><b>Laura L\u00f3pez<\/b><span style=\"font-weight: 400;\"> \u2014 Socials<\/span><\/li>\n<li style=\"font-weight: 400;\" aria-level=\"1\"><b>Sergi P\u00e9rez<\/b><span style=\"font-weight: 400;\"> \u2014 Socials<\/span><\/li>\n<li style=\"font-weight: 400;\" aria-level=\"1\"><b>Albert Monta\u00f1\u00e0<\/b><span style=\"font-weight: 400;\"> \u2014 Socials<\/span><\/li>\n<li style=\"font-weight: 400;\" aria-level=\"1\"><b>Carles Amat<\/b><span style=\"font-weight: 400;\"> \u2014 Tecnologia, tutoria<\/span><\/li>\n<li style=\"font-weight: 400;\" aria-level=\"1\"><b>Ramon Llahuet<\/b><span style=\"font-weight: 400;\"> \u2014 Educaci\u00f3 f\u00edsica<\/span><\/li>\n<li style=\"font-weight: 400;\" aria-level=\"1\"><b>Raquel Bold\u00fa<\/b><span style=\"font-weight: 400;\"> \u2014 EVP<\/span><\/li>\n<li style=\"font-weight: 400;\" aria-level=\"1\"><b>Laia Bley<\/b><span style=\"font-weight: 400;\"> \u2014 EVP<\/span><\/li>\n<li style=\"font-weight: 400;\" aria-level=\"1\"><b>Xevi Llad\u00f3<\/b><span style=\"font-weight: 400;\"> \u2014 Projecte ling\u00fc\u00edstic d\u2019angl\u00e8s<\/span><\/li>\n<li style=\"font-weight: 400;\" aria-level=\"1\"><b>Paula Hern\u00e1ndez<\/b><span style=\"font-weight: 400;\"> \u2014 Projecte ling\u00fc\u00edstic de castell\u00e0<\/span><\/li>\n<li style=\"font-weight: 400;\" aria-level=\"1\"><b>Roger Pou<\/b><span style=\"font-weight: 400;\"> \u2014 Projecte ling\u00fc\u00edstic de catal\u00e0-r\u00e0dio<\/span><\/li>\n<li style=\"font-weight: 400;\" aria-level=\"1\"><b>Joan Carles Al\u00e0<\/b><span style=\"font-weight: 400;\"> \u2014 Llat\u00ed<\/span><\/li>\n<li style=\"font-weight: 400;\" aria-level=\"1\"><b>Elena Lago<\/b><span style=\"font-weight: 400;\"> \u2014 Programaci\u00f3<\/span><\/li>\n<li style=\"font-weight: 400;\" aria-level=\"1\"><b>Eli Rodr\u00edguez<\/b><span style=\"font-weight: 400;\"> \u2014 Emprenedoria<\/span><\/li>\n<li style=\"font-weight: 400;\" aria-level=\"1\"><b>Joan Bar\u00f3n<\/b><span style=\"font-weight: 400;\"> \u2014 Franc\u00e8s<\/span><\/li>\n<\/ul>\n","protected":false},"excerpt":{"rendered":"<p>Llistat de professors que imparteixen classes a 3r d&#8217;ESO<br \/>\n<a href=\"https:\/\/agora.xtec.cat\/iescanet\/wp-content\/uploads\/usu966\/2026\/09\/Equip-Doc.-3rESO-Copy.jpg\"><\/a><\/p>\n<ul>\n<li style=\"font-weight: 400;\" aria-level=\"1\">Anna Franquesa \u2014 Catal\u00e0, tutoria<\/li>\n<li style=\"font-weight: 400;\" aria-level=\"1\">J\u00faila Velilla \u2014 Catal\u00e0<\/li>\n<li style=\"font-weight: 400;\" aria-level=\"1\">J\u00falia Garc\u00eda \u2014 Castell\u00e0<\/li>\n<li style=\"font-weight: 400;\" aria-level=\"1\">Sara Avenda\u00f1o \u2014 Castell\u00e0<\/li>\n<li style=\"font-weight: 400;\" aria-level=\"1\">Toni Martinez \u2014 Matem\u00e0tiques<\/li>\n<li style=\"font-weight: 400;\" aria-level=\"1\">Francesc S\u00e1nchez&hellip;  <a href=\"https:\/\/agora.xtec.cat\/iescanet\/equip-docent-de-3r-deso-curs-2026-2027\/\" title=\"Read Equip docent de 3r d&#8217;ESO Curs 2026 &#8211; 2027\">Llegeix m\u00e9s\u00bb<\/a><br \/>\n","protected":false},"author":1,"featured_media":0,"parent":0,"menu_order":0,"comment_status":"closed","ping_status":"closed","template":"","meta":{"_bbp_topic_count":0,"_bbp_reply_count":0,"_bbp_total_topic_count":0,"_bbp_total_reply_count":0,"_bbp_voice_count":0,"_bbp_anonymous_reply_count":0,"_bbp_topic_count_hidden":0,"_bbp_reply_count_hidden":0,"_bbp_forum_subforum_count":0,"footnotes":""},"class_list":["post-15570","page","type-page","status-publish","hentry"],"post_mailing_queue_ids":[],"_links":{"self":[{"href":"https:\/\/agora.xtec.cat\/iescanet\/wp-json\/wp\/v2\/pages\/15570","targetHints":{"allow":["GET"]}}],"collection":[{"href":"https:\/\/agora.xtec.cat\/iescanet\/wp-json\/wp\/v2\/pages"}],"about":[{"href":"https:\/\/agora.xtec.cat\/iescanet\/wp-json\/wp\/v2\/types\/page"}],"author":[{"embeddable":true,"href":"https:\/\/agora.xtec.cat\/iescanet\/wp-json\/wp\/v2\/users\/1"}],"replies":[{"embeddable":true,"href":"https:\/\/agora.xtec.cat\/iescanet\/wp-json\/wp\/v2\/comments?post=15570"}],"version-history":[{"count":3,"href":"https:\/\/agora.xtec.cat\/iescanet\/wp-json\/wp\/v2\/pages\/15570\/revisions"}],"predecessor-version":[{"id":15599,"href":"https:\/\/agora.xtec.cat\/iescanet\/wp-json\/wp\/v2\/pages\/15570\/revisions\/15599"}],"wp:attachment":[{"href":"https:\/\/agora.xtec.cat\/iescanet\/wp-json\/wp\/v2\/media?parent=15570"}],"curies":[{"name":"wp","href":"https:\/\/api.w.org\/{rel}","templated":true}]}}