{"id":15568,"date":"2026-09-03T08:37:15","date_gmt":"2026-09-03T06:37:15","guid":{"rendered":"https:\/\/agora.xtec.cat\/iescanet\/?page_id=15568"},"modified":"2026-09-03T08:39:33","modified_gmt":"2026-09-03T06:39:33","slug":"equip-docent-de-2n-deso-curs-2026-2027","status":"publish","type":"page","link":"https:\/\/agora.xtec.cat\/iescanet\/equip-docent-de-2n-deso-curs-2026-2027\/","title":{"rendered":"Equip docent de 2n d&#8217;ESO Curs 2026 &#8211; 2027"},"content":{"rendered":"<h3 style=\"text-align: center;\"><span style=\"color: #339966;\">Llistat de professors que imparteixen classes a 2n d&#8217;ESO<\/span><\/h3>\n<p><a href=\"https:\/\/agora.xtec.cat\/iescanet\/wp-content\/uploads\/usu966\/2026\/09\/Equip-Doc-2nESO-Copy.jpg\"><img loading=\"lazy\" decoding=\"async\" class=\"alignnone size-full wp-image-15587\" src=\"https:\/\/agora.xtec.cat\/iescanet\/wp-content\/uploads\/usu966\/2026\/09\/Equip-Doc-2nESO-Copy.jpg\" alt=\"\" width=\"1024\" height=\"709\" srcset=\"https:\/\/agora.xtec.cat\/iescanet\/wp-content\/uploads\/usu966\/2026\/09\/Equip-Doc-2nESO-Copy.jpg 1024w, https:\/\/agora.xtec.cat\/iescanet\/wp-content\/uploads\/usu966\/2026\/09\/Equip-Doc-2nESO-Copy-300x208.jpg 300w, https:\/\/agora.xtec.cat\/iescanet\/wp-content\/uploads\/usu966\/2026\/09\/Equip-Doc-2nESO-Copy-768x532.jpg 768w\" sizes=\"auto, (max-width: 1024px) 100vw, 1024px\" \/><\/a><\/p>\n<ul>\n<li style=\"font-weight: 400;\" aria-level=\"1\"><b>Ester Roig<\/b><span style=\"font-weight: 400;\"> \u2014 Catal\u00e0<\/span><\/li>\n<li style=\"font-weight: 400;\" aria-level=\"1\"><b>Orland Verd\u00fa<\/b><span style=\"font-weight: 400;\"> \u2014 Catal\u00e0<\/span><\/li>\n<li style=\"font-weight: 400;\" aria-level=\"1\"><b>Teresa Corpas<\/b><span style=\"font-weight: 400;\"> \u2014 Castell\u00e0, Escriptura, ACC, tutoria<\/span><\/li>\n<li style=\"font-weight: 400;\" aria-level=\"1\"><b>Mireia Vives<\/b><span style=\"font-weight: 400;\"> \u2014 Matem\u00e0tiques, ACC, tutoria<\/span><\/li>\n<li style=\"font-weight: 400;\" aria-level=\"1\"><b>N\u00faria Feliu<\/b><span style=\"font-weight: 400;\"> \u2014 Angl\u00e8s<\/span><\/li>\n<li style=\"font-weight: 400;\" aria-level=\"1\"><b>Assumpta Blanquer<\/b><span style=\"font-weight: 400;\"> \u2014 Angl\u00e8s<\/span><\/li>\n<li style=\"font-weight: 400;\" aria-level=\"1\"><b>Arnau Caballeria<\/b><span style=\"font-weight: 400;\"> \u2014 Naturals, ACC, tutoria<\/span><\/li>\n<li style=\"font-weight: 400;\" aria-level=\"1\"><b>Montse Zaera<\/b><span style=\"font-weight: 400;\"> \u2014 Naturals<\/span><\/li>\n<li style=\"font-weight: 400;\" aria-level=\"1\"><b>Jovita Pigem<\/b><span style=\"font-weight: 400;\"> \u2014 Socials<\/span><\/li>\n<li style=\"font-weight: 400;\" aria-level=\"1\"><b>S\u00edlvia Matamoros<\/b><span style=\"font-weight: 400;\"> \u2014 Socials<\/span><\/li>\n<li style=\"font-weight: 400;\" aria-level=\"1\"><b>Elena Lago<\/b><span style=\"font-weight: 400;\"> \u2014 Tecnologia, Rob\u00f2tica<\/span><\/li>\n<li style=\"font-weight: 400;\" aria-level=\"1\"><b>Ramon Llahuet<\/b><span style=\"font-weight: 400;\"> \u2014 Educaci\u00f3 f\u00edsica<\/span><\/li>\n<li style=\"font-weight: 400;\" aria-level=\"1\"><b>Marina Meseguer<\/b><span style=\"font-weight: 400;\"> \u2014 M\u00fasica<\/span><\/li>\n<li style=\"font-weight: 400;\" aria-level=\"1\"><b>Carlos S\u00e1nchez<\/b><span style=\"font-weight: 400;\"> \u2014 M\u00fasica<\/span><\/li>\n<li style=\"font-weight: 400;\" aria-level=\"1\"><b>S\u00edlvia Magri\u00f1\u00e0<\/b><span style=\"font-weight: 400;\"> \u2014 M\u00fasica<\/span><\/li>\n<li style=\"font-weight: 400;\" aria-level=\"1\"><b>J\u00falia Garc\u00eda<\/b><span style=\"font-weight: 400;\"> \u2014 Escriptura<\/span><\/li>\n<li style=\"font-weight: 400;\" aria-level=\"1\"><b>Sara Avenda\u00f1o<\/b><span style=\"font-weight: 400;\"> \u2014 Escriptura<\/span><\/li>\n<li style=\"font-weight: 400;\" aria-level=\"1\"><b>Neus Verg\u00e9s<\/b><span style=\"font-weight: 400;\"> \u2014 Escriptura<\/span><\/li>\n<li style=\"font-weight: 400;\" aria-level=\"1\"><b>Anna Franquesa<\/b><span style=\"font-weight: 400;\"> \u2014 Escriptura<\/span><\/li>\n<li style=\"font-weight: 400;\" aria-level=\"1\"><b>Montse Casanova<\/b><span style=\"font-weight: 400;\"> \u2014 Educaci\u00f3 emocional<\/span><\/li>\n<li style=\"font-weight: 400;\" aria-level=\"1\"><b>Marta Comellas<\/b><span style=\"font-weight: 400;\"> \u2014 Franc\u00e8s<\/span><\/li>\n<li style=\"font-weight: 400;\" aria-level=\"1\"><b>Natxo Rodr\u00edguez<\/b><span style=\"font-weight: 400;\"> \u2014 Alemany<\/span><\/li>\n<li style=\"font-weight: 400;\" aria-level=\"1\"><b>Roger Pou<\/b><span style=\"font-weight: 400;\"> \u2014 Teatre<\/span><\/li>\n<li style=\"font-weight: 400;\" aria-level=\"1\"><b>Xavi Llad\u00f3<\/b><span style=\"font-weight: 400;\"> \u2014 Hort<\/span><\/li>\n<li style=\"font-weight: 400;\" aria-level=\"1\"><b>Sergi P\u00e9rez<\/b><span style=\"font-weight: 400;\"> \u2014 Religi\u00f3<\/span><\/li>\n<\/ul>\n","protected":false},"excerpt":{"rendered":"<p>Llistat de professors que imparteixen classes a 2n d&#8217;ESO<br \/>\n<a href=\"https:\/\/agora.xtec.cat\/iescanet\/wp-content\/uploads\/usu966\/2026\/09\/Equip-Doc-2nESO-Copy.jpg\"><\/a><\/p>\n<ul>\n<li style=\"font-weight: 400;\" aria-level=\"1\">Ester Roig \u2014 Catal\u00e0<\/li>\n<li style=\"font-weight: 400;\" aria-level=\"1\">Orland Verd\u00fa \u2014 Catal\u00e0<\/li>\n<li style=\"font-weight: 400;\" aria-level=\"1\">Teresa Corpas \u2014 Castell\u00e0, Escriptura, ACC, tutoria<\/li>\n<li style=\"font-weight: 400;\" aria-level=\"1\">Mireia Vives \u2014 Matem\u00e0tiques, ACC, tutoria<\/li>\n<li style=\"font-weight: 400;\" aria-level=\"1\">N\u00faria Feliu \u2014 Angl\u00e8s<\/li>\n<li&hellip;  <a href=\"https:\/\/agora.xtec.cat\/iescanet\/equip-docent-de-2n-deso-curs-2026-2027\/\" title=\"Read Equip docent de 2n d&#8217;ESO Curs 2026 &#8211; 2027\">Llegeix m\u00e9s\u00bb<\/a><br \/>\n","protected":false},"author":1,"featured_media":0,"parent":0,"menu_order":0,"comment_status":"closed","ping_status":"closed","template":"","meta":{"_bbp_topic_count":0,"_bbp_reply_count":0,"_bbp_total_topic_count":0,"_bbp_total_reply_count":0,"_bbp_voice_count":0,"_bbp_anonymous_reply_count":0,"_bbp_topic_count_hidden":0,"_bbp_reply_count_hidden":0,"_bbp_forum_subforum_count":0,"footnotes":""},"class_list":["post-15568","page","type-page","status-publish","hentry"],"post_mailing_queue_ids":[],"_links":{"self":[{"href":"https:\/\/agora.xtec.cat\/iescanet\/wp-json\/wp\/v2\/pages\/15568","targetHints":{"allow":["GET"]}}],"collection":[{"href":"https:\/\/agora.xtec.cat\/iescanet\/wp-json\/wp\/v2\/pages"}],"about":[{"href":"https:\/\/agora.xtec.cat\/iescanet\/wp-json\/wp\/v2\/types\/page"}],"author":[{"embeddable":true,"href":"https:\/\/agora.xtec.cat\/iescanet\/wp-json\/wp\/v2\/users\/1"}],"replies":[{"embeddable":true,"href":"https:\/\/agora.xtec.cat\/iescanet\/wp-json\/wp\/v2\/comments?post=15568"}],"version-history":[{"count":4,"href":"https:\/\/agora.xtec.cat\/iescanet\/wp-json\/wp\/v2\/pages\/15568\/revisions"}],"predecessor-version":[{"id":15600,"href":"https:\/\/agora.xtec.cat\/iescanet\/wp-json\/wp\/v2\/pages\/15568\/revisions\/15600"}],"wp:attachment":[{"href":"https:\/\/agora.xtec.cat\/iescanet\/wp-json\/wp\/v2\/media?parent=15568"}],"curies":[{"name":"wp","href":"https:\/\/api.w.org\/{rel}","templated":true}]}}