{"id":14140,"date":"2024-02-21T08:41:18","date_gmt":"2024-02-21T07:41:18","guid":{"rendered":"https:\/\/agora.xtec.cat\/iescanet\/?page_id=14140"},"modified":"2026-03-24T09:39:39","modified_gmt":"2026-03-24T08:39:39","slug":"batxibac-2026-27","status":"publish","type":"page","link":"https:\/\/agora.xtec.cat\/iescanet\/batxibac-2026-27\/","title":{"rendered":"BATXIBAC 2026\/27"},"content":{"rendered":"<h4><\/h4>\n<h4><span style=\"color: #000000;\">Per cursar la doble titulaci\u00f3 cal acreditar com a m\u00ednim un nivell B1 de franc\u00e8s del marc europeu com\u00fa de refer\u00e8ncia per a les lleng\u00fces; l\u2019acreditaci\u00f3 es pot fer mitjan\u00e7ant el diploma B1 del DELF scolaire, el diploma B1 del DELF junior, el certificat de nivell intermedi de les EOI o superant una prova de nivell en llengua francesa.<\/span><\/h4>\n<p>&nbsp;<\/p>\n<header class=\"entry-header\">\n<ul style=\"list-style-type: disc;\">\n<li>\n<h4><a href=\"https:\/\/agora.xtec.cat\/iescanet\/wp-content\/uploads\/usu966\/2026\/03\/Preinscripcio-batxibac-26-27.pdf\">DOCUMENT<\/a><a href=\"https:\/\/agora.xtec.cat\/iescanet\/wp-content\/uploads\/usu966\/2026\/03\/Preinscripcio-batxibac-26-27.pdf\">ACI\u00d3<\/a><a href=\"https:\/\/agora.xtec.cat\/iescanet\/wp-content\/uploads\/usu966\/2026\/03\/Preinscripcio-batxibac-26-27.pdf\"> PER A LA PREINSCRIPCI\u00d3 DE BATXIBAC CURS 2026-2027\u00a0<\/a><\/h4>\n<\/li>\n<li>\n<h4><strong><a href=\"https:\/\/agora.xtec.cat\/iescanet\/wp-content\/uploads\/usu966\/2026\/03\/oferta-batxibac-1.pdf\">OFERTA DE PLACES PEL CURS 2026-2027<\/a><\/strong><\/h4>\n<\/li>\n<\/ul>\n<\/header>\n<h5><\/h5>\n<p>&nbsp;<\/p>\n<header class=\"entry-header\">\n<h4><strong>INFORMACIONS B\u00c0SIQUES<\/strong><\/h4>\n<hr \/>\n<\/header>\n<div>\n<h4>\u2666 <a href=\"https:\/\/agora.xtec.cat\/iescanet\/wp-content\/uploads\/usu966\/2020\/02\/d%C3%ADptic-batxibac.pdf\">D\u00edptic BATXIBAC (Batxillerat\/Baccalaur\u00e9at) \u2013 (PDF)<\/a><\/h4>\n<hr \/>\n<h4>\u2666\u00a0<a href=\"https:\/\/agora.xtec.cat\/iescanet\/wp-content\/uploads\/usu966\/2023\/03\/Curriculum-Batxibac-23-25.pdf\">Curr\u00edculum BATXIBAC 2023-2025 (PDF)<\/a><\/h4>\n<hr \/>\n<h4>\u2666\u00a0<a href=\"http:\/\/xtec.gencat.cat\/ca\/curriculum\/batxillerat\/baccalaureat\/\">Informaci\u00f3 sobre la preinscripci\u00f3 del Batxibac (Doble titulaci\u00f3 de batxillerat i baccalaur\u00e9at)<\/a><\/h4>\n<hr \/>\n<h4>\u2666\u00a0<a href=\"https:\/\/www.institutfrancais.es\/programas-y-ayudas\/centros-escolares-y-profesores\/el-bachibac\/\">Informaci\u00f3 sobre el Batxibac (Institut Fran\u00e7ais)<\/a><\/h4>\n<\/div>\n","protected":false},"excerpt":{"rendered":"<p>Per cursar la doble titulaci\u00f3 cal acreditar com a m\u00ednim un nivell B1 de franc\u00e8s del marc europeu com\u00fa de refer\u00e8ncia per a les lleng\u00fces; l\u2019acreditaci\u00f3 es pot fer mitjan\u00e7ant el diploma B1 del DELF scolaire, el diploma B1 del DELF junior, el certificat de&hellip;  <a href=\"https:\/\/agora.xtec.cat\/iescanet\/batxibac-2026-27\/\" title=\"Read BATXIBAC 2026\/27\">Llegeix m\u00e9s\u00bb<\/a><\/p>\n","protected":false},"author":1,"featured_media":0,"parent":0,"menu_order":0,"comment_status":"closed","ping_status":"closed","template":"","meta":{"_bbp_topic_count":0,"_bbp_reply_count":0,"_bbp_total_topic_count":0,"_bbp_total_reply_count":0,"_bbp_voice_count":0,"_bbp_anonymous_reply_count":0,"_bbp_topic_count_hidden":0,"_bbp_reply_count_hidden":0,"_bbp_forum_subforum_count":0,"footnotes":""},"class_list":["post-14140","page","type-page","status-publish","hentry"],"post_mailing_queue_ids":[],"_links":{"self":[{"href":"https:\/\/agora.xtec.cat\/iescanet\/wp-json\/wp\/v2\/pages\/14140","targetHints":{"allow":["GET"]}}],"collection":[{"href":"https:\/\/agora.xtec.cat\/iescanet\/wp-json\/wp\/v2\/pages"}],"about":[{"href":"https:\/\/agora.xtec.cat\/iescanet\/wp-json\/wp\/v2\/types\/page"}],"author":[{"embeddable":true,"href":"https:\/\/agora.xtec.cat\/iescanet\/wp-json\/wp\/v2\/users\/1"}],"replies":[{"embeddable":true,"href":"https:\/\/agora.xtec.cat\/iescanet\/wp-json\/wp\/v2\/comments?post=14140"}],"version-history":[{"count":7,"href":"https:\/\/agora.xtec.cat\/iescanet\/wp-json\/wp\/v2\/pages\/14140\/revisions"}],"predecessor-version":[{"id":15377,"href":"https:\/\/agora.xtec.cat\/iescanet\/wp-json\/wp\/v2\/pages\/14140\/revisions\/15377"}],"wp:attachment":[{"href":"https:\/\/agora.xtec.cat\/iescanet\/wp-json\/wp\/v2\/media?parent=14140"}],"curies":[{"name":"wp","href":"https:\/\/api.w.org\/{rel}","templated":true}]}}