{"id":46,"date":"2014-09-17T16:53:45","date_gmt":"2014-09-17T16:53:45","guid":{"rendered":"http:\/\/agora.xtec.cat\/iescalgravat\/?page_id=46"},"modified":"2025-11-02T12:40:05","modified_gmt":"2025-11-02T11:40:05","slug":"organigrama","status":"publish","type":"page","link":"https:\/\/agora.xtec.cat\/iescalgravat\/linstitut\/organigrama\/","title":{"rendered":"Organigrama"},"content":{"rendered":"<table style=\"height: 250px; width: 567px;\">\n<tbody>\n<tr>\n<td style=\"width: 559px;\" colspan=\"2\">\n<h5 style=\"text-align: center;\"><strong>EQUIP DIRECTIU<\/strong><\/h5>\n<\/td>\n<\/tr>\n<tr>\n<td style=\"width: 270px;\">\n<h5>Directora<\/h5>\n<\/td>\n<td style=\"width: 289px;\">\n<h5>Mireia Ribas Soler<\/h5>\n<\/td>\n<\/tr>\n<tr>\n<td style=\"width: 270px;\">\n<h5>Cap d\u2019Estudis<\/h5>\n<\/td>\n<td style=\"width: 289px;\">\n<h5>Nat\u00e0lia Andreu Pueyo<\/h5>\n<\/td>\n<\/tr>\n<tr>\n<td style=\"width: 270px;\">\n<h5>Cap d&#8217;Estudis Adjunt<\/h5>\n<\/td>\n<td style=\"width: 289px;\">\n<h5>C\u00e8sar Riola Devant<\/h5>\n<\/td>\n<\/tr>\n<tr>\n<td style=\"width: 270px;\">\n<h5>Secretari<\/h5>\n<\/td>\n<td style=\"width: 289px;\">\n<h5>Josep M\u00aa Freixa Planas<\/h5>\n<\/td>\n<\/tr>\n<tr>\n<td style=\"width: 270px;\">\n<h5>Coordinador Pedag\u00f2gica<\/h5>\n<\/td>\n<td style=\"width: 289px;\">\n<h5>Txell Guillen Gaja<\/h5>\n<\/td>\n<\/tr>\n<\/tbody>\n<\/table>\n<p>&nbsp;<\/p>\n<table style=\"width: 569px;\">\n<tbody>\n<tr>\n<td style=\"width: 561px;\" colspan=\"2\">\n<h5 style=\"text-align: center;\"><strong>CAPS DE DEPARTAMENT<\/strong><\/h5>\n<\/td>\n<\/tr>\n<tr>\n<td style=\"width: 360px;\">\n<h5>Ci\u00e8ncies Socials<\/h5>\n<\/td>\n<td style=\"width: 201px;\">\n<h5>Laura Viayna<\/h5>\n<\/td>\n<\/tr>\n<tr>\n<td style=\"width: 360px;\">\n<h5>Llengua Catalana<\/h5>\n<\/td>\n<td style=\"width: 201px;\">\n<h5>N\u00faria Robles<\/h5>\n<\/td>\n<\/tr>\n<tr>\n<td style=\"width: 360px;\">\n<h5>Llengua Castellana<\/h5>\n<\/td>\n<td style=\"width: 201px;\">\n<h5>M\u00f2nica Mart\u00ednez<\/h5>\n<\/td>\n<\/tr>\n<tr>\n<td style=\"width: 360px;\">\n<h5>Matem\u00e0tiques<\/h5>\n<\/td>\n<td style=\"width: 201px;\">\n<h5>Gerard Girbau<\/h5>\n<\/td>\n<\/tr>\n<tr>\n<td style=\"width: 360px;\">\n<h5>Lleng\u00fces Estrangeres<\/h5>\n<\/td>\n<td style=\"width: 201px;\">\n<h5>Carme Ribas<\/h5>\n<\/td>\n<\/tr>\n<tr>\n<td style=\"width: 360px;\">\n<h5>Ci\u00e8ncies Naturals<\/h5>\n<\/td>\n<td style=\"width: 201px;\">\n<h5>Rosanna Vi\u00f1as<\/h5>\n<\/td>\n<\/tr>\n<tr>\n<td style=\"width: 360px;\">\n<h5>Expressi\u00f3 F\u00edsic-Art\u00edstic<\/h5>\n<\/td>\n<td style=\"width: 201px;\">\n<h5>M\u00edriam Navarro<\/h5>\n<\/td>\n<\/tr>\n<tr>\n<td style=\"width: 360px;\">\n<h5>Tecnologia<\/h5>\n<\/td>\n<td style=\"width: 201px;\">\n<h5>David Fernandez<\/h5>\n<\/td>\n<\/tr>\n<tr>\n<td style=\"width: 360px;\">\n<h5>Diversitat<\/h5>\n<\/td>\n<td style=\"width: 201px;\">\n<h5>Elena Barrios<\/h5>\n<\/td>\n<\/tr>\n<\/tbody>\n<\/table>\n<p>&nbsp;<\/p>\n<table style=\"height: 277px; width: 574px;\">\n<tbody>\n<tr>\n<td style=\"width: 566px;\" colspan=\"2\">\n<h5 style=\"text-align: center;\"><strong>COORDINACIONS DE NIVELL<\/strong><\/h5>\n<\/td>\n<\/tr>\n<tr>\n<td style=\"width: 354px;\">\n<h5>Coordinaci\u00f3 1r d\u2019ESO<\/h5>\n<\/td>\n<td style=\"width: 212px;\">\n<h5>Mia Comellas<\/h5>\n<\/td>\n<\/tr>\n<tr>\n<td style=\"width: 354px;\">\n<h5>Coordinaci\u00f3 2n d\u2019ESO<\/h5>\n<\/td>\n<td style=\"width: 212px;\">\n<h5>Mariona Girabal<\/h5>\n<\/td>\n<\/tr>\n<tr>\n<td style=\"width: 354px;\">\n<h5>Coordinaci\u00f3 3r d\u2019ESO<\/h5>\n<\/td>\n<td style=\"width: 212px;\">\n<h5>Andreu Clusella<\/h5>\n<\/td>\n<\/tr>\n<tr>\n<td style=\"width: 354px;\">\n<h5>Coordinaci\u00f3 4t d\u2019ESO<\/h5>\n<\/td>\n<td style=\"width: 212px;\">\n<h5>Silvia Careta<\/h5>\n<\/td>\n<\/tr>\n<tr>\n<td style=\"width: 354px;\">\n<h5>Coordinaci\u00f3 Batxillerat<\/h5>\n<\/td>\n<td style=\"width: 212px;\">\n<h5>C\u00e8sar Riola<\/h5>\n<\/td>\n<\/tr>\n<\/tbody>\n<\/table>\n<table style=\"width: 568px;\">\n<tbody>\n<tr style=\"height: 49px;\">\n<td style=\"width: 568px; height: 49px;\" colspan=\"2\">\n<h5 style=\"text-align: center;\"><strong>ALTRES COORDINACIONS<\/strong><\/h5>\n<\/td>\n<\/tr>\n<tr style=\"height: 31px;\">\n<td style=\"width: 355px; height: 31px;\">\n<h5>Coordinador inform\u00e0tic<\/h5>\n<\/td>\n<td style=\"width: 213px; height: 31px;\">\n<h5>Josep Busquet<\/h5>\n<\/td>\n<\/tr>\n<tr style=\"height: 31px;\">\n<td style=\"width: 355px; height: 31px;\">\n<h5>Coordinador riscos laborals<\/h5>\n<\/td>\n<td style=\"width: 213px; height: 31px;\">\n<h5>Carles Gomila<\/h5>\n<\/td>\n<\/tr>\n<tr>\n<td style=\"width: 355px;\">\n<h5>Coordinador estada a l&#8217;empresa<\/h5>\n<\/td>\n<td style=\"width: 213px;\">\n<h5>Gerard Girbau<\/h5>\n<\/td>\n<\/tr>\n<tr>\n<td style=\"width: 355px;\">\n<h5>Coordinadora ERASMUS<\/h5>\n<\/td>\n<td style=\"width: 213px;\">\n<h5>Merc\u00e8 Pedrosa\/ Adel Sayed<\/h5>\n<\/td>\n<\/tr>\n<tr>\n<td style=\"width: 355px;\">\n<h5>Coordinador LIC<\/h5>\n<\/td>\n<td style=\"width: 213px;\">\n<h5>N\u00faria Robles<\/h5>\n<\/td>\n<\/tr>\n<tr>\n<td style=\"width: 355px;\">\n<h5>Coordinadora SAE<\/h5>\n<\/td>\n<td style=\"width: 213px;\">\n<h5>N\u00faria Planas<\/h5>\n<\/td>\n<\/tr>\n<tr>\n<td style=\"width: 355px;\">\n<h5>Coordinadora COCOBE<\/h5>\n<\/td>\n<td style=\"width: 213px;\">\n<h5>Laura Viayna<\/h5>\n<\/td>\n<\/tr>\n<\/tbody>\n<\/table>\n<table style=\"width: 568px;\">\n<tbody>\n<tr>\n<td style=\"width: 562px;\" colspan=\"2\">\n<h5 style=\"text-align: center;\"><strong>PERSONAL PAS<\/strong><\/h5>\n<\/td>\n<\/tr>\n<tr>\n<td style=\"width: 138px;\">\n<h5>Administratives<\/h5>\n<\/td>\n<td style=\"width: 422px;\">\n<h5>Vanessa Colina\/Sabina Palacios<\/h5>\n<\/td>\n<\/tr>\n<tr>\n<td style=\"width: 138px;\">\n<h5>Conserges<\/h5>\n<\/td>\n<td style=\"width: 422px;\">\n<h5>Roser Ur\u00f3\/ Eli Alba<\/h5>\n<\/td>\n<\/tr>\n<tr>\n<td style=\"width: 138px;\">\n<h5>TIS<\/h5>\n<\/td>\n<td style=\"width: 422px;\">\n<h5>Olga Moya<\/h5>\n<\/td>\n<\/tr>\n<tr>\n<td style=\"width: 138px;\">\n<h5>EEE<\/h5>\n<\/td>\n<td style=\"width: 422px;\">\n<h5>Merc\u00e8 S\u00e1bado<\/h5>\n<\/td>\n<\/tr>\n<\/tbody>\n<\/table>\n<p>&nbsp;<\/p>\n","protected":false},"excerpt":{"rendered":"<p>EQUIP DIRECTIU<\/p>\n<p>Directora<\/p>\n<p>Mireia Ribas Soler<\/p>\n<p>Cap d\u2019Estudis<\/p>\n<p>Nat\u00e0lia Andreu Pueyo<\/p>\n<p>Cap d&#8217;Estudis Adjunt<\/p>\n<p>C\u00e8sar Riola Devant<\/p>\n<p>Secretari<\/p>\n<p>Josep M\u00aa Freixa Planas<\/p>\n<p>Coordinador Pedag\u00f2gica<\/p>\n<p>Txell Guillen Gaja<\/p>\n<p>&nbsp;<\/p>\n<p>CAPS DE DEPARTAMENT<\/p>\n<p>Ci\u00e8ncies Socials<\/p>\n<p>Laura Viayna<\/p>\n<p>Llengua Catalana<\/p>\n<p>N\u00faria Robles<\/p>\n<p>Llengua Castellana<\/p>\n<p>M\u00f2nica Mart\u00ednez<\/p>\n<p>Matem\u00e0tiques<\/p>\n<p>Gerard Girbau<\/p>\n<p>Lleng\u00fces Estrangeres<\/p>\n<p>Carme Ribas<\/p>\n<p>Ci\u00e8ncies Naturals<\/p>\n<p>Rosanna Vi\u00f1as<\/p>\n<p>Expressi\u00f3 F\u00edsic-Art\u00edstic<\/p>\n<p>M\u00edriam Navarro<\/p>\n<p>Tecnologia<\/p>\n<p>David Fernandez<\/p>\n<p>Diversitat<\/p>\n<p>Elena Barrios<\/p>\n<p>&nbsp;<\/p>\n<p>COORDINACIONS DE NIVELL<\/p>\n<p>Coordinaci\u00f3 1r d\u2019ESO<\/p>\n<p>Mia Comellas<\/p>\n<p>Coordinaci\u00f3 2n d\u2019ESO<\/p>\n<p>Mariona Girabal<\/p>\n<p>Coordinaci\u00f3 3r d\u2019ESO<\/p>\n<p>Andreu Clusella<\/p>\n<p>Coordinaci\u00f3&hellip;  <a href=\"https:\/\/agora.xtec.cat\/iescalgravat\/linstitut\/organigrama\/\" title=\"Read Organigrama\">Llegeix m\u00e9s\u00bb<\/a><\/p>\n","protected":false},"author":1,"featured_media":0,"parent":19,"menu_order":50,"comment_status":"closed","ping_status":"closed","template":"page-templates\/side-menu.php","meta":{"_bbp_topic_count":0,"_bbp_reply_count":0,"_bbp_total_topic_count":0,"_bbp_total_reply_count":0,"_bbp_voice_count":0,"_bbp_anonymous_reply_count":0,"_bbp_topic_count_hidden":0,"_bbp_reply_count_hidden":0,"_bbp_forum_subforum_count":0,"footnotes":""},"class_list":["post-46","page","type-page","status-publish","hentry"],"post_mailing_queue_ids":[],"_links":{"self":[{"href":"https:\/\/agora.xtec.cat\/iescalgravat\/wp-json\/wp\/v2\/pages\/46","targetHints":{"allow":["GET"]}}],"collection":[{"href":"https:\/\/agora.xtec.cat\/iescalgravat\/wp-json\/wp\/v2\/pages"}],"about":[{"href":"https:\/\/agora.xtec.cat\/iescalgravat\/wp-json\/wp\/v2\/types\/page"}],"author":[{"embeddable":true,"href":"https:\/\/agora.xtec.cat\/iescalgravat\/wp-json\/wp\/v2\/users\/1"}],"replies":[{"embeddable":true,"href":"https:\/\/agora.xtec.cat\/iescalgravat\/wp-json\/wp\/v2\/comments?post=46"}],"version-history":[{"count":7,"href":"https:\/\/agora.xtec.cat\/iescalgravat\/wp-json\/wp\/v2\/pages\/46\/revisions"}],"predecessor-version":[{"id":7372,"href":"https:\/\/agora.xtec.cat\/iescalgravat\/wp-json\/wp\/v2\/pages\/46\/revisions\/7372"}],"up":[{"embeddable":true,"href":"https:\/\/agora.xtec.cat\/iescalgravat\/wp-json\/wp\/v2\/pages\/19"}],"wp:attachment":[{"href":"https:\/\/agora.xtec.cat\/iescalgravat\/wp-json\/wp\/v2\/media?parent=46"}],"curies":[{"name":"wp","href":"https:\/\/api.w.org\/{rel}","templated":true}]}}