{"id":354,"date":"2016-02-23T19:31:40","date_gmt":"2016-02-23T18:31:40","guid":{"rendered":"http:\/\/agora.xtec.cat\/iescabanyes\/?page_id=354"},"modified":"2025-10-20T07:51:26","modified_gmt":"2025-10-20T05:51:26","slug":"equip-directiu-i-carrecs-de-coordinacio","status":"publish","type":"page","link":"https:\/\/agora.xtec.cat\/iescabanyes\/linstitut\/organigrama\/equip-directiu-i-carrecs-de-coordinacio\/","title":{"rendered":"Coordinaci\u00f3 2025-2026"},"content":{"rendered":"<table style=\"height: 1306px; width: 84.9018%;\">\n<tbody>\n<tr style=\"height: 47px;\">\n<td style=\"height: 47px; width: 62.3431%;\">COORDINACI\u00d3 1r d&#8217;ESO<\/td>\n<td style=\"height: 47px; width: 156.287%;\">Ant\u00f2nia Valle<\/td>\n<\/tr>\n<tr style=\"height: 47px;\">\n<td style=\"height: 47px; width: 62.3431%;\">COORDINACI\u00d3 2n d&#8217;ESO<\/td>\n<td style=\"height: 47px; width: 156.287%;\">Josep Duran<\/td>\n<\/tr>\n<tr style=\"height: 33px;\">\n<td style=\"width: 62.3431%; height: 33px;\">COORDINACI\u00d3 3r d&#8217;ESO<\/td>\n<td style=\"width: 156.287%; height: 33px;\">Emma Planelles<\/td>\n<\/tr>\n<tr style=\"height: 47px;\">\n<td style=\"width: 62.3431%; height: 47px;\">COORDINACI\u00d3 4t d&#8217;ESO<\/td>\n<td style=\"width: 156.287%; height: 47px;\">Teresa Barragan<\/td>\n<\/tr>\n<tr style=\"height: 32px;\">\n<td style=\"height: 32px; width: 62.3431%;\">COORDINACI\u00d3 1r de BATXILLERAT<\/td>\n<td style=\"height: 32px; width: 156.287%;\">Esther Molina<\/td>\n<\/tr>\n<tr style=\"height: 33px;\">\n<td style=\"width: 62.3431%; height: 33px;\">COORDINACI\u00d3 2n de BATXILLERAT<\/td>\n<td style=\"width: 156.287%; height: 33px;\">Teresa Guiluz<\/td>\n<\/tr>\n<tr style=\"height: 33px;\">\n<td style=\"width: 62.3431%; height: 33px;\">COORDINADORA BATXILLERAT NOCTURN<\/td>\n<td style=\"width: 156.287%; height: 33px;\">Meritxell Pi\u00f1ol<\/td>\n<\/tr>\n<tr style=\"height: 33px;\">\n<td style=\"width: 62.3431%; height: 33px;\">COORDINADORA BATXIBAC<\/td>\n<td style=\"width: 156.287%; height: 33px;\">H\u00e9l\u00e8ne Le Mauff<\/td>\n<\/tr>\n<tr style=\"height: 33px;\">\n<td style=\"width: 62.3431%; height: 33px;\">COORDINADORA FP<\/td>\n<td style=\"width: 156.287%; height: 33px;\">Josep Gonz\u00e1lez<\/td>\n<\/tr>\n<tr style=\"height: 43px;\">\n<td style=\"width: 62.3431%; height: 43px;\">COORDINADOR GUIAMN<\/td>\n<td style=\"width: 156.287%; height: 43px;\">Ivan Artigas<\/td>\n<\/tr>\n<tr style=\"height: 33px;\">\n<td style=\"width: 62.3431%; height: 33px;\">COORDINADOR ENSENYAMENTS ESPORTIUS<\/td>\n<td style=\"width: 156.287%; height: 33px;\">Enric Moya<\/td>\n<\/tr>\n<tr style=\"height: 32px;\">\n<td style=\"height: 32px; width: 62.3431%;\">CAP DEPARTAMENT LL. I L.CATALANA<\/td>\n<td style=\"height: 32px; width: 156.287%;\">Rafa Lemus<\/td>\n<\/tr>\n<tr style=\"height: 32px;\">\n<td style=\"height: 32px; width: 62.3431%;\">CAP DEPARTAMENT LL. I L. CASTELLANA<\/td>\n<td style=\"height: 32px; width: 156.287%;\">Xavi Garc\u00eda<\/td>\n<\/tr>\n<tr style=\"height: 32px;\">\n<td style=\"height: 32px; width: 62.3431%;\">CAP DEPARTAMENT MATEM\u00c0TIQUES<\/td>\n<td style=\"height: 32px; width: 156.287%;\">Francesc Banyuls<\/td>\n<\/tr>\n<tr style=\"height: 47px;\">\n<td style=\"height: 47px; width: 62.3431%;\">CAP DEPARTAMENT GEOGRAFIA I HIST\u00d2RIA<\/td>\n<td style=\"height: 47px; width: 156.287%;\">Mireia Manzanera<\/td>\n<\/tr>\n<tr style=\"height: 32px;\">\n<td style=\"height: 32px; width: 62.3431%;\">CAP DEPARTAMENT LL. ESTRANGERES<\/td>\n<td style=\"height: 32px; width: 156.287%;\">Cristina Murillo<\/td>\n<\/tr>\n<tr style=\"height: 47px;\">\n<td style=\"height: 47px; width: 62.3431%;\">CAP DEPARTAMENT BIOLOGIA I GEOLOGIA<\/td>\n<td style=\"height: 47px; width: 156.287%;\">Maria Rosa Garicano<\/td>\n<\/tr>\n<tr style=\"height: 32px;\">\n<td style=\"height: 32px; width: 62.3431%;\">CAP DEPARTAMENT TECNOLOGIA<\/td>\n<td style=\"height: 32px; width: 156.287%;\">Esther Llambrich<\/td>\n<\/tr>\n<tr style=\"height: 47px;\">\n<td style=\"height: 47px; width: 62.3431%;\">CAP DEPARTAMENT ORIENTACI\u00d3 PEDAG\u00d2GICA<\/td>\n<td style=\"height: 47px; width: 156.287%;\">N\u00faria Subir\u00e0<\/td>\n<\/tr>\n<tr style=\"height: 47px;\">\n<td style=\"height: 47px; width: 62.3431%;\">CAP DEPARTAMENT EDUCACI\u00d3 F\u00cdSICA<\/td>\n<td style=\"height: 47px; width: 156.287%;\">Juan Ram\u00f3n Mu\u00f1oz<\/td>\n<\/tr>\n<tr style=\"height: 47px;\">\n<td style=\"height: 47px; width: 62.3431%;\">CAP DEPARTAMENT CL\u00c0SSIQUES, VISUAL I PL\u00c0STICA I M\u00daSICA<\/td>\n<td style=\"height: 47px; width: 156.287%;\">Albert Andrade<\/td>\n<\/tr>\n<tr style=\"height: 47px;\">\n<td style=\"height: 47px; width: 62.3431%;\">CAP DE SEMINARI FRANC\u00c8S<\/td>\n<td style=\"height: 47px; width: 156.287%;\">H\u00e9lene Le Mauff<\/td>\n<\/tr>\n<tr style=\"height: 32px;\">\n<td style=\"height: 32px; width: 62.3431%;\">CAP DE SEMINARI F\u00cdSICA I QU\u00cdMICA<\/td>\n<td style=\"height: 32px; width: 156.287%;\">D\u00e0maso Monte<\/td>\n<\/tr>\n<tr style=\"height: 47px;\">\n<td style=\"height: 47px; width: 62.3431%;\">CAP DE SEMINARI FILOSOFIA, ECONOMIA I RELIGI\u00d3<\/td>\n<td style=\"height: 47px; width: 156.287%;\">Carles Batlle<\/td>\n<\/tr>\n<tr style=\"height: 32px;\">\n<td style=\"height: 32px; width: 62.3431%;\">COORDINACI\u00d3 TAC<\/td>\n<td style=\"height: 32px; width: 156.287%;\">Marta Ferrater<\/td>\n<\/tr>\n<tr style=\"height: 33px;\">\n<td style=\"width: 62.3431%; height: 33px;\">RESPONSABLE WEB<\/td>\n<td style=\"width: 156.287%; height: 33px;\">Emma Planelles<\/td>\n<\/tr>\n<tr style=\"height: 32px;\">\n<td style=\"height: 32px; width: 62.3431%;\">COORDINACI\u00d3 D\u2019ACTIVITATS I SERVEIS<\/td>\n<td style=\"height: 32px; width: 156.287%;\">N\u00faria Garc\u00eda<\/td>\n<\/tr>\n<tr style=\"height: 32px;\">\n<td style=\"height: 32px; width: 62.3431%;\">COORDINACI\u00d3 DE RISCOS<\/td>\n<td style=\"height: 32px; width: 156.287%;\">Judit Catal\u00e0<\/td>\n<\/tr>\n<tr style=\"height: 32px;\">\n<td style=\"height: 32px; width: 62.3431%;\">COORDINACI\u00d3 SIEI<\/td>\n<td style=\"height: 32px; width: 156.287%;\">Miriam Serrano<\/td>\n<\/tr>\n<tr style=\"height: 32px;\">\n<td style=\"height: 32px; width: 62.3431%;\">COORDINACI\u00d3 BIBLIOTECA<\/td>\n<td style=\"height: 32px; width: 156.287%;\">Eva Moya<\/td>\n<\/tr>\n<tr style=\"height: 33px;\">\n<td style=\"width: 62.3431%; height: 33px;\">COORDINACI\u00d3 LIC<\/td>\n<td style=\"width: 156.287%; height: 33px;\">Laura Cladellas<\/td>\n<\/tr>\n<tr style=\"height: 47px;\">\n<td style=\"height: 47px; width: 62.3431%;\">COORDINACI\u00d3 FP DUAL<\/td>\n<td style=\"height: 47px; width: 156.287%;\">Joan Carlos Requero<\/td>\n<\/tr>\n<tr style=\"height: 33px;\">\n<td style=\"width: 62.3431%; height: 33px;\">COORDINACI\u00d3 M\u00c0STER PROFESSORAT<\/td>\n<td style=\"width: 156.287%; height: 33px;\">Francesc Banyuls<\/td>\n<\/tr>\n<tr style=\"height: 33px;\">\n<td style=\"width: 62.3431%; height: 33px;\">COORDINACI\u00d3 DE COEDUCACI\u00d3, CONVIV\u00c8NCIA I BENESTAR DE L&#8217;ALUMNAT<\/td>\n<td style=\"width: 156.287%; height: 33px;\">Montse G\u00f3mez<\/td>\n<\/tr>\n<\/tbody>\n<\/table>\n<p>&nbsp;<\/p>\n<p>&nbsp;<\/p>\n<p>&nbsp;<\/p>\n<p>&nbsp;<\/p>\n","protected":false},"excerpt":{"rendered":"<p>COORDINACI\u00d3 1r d&#8217;ESO<br \/>\nAnt\u00f2nia Valle<\/p>\n<p>COORDINACI\u00d3 2n d&#8217;ESO<br \/>\nJosep Duran<\/p>\n<p>COORDINACI\u00d3 3r d&#8217;ESO<br \/>\nEmma Planelles<\/p>\n<p>COORDINACI\u00d3 4t d&#8217;ESO<br \/>\nTeresa Barragan<\/p>\n<p>COORDINACI\u00d3 1r de BATXILLERAT<br \/>\nEsther Molina<\/p>\n<p>COORDINACI\u00d3 2n de BATXILLERAT<br \/>\nTeresa Guiluz<\/p>\n<p>COORDINADORA BATXILLERAT NOCTURN<br \/>\nMeritxell Pi\u00f1ol<\/p>\n<p>COORDINADORA BATXIBAC<br \/>\nH\u00e9l\u00e8ne Le Mauff<\/p>\n<p>COORDINADORA FP<br \/>\nJosep Gonz\u00e1lez<\/p>\n<p>COORDINADOR GUIAMN<br \/>\nIvan Artigas<\/p>\n<p>COORDINADOR ENSENYAMENTS ESPORTIUS<br \/>\nEnric Moya<\/p>\n<p>CAP DEPARTAMENT LL. I L.CATALANA<br \/>\nRafa Lemus<\/p>\n<p>CAP DEPARTAMENT LL. I L. CASTELLANA<br \/>\nXavi Garc\u00eda<\/p>\n<p>CAP&hellip;  <a href=\"https:\/\/agora.xtec.cat\/iescabanyes\/linstitut\/organigrama\/equip-directiu-i-carrecs-de-coordinacio\/\" title=\"Read Coordinaci\u00f3 2025-2026\">Llegeix m\u00e9s\u00bb<\/a><\/p>\n","protected":false},"author":1,"featured_media":0,"parent":46,"menu_order":0,"comment_status":"closed","ping_status":"closed","template":"","meta":{"_bbp_topic_count":0,"_bbp_reply_count":0,"_bbp_total_topic_count":0,"_bbp_total_reply_count":0,"_bbp_voice_count":0,"_bbp_anonymous_reply_count":0,"_bbp_topic_count_hidden":0,"_bbp_reply_count_hidden":0,"_bbp_forum_subforum_count":0,"footnotes":""},"class_list":["post-354","page","type-page","status-publish","hentry"],"post_mailing_queue_ids":[],"_links":{"self":[{"href":"https:\/\/agora.xtec.cat\/iescabanyes\/wp-json\/wp\/v2\/pages\/354","targetHints":{"allow":["GET"]}}],"collection":[{"href":"https:\/\/agora.xtec.cat\/iescabanyes\/wp-json\/wp\/v2\/pages"}],"about":[{"href":"https:\/\/agora.xtec.cat\/iescabanyes\/wp-json\/wp\/v2\/types\/page"}],"author":[{"embeddable":true,"href":"https:\/\/agora.xtec.cat\/iescabanyes\/wp-json\/wp\/v2\/users\/1"}],"replies":[{"embeddable":true,"href":"https:\/\/agora.xtec.cat\/iescabanyes\/wp-json\/wp\/v2\/comments?post=354"}],"version-history":[{"count":7,"href":"https:\/\/agora.xtec.cat\/iescabanyes\/wp-json\/wp\/v2\/pages\/354\/revisions"}],"predecessor-version":[{"id":21812,"href":"https:\/\/agora.xtec.cat\/iescabanyes\/wp-json\/wp\/v2\/pages\/354\/revisions\/21812"}],"up":[{"embeddable":true,"href":"https:\/\/agora.xtec.cat\/iescabanyes\/wp-json\/wp\/v2\/pages\/46"}],"wp:attachment":[{"href":"https:\/\/agora.xtec.cat\/iescabanyes\/wp-json\/wp\/v2\/media?parent=354"}],"curies":[{"name":"wp","href":"https:\/\/api.w.org\/{rel}","templated":true}]}}