{"id":28335,"date":"2026-09-04T16:43:27","date_gmt":"2026-09-04T14:43:27","guid":{"rendered":"https:\/\/agora.xtec.cat\/iesanthilari\/?page_id=28335"},"modified":"2026-09-05T10:35:35","modified_gmt":"2026-09-05T08:35:35","slug":"inici-de-curs-2026-2027","status":"publish","type":"page","link":"https:\/\/agora.xtec.cat\/iesanthilari\/curs-2026-2027\/inici-de-curs-2026-2027\/","title":{"rendered":"Inici de curs 2026\/2027"},"content":{"rendered":"\n<p>Dimarts, <strong>8 de setembre<\/strong>, iniciem un nou any ple de reptes, aprenentatges i experi\u00e8ncies per compartir. Des de l&#8217;<strong>Institut Escola de Sant Hilar<\/strong>i encetem aquest curs amb molta il\u00b7lusi\u00f3 i amb el comprom\u00eds de continuar acompanyant el nostre alumnat en el seu creixement personal i acad\u00e8mic.<\/p>\n\n\n\n<p>Per tal d&#8217;iniciar el curs amb tota la documentaci\u00f3 al dia, us demanem que comproveu haver respost el formulari d&#8217;<strong>autoritzacions<\/strong> abans del primer dia de classe.<\/p>\n\n\n\n<figure class=\"wp-block-table\"><table class=\"has-fixed-layout\"><tbody><tr><td class=\"has-text-align-center\" data-align=\"center\"><a href=\"https:\/\/docs.google.com\/forms\/d\/e\/1FAIpQLSePs-JUoaW47CzdX-mVle9SfbbcIh37p92CfHDfzvjgWmAQ-g\/viewform?usp=dialog\" data-type=\"link\" data-id=\"https:\/\/docs.google.com\/forms\/d\/e\/1FAIpQLSePs-JUoaW47CzdX-mVle9SfbbcIh37p92CfHDfzvjgWmAQ-g\/viewform?usp=dialog\"><strong>AUTORITZACIONS INFANTIL<\/strong><\/a><\/td><td class=\"has-text-align-center\" data-align=\"center\"><strong><a href=\"https:\/\/docs.google.com\/forms\/d\/e\/1FAIpQLSejcPx8LNYhwLJ0pQ8STH6YN-mLh0Cr6boIJOIvf5BfZc7g4w\/viewform?usp=dialog\" data-type=\"link\" data-id=\"https:\/\/docs.google.com\/forms\/d\/e\/1FAIpQLSejcPx8LNYhwLJ0pQ8STH6YN-mLh0Cr6boIJOIvf5BfZc7g4w\/viewform?usp=dialog\">AUTORITZACIONS PRIM\u00c0RIA<\/a><\/strong><\/td><td class=\"has-text-align-center\" data-align=\"center\"><strong><a href=\"https:\/\/docs.google.com\/forms\/d\/e\/1FAIpQLSckk7fA5fcuewUrjExO2x-ySWoZ-pivYwSFMfFC-fdghT0WbQ\/viewform?usp=dialog\" data-type=\"link\" data-id=\"https:\/\/docs.google.com\/forms\/d\/e\/1FAIpQLSckk7fA5fcuewUrjExO2x-ySWoZ-pivYwSFMfFC-fdghT0WbQ\/viewform?usp=dialog\">AUTORITZACIONS ESO<\/a><\/strong><\/td><td class=\"has-text-align-center\" data-align=\"center\"><strong><a href=\"https:\/\/docs.google.com\/forms\/d\/e\/1FAIpQLScLtvYJBA6nqrX6W-Mkdk3rxmtIoYsr6gea8SkO0H_WophzJQ\/viewform?usp=dialog\" data-type=\"link\" data-id=\"https:\/\/docs.google.com\/forms\/d\/e\/1FAIpQLScLtvYJBA6nqrX6W-Mkdk3rxmtIoYsr6gea8SkO0H_WophzJQ\/viewform?usp=dialog\">AUTORITZACIONS BATXILLERAT<\/a><\/strong><\/td><\/tr><\/tbody><\/table><\/figure>\n\n\n\n<p>Tamb\u00e9 \u00e9s important que comproveu que teniu tots els <a href=\"https:\/\/agora.xtec.cat\/iesanthilari\/curs-2026-2027\/llistats-llibres-i-materials-26-27\/\" target=\"_blank\" rel=\"noreferrer noopener\"><strong>llibres i el material<\/strong><\/a> a punt per a l&#8217;inici de curs.<\/p>\n\n\n\n<h2 class=\"wp-block-heading has-text-align-left\">Informacions del primer dia de curs<\/h2>\n\n\n\n<h3 class=\"wp-block-heading\">SERVEI DE MENJADOR<\/h3>\n\n\n\n<p>El primer dia de curs ja hi haur\u00e0 <strong>servei de menjador disponible<\/strong> per a tot l&#8217;alumnat que en fa \u00fas habitualment o que en sigui usuari.<\/p>\n\n\n\n<p>L&#8217;empresa que gestionar\u00e0 el menjador seguir\u00e0 essent AlimentArt. Per tant, l&#8217;aplicaci\u00f3 i la forma de gesti\u00f3 ser\u00e0 la mateixa que el curs anterior.<\/p>\n\n\n\n<p>Els nous usuaris trobareu tota la informaci\u00f3 referent al menjador fent clic <a href=\"https:\/\/agora.xtec.cat\/iesanthilari\/serveis\/menjador-escolar\/\" target=\"_blank\" rel=\"noreferrer noopener\"><strong>aqu\u00ed<\/strong><\/a>. Tamb\u00e9 hi trobareu el tel\u00e8fon i el correu electr\u00f2nic de contacte.<\/p>\n\n\n\n<p>*L&#8217;alumnat d&#8217;I3 que utilitzi el servei i necessiti fer migdiada haur\u00e0 de portar llen\u00e7ols. Cada divendres seran retornats per a poder rentar-los a casa.<\/p>\n\n\n\n<h3 class=\"wp-block-heading\">INFANTIL<\/h3>\n\n\n\n<p>El primer dia ja se seguir\u00e0 l&#8217;horari habitual: <strong>de 9 a 12:30 h i de 14:30 a 16 h.<\/strong> <\/p>\n\n\n\n<p>*Pel que fa a <strong>l&#8217;alumnat d&#8217;I3<\/strong>, es pot reduir l\u2019horari inicial i anar-lo augmentant progressivament en funci\u00f3 de l\u2019adaptaci\u00f3 de l&#8217;infant durant els primers dies de setembre.<\/p>\n\n\n\n<p>L&#8217;alumnat entrar\u00e0 al centre de la mateixa manera que ho far\u00e0 la resta del curs, per la porta de la seva aula a les <strong>9 h <\/strong>del mat\u00ed.<\/p>\n\n\n\n<p>Aprofitem per recordar el funcionament diari de l&#8217;etapa:<\/p>\n\n\n\n<ul class=\"wp-block-list\">\n<li>L&#8217;alumnat ha de portar la bata marcada amb el nom i una beta llarga per penjar-la. Cal portar-la posada de casa i se l\u2019emporten a casa cada dia.<\/li>\n\n\n\n<li>Han de portar una ampolla reutilitzable plena marcada amb el nom,  que s&#8217;emportaran di\u00e0riament a casa per reomplir.<\/li>\n\n\n\n<li>Recomanem que els esmorzars siguin saludables. Cal posar-lo dins una bossa de roba amb el nom i utilitzar carmanyola.<\/li>\n\n\n\n<li>La roba d&#8217;abrigar haur\u00e0 de portar una goma el\u00e0stica per penjar-la al penjador.<\/li>\n\n\n\n<li>El divendres, l&#8217;alumnat ha de dur l&#8217;equipatge de l&#8217;escola posat i sabatilles esportives amb velcro<\/li>\n\n\n\n<li>La motxilla:\n<ul class=\"wp-block-list\">\n<li>L&#8217;alumnat d&#8217;I3 ha de portar una motxilla adequada per l\u2019edat i sense rodes.<\/li>\n\n\n\n<li>L&#8217;alumnat d&#8217;I4 i I5 ha de portar una motxilla on hi pugui cabre una carpeta, mida A4, adequada a l\u2019edat i sense rodes.<\/li>\n<\/ul>\n<\/li>\n\n\n\n<li>Tot ha d&#8217;anar marcat amb el seu nom.<\/li>\n<\/ul>\n\n\n\n<h3 class=\"wp-block-heading\">PRIM\u00c0RIA<\/h3>\n\n\n\n<p>El primer dia ja se seguir\u00e0 l&#8217;horari habitual: <strong>de 9 a 12:30 h i de 14:30 a 16 h. <\/strong>Cap grup far\u00e0 educaci\u00f3 f\u00edsica. Per tant, el primer dia tot l&#8217;alumnat ha de venir i ser recollit a l&#8217;edifici de prim\u00e0ria.<\/p>\n\n\n\n<p>Aprofitem per recordar el funcionament diari de l&#8217;etapa:<\/p>\n\n\n\n<ul class=\"wp-block-list\">\n<li>La porta de l\u2019escola s\u2019obrir\u00e0 a les <strong>8:55<\/strong> i a les <strong>14:25<\/strong> <strong>h<\/strong>. Es recomana ser puntual.<\/li>\n\n\n\n<li>Les sortides seran a les <strong>12:30<\/strong> i a les <strong>16:00 h<\/strong>. Es demana puntualitat a la recollida. En cas de no ser aix\u00ed, l\u2019alumne\/a esperar\u00e0 per ser recollit a consergeria.\n<ul class=\"wp-block-list\">\n<li>En cas de pluja en el moment de la recollida, les fam\u00edlies de P1 i P2 entraran al pati per esperar a l\u2019alumnat.<\/li>\n<\/ul>\n<\/li>\n\n\n\n<li>Es recomana portar un paraigua petit a la motxilla sempre.<\/li>\n\n\n\n<li>Tot ha d&#8217;anar marcat amb el nom de l&#8217;alumne\/a.<\/li>\n\n\n\n<li>Educaci\u00f3 f\u00edsica:\n<ul class=\"wp-block-list\">\n<li>El dia que l&#8217;alumnat t\u00e9 educaci\u00f3 f\u00edsica cal portar el xandall del centre posat de casa.<\/li>\n\n\n\n<li>Tamb\u00e9 cal portar una motxilla amb vambes per canviar-se i poder fer l\u2019activitat, paraigua plegable i una ampolla d&#8217;aigua.<\/li>\n\n\n\n<li>No cal portar estris de dutxa. Aquest curs, cap grup es dutxar\u00e0.<\/li>\n\n\n\n<li>La recollida ser\u00e0 al CEM, per la porta de la piscina coberta. Demanem puntualitat.<\/li>\n<\/ul>\n<\/li>\n<\/ul>\n\n\n\n<h3 class=\"wp-block-heading\">SECUND\u00c0RIA<\/h3>\n\n\n\n<p>El primer dia ja se seguir\u00e0 l&#8217;horari habitual: de 8 a 12.20 h i de 13.45 h a 15.45 h per ESO i de 8 a 14.45 per Batxillerat.  L&#8217;acollida de l&#8217;alumnat es portar\u00e0 a terme al gimn\u00e0s de l&#8217;edifici de secund\u00e0ria en l&#8217;horari seg\u00fcent.<\/p>\n\n\n\n<ul class=\"wp-block-list\">\n<li><strong>08:00 h:<\/strong> 1r i 2n d&#8217;ESO<\/li>\n\n\n\n<li><strong>08:30 h:<\/strong> 3r i 4t d&#8217;ESO<\/li>\n\n\n\n<li><strong>09:00 h:<\/strong> 1r i 2n de Batxillerat<\/li>\n<\/ul>\n\n\n\n<p>Posteriorment, els tutors es presentaran i us separarem per grups per dirigir-vos a l&#8217;aula, on us donaran les informacions m\u00e9s importants per comen\u00e7ar el curs. Un cop finalitzada la trobada d&#8217;acollida amb el tutor o tutora, s&#8217;iniciaran les <strong>classes lectives<\/strong>:<\/p>\n\n\n\n<ul class=\"wp-block-list\">\n<li><strong>Batxillerat:<\/strong> Les classes ordin\u00e0ries comen\u00e7aran despr\u00e9s del segon pati, a les 12.45 h.<\/li>\n\n\n\n<li><strong>ESO:<\/strong> Les classes ordin\u00e0ries comen\u00e7aran despr\u00e9s de dinar, a les 13.45 h.\n<ul class=\"wp-block-list\">\n<li>Hi ha un grup d&#8217;ESO1 que far\u00e0 Educaci\u00f3 F\u00edsica. \u00c9s recomanable que portin roba esportiva.<\/li>\n<\/ul>\n<\/li>\n<\/ul>\n\n\n\n<hr class=\"wp-block-separator has-alpha-channel-opacity\"\/>\n\n\n\n<p>Recordeu consultar peri\u00f2dicament el web per estar al dia del calendari escolar, horaris generals i notificacions del centre.<\/p>\n\n\n\n<p><strong>Us desitgem un molt bon inici de curs!<\/strong><\/p>\n","protected":false},"excerpt":{"rendered":"<p>Dimarts, 8 de setembre, iniciem un nou any ple de reptes, aprenentatges i experi\u00e8ncies per compartir. Des de l&#8217;Institut Escola de Sant Hilari encetem aquest curs amb molta il\u00b7lusi\u00f3 i amb el comprom\u00eds de continuar acompanyant el nostre alumnat en el seu creixement personal i acad\u00e8mic. Per tal d&#8217;iniciar el curs amb tota la documentaci\u00f3 [&hellip;]<\/p>\n","protected":false},"author":1,"featured_media":0,"parent":27183,"menu_order":0,"comment_status":"closed","ping_status":"close","template":"","meta":{"_bbp_topic_count":0,"_bbp_reply_count":0,"_bbp_total_topic_count":0,"_bbp_total_reply_count":0,"_bbp_voice_count":0,"_bbp_anonymous_reply_count":0,"_bbp_topic_count_hidden":0,"_bbp_reply_count_hidden":0,"_bbp_forum_subforum_count":0,"site-sidebar-layout":"default","site-content-layout":"","ast-site-content-layout":"default","site-content-style":"default","site-sidebar-style":"default","ast-global-header-display":"","ast-banner-title-visibility":"","ast-main-header-display":"","ast-hfb-above-header-display":"","ast-hfb-below-header-display":"","ast-hfb-mobile-header-display":"","site-post-title":"","ast-breadcrumbs-content":"","ast-featured-img":"","footer-sml-layout":"","theme-transparent-header-meta":"","adv-header-id-meta":"","stick-header-meta":"","header-above-stick-meta":"","header-main-stick-meta":"","header-below-stick-meta":"","astra-migrate-meta-layouts":"set","ast-page-background-enabled":"default","ast-page-background-meta":{"desktop":{"background-color":"var(--ast-global-color-4)","background-image":"","background-repeat":"repeat","background-position":"center center","background-size":"auto","background-attachment":"scroll","background-type":"","background-media":"","overlay-type":"","overlay-color":"","overlay-opacity":"","overlay-gradient":""},"tablet":{"background-color":"","background-image":"","background-repeat":"repeat","background-position":"center center","background-size":"auto","background-attachment":"scroll","background-type":"","background-media":"","overlay-type":"","overlay-color":"","overlay-opacity":"","overlay-gradient":""},"mobile":{"background-color":"","background-image":"","background-repeat":"repeat","background-position":"center center","background-size":"auto","background-attachment":"scroll","background-type":"","background-media":"","overlay-type":"","overlay-color":"","overlay-opacity":"","overlay-gradient":""}},"ast-content-background-meta":{"desktop":{"background-color":"var(--ast-global-color-5)","background-image":"","background-repeat":"repeat","background-position":"center center","background-size":"auto","background-attachment":"scroll","background-type":"","background-media":"","overlay-type":"","overlay-color":"","overlay-opacity":"","overlay-gradient":""},"tablet":{"background-color":"var(--ast-global-color-5)","background-image":"","background-repeat":"repeat","background-position":"center center","background-size":"auto","background-attachment":"scroll","background-type":"","background-media":"","overlay-type":"","overlay-color":"","overlay-opacity":"","overlay-gradient":""},"mobile":{"background-color":"var(--ast-global-color-5)","background-image":"","background-repeat":"repeat","background-position":"center center","background-size":"auto","background-attachment":"scroll","background-type":"","background-media":"","overlay-type":"","overlay-color":"","overlay-opacity":"","overlay-gradient":""}},"footnotes":""},"class_list":["post-28335","page","type-page","status-publish","hentry"],"post_mailing_queue_ids":[],"_links":{"self":[{"href":"https:\/\/agora.xtec.cat\/iesanthilari\/wp-json\/wp\/v2\/pages\/28335","targetHints":{"allow":["GET"]}}],"collection":[{"href":"https:\/\/agora.xtec.cat\/iesanthilari\/wp-json\/wp\/v2\/pages"}],"about":[{"href":"https:\/\/agora.xtec.cat\/iesanthilari\/wp-json\/wp\/v2\/types\/page"}],"author":[{"embeddable":true,"href":"https:\/\/agora.xtec.cat\/iesanthilari\/wp-json\/wp\/v2\/users\/1"}],"replies":[{"embeddable":true,"href":"https:\/\/agora.xtec.cat\/iesanthilari\/wp-json\/wp\/v2\/comments?post=28335"}],"version-history":[{"count":6,"href":"https:\/\/agora.xtec.cat\/iesanthilari\/wp-json\/wp\/v2\/pages\/28335\/revisions"}],"predecessor-version":[{"id":28359,"href":"https:\/\/agora.xtec.cat\/iesanthilari\/wp-json\/wp\/v2\/pages\/28335\/revisions\/28359"}],"up":[{"embeddable":true,"href":"https:\/\/agora.xtec.cat\/iesanthilari\/wp-json\/wp\/v2\/pages\/27183"}],"wp:attachment":[{"href":"https:\/\/agora.xtec.cat\/iesanthilari\/wp-json\/wp\/v2\/media?parent=28335"}],"curies":[{"name":"wp","href":"https:\/\/api.w.org\/{rel}","templated":true}]}}