{"id":5568,"date":"2025-06-15T10:24:21","date_gmt":"2025-06-15T08:24:21","guid":{"rendered":"https:\/\/agora.xtec.cat\/iesalmenar\/?page_id=5568"},"modified":"2025-07-18T12:37:25","modified_gmt":"2025-07-18T10:37:25","slug":"matricula-25-26","status":"publish","type":"page","link":"https:\/\/agora.xtec.cat\/iesalmenar\/matricula-25-26\/","title":{"rendered":"Matr\u00edcula curs 25\/26"},"content":{"rendered":"<h3><strong>ESO:<\/strong><\/h3>\n<p><strong><span style=\"color: #000000;\">1r ESO: del 25 de juny al 3 de juliol de 2025<\/span><\/strong><\/p>\n<p><a href=\"https:\/\/forms.gle\/emEAr26mkY6cU7xe6\" target=\"_blank\" rel=\"noopener\">Formulari de dades generals<\/a><\/p>\n<p><a href=\"https:\/\/drive.google.com\/file\/d\/1m2otr2aIQLuy8_aZ_MfOXQXELH0LSC--\/view?usp=sharing\" target=\"_blank\" rel=\"noopener\">Documentaci\u00f3 1r d&#8217;ESO<\/a><\/p>\n<p><a href=\"https:\/\/drive.google.com\/file\/d\/126UdOiIW08CMMDMCQEdI1fAOZQqGt6RS\/view?usp=sharing\" target=\"_blank\" rel=\"noopener\">Autoritzaci\u00f3 d\u2019\u00fas d&#8217;imatges d\u2019alumnes menors d&#8217;edat<\/a><\/p>\n<p><a href=\"https:\/\/insalmenar.gescola.com\/pagosonline\/pagoscentro\" target=\"_blank\" rel=\"noopener\">Pagament material escolar 1r d&#8217;ESO<\/a><\/p>\n<p><a href=\"https:\/\/agora.xtec.cat\/iesalmenar\/transport\/\" target=\"_blank\" rel=\"noopener\">Transport escolar<\/a><\/p>\n<p>&nbsp;<\/p>\n<p><strong>2n, 3r i 4t d&#8217;ESO: del 16 al 20 de juny de 2025<\/strong><\/p>\n<p><a href=\"https:\/\/drive.google.com\/file\/d\/1luFps8EJ8iBUxzrOHY3Guhd_l62kdS9n\/view?usp=sharing\" target=\"_blank\" rel=\"noopener\">Documentaci\u00f3 2n d&#8217;ESO<\/a><\/p>\n<p><a href=\"https:\/\/drive.google.com\/file\/d\/1gcMYWtdbh5gmYX3QCcwLnzCKl4gMswXw\/view?usp=sharing\" target=\"_blank\" rel=\"noopener\">Documentaci\u00f3 3r d&#8217;ESO<\/a><\/p>\n<p><a href=\"https:\/\/drive.google.com\/file\/d\/1o5U1jqCvT0xC34f3g74BImNPt8vXnqqo\/view?usp=sharing\" target=\"_blank\" rel=\"noopener\">Documentaci\u00f3 4t d&#8217;ESO<\/a><\/p>\n<p><a href=\"https:\/\/agora.xtec.cat\/iesalmenar\/transport\/\" target=\"_blank\" rel=\"noopener\">Transport escolar<\/a><\/p>\n<p>&nbsp;<\/p>\n<h3><strong>Batxillerat<\/strong><\/h3>\n<p>Del 20 al 30 de juny de 2025<\/p>\n<p><a href=\"https:\/\/drive.google.com\/file\/d\/1-Rbd582g3Z_SGhE70Twq6yz9wsSW00d-\/view?usp=sharing\" target=\"_blank\" rel=\"noopener\">Documentaci\u00f3 1r de batxillerat<\/a><\/p>\n<p><a href=\"https:\/\/drive.google.com\/file\/d\/1nHlLkzyS7j5RlttfbB58BXwwTXYp90dL\/view?usp=sharing\" target=\"_blank\" rel=\"noopener\">Documentaci\u00f3 2n de batxillerat<\/a><\/p>\n<p>&nbsp;<\/p>\n<h3><strong>Cicle formatiu de Grau B\u00e0sic<\/strong><\/h3>\n<p>Del 16 al 20 de juny de 2025<\/p>\n<p><a href=\"https:\/\/drive.google.com\/file\/d\/1Ec-liy5JDm2Id13w2lkvuWWT6B11OSFw\/view?usp=sharing\" target=\"_blank\" rel=\"noopener\">Documentaci\u00f3 1r Grau B\u00e0sic<\/a><\/p>\n<p><a href=\"https:\/\/drive.google.com\/file\/d\/1WqaF896Ip-VoWy6AAD9YuKEsGlqPnPro\/view?usp=sharing\" target=\"_blank\" rel=\"noopener\">Documentaci\u00f3 2n Grau B\u00e0sic<\/a><\/p>\n<p>&nbsp;<\/p>\n<h3><strong>Cicle Formatiu de Grau Mitj\u00e0<\/strong><\/h3>\n<p><strong>1r de CFGM<\/strong><\/p>\n<p>Acceptaci\u00f3 de la pla\u00e7a a l&#8217;aplicatiu de la preinscripci\u00f3 del 11 al 14 de juliol<\/p>\n<p>Matr\u00edculaci\u00f3 1a tanda del 11 al 23 de juliol de 2025<\/p>\n<p>Matr\u00edculaci\u00f3 2a tanda del 21 al 23 de juliol de 2025. El 21 i 22 de juliol de 2025, ambd\u00f3s inclosos: per\u00edode de confirmaci\u00f3 de la matr\u00edcula en l\u00ednia per als alumnes que heu obtingut pla\u00e7a en la segona tanda d&#8217;assignaci\u00f3.<\/p>\n<p><a href=\"https:\/\/drive.google.com\/file\/d\/1lJ1di_WxpNi8N7eTb3ODixwzm4_GGLxy\/view?usp=sharing\" target=\"_blank\" rel=\"noopener\">Documentaci\u00f3 1r de CFGM<\/a><\/p>\n<p><strong>Documentaci\u00f3 que ha d&#8217;aportar l&#8217;alumnat que no ha cursat l&#8217;ESO a l&#8217;Institut d&#8217;Almenar<\/strong><\/p>\n<p>&#8211; Resguard del t\u00edtol GESO<\/p>\n<p>&#8211; Butllet\u00ed final de notes de 4t d&#8217;ESO<\/p>\n<p>&#8211; Informe de compet\u00e8ncies b\u00e0siques de 4t d&#8217;ESO<\/p>\n<p>&#8211; Consell orientador<\/p>\n<p>&nbsp;<\/p>\n<p><strong>2n de CFGM del 4 de juliol al 10 de juliol<\/strong><\/p>\n<p><a href=\"https:\/\/drive.google.com\/file\/d\/1fXEtDtF6CKy7rzciRG2iz4nUmzDr-EBF\/view?usp=sharing\" target=\"_blank\" rel=\"noopener\">Documentaci\u00f3 2n CFGM<\/a><\/p>\n<p>&nbsp;<\/p>\n","protected":false},"excerpt":{"rendered":"<p>ESO:<br \/>\n1r ESO: del 25 de juny al 3 de juliol de 2025<br \/>\n<a href=\"https:\/\/forms.gle\/emEAr26mkY6cU7xe6\" target=\"_blank\" rel=\"noopener\">Formulari de dades generals<\/a><br \/>\n<a href=\"https:\/\/drive.google.com\/file\/d\/1m2otr2aIQLuy8_aZ_MfOXQXELH0LSC--\/view?usp=sharing\" target=\"_blank\" rel=\"noopener\">Documentaci\u00f3 1r d&#8217;ESO<\/a><br \/>\n<a href=\"https:\/\/drive.google.com\/file\/d\/126UdOiIW08CMMDMCQEdI1fAOZQqGt6RS\/view?usp=sharing\" target=\"_blank\" rel=\"noopener\">Autoritzaci\u00f3 d\u2019\u00fas d&#8217;imatges d\u2019alumnes menors d&#8217;edat<\/a><br \/>\n<a href=\"https:\/\/insalmenar.gescola.com\/pagosonline\/pagoscentro\" target=\"_blank\" rel=\"noopener\">Pagament material escolar 1r d&#8217;ESO<\/a><br \/>\n<a href=\"https:\/\/agora.xtec.cat\/iesalmenar\/transport\/\" target=\"_blank\" rel=\"noopener\">Transport escolar<\/a><br \/>\n&nbsp;<br \/>\n2n, 3r i 4t&hellip;  <a href=\"https:\/\/agora.xtec.cat\/iesalmenar\/matricula-25-26\/\" title=\"Read Matr\u00edcula curs 25\/26\">Llegeix m\u00e9s\u00bb<\/a><\/p>\n","protected":false},"author":1,"featured_media":0,"parent":0,"menu_order":0,"comment_status":"closed","ping_status":"closed","template":"","meta":{"_bbp_topic_count":0,"_bbp_reply_count":0,"_bbp_total_topic_count":0,"_bbp_total_reply_count":0,"_bbp_voice_count":0,"_bbp_anonymous_reply_count":0,"_bbp_topic_count_hidden":0,"_bbp_reply_count_hidden":0,"_bbp_forum_subforum_count":0,"footnotes":""},"class_list":["post-5568","page","type-page","status-publish","hentry"],"post_mailing_queue_ids":[],"_links":{"self":[{"href":"https:\/\/agora.xtec.cat\/iesalmenar\/wp-json\/wp\/v2\/pages\/5568","targetHints":{"allow":["GET"]}}],"collection":[{"href":"https:\/\/agora.xtec.cat\/iesalmenar\/wp-json\/wp\/v2\/pages"}],"about":[{"href":"https:\/\/agora.xtec.cat\/iesalmenar\/wp-json\/wp\/v2\/types\/page"}],"author":[{"embeddable":true,"href":"https:\/\/agora.xtec.cat\/iesalmenar\/wp-json\/wp\/v2\/users\/1"}],"replies":[{"embeddable":true,"href":"https:\/\/agora.xtec.cat\/iesalmenar\/wp-json\/wp\/v2\/comments?post=5568"}],"version-history":[{"count":6,"href":"https:\/\/agora.xtec.cat\/iesalmenar\/wp-json\/wp\/v2\/pages\/5568\/revisions"}],"predecessor-version":[{"id":5657,"href":"https:\/\/agora.xtec.cat\/iesalmenar\/wp-json\/wp\/v2\/pages\/5568\/revisions\/5657"}],"wp:attachment":[{"href":"https:\/\/agora.xtec.cat\/iesalmenar\/wp-json\/wp\/v2\/media?parent=5568"}],"curies":[{"name":"wp","href":"https:\/\/api.w.org\/{rel}","templated":true}]}}