{"id":4388,"date":"2024-02-01T12:29:30","date_gmt":"2024-02-01T11:29:30","guid":{"rendered":"https:\/\/agora.xtec.cat\/iesalmenar\/?page_id=4388"},"modified":"2024-06-12T12:45:59","modified_gmt":"2024-06-12T10:45:59","slug":"projecte-europeu-erasmu-i-etwinning","status":"publish","type":"page","link":"https:\/\/agora.xtec.cat\/iesalmenar\/projecte-europeu-erasmu-i-etwinning\/","title":{"rendered":"Projecte Europeu Erasmus+ i Etwinning"},"content":{"rendered":"<p><b>PROJECTE EUROPEU ERASMUS+ I ETWINNING (Curs 2023\/24)<\/b><\/p>\n<p style=\"text-align: justify;\"><span style=\"font-weight: 400;\">Aquest curs escolar, les docents L\u00eddia Dolcet i Pilar Torrent (del Departament de Llengua castellana i cl\u00e0ssiques) han iniciat un projecte entre instituts (LeParaclet d\u2019Amiens &#8211; <\/span><span style=\"font-weight: 400;\">https:\/\/www.formation metier-agricole.com\/<\/span><span style=\"font-weight: 400;\">&#8211; i Ernst-kalkuhl-internat de Bonn &#8211;<\/span><span style=\"font-weight: 400;\">http:\/\/ernst kalkuhl-internat.de\/wp-<\/span><span style=\"font-weight: 400;\">) membres de la <\/span><b>Comunitat Europea<\/b><span style=\"font-weight: 400;\">. Aquest projecte, anomenat <\/span><i><span style=\"font-weight: 400;\">European citizens of the 21st century, e<\/span><\/i><span style=\"font-weight: 400;\">st\u00e0 vinculat a la plataforma europea <\/span><b>Etwinning <\/b><span style=\"font-weight: 400;\">(<\/span><span style=\"font-weight: 400;\">https:\/\/etwinning.es<\/span><span style=\"font-weight: 400;\">) i al programa de la UE <\/span><b><i>Erasmus <\/i><\/b><b>+, <\/b><span style=\"font-weight: 400;\">organitzaci\u00f3 que recolza l\u2019educaci\u00f3, la formaci\u00f3, la joventut i l\u2019esport a Europa.\u00a0\u00a0<\/span><\/p>\n<p style=\"text-align: justify;\"><span style=\"font-weight: 400;\">Es tracta d\u2019un projecte que es desenvolupa en l\u2019Optativa de 4t d\u2019ESO que duu el mateix nom, i \u00e9s seguit per 19 joves.\u00a0<\/span><\/p>\n<p style=\"text-align: justify;\"><span style=\"font-weight: 400;\">Emprant totes les eines possibles, compartim experi\u00e8ncies amb alumnes de diferents cultures europees tot treballant diversos <\/span><b>ODS.\u00a0 <\/b><span style=\"font-weight: 400;\">Aix\u00ed, l\u2019alumnat apr\u00e8n a participar no nom\u00e9s en una Uni\u00f3 Europea m\u00e9s interconnectada, sin\u00f3 tamb\u00e9 a apreciar i beneficiar-se de les\u00a0<\/span><span style=\"font-weight: 400;\">difer\u00e8ncies culturals, desenvolupant una compet\u00e8ncia global i intercultural.\u00a0<\/span><\/p>\n<p style=\"text-align: justify;\"><span style=\"font-weight: 400;\">Els objectius principals s\u00f3n:\u00a0<\/span><\/p>\n<p style=\"text-align: justify;\"><span style=\"font-weight: 400;\">-Conduir els\/les alumnes a la identificaci\u00f3 de la diversitat ling\u00fc\u00edstica europea i a ser conscients de la import\u00e0ncia d\u2019aprendre idiomes, afavorint aix\u00ed la compet\u00e8ncia pluriling\u00fce.\u00a0<\/span><\/p>\n<p style=\"text-align: justify;\"><span style=\"font-weight: 400;\">-Fomentar la conscienciaci\u00f3 i el respecte del patrimoni cultural i dels seus valors, esdevenint ciutadans socials i actius de l\u2019Europa del segle XXI.\u00a0<\/span><\/p>\n<p style=\"text-align: justify;\"><span style=\"font-weight: 400;\">-Desenvolupar el coneixement de semblances i difer\u00e8ncies entre nacions afavorint l\u2019enriquiment social i personal.\u00a0<\/span><\/p>\n<p style=\"text-align: justify;\"><span style=\"font-weight: 400;\">-Contrastar diferents realitats del m\u00f3n, con\u00e8ixer altres sistemes de comunicaci\u00f3, prendre consci\u00e8ncia del m\u00f3n on vivim. -Adquirir o aprofundir en les compet\u00e8ncies digitals (gesti\u00f3 de la informaci\u00f3, comunicaci\u00f3 digital i treball cooperatiu en xarxa).\u00a0<\/span><\/p>\n<p style=\"text-align: justify;\"><span style=\"font-weight: 400;\">Totes les activitats s\u00f3n dissenyades i consensuades amb les nostres col\u00b7laboradores europees en reunions peri\u00f2diques setmanals telem\u00e0tiques.\u00a0<\/span><\/p>\n<p style=\"text-align: justify;\"><span style=\"font-weight: 400;\">L\u2019activitat final (i una de les m\u00e9s motivadores per l\u2019alumnat) \u00e9s l\u2019intercanvi: visitarem Bonn del 4 al 12 de mar\u00e7; i els nostres companys alemanys vindran a l\u2019abril (del 9 al 15). Pel que fa a l\u2019intercanvi amb Fran\u00e7a, tindr\u00e0 lloc el curs vinent.<\/span><\/p>\n","protected":false},"excerpt":{"rendered":"<p>PROJECTE EUROPEU ERASMUS+ I ETWINNING (Curs 2023\/24)<br \/>\nAquest curs escolar, les docents L\u00eddia Dolcet i Pilar Torrent (del Departament de Llengua castellana i cl\u00e0ssiques) han iniciat un projecte entre instituts (LeParaclet d\u2019Amiens &#8211; https:\/\/www.formation metier-agricole.com\/&#8211; i Ernst-kalkuhl-internat de Bonn &#8211;http:\/\/ernst kalkuhl-internat.de\/wp-) membres de la Comunitat Europea.&hellip;  <a href=\"https:\/\/agora.xtec.cat\/iesalmenar\/projecte-europeu-erasmu-i-etwinning\/\" title=\"Read Projecte Europeu Erasmus+ i Etwinning\">Llegeix m\u00e9s\u00bb<\/a><\/p>\n","protected":false},"author":1,"featured_media":0,"parent":0,"menu_order":0,"comment_status":"closed","ping_status":"closed","template":"","meta":{"_bbp_topic_count":0,"_bbp_reply_count":0,"_bbp_total_topic_count":0,"_bbp_total_reply_count":0,"_bbp_voice_count":0,"_bbp_anonymous_reply_count":0,"_bbp_topic_count_hidden":0,"_bbp_reply_count_hidden":0,"_bbp_forum_subforum_count":0,"footnotes":""},"class_list":["post-4388","page","type-page","status-publish","hentry"],"post_mailing_queue_ids":[],"_links":{"self":[{"href":"https:\/\/agora.xtec.cat\/iesalmenar\/wp-json\/wp\/v2\/pages\/4388","targetHints":{"allow":["GET"]}}],"collection":[{"href":"https:\/\/agora.xtec.cat\/iesalmenar\/wp-json\/wp\/v2\/pages"}],"about":[{"href":"https:\/\/agora.xtec.cat\/iesalmenar\/wp-json\/wp\/v2\/types\/page"}],"author":[{"embeddable":true,"href":"https:\/\/agora.xtec.cat\/iesalmenar\/wp-json\/wp\/v2\/users\/1"}],"replies":[{"embeddable":true,"href":"https:\/\/agora.xtec.cat\/iesalmenar\/wp-json\/wp\/v2\/comments?post=4388"}],"version-history":[{"count":4,"href":"https:\/\/agora.xtec.cat\/iesalmenar\/wp-json\/wp\/v2\/pages\/4388\/revisions"}],"predecessor-version":[{"id":5029,"href":"https:\/\/agora.xtec.cat\/iesalmenar\/wp-json\/wp\/v2\/pages\/4388\/revisions\/5029"}],"wp:attachment":[{"href":"https:\/\/agora.xtec.cat\/iesalmenar\/wp-json\/wp\/v2\/media?parent=4388"}],"curies":[{"name":"wp","href":"https:\/\/api.w.org\/{rel}","templated":true}]}}