{"id":4381,"date":"2024-02-01T12:21:24","date_gmt":"2024-02-01T11:21:24","guid":{"rendered":"https:\/\/agora.xtec.cat\/iesalmenar\/?page_id=4381"},"modified":"2024-02-01T12:23:16","modified_gmt":"2024-02-01T11:23:16","slug":"salut-i-escola","status":"publish","type":"page","link":"https:\/\/agora.xtec.cat\/iesalmenar\/salut-i-escola\/","title":{"rendered":"Salut i Escola"},"content":{"rendered":"<p>&nbsp;<\/p>\n<p><img loading=\"lazy\" decoding=\"async\" class=\"attachment-rara-academic-pro-without-sidebar  wp-post-image alignleft\" src=\"https:\/\/insalmenar.cat\/wp-content\/uploads\/2022\/02\/logo-consultaOberta.png\" sizes=\"auto, (max-width: 375px) 100vw, 375px\" srcset=\"https:\/\/insalmenar.cat\/wp-content\/uploads\/2022\/02\/logo-consultaOberta.png 375w, https:\/\/insalmenar.cat\/wp-content\/uploads\/2022\/02\/logo-consultaOberta-300x300.png 300w, https:\/\/insalmenar.cat\/wp-content\/uploads\/2022\/02\/logo-consultaOberta-150x150.png 150w, https:\/\/insalmenar.cat\/wp-content\/uploads\/2022\/02\/logo-consultaOberta-130x130.png 130w, https:\/\/insalmenar.cat\/wp-content\/uploads\/2022\/02\/logo-consultaOberta-85x85.png 85w, https:\/\/insalmenar.cat\/wp-content\/uploads\/2022\/02\/logo-consultaOberta-246x246.png 246w, https:\/\/insalmenar.cat\/wp-content\/uploads\/2022\/02\/logo-consultaOberta-275x275.png 275w\" alt=\"\" width=\"292\" height=\"292\" \/><\/p>\n<p>La Consulta \u00e9s atesa per una infermera PSiE del Consultori ABS d\u2019Almenar \u2013 Alfarr\u00e0s:<\/p>\n<p class=\"has-text-align-center\"><strong>Laia Nat\u00e9 L\u00f3pez <\/strong><\/p>\n<p><strong>Horari:<\/strong> Divendres quinzenalment de 9\u202fh a 13.00\u202fh<\/p>\n<p><strong>Tel\u00e8fon de contacte<\/strong>: 973 77 02 18<\/p>\n<p>Podeu accedir a la p\u00e0gina web de la Consulta Oberta fent clic en el seg\u00fcent <a href=\"https:\/\/laianate.wixsite.com\/almenarsie\/consulta-oberta\" target=\"_blank\" rel=\"noreferrer noopener\">ENLLA\u00c7<\/a>.<\/p>\n<p>&nbsp;<\/p>\n<p>Disposeu de m\u00e9s informaci\u00f3 en els seg\u00fcents documents:<\/p>\n<ul>\n<li><a href=\"https:\/\/drive.google.com\/file\/d\/19R1-TDFuApOlayX1HIJ10BK1iBzLzAWS\/view?usp=sharing\" target=\"_blank\" rel=\"noreferrer noopener\">Presentaci\u00f3 programa<\/a> (Codi QR)<\/li>\n<li><a href=\"https:\/\/drive.google.com\/file\/d\/1FeoUZ3HuzUkppFuFuFY97coKpHXrRpKm\/view?usp=sharing\" target=\"_blank\" rel=\"noreferrer noopener\">Cartell<\/a><\/li>\n<li><a href=\"https:\/\/drive.google.com\/file\/d\/1Tu_ARKQq7wr1q6dLHu3GgCQau9awHG0T\/view?usp=sharing\" target=\"_blank\" rel=\"noreferrer noopener\">Tr\u00edptic<\/a><\/li>\n<li><a href=\"https:\/\/drive.google.com\/file\/d\/1PKc8Q6GZF8x7aYA9xTN2bPxIkAabxRMH\/view?usp=sharing\" target=\"_blank\" rel=\"noreferrer noopener\">Quadr\u00edptic<\/a><\/li>\n<\/ul>\n","protected":false},"excerpt":{"rendered":"<p>&nbsp;<\/p>\n<p>La Consulta \u00e9s atesa per una infermera PSiE del Consultori ABS d\u2019Almenar \u2013 Alfarr\u00e0s:<br \/>\nLaia Nat\u00e9 L\u00f3pez<br \/>\nHorari: Divendres quinzenalment de 9\u202fh a 13.00\u202fh<br \/>\nTel\u00e8fon de contacte: 973 77 02 18<br \/>\nPodeu accedir a la p\u00e0gina web de la Consulta Oberta fent clic en el seg\u00fcent <a href=\"https:\/\/laianate.wixsite.com\/almenarsie\/consulta-oberta\"&hellip;  <a href=\"https:\/\/agora.xtec.cat\/iesalmenar\/salut-i-escola\/\" title=\"Read Salut i Escola\">Llegeix m\u00e9s\u00bb<\/a><\/p>\n","protected":false},"author":1,"featured_media":0,"parent":0,"menu_order":0,"comment_status":"closed","ping_status":"closed","template":"","meta":{"_bbp_topic_count":0,"_bbp_reply_count":0,"_bbp_total_topic_count":0,"_bbp_total_reply_count":0,"_bbp_voice_count":0,"_bbp_anonymous_reply_count":0,"_bbp_topic_count_hidden":0,"_bbp_reply_count_hidden":0,"_bbp_forum_subforum_count":0,"footnotes":""},"class_list":["post-4381","page","type-page","status-publish","hentry"],"post_mailing_queue_ids":[],"_links":{"self":[{"href":"https:\/\/agora.xtec.cat\/iesalmenar\/wp-json\/wp\/v2\/pages\/4381","targetHints":{"allow":["GET"]}}],"collection":[{"href":"https:\/\/agora.xtec.cat\/iesalmenar\/wp-json\/wp\/v2\/pages"}],"about":[{"href":"https:\/\/agora.xtec.cat\/iesalmenar\/wp-json\/wp\/v2\/types\/page"}],"author":[{"embeddable":true,"href":"https:\/\/agora.xtec.cat\/iesalmenar\/wp-json\/wp\/v2\/users\/1"}],"replies":[{"embeddable":true,"href":"https:\/\/agora.xtec.cat\/iesalmenar\/wp-json\/wp\/v2\/comments?post=4381"}],"version-history":[{"count":4,"href":"https:\/\/agora.xtec.cat\/iesalmenar\/wp-json\/wp\/v2\/pages\/4381\/revisions"}],"predecessor-version":[{"id":4387,"href":"https:\/\/agora.xtec.cat\/iesalmenar\/wp-json\/wp\/v2\/pages\/4381\/revisions\/4387"}],"wp:attachment":[{"href":"https:\/\/agora.xtec.cat\/iesalmenar\/wp-json\/wp\/v2\/media?parent=4381"}],"curies":[{"name":"wp","href":"https:\/\/api.w.org\/{rel}","templated":true}]}}