{"id":4275,"date":"2024-02-01T12:35:58","date_gmt":"2024-02-01T11:35:58","guid":{"rendered":"https:\/\/agora.xtec.cat\/iesalmenar\/?page_id=4275"},"modified":"2024-07-03T11:22:27","modified_gmt":"2024-07-03T09:22:27","slug":"eso","status":"publish","type":"page","link":"https:\/\/agora.xtec.cat\/iesalmenar\/eso\/","title":{"rendered":"ESO"},"content":{"rendered":"<p><strong>Mat\u00e8ries comunes de 1r a 3r d&#8217;ESO<\/strong><\/p>\n<p>Llengua catalana i literatura<\/p>\n<p>Llengua castellana i literatura<\/p>\n<p>Llengua estrangera<\/p>\n<p>Ci\u00e8ncies socials: geografia i hist\u00f2ria<\/p>\n<p>Biologia i Geologia (1r ESO i 3r ESO)<\/p>\n<p>F\u00edsica i qu\u00edmica (2n ESO i 3r ESO)<\/p>\n<p>Matem\u00e0tiques<\/p>\n<p>Educaci\u00f3 f\u00edsica<\/p>\n<p>M\u00fasica (1r ESO i 3r\u00a0 ESO)<\/p>\n<p>Educaci\u00f3 pl\u00e0stica, visual i audiovisual (1r ESO i 2n ESO)<\/p>\n<p>Tecnologia i digitalitzaci\u00f3<\/p>\n<p>Religi\u00f3\/ Activitats c\u00edviques i culturals<\/p>\n<p>Tutoria<\/p>\n<p>Treball de s\u00edntesi<\/p>\n<p>Servei comunitari (3r ESO)<\/p>\n<p><a href=\"https:\/\/drive.google.com\/file\/d\/1vFbnvJIwmqnaeezJskHhNc154fWi4Lwf\/view?usp=sharing\" target=\"_blank\" rel=\"noopener\">Optatives 2n ESO<\/a><\/p>\n<p><a href=\"https:\/\/drive.google.com\/file\/d\/18g5nueHPGuyuVv48e8Xto-BO-V1-A-63\/view?usp=sharing\" target=\"_blank\" rel=\"noopener\">Optatives 3r ESO<\/a><\/p>\n<p>&nbsp;<\/p>\n<p><strong>Mat\u00e8ries comunes de 4t d&#8217;ESO<\/strong><\/p>\n<p>Llengua catalana i literatura<\/p>\n<p>Llengua castellana i literatura<\/p>\n<p>Llengua estrangera<\/p>\n<p>Ci\u00e8ncies socials: geografia i hist\u00f2ria<\/p>\n<p>Matem\u00e0tiques<\/p>\n<p>Educaci\u00f3 f\u00edsica<\/p>\n<p>Religi\u00f3\/ Activitats c\u00edviques i culturals<\/p>\n<p>Educaci\u00f3 valors \u00e9tics i c\u00edvica<\/p>\n<p>Tutoria<\/p>\n<p>Projecte de recerca<\/p>\n<p><a href=\"https:\/\/drive.google.com\/file\/d\/1Lm8a3kCL3vbpFsT-XbOezh4yN55KfmHG\/view?usp=sharing\" target=\"_blank\" rel=\"noopener\">Optatives de 4t d&#8217;ESO<\/a><\/p>\n<p>Orientaci\u00f3 4t ESO: <a href=\"https:\/\/drive.google.com\/file\/d\/1waWAaQRKglSy6VObtz-zV6816gvdfqBg\/view?usp=sharing\" target=\"_blank\" rel=\"noopener\">i despr\u00e9s de l&#8217;ESO qu\u00e8?<\/a><\/p>\n<p>&nbsp;<\/p>\n<p>&nbsp;<\/p>\n<p>&nbsp;<\/p>\n","protected":false},"excerpt":{"rendered":"<p>Mat\u00e8ries comunes de 1r a 3r d&#8217;ESO<br \/>\nLlengua catalana i literatura<br \/>\nLlengua castellana i literatura<br \/>\nLlengua estrangera<br \/>\nCi\u00e8ncies socials: geografia i hist\u00f2ria<br \/>\nBiologia i Geologia (1r ESO i 3r ESO)<br \/>\nF\u00edsica i qu\u00edmica (2n ESO i 3r ESO)<br \/>\nMatem\u00e0tiques<br \/>\nEducaci\u00f3 f\u00edsica<br \/>\nM\u00fasica (1r ESO i 3r\u00a0 ESO)<br \/>\nEducaci\u00f3 pl\u00e0stica, visual i audiovisual (1r ESO i&hellip;  <a href=\"https:\/\/agora.xtec.cat\/iesalmenar\/eso\/\" title=\"Read ESO\">Llegeix m\u00e9s\u00bb<\/a><\/p>\n","protected":false},"author":1,"featured_media":0,"parent":0,"menu_order":0,"comment_status":"closed","ping_status":"closed","template":"","meta":{"_bbp_topic_count":0,"_bbp_reply_count":0,"_bbp_total_topic_count":0,"_bbp_total_reply_count":0,"_bbp_voice_count":0,"_bbp_anonymous_reply_count":0,"_bbp_topic_count_hidden":0,"_bbp_reply_count_hidden":0,"_bbp_forum_subforum_count":0,"footnotes":""},"class_list":["post-4275","page","type-page","status-publish","hentry"],"post_mailing_queue_ids":[],"_links":{"self":[{"href":"https:\/\/agora.xtec.cat\/iesalmenar\/wp-json\/wp\/v2\/pages\/4275","targetHints":{"allow":["GET"]}}],"collection":[{"href":"https:\/\/agora.xtec.cat\/iesalmenar\/wp-json\/wp\/v2\/pages"}],"about":[{"href":"https:\/\/agora.xtec.cat\/iesalmenar\/wp-json\/wp\/v2\/types\/page"}],"author":[{"embeddable":true,"href":"https:\/\/agora.xtec.cat\/iesalmenar\/wp-json\/wp\/v2\/users\/1"}],"replies":[{"embeddable":true,"href":"https:\/\/agora.xtec.cat\/iesalmenar\/wp-json\/wp\/v2\/comments?post=4275"}],"version-history":[{"count":5,"href":"https:\/\/agora.xtec.cat\/iesalmenar\/wp-json\/wp\/v2\/pages\/4275\/revisions"}],"predecessor-version":[{"id":5088,"href":"https:\/\/agora.xtec.cat\/iesalmenar\/wp-json\/wp\/v2\/pages\/4275\/revisions\/5088"}],"wp:attachment":[{"href":"https:\/\/agora.xtec.cat\/iesalmenar\/wp-json\/wp\/v2\/media?parent=4275"}],"curies":[{"name":"wp","href":"https:\/\/api.w.org\/{rel}","templated":true}]}}