{"id":4264,"date":"2024-02-01T12:03:46","date_gmt":"2024-02-01T11:03:46","guid":{"rendered":"https:\/\/agora.xtec.cat\/iesalmenar\/?page_id=4264"},"modified":"2024-02-01T12:10:52","modified_gmt":"2024-02-01T11:10:52","slug":"serveis-comunitaris","status":"publish","type":"page","link":"https:\/\/agora.xtec.cat\/iesalmenar\/serveis-comunitaris\/","title":{"rendered":"Serveis Comunitaris"},"content":{"rendered":"<p><b>SERVEIS COMUNITARIS<\/b><\/p>\n<p><b>DESCRIPCI\u00d3:<\/b><\/p>\n<p><span style=\"font-weight: 400;\">L\u2019Aprenentatge i Servei \u00e9s una manera especial de combinar <\/span><b>dos m\u00e8todes educatius<\/b><span style=\"font-weight: 400;\">:<\/span><\/p>\n<p><span style=\"font-weight: 400;\">&#8211; <\/span><b>L\u2019aprenentatge a trav\u00e9s de l\u2019experi\u00e8ncia.<\/b><\/p>\n<p><span style=\"font-weight: 400;\">&#8211; <\/span><b>Una acci\u00f3 de servei a la comunitat.<\/b><\/p>\n<p><span style=\"font-weight: 400;\">Es tracta d\u2019una activitat educativa que combina processos d\u2019aprenentatge i de servei a la comunitat en un sol projecte ben articulat, on els participants aprenen, treballant, les necessitats reals de l\u2019entorn amb la finalitat de millorar-lo.<\/span><\/p>\n<p><span style=\"font-weight: 400;\">No \u00e9s exactament un \u201cvoluntariat\u201d; s\u2019assembla, per\u00f2 no ho \u00e9s:<\/span><\/p>\n<p><span style=\"font-weight: 400;\">&#8211; El VOLUNTARIAT t\u00e9 un objectiu prioritari: el servei a la comunitat.<\/span><\/p>\n<p><span style=\"font-weight: 400;\">&#8211; L\u2019APRENENTATGE I SERVEI t\u00e9 <\/span><b>DOS OBJECTIUS PRIORITARIS<\/b><span style=\"font-weight: 400;\">: el servei a la comunitat + l\u2019aprenentatge que aix\u00f2 comporta.<\/span><\/p>\n<p><b>EN QU\u00c8 ES FONAMENTA?<\/b><\/p>\n<p><span style=\"font-weight: 400;\">&#8211; En una manera d&#8217;entendre la <\/span><b>ciutadania<\/b><span style=\"font-weight: 400;\">: basada en la participaci\u00f3 activa i en la contribuci\u00f3 a la millora de la qualitat de vida de la societat.<\/span><\/p>\n<p><span style=\"font-weight: 400;\">&#8211; En una manera d&#8217;entendre l&#8217;<\/span><b>aprenentatge<\/b><span style=\"font-weight: 400;\">: basada en l&#8217;exploraci\u00f3 activa, la reflexi\u00f3 i la responsabilitat social.<\/span><\/p>\n<p><span style=\"font-weight: 400;\">&#8211; En una manera d&#8217;entendre l&#8217;<\/span><b>educaci\u00f3 en valors<\/b><span style=\"font-weight: 400;\">: basada en la conviv\u00e8ncia, l&#8217;experi\u00e8ncia i la construcci\u00f3 d&#8217;h\u00e0bits.<\/span><\/p>\n<p><b>ENTITATS QUE HI COL\u00b7LABOREN AQUEST CURS 2023\/24:<\/b><\/p>\n<p><span style=\"font-weight: 400;\">Aquest projecte es fa realitat gr\u00e0cies a la implicaci\u00f3 m\u00fatua de l\u2019institut d\u2019Almenar i de les seg\u00fcents entitats:<\/span><\/p>\n<p><strong>ALMENAR<\/strong><\/p>\n<ul>\n<li style=\"font-weight: 400;\" aria-level=\"1\"><span style=\"font-weight: 400;\">Resid\u00e8ncia Bona Estada d\u2019Almenar<\/span><\/li>\n<li style=\"font-weight: 400;\" aria-level=\"1\"><span style=\"font-weight: 400;\">Escola d\u2019Almenar<\/span><\/li>\n<li style=\"font-weight: 400;\" aria-level=\"1\"><span style=\"font-weight: 400;\">Escola Bressol Bambarol<\/span><\/li>\n<li style=\"font-weight: 400;\" aria-level=\"1\"><span style=\"font-weight: 400;\">Ajuntament d\u2019Almenar<\/span><\/li>\n<li style=\"font-weight: 400;\" aria-level=\"1\"><span style=\"font-weight: 400;\">Escola de Futbol Pinyana d\u2019Almenar<\/span><\/li>\n<li style=\"font-weight: 400;\" aria-level=\"1\"><span style=\"font-weight: 400;\">Club R\u00edtmica d\u2019Almenar<\/span><\/li>\n<li style=\"font-weight: 400;\" aria-level=\"1\"><span style=\"font-weight: 400;\">Voluntaris d\u2019Almenar<\/span><\/li>\n<li style=\"font-weight: 400;\" aria-level=\"1\"><span style=\"font-weight: 400;\">Biblioteca Ramon Berenguer IV<\/span><\/li>\n<li style=\"font-weight: 400;\" aria-level=\"1\"><span style=\"font-weight: 400;\">Club Esportiu Almenar<\/span><\/li>\n<li style=\"font-weight: 400;\" aria-level=\"1\"><span style=\"font-weight: 400;\">AFA Escola Bressol Bambarol<\/span><\/li>\n<\/ul>\n<p><strong>ALFARR\u00c0S<\/strong><\/p>\n<ul>\n<li style=\"font-weight: 400;\" aria-level=\"1\"><span style=\"font-weight: 400;\">Resid\u00e8ncia Pinyana<\/span><\/li>\n<li style=\"font-weight: 400;\" aria-level=\"1\"><span style=\"font-weight: 400;\">Escola Pinyana<\/span><\/li>\n<li style=\"font-weight: 400;\" aria-level=\"1\"><span style=\"font-weight: 400;\">C\u00e0ritas parroquial d\u2019Alfarr\u00e0s<\/span><\/li>\n<li style=\"font-weight: 400;\" aria-level=\"1\"><span style=\"font-weight: 400;\">Ajuntament<\/span><\/li>\n<li style=\"font-weight: 400;\" aria-level=\"1\"><span style=\"font-weight: 400;\">Escola Bressol Municipal &#8220;Les Llavoretes&#8221;<\/span><\/li>\n<li style=\"font-weight: 400;\" aria-level=\"1\"><span style=\"font-weight: 400;\">SOS GOS<\/span><\/li>\n<li style=\"font-weight: 400;\" aria-level=\"1\"><span style=\"font-weight: 400;\">Col\u00b7lectiu del Patrimoni d\u2019Alfarr\u00e0s<\/span><\/li>\n<li style=\"font-weight: 400;\" aria-level=\"1\"><span style=\"font-weight: 400;\">Futbol Sala Alfarr\u00e0s\u00a0<\/span><\/li>\n<\/ul>\n<p><strong>ALGUAIRE<\/strong><\/p>\n<ul>\n<li style=\"font-weight: 400;\" aria-level=\"1\"><span style=\"font-weight: 400;\">Escola Teresa Bergad\u00e0<\/span><\/li>\n<li style=\"font-weight: 400;\" aria-level=\"1\"><span style=\"font-weight: 400;\">Grup Animalista d\u2019Alguaire<\/span><\/li>\n<li style=\"font-weight: 400;\" aria-level=\"1\"><span style=\"font-weight: 400;\">Biblioteca Josep Lladonosa i Pujol\u00a0<\/span><\/li>\n<li style=\"font-weight: 400;\" aria-level=\"1\"><span style=\"font-weight: 400;\">Llar de Jubilats<\/span><\/li>\n<li style=\"font-weight: 400;\" aria-level=\"1\"><span style=\"font-weight: 400;\">Llar d\u2019infants Municipal Merli<\/span><\/li>\n<li style=\"font-weight: 400;\" aria-level=\"1\"><span style=\"font-weight: 400;\">Associaci\u00f3 de corredors i caminadors &#8220;Lo Makot&#8221;<\/span><\/li>\n<li style=\"font-weight: 400;\" aria-level=\"1\"><span style=\"font-weight: 400;\">AFA d\u2019Alguaire (patinatge)<\/span><\/li>\n<li style=\"font-weight: 400;\" aria-level=\"1\"><span style=\"font-weight: 400;\">Associaci\u00f3 de Joves d\u2019Alguaire<\/span><\/li>\n<li style=\"font-weight: 400;\" aria-level=\"1\"><span style=\"font-weight: 400;\">Amics de la Sardana<\/span><\/li>\n<li style=\"font-weight: 400;\" aria-level=\"1\"><span style=\"font-weight: 400;\">Coral Ginestell<\/span><\/li>\n<\/ul>\n<p><strong>IVARS<\/strong><\/p>\n<ul>\n<li style=\"font-weight: 400;\" aria-level=\"1\"><span style=\"font-weight: 400;\">Escola de Sant Sebasti\u00e0: Zer Serra Llarga<\/span><\/li>\n<\/ul>\n","protected":false},"excerpt":{"rendered":"<p>SERVEIS COMUNITARIS<br \/>\nDESCRIPCI\u00d3:<br \/>\nL\u2019Aprenentatge i Servei \u00e9s una manera especial de combinar dos m\u00e8todes educatius:<br \/>\n&#8211; L\u2019aprenentatge a trav\u00e9s de l\u2019experi\u00e8ncia.<br \/>\n&#8211; Una acci\u00f3 de servei a la comunitat.<br \/>\nEs tracta d\u2019una activitat educativa que combina processos d\u2019aprenentatge i de servei a la comunitat en un sol projecte ben articulat,&hellip;  <a href=\"https:\/\/agora.xtec.cat\/iesalmenar\/serveis-comunitaris\/\" title=\"Read Serveis Comunitaris\">Llegeix m\u00e9s\u00bb<\/a><\/p>\n","protected":false},"author":1,"featured_media":0,"parent":0,"menu_order":0,"comment_status":"closed","ping_status":"closed","template":"","meta":{"_bbp_topic_count":0,"_bbp_reply_count":0,"_bbp_total_topic_count":0,"_bbp_total_reply_count":0,"_bbp_voice_count":0,"_bbp_anonymous_reply_count":0,"_bbp_topic_count_hidden":0,"_bbp_reply_count_hidden":0,"_bbp_forum_subforum_count":0,"footnotes":""},"class_list":["post-4264","page","type-page","status-publish","hentry"],"post_mailing_queue_ids":[],"_links":{"self":[{"href":"https:\/\/agora.xtec.cat\/iesalmenar\/wp-json\/wp\/v2\/pages\/4264","targetHints":{"allow":["GET"]}}],"collection":[{"href":"https:\/\/agora.xtec.cat\/iesalmenar\/wp-json\/wp\/v2\/pages"}],"about":[{"href":"https:\/\/agora.xtec.cat\/iesalmenar\/wp-json\/wp\/v2\/types\/page"}],"author":[{"embeddable":true,"href":"https:\/\/agora.xtec.cat\/iesalmenar\/wp-json\/wp\/v2\/users\/1"}],"replies":[{"embeddable":true,"href":"https:\/\/agora.xtec.cat\/iesalmenar\/wp-json\/wp\/v2\/comments?post=4264"}],"version-history":[{"count":2,"href":"https:\/\/agora.xtec.cat\/iesalmenar\/wp-json\/wp\/v2\/pages\/4264\/revisions"}],"predecessor-version":[{"id":4276,"href":"https:\/\/agora.xtec.cat\/iesalmenar\/wp-json\/wp\/v2\/pages\/4264\/revisions\/4276"}],"wp:attachment":[{"href":"https:\/\/agora.xtec.cat\/iesalmenar\/wp-json\/wp\/v2\/media?parent=4264"}],"curies":[{"name":"wp","href":"https:\/\/api.w.org\/{rel}","templated":true}]}}