{"id":4194,"date":"2024-01-28T12:50:40","date_gmt":"2024-01-28T11:50:40","guid":{"rendered":"https:\/\/agora.xtec.cat\/iesalmenar\/?page_id=4194"},"modified":"2024-01-28T12:50:40","modified_gmt":"2024-01-28T11:50:40","slug":"mediacio","status":"publish","type":"page","link":"https:\/\/agora.xtec.cat\/iesalmenar\/mediacio\/","title":{"rendered":"Mediaci\u00f3"},"content":{"rendered":"<h1>Justificaci\u00f3<\/h1>\n<p>La mediaci\u00f3 s\u2019inclou dins del projecte de conviv\u00e8ncia (que forma part del Projecte Educatiu de Centre), que recull les mesures de promoci\u00f3 de la conviv\u00e8ncia, els mecanismes per a la resoluci\u00f3 pac\u00edfica dels conflictes.<br \/>\nUn dels objectius del projecte de conviv\u00e8ncia \u00e9s fomentar la mediaci\u00f3 escolar i la cultura del di\u00e0leg com a eina b\u00e0sica en la gesti\u00f3 del conflicte.<br \/>\nLa diversitat de l\u2019alumnat i les relacions interpersonals que es produeixen en un sistema obert com el centre educatiu posa de manifest la necessitat de tractar els problemes t\u00edpics de l\u2019adolesc\u00e8ncia d\u2019una manera pedag\u00f2gica que impliqui una reflexi\u00f3, un esfor\u00e7 per establir un di\u00e0leg, un saber comprendre els problemes des d\u2019un altre punt de vista, caminant cap un creixement integral de les persones, i el mutu respecte entre elles.<\/p>\n<h1>Mediaci\u00f3 escolar<\/h1>\n<p>La mediaci\u00f3 \u00e9s un m\u00e8tode constructiu de resoluci\u00f3 de conflictes en qu\u00e8 les dues par enfrontades recorren volunt\u00e0riament a una tercera persona imparcial, el mediador, per arribar a un acord satisfactori per a les dues parts. Aquest m\u00e8tode es basa en els seg\u00fcents principis:<\/p>\n<ul>\n<li>La <strong>voluntarietat<\/strong>: Les parts s\u00f3n lliures d\u2019acollir-se a la mediaci\u00f3 i de desistir-ne en qualsevol moment. La persona mediadora tamb\u00e9 pot donar per acabada la mediaci\u00f3 en el moment que detecti manca de col\u00b7laboraci\u00f3 o qualsevol altra circumst\u00e0ncia que sigui incompatible amb els principis de la mediaci\u00f3.<\/li>\n<li>La <strong>imparcialitat<\/strong>: El mediador ha d\u2019ajudar les parts a assolir l\u2019acord sense imposar cap soluci\u00f3 ni mesura concreta ni prendre-hi part.<\/li>\n<li>La <strong>confidencialitat<\/strong>: La persona mediadora i les parts no poden revelar a persones alienes al proc\u00e9s de mediaci\u00f3 la informaci\u00f3 obtinguda en el curs del proc\u00e9s.<\/li>\n<li>El <strong>car\u00e0cter persona<\/strong>l: Les parts implicades i la persona mediadora han d\u2019assistir personalment a les reunions de mediaci\u00f3 sense que es valguin de representants o intermediaris.<\/li>\n<\/ul>\n<p>Les seves caracter\u00edstiques s\u00f3n:<\/p>\n<ul>\n<li>Es basa en el di\u00e0leg, la cooperaci\u00f3 i la responsabilitat de cada persona en el manteniment d\u2019un clima pac\u00edfic.<\/li>\n<li>Accepta les difer\u00e8ncies, no intenta canviar a les persones, ni les seves idees.<\/li>\n<li>Tan sols contribueix a evitar enfrontaments innecessaris i a crear consens.<\/li>\n<li>Parteix del fet que quan es produeix un conflicte no es tracta de \u201cjo\u201d o \u201ctu\u201d, sin\u00f3 de \u201cjo\u201d i \u201ctu\u201d, \u00e9s a dir, \u201cnosaltres\u201d.<\/li>\n<li>Es dirigeix al conjunt d\u2019alumnat.<\/li>\n<\/ul>\n<h1>Objectius<\/h1>\n<ul>\n<li>Prevenir la viol\u00e8ncia escolar.<\/li>\n<li>Crear un ambient relaxat millorant les relacions personals.<\/li>\n<li>Contribuir a desenvolupar actituds d\u2019inter\u00e8s i respecte.<\/li>\n<li>Ajudar a valorar i recon\u00e8ixer sentiments, interessos, necessitats i valors propis i dels altres.<\/li>\n<li>Resoldre els conflictes de manera pac\u00edfica i cooperadora.<\/li>\n<li>Desenvolupar la capacitat de di\u00e0leg i millorar les habilitats comunicatives.<\/li>\n<li>Aconseguir que la tend\u00e8ncia sigui la intervenci\u00f3 dels alumnes que tenen el conflicte.<\/li>\n<li>Insistir en la responsabilitat social.<\/li>\n<li>Educar la conviv\u00e8ncia.<\/li>\n<li>Aprendre una cultura del di\u00e0leg en la conviv\u00e8ncia dels alumnes i en el respecte mutu.<\/li>\n<li>Determinar i analitzar quins s\u00f3n els conflictes m\u00e9s freq\u00fcents, per trobar resposta i generar els elements preventius necessaris.<\/li>\n<li>Aprendre a escoltar i saber estar en el lloc de l\u2019altre per comprendre les emocions, sentiments, pors, etc, que pot sentir l\u2019altre.<\/li>\n<li>Saber orientar alternatives de soluci\u00f3 als conflictes generats entre les parts.<\/li>\n<\/ul>\n<h1>Implementaci\u00f3 de la mediaci\u00f3 al centre i el rol del mediador<\/h1>\n<ul>\n<li>Els tutors\/es expliquen a classe de tutoria el servei de mediaci\u00f3, en qu\u00e8 les persones que es troben en una situaci\u00f3 conflictiva poden optar per demanar la intervenci\u00f3 del mediador.<\/li>\n<li>S\u2019explica el concepte i funcionament al centre i que tenen a la seva disposici\u00f3 un full de demanda que han d\u2019omplir i donar al tutor\/a corresponent per accedir al servei.<\/li>\n<li>Un cop el tutor\/a t\u00e9 el full de demanda ho comunica a la direcci\u00f3 del centre i seguidament es fa la trobada.<\/li>\n<li>El mediador reuneix les persones en conflicte i els explica que treballaran per canviar la situaci\u00f3. La participaci\u00f3 \u00e9s sempre volunt\u00e0ria i\u00a0 all\u00f2 que es diu \u00e9s confidencial.<\/li>\n<li>El mediador no jutja, ni d\u00f3na consells, ni pren decisions: no t\u00e9 poder.<\/li>\n<li>Hi ha tres normes: parlar sense interrompre, evitar les desqualificacions i cooperar en la recerca d\u2019una via de sortida.<\/li>\n<li>Els protagonistes del conflicte decideixen per ells mateixos all\u00f2 que m\u00e9s els satisf\u00e0, el poder de decisi\u00f3 \u00e9s a les seves mans.<\/li>\n<li>Un cop comen\u00e7a la trobada, el mediador escolta a cada persona per separat i mira de posar-se en el seu lloc per tal d\u2019entendre com veu la situaci\u00f3, com la fa sentir i qu\u00e8 li suposa.<\/li>\n<li>A continuaci\u00f3 treballa per elaborar una definici\u00f3 conjunta del conflicte que reculli les preocupacions de cada part.<\/li>\n<li>Despr\u00e9s convida a formular el m\u00e0xim d\u2019idees creatives i suggeriments per canviar la situaci\u00f3.<\/li>\n<li>Els protagonistes del conflicte n\u2019escolliran les dues o tres m\u00e9s interessants i les exploraran, cooperant en la busca d\u2019una via satisfact\u00f2ria pels dos.<\/li>\n<li>Finalment, es pren una decisi\u00f3 de com\u00fa acord, el futur compliment de la qual dep\u00e8n de que, durant la trobada, s\u2019hagin transformat les actituds negatives d\u2019una persona envers l\u2019altra en reconeixement i revaloritzaci\u00f3 m\u00fatues.<\/li>\n<li>Posteriorment es fixar\u00e0 una data per revisar els acords.<\/li>\n<\/ul>\n","protected":false},"excerpt":{"rendered":"<p>Justificaci\u00f3<br \/>\nLa mediaci\u00f3 s\u2019inclou dins del projecte de conviv\u00e8ncia (que forma part del Projecte Educatiu de Centre), que recull les mesures de promoci\u00f3 de la conviv\u00e8ncia, els mecanismes per a la resoluci\u00f3 pac\u00edfica dels conflictes.<br \/>\nUn dels objectius del projecte de conviv\u00e8ncia \u00e9s fomentar la mediaci\u00f3 escolar&hellip;  <a href=\"https:\/\/agora.xtec.cat\/iesalmenar\/mediacio\/\" title=\"Read Mediaci\u00f3\">Llegeix m\u00e9s\u00bb<\/a><\/p>\n","protected":false},"author":1,"featured_media":0,"parent":0,"menu_order":0,"comment_status":"closed","ping_status":"closed","template":"","meta":{"_bbp_topic_count":0,"_bbp_reply_count":0,"_bbp_total_topic_count":0,"_bbp_total_reply_count":0,"_bbp_voice_count":0,"_bbp_anonymous_reply_count":0,"_bbp_topic_count_hidden":0,"_bbp_reply_count_hidden":0,"_bbp_forum_subforum_count":0,"footnotes":""},"class_list":["post-4194","page","type-page","status-publish","hentry"],"post_mailing_queue_ids":[],"_links":{"self":[{"href":"https:\/\/agora.xtec.cat\/iesalmenar\/wp-json\/wp\/v2\/pages\/4194","targetHints":{"allow":["GET"]}}],"collection":[{"href":"https:\/\/agora.xtec.cat\/iesalmenar\/wp-json\/wp\/v2\/pages"}],"about":[{"href":"https:\/\/agora.xtec.cat\/iesalmenar\/wp-json\/wp\/v2\/types\/page"}],"author":[{"embeddable":true,"href":"https:\/\/agora.xtec.cat\/iesalmenar\/wp-json\/wp\/v2\/users\/1"}],"replies":[{"embeddable":true,"href":"https:\/\/agora.xtec.cat\/iesalmenar\/wp-json\/wp\/v2\/comments?post=4194"}],"version-history":[{"count":1,"href":"https:\/\/agora.xtec.cat\/iesalmenar\/wp-json\/wp\/v2\/pages\/4194\/revisions"}],"predecessor-version":[{"id":4195,"href":"https:\/\/agora.xtec.cat\/iesalmenar\/wp-json\/wp\/v2\/pages\/4194\/revisions\/4195"}],"wp:attachment":[{"href":"https:\/\/agora.xtec.cat\/iesalmenar\/wp-json\/wp\/v2\/media?parent=4194"}],"curies":[{"name":"wp","href":"https:\/\/api.w.org\/{rel}","templated":true}]}}