{"id":4173,"date":"2024-01-28T12:09:01","date_gmt":"2024-01-28T11:09:01","guid":{"rendered":"https:\/\/agora.xtec.cat\/iesalmenar\/?page_id=4173"},"modified":"2024-01-28T12:13:33","modified_gmt":"2024-01-28T11:13:33","slug":"escoles-verdes","status":"publish","type":"page","link":"https:\/\/agora.xtec.cat\/iesalmenar\/escoles-verdes\/","title":{"rendered":"Escoles Verdes"},"content":{"rendered":"<p><strong>El\u00a0programa\u00a0Escoles\u00a0Verdes<\/strong>\u00a0sorgeix\u00a0com\u00a0un\u00a0comprom\u00eds\u00a0per\u00a0donar\u00a0suport\u00a0a\u00a0tots\u00a0els\u00a0centres\u00a0educatius\u00a0de\u00a0Catalunya\u00a0que\u00a0volen\u00a0innovar,\u00a0incloure,\u00a0avan\u00e7ar,\u00a0sistematitzar\u00a0i\u00a0organitzar\u00a0accions\u00a0educatives\u00a0que\u00a0tinguin\u00a0la\u00a0finalitat\u00a0d\u2019afrontar\u00a0els\u00a0nous\u00a0reptes\u00a0i\u00a0valors\u00a0de\u00a0la\u00a0sostenibilitat\u00a0\u00a0des\u00a0de\u00a0l\u2019educaci\u00f3.<\/p>\n<p>El\u00a0<a href=\"https:\/\/drive.google.com\/file\/d\/1HzFEay1lfZ4HaWpASsGelrDZc0p64wM5\/view?usp=sharing\"><strong>distintiu d\u2019Escola\u00a0Verda<\/strong><\/a>\u00a0identifica els centres educatius de Catalunya que, volunt\u00e0riament, han fet seu el repte de la sostenibilitat i que curs rere curs,\u00a0 es plantegen i assoleixen noves fites.<\/p>\n<p>Cada 4 anys, el Programa Escoles Verdes proposa als centres un proc\u00e9s de reflexi\u00f3 en el qual\u00a0 s\u2019avalua\u00a0l\u2019aven\u00e7\u00a0assolit en els quatre contextos\u00a0d\u2019acci\u00f3\u00a0del programa (cultura de participaci\u00f3, gesti\u00f3 sostenible del centre, integraci\u00f3 de\u00a0l\u2019educaci\u00f3\u00a0per la sostenibilitat en el curr\u00edculum i implicaci\u00f3 en la millora de\u00a0l\u2019entorn) i es\u00a0plantegen els nous reptes que vol assolir els propers cursos. El nostre institut ja fa 8 anys que pertany a aquesta xarxa i l&#8217; any passat vam\u00a0renovar el comprom\u00eds del centre de continuar educant per a\u00a0la sostenibilitat.<\/p>\n<p>Algunes de les nostres accions s\u00f3n:<\/p>\n<p>Gesti\u00f3 d\u2019envasos de la cafeteria: Punt verd.<\/p>\n<table class=\" aligncenter\" style=\"height: 437px; width: 54.9456%; border-collapse: collapse;\">\n<tbody>\n<tr style=\"height: 32px;\">\n<td style=\"width: 100%; height: 32px;\">Visita i taller a la Depuradora de Lleida<\/td>\n<\/tr>\n<tr style=\"height: 32px;\">\n<td style=\"width: 100%; height: 32px;\">Fem compost!<\/td>\n<\/tr>\n<tr style=\"height: 32px;\">\n<td style=\"width: 100%; height: 32px;\">Millora del jard\u00ed interior de l&#8217;institut<\/td>\n<\/tr>\n<tr style=\"height: 32px;\">\n<td style=\"width: 100%; height: 32px;\">Brigades de neteja<\/td>\n<\/tr>\n<tr style=\"height: 32px;\">\n<td style=\"width: 100%; height: 32px;\">Gesti\u00f3 de residus: Boc&#8217;Roll<\/td>\n<\/tr>\n<tr style=\"height: 32px;\">\n<td style=\"width: 100%; height: 32px;\">Millora del funcionament del Comit\u00e8 Ambiental<\/td>\n<\/tr>\n<tr style=\"height: 32px;\">\n<td style=\"width: 100%; height: 32px;\">Reduir el consum de begudes ensucrades<\/td>\n<\/tr>\n<tr style=\"height: 32px;\">\n<td style=\"width: 100%; height: 32px;\">Col\u00b7laboraci\u00f3 amb el projecte europeu pl\u00e0stics pirates<\/td>\n<\/tr>\n<tr style=\"height: 32px;\">\n<td style=\"width: 100%; height: 32px;\">Espai &#8220;ESCOLA VERDA&#8221; en la web del centre<\/td>\n<\/tr>\n<tr style=\"height: 32px;\">\n<td style=\"width: 100%; height: 32px;\">Institut punt de recollida de taps de pl\u00e0stic, c\u00e0psules de caf\u00e8, piles i cartutxos de tinta<\/td>\n<\/tr>\n<tr style=\"height: 32px;\">\n<td style=\"width: 100%; height: 32px;\">Jornada de l&#8217;esmorzar saludable: Almenar \u00e9s la pera<\/td>\n<\/tr>\n<tr style=\"height: 32px;\">\n<td style=\"width: 100%; height: 32px;\">Tractament dels residus (paper) a les aules del centre<\/td>\n<\/tr>\n<tr style=\"height: 32px;\">\n<td style=\"width: 100%; height: 32px;\">Reforestaci\u00f3 d&#8217;un entorn proper<\/td>\n<\/tr>\n<\/tbody>\n<\/table>\n","protected":false},"excerpt":{"rendered":"<p>El\u00a0programa\u00a0Escoles\u00a0Verdes\u00a0sorgeix\u00a0com\u00a0un\u00a0comprom\u00eds\u00a0per\u00a0donar\u00a0suport\u00a0a\u00a0tots\u00a0els\u00a0centres\u00a0educatius\u00a0de\u00a0Catalunya\u00a0que\u00a0volen\u00a0innovar,\u00a0incloure,\u00a0avan\u00e7ar,\u00a0sistematitzar\u00a0i\u00a0organitzar\u00a0accions\u00a0educatives\u00a0que\u00a0tinguin\u00a0la\u00a0finalitat\u00a0d\u2019afrontar\u00a0els\u00a0nous\u00a0reptes\u00a0i\u00a0valors\u00a0de\u00a0la\u00a0sostenibilitat\u00a0\u00a0des\u00a0de\u00a0l\u2019educaci\u00f3.<br \/>\nEl\u00a0<a href=\"https:\/\/drive.google.com\/file\/d\/1HzFEay1lfZ4HaWpASsGelrDZc0p64wM5\/view?usp=sharing\">distintiu d\u2019Escola\u00a0Verda<\/a>\u00a0identifica els centres educatius de Catalunya que, volunt\u00e0riament, han fet seu el repte de la sostenibilitat i que curs rere curs,\u00a0 es plantegen i assoleixen noves fites.<br \/>\nCada 4 anys, el Programa Escoles Verdes proposa als centres un proc\u00e9s de reflexi\u00f3 en el qual\u00a0&hellip;  <a href=\"https:\/\/agora.xtec.cat\/iesalmenar\/escoles-verdes\/\" title=\"Read Escoles Verdes\">Llegeix m\u00e9s\u00bb<\/a><\/p>\n","protected":false},"author":1,"featured_media":0,"parent":0,"menu_order":0,"comment_status":"closed","ping_status":"closed","template":"","meta":{"_bbp_topic_count":0,"_bbp_reply_count":0,"_bbp_total_topic_count":0,"_bbp_total_reply_count":0,"_bbp_voice_count":0,"_bbp_anonymous_reply_count":0,"_bbp_topic_count_hidden":0,"_bbp_reply_count_hidden":0,"_bbp_forum_subforum_count":0,"footnotes":""},"class_list":["post-4173","page","type-page","status-publish","hentry"],"post_mailing_queue_ids":[],"_links":{"self":[{"href":"https:\/\/agora.xtec.cat\/iesalmenar\/wp-json\/wp\/v2\/pages\/4173","targetHints":{"allow":["GET"]}}],"collection":[{"href":"https:\/\/agora.xtec.cat\/iesalmenar\/wp-json\/wp\/v2\/pages"}],"about":[{"href":"https:\/\/agora.xtec.cat\/iesalmenar\/wp-json\/wp\/v2\/types\/page"}],"author":[{"embeddable":true,"href":"https:\/\/agora.xtec.cat\/iesalmenar\/wp-json\/wp\/v2\/users\/1"}],"replies":[{"embeddable":true,"href":"https:\/\/agora.xtec.cat\/iesalmenar\/wp-json\/wp\/v2\/comments?post=4173"}],"version-history":[{"count":6,"href":"https:\/\/agora.xtec.cat\/iesalmenar\/wp-json\/wp\/v2\/pages\/4173\/revisions"}],"predecessor-version":[{"id":4181,"href":"https:\/\/agora.xtec.cat\/iesalmenar\/wp-json\/wp\/v2\/pages\/4173\/revisions\/4181"}],"wp:attachment":[{"href":"https:\/\/agora.xtec.cat\/iesalmenar\/wp-json\/wp\/v2\/media?parent=4173"}],"curies":[{"name":"wp","href":"https:\/\/api.w.org\/{rel}","templated":true}]}}