{"id":4138,"date":"2021-03-03T12:15:37","date_gmt":"2021-03-03T12:15:37","guid":{"rendered":"http:\/\/insalmenar.cat\/?page_id=179"},"modified":"2021-03-03T12:15:37","modified_gmt":"2021-03-03T12:15:37","slug":"serveis","status":"publish","type":"page","link":"https:\/\/agora.xtec.cat\/iesalmenar\/serveis\/","title":{"rendered":"Estudis"},"content":{"rendered":"\n<h2 class=\"wp-block-heading\">ESO<\/h2>\n\n\n\n<p><\/p>\n\n\n\n<h2 class=\"wp-block-heading\">Batxillerat<\/h2>\n\n\n\n<h3 class=\"wp-block-heading\">Treball de Recerca (TdR)<\/h3>\n\n\n\n<p><a rel=\"noreferrer noopener\" href=\"https:\/\/drive.google.com\/file\/d\/1IVTzMr9gDh6om13nF62RlT4klSaRUgwD\/view?usp=sharing\" target=\"_blank\">Llibre seguiment Tutor &#8211; Autor<\/a><\/p>\n\n\n\n<p><a rel=\"noreferrer noopener\" href=\"https:\/\/drive.google.com\/file\/d\/1j6YXrf5z9qC82ANYD4qv5P0rf_LVoNcA\/view?usp=sharing\" target=\"_blank\">Normes de redacci\u00f3<\/a><\/p>\n\n\n\n<p><\/p>\n\n\n\n<h3 class=\"wp-block-heading\">PAU<\/h3>\n\n\n\n<p>En aquest <a rel=\"noreferrer noopener\" href=\"http:\/\/universitats.gencat.cat\/ca\/pau\/index.html\" target=\"_blank\">enlla\u00e7<\/a> disposeu de tota la informaci\u00f3 referent a les PAU que us pot ser d&#8217;utilitat.<\/p>\n\n\n\n<p><\/p>\n\n\n\n<h2 class=\"wp-block-heading\">Cicles formatius<\/h2>\n\n\n\n<p>Grau Mitja &#8211; Gesti\u00f3 administrativa (especialitzaci\u00f3 en Inform\u00e0tica) i en modalitat DUAL. Seguiu l&#8217;enlla\u00e7 per a saber-ne m\u00e9s:<\/p>\n\n\n\n<p><a href=\"http:\/\/insalmenar.cat\/formacio-professional-dual\" target=\"_blank\" rel=\"noreferrer noopener\">FP DUAL en CFGM Gesti\u00f3 Administrativa<\/a><\/p>\n","protected":false},"excerpt":{"rendered":"<p>ESO<\/p>\n<p>Batxillerat<\/p>\n<p>Treball de Recerca (TdR)<\/p>\n<p><a rel=\"noreferrer noopener\" href=\"https:\/\/drive.google.com\/file\/d\/1IVTzMr9gDh6om13nF62RlT4klSaRUgwD\/view?usp=sharing\" target=\"_blank\">Llibre seguiment Tutor &#8211; Autor<\/a><\/p>\n<p><a rel=\"noreferrer noopener\" href=\"https:\/\/drive.google.com\/file\/d\/1j6YXrf5z9qC82ANYD4qv5P0rf_LVoNcA\/view?usp=sharing\" target=\"_blank\">Normes de redacci\u00f3<\/a><\/p>\n<p>PAU<\/p>\n<p>En aquest <a rel=\"noreferrer noopener\" href=\"http:\/\/universitats.gencat.cat\/ca\/pau\/index.html\" target=\"_blank\">enlla\u00e7<\/a> disposeu de tota la informaci\u00f3 referent a les PAU que us pot ser d&#8217;utilitat.<\/p>\n<p>Cicles formatius<\/p>\n<p>Grau Mitja &#8211; Gesti\u00f3 administrativa (especialitzaci\u00f3 en&hellip;  <a href=\"https:\/\/agora.xtec.cat\/iesalmenar\/serveis\/\" title=\"Read Estudis\">Llegeix m\u00e9s\u00bb<\/a><\/p>\n","protected":false},"author":25,"featured_media":0,"parent":0,"menu_order":0,"comment_status":"closed","ping_status":"closed","template":"","meta":{"_bbp_topic_count":0,"_bbp_reply_count":0,"_bbp_total_topic_count":0,"_bbp_total_reply_count":0,"_bbp_voice_count":0,"_bbp_anonymous_reply_count":0,"_bbp_topic_count_hidden":0,"_bbp_reply_count_hidden":0,"_bbp_forum_subforum_count":0,"footnotes":""},"class_list":["post-4138","page","type-page","status-publish","hentry"],"post_mailing_queue_ids":[],"_links":{"self":[{"href":"https:\/\/agora.xtec.cat\/iesalmenar\/wp-json\/wp\/v2\/pages\/4138","targetHints":{"allow":["GET"]}}],"collection":[{"href":"https:\/\/agora.xtec.cat\/iesalmenar\/wp-json\/wp\/v2\/pages"}],"about":[{"href":"https:\/\/agora.xtec.cat\/iesalmenar\/wp-json\/wp\/v2\/types\/page"}],"author":[{"embeddable":true,"href":"https:\/\/agora.xtec.cat\/iesalmenar\/wp-json\/wp\/v2\/users\/25"}],"replies":[{"embeddable":true,"href":"https:\/\/agora.xtec.cat\/iesalmenar\/wp-json\/wp\/v2\/comments?post=4138"}],"version-history":[{"count":0,"href":"https:\/\/agora.xtec.cat\/iesalmenar\/wp-json\/wp\/v2\/pages\/4138\/revisions"}],"wp:attachment":[{"href":"https:\/\/agora.xtec.cat\/iesalmenar\/wp-json\/wp\/v2\/media?parent=4138"}],"curies":[{"name":"wp","href":"https:\/\/api.w.org\/{rel}","templated":true}]}}