{"id":1183,"date":"2022-02-21T10:48:22","date_gmt":"2022-02-21T10:48:22","guid":{"rendered":"https:\/\/insalmenar.cat\/?page_id=1183"},"modified":"2022-02-21T10:48:22","modified_gmt":"2022-02-21T10:48:22","slug":"preinscripcions","status":"publish","type":"page","link":"https:\/\/agora.xtec.cat\/iesalmenar\/preinscripcions\/","title":{"rendered":"Preinscripcions FPGB, ESO, Batxillerat i \u00a0Formaci\u00f3 professional"},"content":{"rendered":"\n<h2 class=\"wp-block-heading\">FP Grau B\u00e0sic Serveis Administratius<\/h2>\n\n\n\n<p>Preinscripci\u00f3 per al curs 2023-2024: del <strong>16 al 25 de maig<\/strong>.<\/p>\n\n\n\n<figure class=\"wp-block-image size-full\"><img decoding=\"async\" src=\"https:\/\/insalmenar.cat\/wp-content\/uploads\/2023\/05\/image.png\" alt=\"\" class=\"wp-image-1765\"\/><\/figure>\n\n\n\n<p>Podeu fer la sol\u00b7licitud de preinscripci\u00f3 i veure&#8217;n tota la informaci\u00f3 en el seg\u00fcent enlla\u00e7::<\/p>\n\n\n\n<p class=\"has-text-align-center\"><a href=\"https:\/\/preinscripcio.gencat.cat\/ca\/estudis\/fp-basica\/inici\/\">https:\/\/preinscripcio.gencat.cat\/ca\/estudis\/fp-basica\/inici\/<\/a><\/p>\n\n\n\n<h2 class=\"wp-block-heading\">ESO<\/h2>\n\n\n\n<p>Preinscripci\u00f3 per al curs 2023-2024: del <strong>8 al 20 de mar\u00e7<\/strong>.<\/p>\n\n\n\n<p>En el seg\u00fcent enlla\u00e7, disposeu d&#8217;una presentaci\u00f3 sobre els detalls m\u00e9s importants a tenir en compte a l&#8217;hora de fer la preinscripci\u00f3: dates, documentaci\u00f3, dispositius, identificaci\u00f3&nbsp;digital, entre d&#8217;altres:<\/p>\n\n\n\n<p class=\"has-text-align-center\"><a href=\"https:\/\/drive.google.com\/file\/d\/1V54XN0rfnq--COEkmbK60iNXF7Rfgmw5\/view?usp=sharing\" target=\"_blank\" rel=\"noreferrer noopener\">https:\/\/drive.google.com\/file\/d\/1V54XN0rfnq&#8211;COEkmbK60iNXF7Rfgmw5\/view?usp=sharing<\/a><\/p>\n\n\n\n<p>En aquest altre enlla\u00e7, teniu un v\u00eddeo explicatiu sobre com emplenar, adjuntar documentaci\u00f3&nbsp;i enviar la sol\u00b7licitud de preinscripci\u00f3 aquest curs 2023-2024:<\/p>\n\n\n\n<p class=\"has-text-align-center\"><a href=\"https:\/\/drive.google.com\/file\/d\/1m6kG-iUiHvSlOV0eFBPoG4P6tGLYNsfl\/view?usp=sharing\" target=\"_blank\" rel=\"noreferrer noopener\">https:\/\/drive.google.com\/file\/d\/1m6kG-iUiHvSlOV0eFBPoG4P6tGLYNsfl\/view?usp=sharing<\/a><\/p>\n\n\n\n<p>Podeu fer la sol\u00b7licitud de preinscripci\u00f3 en el seg\u00fcent enlla\u00e7:<\/p>\n\n\n\n<p class=\"has-text-align-center\"><a href=\"https:\/\/educacio.gencat.cat\/ca\/tramits\/tramits-temes\/20483-obligatoris?moda=3\" target=\"_blank\" rel=\"noreferrer noopener\">https:\/\/educacio.gencat.cat\/ca\/tramits\/tramits-temes\/20483-obligatoris?moda=3<\/a>&nbsp;<\/p>\n\n\n\n<p><\/p>\n\n\n\n<h2 class=\"wp-block-heading\">Batxillerat<\/h2>\n\n\n\n<figure class=\"wp-block-image size-full\"><img decoding=\"async\" src=\"https:\/\/insalmenar.cat\/wp-content\/uploads\/2023\/04\/image-1.png\" alt=\"\" class=\"wp-image-1721\"\/><\/figure>\n\n\n\n<p>Pel que fa a la <strong>preinscripci\u00f3 de la <strong>Batxillerat<\/strong> <\/strong> podeu trobar tota la informaci\u00f3 en el seg\u00fcent enlla\u00e7:<\/p>\n\n\n\n<p class=\"has-text-align-center\"><a href=\"https:\/\/preinscripcio.gencat.cat\/ca\/estudis\/batxillerat\/inici\/\" target=\"_blank\" rel=\"noreferrer noopener\">https:\/\/preinscripcio.gencat.cat\/ca\/estudis\/batxillerat\/inici\/<\/a><\/p>\n\n\n\n<p>I per a iniciar tots els tr\u00e0mits, podeu visitar:<\/p>\n\n\n\n<p class=\"has-text-align-center\"><a href=\"https:\/\/educacio.gencat.cat\/ca\/tramits\/tramits-temes\/9388-batxillerat?moda=1\" target=\"_blank\" rel=\"noreferrer noopener\">https:\/\/educacio.gencat.cat\/ca\/tramits\/tramits-temes\/9388-batxillerat?moda=1<\/a><\/p>\n\n\n\n<p><\/p>\n\n\n\n<h2 class=\"wp-block-heading\">Formaci\u00f3 professional (grau mitj\u00e0)<\/h2>\n\n\n\n<figure class=\"wp-block-image size-full\"><img decoding=\"async\" src=\"https:\/\/insalmenar.cat\/wp-content\/uploads\/2023\/04\/image.png\" alt=\"\" class=\"wp-image-1718\"\/><\/figure>\n\n\n\n<p>Pel que fa a la <strong>preinscripci\u00f3 de la Formaci\u00f3 professional<\/strong> podeu trobar tota la informaci\u00f3 en el seg\u00fcent enlla\u00e7:<\/p>\n\n\n\n<p class=\"has-text-align-center\"><a href=\"https:\/\/preinscripcio.gencat.cat\/ca\/estudis\/fp-grau-mitja\/inici\/\">https:\/\/preinscripcio.gencat.cat\/ca\/estudis\/fp-grau-mitja\/inici\/<\/a><\/p>\n\n\n\n<p>Aquest curs per\u00f2, cal tenir en compte les seg\u00fcents opcions:<\/p>\n\n\n\n<h3 class=\"wp-block-heading\">Calendari per a l&#8217;alumnat amb continu\u00eftat d&#8217;escolaritzaci\u00f3<\/h3>\n\n\n\n<p>Podreu trobar tota la informaci\u00f3 en el seg\u00fcent enlla\u00e7:<\/p>\n\n\n\n<p class=\"has-text-align-center\"><a href=\"https:\/\/preinscripcio.gencat.cat\/ca\/estudis\/fp-grau-mitja\/informat\/calendari\/calendari-alumnat-continuitat\/\">https:\/\/preinscripcio.gencat.cat\/ca\/estudis\/fp-grau-mitja\/informat\/calendari\/calendari-alumnat-continuitat\/<\/a><\/p>\n\n\n\n<h3 class=\"wp-block-heading\">Calendari per a la resta de l&#8217;alumnat (sense continu\u00eftat d&#8217;escolaritzaci\u00f3)<\/h3>\n\n\n\n<p>Podreu trobar tota la informaci\u00f3 en el seg\u00fcent enlla\u00e7:<\/p>\n\n\n\n<p class=\"has-text-align-center\"><a href=\"https:\/\/preinscripcio.gencat.cat\/ca\/estudis\/fp-grau-mitja\/informat\/calendari\/calendari-resta-alumnat\/\">https:\/\/preinscripcio.gencat.cat\/ca\/estudis\/fp-grau-mitja\/informat\/calendari\/calendari-resta-alumnat\/<\/a><\/p>\n","protected":false},"excerpt":{"rendered":"<p>FP Grau B\u00e0sic Serveis Administratius<\/p>\n<p>Preinscripci\u00f3 per al curs 2023-2024: del 16 al 25 de maig.<\/p>\n<p>Podeu fer la sol\u00b7licitud de preinscripci\u00f3 i veure&#8217;n tota la informaci\u00f3 en el seg\u00fcent enlla\u00e7::<\/p>\n<p><a href=\"https:\/\/preinscripcio.gencat.cat\/ca\/estudis\/fp-basica\/inici\/\">https:\/\/preinscripcio.gencat.cat\/ca\/estudis\/fp-basica\/inici\/<\/a><\/p>\n<p>ESO<\/p>\n<p>Preinscripci\u00f3 per al curs 2023-2024: del 8 al 20 de mar\u00e7.<\/p>\n<p>En el seg\u00fcent enlla\u00e7, disposeu d&#8217;una&hellip;  <a href=\"https:\/\/agora.xtec.cat\/iesalmenar\/preinscripcions\/\" title=\"Read Preinscripcions FPGB, ESO, Batxillerat i \u00a0Formaci\u00f3 professional\">Llegeix m\u00e9s\u00bb<\/a><\/p>\n","protected":false},"author":25,"featured_media":1321,"parent":0,"menu_order":0,"comment_status":"closed","ping_status":"closed","template":"","meta":{"_bbp_topic_count":0,"_bbp_reply_count":0,"_bbp_total_topic_count":0,"_bbp_total_reply_count":0,"_bbp_voice_count":0,"_bbp_anonymous_reply_count":0,"_bbp_topic_count_hidden":0,"_bbp_reply_count_hidden":0,"_bbp_forum_subforum_count":0,"footnotes":""},"class_list":["post-1183","page","type-page","status-publish","has-post-thumbnail","hentry"],"post_mailing_queue_ids":[],"_links":{"self":[{"href":"https:\/\/agora.xtec.cat\/iesalmenar\/wp-json\/wp\/v2\/pages\/1183","targetHints":{"allow":["GET"]}}],"collection":[{"href":"https:\/\/agora.xtec.cat\/iesalmenar\/wp-json\/wp\/v2\/pages"}],"about":[{"href":"https:\/\/agora.xtec.cat\/iesalmenar\/wp-json\/wp\/v2\/types\/page"}],"author":[{"embeddable":true,"href":"https:\/\/agora.xtec.cat\/iesalmenar\/wp-json\/wp\/v2\/users\/25"}],"replies":[{"embeddable":true,"href":"https:\/\/agora.xtec.cat\/iesalmenar\/wp-json\/wp\/v2\/comments?post=1183"}],"version-history":[{"count":0,"href":"https:\/\/agora.xtec.cat\/iesalmenar\/wp-json\/wp\/v2\/pages\/1183\/revisions"}],"wp:featuredmedia":[{"embeddable":true,"href":"https:\/\/agora.xtec.cat\/iesalmenar\/wp-json\/"}],"wp:attachment":[{"href":"https:\/\/agora.xtec.cat\/iesalmenar\/wp-json\/wp\/v2\/media?parent=1183"}],"curies":[{"name":"wp","href":"https:\/\/api.w.org\/{rel}","templated":true}]}}