{"id":7232,"date":"2026-01-22T19:38:20","date_gmt":"2026-01-22T18:38:20","guid":{"rendered":"https:\/\/agora.xtec.cat\/iesalmata\/?page_id=7232"},"modified":"2026-01-31T12:51:13","modified_gmt":"2026-01-31T11:51:13","slug":"proves-anuals-geso-exalumnes","status":"publish","type":"page","link":"https:\/\/agora.xtec.cat\/iesalmata\/institut\/estudis\/projecte-curricular-eso\/proves-anuals-geso-exalumnes\/","title":{"rendered":"Proves anuals GESO exalumnes"},"content":{"rendered":"\n<h1 class=\"wp-block-heading\"><strong>Proves per a l\u2019obtenci\u00f3 del graduat en ESO (GESO) per a l\u2019alumnat que no l\u2019hagi obtingut en finalitzar aquesta etapa<\/strong><\/h1>\n\n\n\n<p><\/p>\n\n\n\n<h1 class=\"wp-block-heading has-text-align-left\"><strong>Convocat\u00f2ria 2026<\/strong><\/h1>\n\n\n\n<p>S\u2019han convocat les proves per a l\u2019obtenci\u00f3 del t\u00edtol de graduat o graduada en educaci\u00f3 secund\u00e0ria obligat\u00f2ria per a l\u2019alumnat que no l\u2019hagi obtingut en finalitzar l\u2019etapa els anys 2024 o 2025 o que hagi finalitzat l\u2019equivalent del quart curs de l\u2019educaci\u00f3 secund\u00e0ria obligat\u00f2ria en un sistema educatiu estranger amb mat\u00e8ries amb avaluaci\u00f3 negativa.<\/p>\n\n\n\n<p>El centre on es realitzen aquestes proves sempre ha de ser aquell on es troba l\u2019expedient de l\u2019alumne\/a, \u00e9s a dir, aquell on l\u2019alumne\/a va estar matriculat de 4t d\u2019ESO per \u00faltima vegada. <\/p>\n\n\n\n<p><strong>Alumnat que s\u2019hi pot presentar<\/strong><\/p>\n\n\n\n<ol class=\"wp-block-list\">\n<li>Tenir divuit anys o complir-los dins l&#8217;any natural de realitzaci\u00f3 de la prova. Excepcionalment s\u2019hi poden presentar alumnes que tinguin 17 anys, o 16 anys en el moment de realitzaci\u00f3 de la prova per\u00f2 que compleixin els 17 durant l\u2019any natural de la seva realitzaci\u00f3, sempre que reuneixin alguna de les condicions seg\u00fcents:<\/li>\n<\/ol>\n\n\n\n<ul class=\"wp-block-list\">\n<li style=\"margin-top:0;margin-right:var(--wp--preset--spacing--60);margin-bottom:0;margin-left:var(--wp--preset--spacing--60)\">Que tingui un contracte laboral que li impedeixi assistir al centre educatiu en r\u00e8gim ordinari.<\/li>\n\n\n\n<li style=\"margin-top:0;margin-right:var(--wp--preset--spacing--60);margin-bottom:0;margin-left:var(--wp--preset--spacing--60)\">Que es trobi en proc\u00e9s d&#8217;obtenci\u00f3 d&#8217;un perm\u00eds de treball.<\/li>\n\n\n\n<li style=\"margin-top:0;margin-right:var(--wp--preset--spacing--60);margin-bottom:0;margin-left:var(--wp--preset--spacing--60)\">Que sigui esportista d&#8217;alt rendiment. En aquest cas caldr\u00e0 presentar una certificaci\u00f3 del Consell Catal\u00e0 de l&#8217;Esport que acrediti que aquests esportistes figuren en el programa de tecnificaci\u00f3 (ARC) de la federaci\u00f3 catalana corresponent.<\/li>\n\n\n\n<li style=\"margin-top:0;margin-right:var(--wp--preset--spacing--60);margin-bottom:0;margin-left:var(--wp--preset--spacing--60)\">Que tingui un expedient d&#8217;homologaci\u00f3 obert d&#8217;estudis estrangers al t\u00edtol de GESO.<\/li>\n<\/ul>\n\n\n\n<ol start=\"2\" class=\"wp-block-list\">\n<li>Haver finalitzat l&#8217;educaci\u00f3 secund\u00e0ria obligat\u00f2ria durant un dels dos cursos anteriors al qual es presenti a la prova sense haver obtingut el t\u00edtol o haver finalitzat l&#8217;equivalent del quart curs de l&#8217;educaci\u00f3 secund\u00e0ria obligat\u00f2ria en un sistema educatiu estranger amb mat\u00e8ries amb avaluaci\u00f3 negativa en cursos anteriors.&nbsp;De manera excepcional, tamb\u00e9 s&#8217;hi poden acollir alumnes amb informe de reconeixement de necessitats educatives especials, em\u00e8s per l&#8217;equip d&#8217;assessorament psicopedag\u00f2gic (EAP), per als quals es va elaborar un pla de suport individualitzat durant el per\u00edode compr\u00e8s entre els cursos 2017-2018 i 2022-2023.<\/li>\n<\/ol>\n\n\n\n<p><\/p>\n\n\n\n<p>En aplicaci\u00f3 d\u2019aquests requisits, queden exclosos de la prova els alumnes inscrits per repetir quart d\u2019ESO en el present curs 2025-2026.&nbsp;<\/p>\n\n\n\n<p>D\u2019altra banda, els alumnes que estan matriculats en ensenyaments d\u2019adults o a l\u2019Institut Obert de Catalunya hi poden conc\u00f3rrer, sempre que compleixin els requisits abans esmentats.<\/p>\n\n\n\n<p><strong>Calendari 2026<\/strong><\/p>\n\n\n\n<figure class=\"wp-block-table\"><table class=\"has-fixed-layout\"><tbody><tr><td>Termini de presentaci\u00f3 de sol\u00b7licituds d\u2019inscripci\u00f3<\/td><td>del 2 al 13 de febrer<\/td><\/tr><tr><td>Publicaci\u00f3 del llistat de les persones admeses i excloses<\/td><td>19 de febrer<\/td><\/tr><tr><td>Termini de presentaci\u00f3 de reclamacions a les llistes de persones admeses i excloses<\/td><td>20, 23 i 24 de febrer<\/td><\/tr><tr><td>Llista definitiva d\u2019admesos<\/td><td>26 de febrer<\/td><\/tr><tr><td>Realitzaci\u00f3 de la prova\u200b\u200b\u200b\u200b\u200b<\/td><td>\u200b4 i 5 de mar\u00e7<\/td><\/tr><tr><td>Junta d\u2019avaluaci\u00f3 ordin\u00e0ria<\/td><td>11 de mar\u00e7<\/td><\/tr><tr><td>\u200bRelaci\u00f3 d\u2019alumnes presentats i de les qualificaci\u200bons obtingudes<\/td><td>\u200b16 de mar\u00e7<\/td><\/tr><tr><td>\u200bTermini de presentaci\u00f3 de reclamacions a les qualificacions obtingudes<\/td><td>\u200b17, 18 i 19 de mar\u00e7<\/td><\/tr><tr><td>\u200bSessi\u00f3 d\u2019avaluaci\u00f3 extraordin\u00e0ria<\/td><td>23 de mar\u00e7<\/td><\/tr><tr><td>Qualificacions definitives<\/td><td>25 de mar\u00e7<\/td><\/tr><\/tbody><\/table><\/figure>\n\n\n\n<p><strong>Impresos<\/strong><\/p>\n\n\n\n<ul class=\"wp-block-list\">\n<li><a href=\"https:\/\/agora.xtec.cat\/iesalmata\/wp-content\/uploads\/usu2959\/2026\/01\/impres-de-sollicitud.pdf\" target=\"_blank\" rel=\"noreferrer noopener\">Impr\u00e8s de sol\u00b7licitud<\/a><\/li>\n\n\n\n<li><a href=\"https:\/\/agora.xtec.cat\/iesalmata\/wp-content\/uploads\/usu2959\/2026\/01\/Carta-informativa-enviada-a-lalumnat-gener-2026.pdf\" target=\"_blank\" rel=\"noreferrer noopener\">Carta informativa lliurada a l\u2019alumnat (curs 2025-2026)<\/a><\/li>\n<\/ul>\n\n\n\n<p><strong>Normativa<\/strong><\/p>\n\n\n\n<ul class=\"wp-block-list\">\n<li><a href=\"https:\/\/institutjoanbrudieu.cat\/public\/web_centre\/html\/documents\/institut\/curs\/Complecio_ESO_Resolucio_091202.pdf\" target=\"_blank\" rel=\"noreferrer noopener\">Resoluci\u00f3 EDU\/2730\/2024<\/a>, de 16 de juliol, per la qual es regula la convocat\u00f2ria anual de les proves per a l\u2019obtenci\u00f3 del t\u00edtol de graduat en educaci\u00f3 secund\u00e0ria obligat\u00f2ria per a l\u2019alumnat que no l\u2019hagi obtingut en finalitzar l\u2019etapa esmentada.<\/li>\n\n\n\n<li><a href=\"https:\/\/portaljuridic.gencat.cat\/eli\/es-ct\/d\/2022\/09\/27\/175\" target=\"_blank\" rel=\"noreferrer noopener\">Decret 175\/2022<\/a>, de 27 de setembre, d\u2019ordenaci\u00f3 dels ensenyaments de l\u2019educaci\u00f3 b\u00e0sica.<\/li>\n\n\n\n<li>M\u00e9s informaci\u00f3 a la p\u00e0gina web del <a href=\"https:\/\/educacio.gencat.cat\/ca\/serveis-tramits\/proves\/proves-lliures-obtencio-titols\/obtencio-titol-eso\/\" target=\"_blank\" rel=\"noreferrer noopener\">Departament d\u2019Educaci\u00f3<\/a>.<\/li>\n<\/ul>\n\n\n\n<p><strong>Continguts i criteris d\u2019avaluaci\u00f3 m\u00ednims de les mat\u00e8ries<\/strong><\/p>\n\n\n\n<ul class=\"wp-block-list\">\n<li><a href=\"https:\/\/agora.xtec.cat\/iesalmata\/wp-content\/uploads\/usu2959\/2026\/01\/Llengua-Catalana-i-Literatura-_indicacions-prova.pdf\" target=\"_blank\" rel=\"noreferrer noopener\">Llengua catalana i literatura<\/a><\/li>\n\n\n\n<li><a href=\"https:\/\/agora.xtec.cat\/iesalmata\/wp-content\/uploads\/usu2959\/2026\/01\/Lengua-Castellana-y-Literatura_orientacions-prova.pdf\" target=\"_blank\" rel=\"noreferrer noopener\">Llengua Castellana i Literatura<\/a><\/li>\n\n\n\n<li><a href=\"https:\/\/agora.xtec.cat\/iesalmata\/wp-content\/uploads\/usu2959\/2026\/01\/Llengua-Estrangera_-Angles_orientacions-prova.pdf\" target=\"_blank\" rel=\"noreferrer noopener\">Llengua estrangera: Angl\u00e8s<\/a><\/li>\n\n\n\n<li><a href=\"https:\/\/agora.xtec.cat\/iesalmata\/wp-content\/uploads\/usu2959\/2026\/01\/Ciencies-Socials_-Geografia-i-Historia_orientacions-prova.pdf\" target=\"_blank\" rel=\"noreferrer noopener\">Ci\u00e8ncies socials, geografia i hist\u00f2ria<\/a><\/li>\n\n\n\n<li><a href=\"https:\/\/agora.xtec.cat\/iesalmata\/wp-content\/uploads\/usu2959\/2026\/01\/Matematiques-_orientacions.pdf\" target=\"_blank\" rel=\"noreferrer noopener\">Matem\u00e0tiques<\/a><\/li>\n\n\n\n<li><a href=\"https:\/\/agora.xtec.cat\/iesalmata\/wp-content\/uploads\/usu2959\/2026\/01\/Educacio-Fisica_orientacions-prova.pdf\" target=\"_blank\" rel=\"noreferrer noopener\">Educaci\u00f3 f\u00edsica<\/a><\/li>\n\n\n\n<li><a href=\"https:\/\/agora.xtec.cat\/iesalmata\/wp-content\/uploads\/usu2959\/2026\/01\/Biologia-i-Geologia-orientacions-prova.pdf\" target=\"_blank\" rel=\"noreferrer noopener\">Biologia i Geologia<\/a><\/li>\n\n\n\n<li><a href=\"https:\/\/agora.xtec.cat\/iesalmata\/wp-content\/uploads\/usu2959\/2026\/01\/Fisica-i-Quimica-_orientacions-prova.pdf\" target=\"_blank\" rel=\"noreferrer noopener\">F\u00edsica i Qu\u00edmica<\/a><\/li>\n\n\n\n<li><a href=\"https:\/\/agora.xtec.cat\/iesalmata\/wp-content\/uploads\/usu2959\/2026\/01\/Economia-Basica_orientacions-prova.pdf\" target=\"_blank\" rel=\"noreferrer noopener\">Economia b\u00e0sica<\/a><\/li>\n\n\n\n<li><a href=\"https:\/\/agora.xtec.cat\/iesalmata\/wp-content\/uploads\/usu2959\/2026\/01\/Expressio-Artistica_orientacions-prova.pdf\" target=\"_blank\" rel=\"noreferrer noopener\">Expressi\u00f3 art\u00edstica<\/a><\/li>\n\n\n\n<li><a href=\"https:\/\/agora.xtec.cat\/iesalmata\/wp-content\/uploads\/usu2959\/2026\/01\/Filosofia-orientacions-prova.pdf\" target=\"_blank\" rel=\"noreferrer noopener\">Filosofia<\/a><\/li>\n\n\n\n<li><a href=\"https:\/\/agora.xtec.cat\/iesalmata\/wp-content\/uploads\/usu2959\/2026\/01\/Tecnologia_orientacions-prova.pdf\" target=\"_blank\" rel=\"noreferrer noopener\">Tecnologia&nbsp;<\/a><\/li>\n\n\n\n<li><a href=\"https:\/\/agora.xtec.cat\/iesalmata\/wp-content\/uploads\/usu2959\/2026\/01\/Digitalitzacio_orinetacions-prova.pdf\" target=\"_blank\" rel=\"noreferrer noopener\">Digitalitzaci\u00f3<\/a><\/li>\n\n\n\n<li><a href=\"https:\/\/agora.xtec.cat\/iesalmata\/wp-content\/uploads\/usu2959\/2026\/01\/Musica_orientacions-prova.pdf\" target=\"_blank\" rel=\"noreferrer noopener\">M\u00fasica<\/a><\/li>\n\n\n\n<li><a href=\"https:\/\/agora.xtec.cat\/iesalmata\/wp-content\/uploads\/usu2959\/2026\/01\/Segona-Llengua-Estrangera_-Frances-_orientacions-prova.pdf\" target=\"_blank\" rel=\"noreferrer noopener\">Segona Llengua Estrangera: Franc\u00e8s<\/a><\/li>\n\n\n\n<li><a href=\"https:\/\/agora.xtec.cat\/iesalmata\/wp-content\/uploads\/usu2959\/2026\/01\/Llati_-Llengua-i-Cultura-_orientacions-prova.pdf\" target=\"_blank\" rel=\"noreferrer noopener\">Llat\u00ed: llengua i cultura<\/a><\/li>\n<\/ul>\n","protected":false},"excerpt":{"rendered":"<p>Proves per a l\u2019obtenci\u00f3 del graduat en ESO (GESO) per a l\u2019alumnat que no l\u2019hagi obtingut en finalitzar aquesta etapa [&hellip;]<\/p>\n","protected":false},"author":8,"featured_media":0,"parent":669,"menu_order":0,"comment_status":"closed","ping_status":"closed","template":"","meta":{"_bbp_topic_count":0,"_bbp_reply_count":0,"_bbp_total_topic_count":0,"_bbp_total_reply_count":0,"_bbp_voice_count":0,"_bbp_anonymous_reply_count":0,"_bbp_topic_count_hidden":0,"_bbp_reply_count_hidden":0,"_bbp_forum_subforum_count":0,"site-sidebar-layout":"default","site-content-layout":"","ast-site-content-layout":"default","site-content-style":"default","site-sidebar-style":"default","ast-global-header-display":"","ast-banner-title-visibility":"","ast-main-header-display":"","ast-hfb-above-header-display":"","ast-hfb-below-header-display":"","ast-hfb-mobile-header-display":"","site-post-title":"disabled","ast-breadcrumbs-content":"","ast-featured-img":"","footer-sml-layout":"","theme-transparent-header-meta":"","adv-header-id-meta":"","stick-header-meta":"","header-above-stick-meta":"","header-main-stick-meta":"","header-below-stick-meta":"","astra-migrate-meta-layouts":"set","ast-page-background-enabled":"default","ast-page-background-meta":{"desktop":{"background-color":"var(--ast-global-color-4)","background-image":"","background-repeat":"repeat","background-position":"center center","background-size":"auto","background-attachment":"scroll","background-type":"","background-media":"","overlay-type":"","overlay-color":"","overlay-opacity":"","overlay-gradient":""},"tablet":{"background-color":"","background-image":"","background-repeat":"repeat","background-position":"center center","background-size":"auto","background-attachment":"scroll","background-type":"","background-media":"","overlay-type":"","overlay-color":"","overlay-opacity":"","overlay-gradient":""},"mobile":{"background-color":"","background-image":"","background-repeat":"repeat","background-position":"center center","background-size":"auto","background-attachment":"scroll","background-type":"","background-media":"","overlay-type":"","overlay-color":"","overlay-opacity":"","overlay-gradient":""}},"ast-content-background-meta":{"desktop":{"background-color":"var(--ast-global-color-5)","background-image":"","background-repeat":"repeat","background-position":"center center","background-size":"auto","background-attachment":"scroll","background-type":"","background-media":"","overlay-type":"","overlay-color":"","overlay-opacity":"","overlay-gradient":""},"tablet":{"background-color":"var(--ast-global-color-5)","background-image":"","background-repeat":"repeat","background-position":"center center","background-size":"auto","background-attachment":"scroll","background-type":"","background-media":"","overlay-type":"","overlay-color":"","overlay-opacity":"","overlay-gradient":""},"mobile":{"background-color":"var(--ast-global-color-5)","background-image":"","background-repeat":"repeat","background-position":"center center","background-size":"auto","background-attachment":"scroll","background-type":"","background-media":"","overlay-type":"","overlay-color":"","overlay-opacity":"","overlay-gradient":""}},"footnotes":""},"class_list":["post-7232","page","type-page","status-publish","hentry"],"post_mailing_queue_ids":[],"_links":{"self":[{"href":"https:\/\/agora.xtec.cat\/iesalmata\/wp-json\/wp\/v2\/pages\/7232","targetHints":{"allow":["GET"]}}],"collection":[{"href":"https:\/\/agora.xtec.cat\/iesalmata\/wp-json\/wp\/v2\/pages"}],"about":[{"href":"https:\/\/agora.xtec.cat\/iesalmata\/wp-json\/wp\/v2\/types\/page"}],"author":[{"embeddable":true,"href":"https:\/\/agora.xtec.cat\/iesalmata\/wp-json\/wp\/v2\/users\/8"}],"replies":[{"embeddable":true,"href":"https:\/\/agora.xtec.cat\/iesalmata\/wp-json\/wp\/v2\/comments?post=7232"}],"version-history":[{"count":6,"href":"https:\/\/agora.xtec.cat\/iesalmata\/wp-json\/wp\/v2\/pages\/7232\/revisions"}],"predecessor-version":[{"id":7450,"href":"https:\/\/agora.xtec.cat\/iesalmata\/wp-json\/wp\/v2\/pages\/7232\/revisions\/7450"}],"up":[{"embeddable":true,"href":"https:\/\/agora.xtec.cat\/iesalmata\/wp-json\/wp\/v2\/pages\/669"}],"wp:attachment":[{"href":"https:\/\/agora.xtec.cat\/iesalmata\/wp-json\/wp\/v2\/media?parent=7232"}],"curies":[{"name":"wp","href":"https:\/\/api.w.org\/{rel}","templated":true}]}}