{"id":38191,"date":"2026-01-28T12:26:51","date_gmt":"2026-01-28T11:26:51","guid":{"rendered":"https:\/\/agora.xtec.cat\/iesagustiserra\/?page_id=38191"},"modified":"2026-04-13T01:10:16","modified_gmt":"2026-04-12T23:10:16","slug":"jornada-de-portes-obertes-curs-2026-2027","status":"publish","type":"page","link":"https:\/\/agora.xtec.cat\/iesagustiserra\/jornada-de-portes-obertes-curs-2026-2027\/","title":{"rendered":"Jornada de portes obertes curs 2026-2027"},"content":{"rendered":"\n<h4 class=\"wp-block-heading has-text-align-left\">Xerrades informatives per a fam\u00edlies d&#8217;ESO &#8211; Oficina Municipal d\u2019Escolaritzaci\u00f3 (OME) &#8211; Ajuntament de Sabadell<\/h4>\n\n\n\n<div class=\"wp-block-columns alignfull are-vertically-aligned-center is-layout-flex wp-container-core-columns-is-layout-1 wp-block-columns-is-layout-flex\">\n<div class=\"wp-block-column is-vertically-aligned-center is-layout-flow wp-block-column-is-layout-flow\" style=\"flex-basis:30%\">\n<figure class=\"wp-block-image alignright size-large is-resized\"><a href=\"https:\/\/agora.xtec.cat\/iesagustiserra\/wp-content\/uploads\/usu1681\/2026\/02\/cartellsXerradesPreinscripcio26-ok.pdf\"><img loading=\"lazy\" decoding=\"async\" width=\"724\" height=\"1024\" src=\"https:\/\/agora.xtec.cat\/iesagustiserra\/wp-content\/uploads\/usu1681\/2026\/02\/cartellsXerradesPreinscripcio26-ok-724x1024.jpg\" alt=\"\" class=\"wp-image-38735\" style=\"width:226px;height:auto\" srcset=\"https:\/\/agora.xtec.cat\/iesagustiserra\/wp-content\/uploads\/usu1681\/2026\/02\/cartellsXerradesPreinscripcio26-ok-724x1024.jpg 724w, https:\/\/agora.xtec.cat\/iesagustiserra\/wp-content\/uploads\/usu1681\/2026\/02\/cartellsXerradesPreinscripcio26-ok-424x600.jpg 424w, https:\/\/agora.xtec.cat\/iesagustiserra\/wp-content\/uploads\/usu1681\/2026\/02\/cartellsXerradesPreinscripcio26-ok-768x1086.jpg 768w, https:\/\/agora.xtec.cat\/iesagustiserra\/wp-content\/uploads\/usu1681\/2026\/02\/cartellsXerradesPreinscripcio26-ok-1086x1536.jpg 1086w, https:\/\/agora.xtec.cat\/iesagustiserra\/wp-content\/uploads\/usu1681\/2026\/02\/cartellsXerradesPreinscripcio26-ok.jpg 1169w\" sizes=\"auto, (max-width: 724px) 100vw, 724px\" \/><\/a><figcaption class=\"wp-element-caption\">Cliqueu per ampliar<\/figcaption><\/figure>\n<\/div>\n\n\n\n<div class=\"wp-block-column is-vertically-aligned-center is-layout-flow wp-block-column-is-layout-flow\" style=\"flex-basis:60%\">\n<figure class=\"wp-block-image alignleft size-large is-resized\"><a href=\"https:\/\/agora.xtec.cat\/iesagustiserra\/wp-content\/uploads\/usu1681\/2026\/02\/tripticPreinscripcions26-ok.pdf\"><img loading=\"lazy\" decoding=\"async\" width=\"1024\" height=\"701\" src=\"https:\/\/agora.xtec.cat\/iesagustiserra\/wp-content\/uploads\/usu1681\/2026\/02\/Safata-d-entrada-7-web-institutagustiserra-cat-Correu-de-Institut-Agusti-Serra-i-Fontanet-02-19-2026_10_09_AM-1024x701.jpg\" alt=\"\" class=\"wp-image-38739\" style=\"width:500px;height:auto\" srcset=\"https:\/\/agora.xtec.cat\/iesagustiserra\/wp-content\/uploads\/usu1681\/2026\/02\/Safata-d-entrada-7-web-institutagustiserra-cat-Correu-de-Institut-Agusti-Serra-i-Fontanet-02-19-2026_10_09_AM-1024x701.jpg 1024w, https:\/\/agora.xtec.cat\/iesagustiserra\/wp-content\/uploads\/usu1681\/2026\/02\/Safata-d-entrada-7-web-institutagustiserra-cat-Correu-de-Institut-Agusti-Serra-i-Fontanet-02-19-2026_10_09_AM-600x411.jpg 600w, https:\/\/agora.xtec.cat\/iesagustiserra\/wp-content\/uploads\/usu1681\/2026\/02\/Safata-d-entrada-7-web-institutagustiserra-cat-Correu-de-Institut-Agusti-Serra-i-Fontanet-02-19-2026_10_09_AM-768x526.jpg 768w, https:\/\/agora.xtec.cat\/iesagustiserra\/wp-content\/uploads\/usu1681\/2026\/02\/Safata-d-entrada-7-web-institutagustiserra-cat-Correu-de-Institut-Agusti-Serra-i-Fontanet-02-19-2026_10_09_AM.jpg 1201w\" sizes=\"auto, (max-width: 1024px) 100vw, 1024px\" \/><\/a><figcaption class=\"wp-element-caption\">Cliqueu per ampliar<\/figcaption><\/figure>\n<\/div>\n<\/div>\n\n\n\n<h4 class=\"wp-block-heading\">ESO i BATXILLERAT<\/h4>\n\n\n\n<figure class=\"wp-block-table\"><table><thead><tr><th>Curs<\/th><th class=\"has-text-align-center\" data-align=\"center\">Data i horari<\/th><th class=\"has-text-align-center\" data-align=\"center\">Format<\/th><th class=\"has-text-align-center\" data-align=\"center\">Inscripci\u00f3<\/th><\/tr><\/thead><tbody><tr><td><strong>ESO <\/strong><br>(escoles adscrites i no adscrites 6\u00e8 de Prim\u00e0ria)<\/td><td class=\"has-text-align-center\" data-align=\"center\">Dimecres 18 de febrer &#8211; 18 h<\/td><td class=\"has-text-align-center\" data-align=\"center\"><mark style=\"background-color:rgba(0, 0, 0, 0)\" class=\"has-inline-color has-ast-global-color-5-color\">Presencial<\/mark><\/td><td class=\"has-text-align-center\" data-align=\"center\">No<\/td><\/tr><tr><td><strong>Batxillerat<\/strong><\/td><td class=\"has-text-align-center\" data-align=\"center\">Dimecres 25 de mar\u00e7 &#8211; 18 h<\/td><td class=\"has-text-align-center\" data-align=\"center\"><mark style=\"background-color:rgba(0, 0, 0, 0)\" class=\"has-inline-color has-ast-global-color-5-color\">Presencial<\/mark><\/td><td class=\"has-text-align-center\" data-align=\"center\">Tancada<\/td><\/tr><tr><td><strong>Batxillerat 3&#215;2<\/strong><\/td><td class=\"has-text-align-center\" data-align=\"center\">Dimecres 25 de mar\u00e7 &#8211; 19 h<\/td><td class=\"has-text-align-center\" data-align=\"center\"><mark style=\"background-color:rgba(0, 0, 0, 0)\" class=\"has-inline-color has-ast-global-color-5-color\">Presencial<\/mark><\/td><td class=\"has-text-align-center\" data-align=\"center\">Tancada<\/td><\/tr><\/tbody><\/table><\/figure>\n\n\n\n<h4 class=\"wp-block-heading\">CICLES FORMATIUS GRAU MITJ\u00c0<\/h4>\n\n\n\n<figure class=\"wp-block-table\"><table><thead><tr><th>Curs CFGM<\/th><th class=\"has-text-align-center\" data-align=\"center\">Dia 14\/4<\/th><th class=\"has-text-align-center\" data-align=\"center\">Dia 15\/4<\/th><th class=\"has-text-align-center\" data-align=\"center\">Format<\/th><th class=\"has-text-align-center\" data-align=\"center\">Inscripci\u00f3<\/th><\/tr><\/thead><tbody><tr><td><strong>Guia en el medi natural <\/strong><\/td><td class=\"has-text-align-center\" data-align=\"center\">17 h<\/td><td class=\"has-text-align-center\" data-align=\"center\">18 h<\/td><td class=\"has-text-align-center\" data-align=\"center\">Presencial<\/td><td class=\"has-text-align-center\" data-align=\"center\">Tancada<\/td><\/tr><tr><td><strong>Activitats comercials<\/strong><\/td><td class=\"has-text-align-center\" data-align=\"center\">17.15 h<\/td><td class=\"has-text-align-center\" data-align=\"center\">18.15 h<\/td><td class=\"has-text-align-center\" data-align=\"center\">Presencial<\/td><td class=\"has-text-align-center\" data-align=\"center\">Tancada<\/td><\/tr><tr><td><strong>Gesti\u00f3 administrativa<\/strong><\/td><td class=\"has-text-align-center\" data-align=\"center\">17.30 h<\/td><td class=\"has-text-align-center\" data-align=\"center\">18.30 h<\/td><td class=\"has-text-align-center\" data-align=\"center\">Presencial<\/td><td class=\"has-text-align-center\" data-align=\"center\">Tancada<\/td><\/tr><tr><td><strong>Instal\u00b7lacions el\u00e8ctriques<\/strong><\/td><td class=\"has-text-align-center\" data-align=\"center\">17.45 h<\/td><td class=\"has-text-align-center\" data-align=\"center\">17.15<\/td><td class=\"has-text-align-center\" data-align=\"center\">Presencial<\/td><td class=\"has-text-align-center\" data-align=\"center\">Tancada<\/td><\/tr><tr><td><strong>Preimpressi\u00f3 digital<\/strong><\/td><td class=\"has-text-align-center\" data-align=\"center\">18 h<\/td><td class=\"has-text-align-center\" data-align=\"center\">17 h<\/td><td class=\"has-text-align-center\" data-align=\"center\">Presencial<\/td><td class=\"has-text-align-center\" data-align=\"center\">Tancada<\/td><\/tr><\/tbody><\/table><\/figure>\n\n\n\n<h4 class=\"wp-block-heading\">CICLES FORMATIUS GRAU SUPERIOR<\/h4>\n\n\n\n<figure class=\"wp-block-table\"><table><thead><tr><th>Curs CFGS<\/th><th class=\"has-text-align-center\" data-align=\"center\">Dia 16\/4<\/th><th class=\"has-text-align-center\" data-align=\"center\">Format<\/th><th class=\"has-text-align-center\" data-align=\"center\">Inscripci\u00f3<\/th><\/tr><\/thead><tbody><tr><td><strong>Ensenyament i Animaci\u00f3 socioesportiva<\/strong><\/td><td class=\"has-text-align-center\" data-align=\"center\">17 h<\/td><td class=\"has-text-align-center\" data-align=\"center\"><mark style=\"background-color:rgba(0, 0, 0, 0)\" class=\"has-inline-color has-ast-global-color-5-color\">Presencial<\/mark><\/td><td class=\"has-text-align-center\" data-align=\"center\">Tancada<\/td><\/tr><tr><td><strong>Condicionament f\u00edsic<\/strong><\/td><td class=\"has-text-align-center\" data-align=\"center\">17 h<\/td><td class=\"has-text-align-center\" data-align=\"center\"><mark style=\"background-color:rgba(0, 0, 0, 0)\" class=\"has-inline-color has-ast-global-color-5-color\">Presencial<\/mark><\/td><td class=\"has-text-align-center\" data-align=\"center\">Tancada<\/td><\/tr><tr><td><strong>M\u00e0rqueting i publicitat<\/strong><\/td><td class=\"has-text-align-center\" data-align=\"center\">17.15 h<\/td><td class=\"has-text-align-center\" data-align=\"center\"><mark style=\"background-color:rgba(0, 0, 0, 0)\" class=\"has-inline-color has-ast-global-color-5-color\">Presencial<\/mark><\/td><td class=\"has-text-align-center\" data-align=\"center\">Tancada<\/td><\/tr><tr><td><strong>Administraci\u00f3 i finances<\/strong><\/td><td class=\"has-text-align-center\" data-align=\"center\">17.30 h<\/td><td class=\"has-text-align-center\" data-align=\"center\"><mark style=\"background-color:rgba(0, 0, 0, 0)\" class=\"has-inline-color has-ast-global-color-5-color\">Presencial<\/mark><\/td><td class=\"has-text-align-center\" data-align=\"center\">Tancada<\/td><\/tr><tr><td><strong>Automatitzaci\u00f3 i rob\u00f2tica<\/strong><\/td><td class=\"has-text-align-center\" data-align=\"center\">17.45 h<\/td><td class=\"has-text-align-center\" data-align=\"center\"><mark style=\"background-color:rgba(0, 0, 0, 0)\" class=\"has-inline-color has-ast-global-color-5-color\">Presencial<\/mark><\/td><td class=\"has-text-align-center\" data-align=\"center\">Tancada<\/td><\/tr><tr><td><strong>Disseny i edici\u00f3 de publicacions impreses i multim\u00e8dia<\/strong><\/td><td class=\"has-text-align-center\" data-align=\"center\">18 h<\/td><td class=\"has-text-align-center\" data-align=\"center\"><mark style=\"background-color:rgba(0, 0, 0, 0)\" class=\"has-inline-color has-ast-global-color-5-color\">Presencial<\/mark><\/td><td class=\"has-text-align-center\" data-align=\"center\">Tancada<\/td><\/tr><\/tbody><\/table><\/figure>\n\n\n\n<h4 class=\"wp-block-heading\">RESTA D&#8217;ESTUDIS<\/h4>\n\n\n\n<figure class=\"wp-block-table\"><table><thead><tr><th>Curs<\/th><th class=\"has-text-align-center\" data-align=\"center\">Dia i hora<\/th><th class=\"has-text-align-center\" data-align=\"center\">Format<\/th><th class=\"has-text-align-center\" data-align=\"center\">Inscripci\u00f3<\/th><\/tr><\/thead><tbody><tr><td><strong><strong>Salvament i socorrisme<\/strong><\/strong><\/td><td class=\"has-text-align-center\" data-align=\"center\">14 d&#8217;abril 17 h<\/td><td class=\"has-text-align-center\" data-align=\"center\">Presencial<\/td><td class=\"has-text-align-center\" data-align=\"center\">Tancada<\/td><\/tr><tr><td><strong><strong>PFI<\/strong><\/strong><\/td><td class=\"has-text-align-center\" data-align=\"center\">15 d&#8217;abril 18 h<\/td><td class=\"has-text-align-center\" data-align=\"center\">Presencial<\/td><td class=\"has-text-align-center\" data-align=\"center\">Tancada<\/td><\/tr><tr><td><strong>PTT Cal Molins<\/strong><\/td><td class=\"has-text-align-center\" data-align=\"center\">13 d&#8217;abril <br>Sessi\u00f3 de mat\u00ed de 11:30 a 13:00h<br>Sessi\u00f3 de tarda de 16:30 a 18:00h<\/td><td class=\"has-text-align-center\" data-align=\"center\">Presencial <br>Centre de Formaci\u00f3 Cal Molins <br>(c. dels Calders, 32 &#8211; Sabadell)<\/td><td class=\"has-text-align-center\" data-align=\"center\">Tancada<\/td><\/tr><tr><td><strong>IFE<\/strong><\/td><td class=\"has-text-align-center\" data-align=\"center\">Dimarts 14 d&#8217;abril &#8211; 18 h<\/td><td class=\"has-text-align-center\" data-align=\"center\">Presencial<\/td><td class=\"has-text-align-center\" data-align=\"center\">Tancada<\/td><\/tr><\/tbody><\/table><\/figure>\n\n\n\n<p><\/p>\n","protected":false},"excerpt":{"rendered":"<p>Xerrades informatives per a fam\u00edlies d&#8217;ESO &#8211; Oficina Municipal d\u2019Escolaritzaci\u00f3 (OME) &#8211; Ajuntament de Sabadell ESO i BATXILLERAT Curs Data [&hellip;]<\/p>\n","protected":false},"author":1,"featured_media":0,"parent":0,"menu_order":0,"comment_status":"closed","ping_status":"close","template":"","meta":{"site-sidebar-layout":"no-sidebar","site-content-layout":"","ast-site-content-layout":"default","site-content-style":"default","site-sidebar-style":"default","ast-global-header-display":"","ast-banner-title-visibility":"","ast-main-header-display":"","ast-hfb-above-header-display":"","ast-hfb-below-header-display":"","ast-hfb-mobile-header-display":"","site-post-title":"","ast-breadcrumbs-content":"","ast-featured-img":"","footer-sml-layout":"","theme-transparent-header-meta":"","adv-header-id-meta":"","stick-header-meta":"","header-above-stick-meta":"","header-main-stick-meta":"","header-below-stick-meta":"","astra-migrate-meta-layouts":"set","ast-page-background-enabled":"default","ast-page-background-meta":{"desktop":{"background-color":"var(--ast-global-color-4)","background-image":"","background-repeat":"repeat","background-position":"center center","background-size":"auto","background-attachment":"scroll","background-type":"","background-media":"","overlay-type":"","overlay-color":"","overlay-opacity":"","overlay-gradient":""},"tablet":{"background-color":"","background-image":"","background-repeat":"repeat","background-position":"center center","background-size":"auto","background-attachment":"scroll","background-type":"","background-media":"","overlay-type":"","overlay-color":"","overlay-opacity":"","overlay-gradient":""},"mobile":{"background-color":"","background-image":"","background-repeat":"repeat","background-position":"center center","background-size":"auto","background-attachment":"scroll","background-type":"","background-media":"","overlay-type":"","overlay-color":"","overlay-opacity":"","overlay-gradient":""}},"ast-content-background-meta":{"desktop":{"background-color":"var(--ast-global-color-5)","background-image":"","background-repeat":"repeat","background-position":"center center","background-size":"auto","background-attachment":"scroll","background-type":"","background-media":"","overlay-type":"","overlay-color":"","overlay-opacity":"","overlay-gradient":""},"tablet":{"background-color":"var(--ast-global-color-5)","background-image":"","background-repeat":"repeat","background-position":"center center","background-size":"auto","background-attachment":"scroll","background-type":"","background-media":"","overlay-type":"","overlay-color":"","overlay-opacity":"","overlay-gradient":""},"mobile":{"background-color":"var(--ast-global-color-5)","background-image":"","background-repeat":"repeat","background-position":"center center","background-size":"auto","background-attachment":"scroll","background-type":"","background-media":"","overlay-type":"","overlay-color":"","overlay-opacity":"","overlay-gradient":""}},"footnotes":""},"class_list":["post-38191","page","type-page","status-publish","hentry"],"post_mailing_queue_ids":[],"_links":{"self":[{"href":"https:\/\/agora.xtec.cat\/iesagustiserra\/wp-json\/wp\/v2\/pages\/38191","targetHints":{"allow":["GET"]}}],"collection":[{"href":"https:\/\/agora.xtec.cat\/iesagustiserra\/wp-json\/wp\/v2\/pages"}],"about":[{"href":"https:\/\/agora.xtec.cat\/iesagustiserra\/wp-json\/wp\/v2\/types\/page"}],"author":[{"embeddable":true,"href":"https:\/\/agora.xtec.cat\/iesagustiserra\/wp-json\/wp\/v2\/users\/1"}],"replies":[{"embeddable":true,"href":"https:\/\/agora.xtec.cat\/iesagustiserra\/wp-json\/wp\/v2\/comments?post=38191"}],"version-history":[{"count":6,"href":"https:\/\/agora.xtec.cat\/iesagustiserra\/wp-json\/wp\/v2\/pages\/38191\/revisions"}],"predecessor-version":[{"id":39907,"href":"https:\/\/agora.xtec.cat\/iesagustiserra\/wp-json\/wp\/v2\/pages\/38191\/revisions\/39907"}],"wp:attachment":[{"href":"https:\/\/agora.xtec.cat\/iesagustiserra\/wp-json\/wp\/v2\/media?parent=38191"}],"curies":[{"name":"wp","href":"https:\/\/api.w.org\/{rel}","templated":true}]}}