{"id":38171,"date":"2026-01-28T11:16:29","date_gmt":"2026-01-28T10:16:29","guid":{"rendered":"https:\/\/agora.xtec.cat\/iesagustiserra\/?page_id=38171"},"modified":"2026-04-28T11:30:25","modified_gmt":"2026-04-28T09:30:25","slug":"fpchallenge","status":"publish","type":"page","link":"https:\/\/agora.xtec.cat\/iesagustiserra\/portal-empreses\/transferencia-tecnologica\/participacio-a-concursos\/fpchallenge\/","title":{"rendered":"FPChallenge"},"content":{"rendered":"\n<figure class=\"wp-block-image aligncenter size-full is-resized\"><a href=\"https:\/\/sites.google.com\/xtec.cat\/fpchallenge\/inici?pli=1\"><img loading=\"lazy\" decoding=\"async\" width=\"763\" height=\"504\" src=\"https:\/\/agora.xtec.cat\/iesagustiserra\/wp-content\/uploads\/usu1681\/2026\/01\/unnamed.png\" alt=\"\" class=\"wp-image-37968\" style=\"width:215px;height:auto\" srcset=\"https:\/\/agora.xtec.cat\/iesagustiserra\/wp-content\/uploads\/usu1681\/2026\/01\/unnamed.png 763w, https:\/\/agora.xtec.cat\/iesagustiserra\/wp-content\/uploads\/usu1681\/2026\/01\/unnamed-600x396.png 600w\" sizes=\"auto, (max-width: 763px) 100vw, 763px\" \/><\/a><\/figure>\n\n\n\n<p>Repte professional on els estudiants apliquen els seus coneixements en situacions reals. <\/p>\n\n\n\n<p>L&#8217;<strong>FP Challenge<\/strong>, que forma part dels programes&nbsp;<strong><a href=\"https:\/\/agora.xtec.cat\/iesagustiserra\/projectes\/fp\/empren-fp\/\">Empr\u00e8nFP<\/a><\/strong> i <strong><a href=\"https:\/\/agora.xtec.cat\/iesagustiserra\/projectes\/fp\/innova-fp\/\">InnovaFP<\/a><\/strong>, consisteix en reptes i hackatons on els alumnes treballen en equip per&nbsp;<strong>identificar, idear i proposar solucions innovadores<\/strong>&nbsp;a problemes reals o projectes socials i sostenibles. Aquesta activitat potencia la&nbsp;<strong>creativitat<\/strong>, <strong>l\u2019emprenedoria <\/strong>i les compet\u00e8ncies transversals, com el pensament cr\u00edtic i la col\u00b7laboraci\u00f3.<\/p>\n\n\n\n        <div class=\"wp-block-getwid-post-carousel custom-post-type-post has-slides-gap-small is-carousel has-arrows-inside has-dots-outside\">\n            <div data-slider-option=\"{&quot;sliderSlidesToShowDesktop&quot;:&quot;3&quot;,&quot;getwid_slidesToShowLaptop&quot;:&quot;1&quot;,&quot;getwid_slidesToShowTablet&quot;:&quot;1&quot;,&quot;getwid_slidesToShowMobile&quot;:&quot;1&quot;,&quot;getwid_autoplay_speed&quot;:6000,&quot;getwid_animation_speed&quot;:800,&quot;getwid_slidesToScroll&quot;:&quot;1&quot;,&quot;getwid_autoplay&quot;:false,&quot;getwid_pause_on_hover&quot;:false,&quot;getwid_infinite&quot;:true,&quot;getwid_center_mode&quot;:false,&quot;getwid_arrows&quot;:&quot;inside&quot;,&quot;getwid_dots&quot;:&quot;outside&quot;}\" class=\"wp-block-getwid-post-carousel__wrapper\">\n                \t\t\t\t\t\t\t<div class=\"wp-block-getwid-post-carousel__slide\">\n\t\t\t\t\t\t\t\t\n<div class=\"wp-block-getwid-post-carousel__post\">\n            <div class=\"wp-block-getwid-post-carousel__post-thumbnail\">\n            <a href=\"https:\/\/agora.xtec.cat\/iesagustiserra\/general\/lfpchallenge-2026-converteix-linstitut-en-un-espai-dinnovacio-creativitat-i-molt-bon-ambient\/\"><img loading=\"lazy\" decoding=\"async\" width=\"1536\" height=\"2048\" src=\"https:\/\/agora.xtec.cat\/iesagustiserra\/wp-content\/uploads\/usu1681\/2026\/04\/WhatsApp-Image-2026-04-20-at-20.49.04.jpeg\" class=\"attachment-post-thumbnail size-post-thumbnail wp-post-image\" alt=\"\" srcset=\"https:\/\/agora.xtec.cat\/iesagustiserra\/wp-content\/uploads\/usu1681\/2026\/04\/WhatsApp-Image-2026-04-20-at-20.49.04.jpeg 1536w, https:\/\/agora.xtec.cat\/iesagustiserra\/wp-content\/uploads\/usu1681\/2026\/04\/WhatsApp-Image-2026-04-20-at-20.49.04-450x600.jpeg 450w, https:\/\/agora.xtec.cat\/iesagustiserra\/wp-content\/uploads\/usu1681\/2026\/04\/WhatsApp-Image-2026-04-20-at-20.49.04-768x1024.jpeg 768w, https:\/\/agora.xtec.cat\/iesagustiserra\/wp-content\/uploads\/usu1681\/2026\/04\/WhatsApp-Image-2026-04-20-at-20.49.04-1152x1536.jpeg 1152w\" sizes=\"auto, (max-width: 1536px) 100vw, 1536px\" \/><\/a>\n        <\/div>\n        <div class=\"wp-block-getwid-post-carousel__post-content-wrapper\">\n        <div class=\"wp-block-getwid-post-carousel__post-header\">\n            <h3 class=\"wp-block-getwid-post-carousel__post-title\"><a href=\"https:\/\/agora.xtec.cat\/iesagustiserra\/general\/lfpchallenge-2026-converteix-linstitut-en-un-espai-dinnovacio-creativitat-i-molt-bon-ambient\/\">L\u2019FPCHALLENGE 2026 converteix l\u2019Institut en un espai d\u2019innovaci\u00f3, creativitat i molt bon ambient<\/a><\/h3>        <\/div>\n        <div class=\"wp-block-getwid-post-carousel__post-excerpt\"><p>La hackat\u00f3 ha comptat amb la participaci\u00f3 de 192 estudiants de 48 equips i 16 centres en la seva 9a [&hellip;]<\/p>\n<\/div>\n    <\/div>\n<\/div>\n\n\t\t\t\t\t\t\t<\/div>\n\t\t\t\t\t\t\t\t\t\t\t\t\t<div class=\"wp-block-getwid-post-carousel__slide\">\n\t\t\t\t\t\t\t\t\n<div class=\"wp-block-getwid-post-carousel__post\">\n            <div class=\"wp-block-getwid-post-carousel__post-thumbnail\">\n            <a href=\"https:\/\/agora.xtec.cat\/iesagustiserra\/general\/linstitut-agusti-serra-i-fontanet-seu-del-9e-fp-challenge\/\"><img loading=\"lazy\" decoding=\"async\" width=\"800\" height=\"800\" src=\"https:\/\/agora.xtec.cat\/iesagustiserra\/wp-content\/uploads\/usu1681\/2026\/02\/FPChallenge.jpg\" class=\"attachment-post-thumbnail size-post-thumbnail wp-post-image\" alt=\"\" srcset=\"https:\/\/agora.xtec.cat\/iesagustiserra\/wp-content\/uploads\/usu1681\/2026\/02\/FPChallenge.jpg 800w, https:\/\/agora.xtec.cat\/iesagustiserra\/wp-content\/uploads\/usu1681\/2026\/02\/FPChallenge-600x600.jpg 600w, https:\/\/agora.xtec.cat\/iesagustiserra\/wp-content\/uploads\/usu1681\/2026\/02\/FPChallenge-150x150.jpg 150w, https:\/\/agora.xtec.cat\/iesagustiserra\/wp-content\/uploads\/usu1681\/2026\/02\/FPChallenge-768x768.jpg 768w\" sizes=\"auto, (max-width: 800px) 100vw, 800px\" \/><\/a>\n        <\/div>\n        <div class=\"wp-block-getwid-post-carousel__post-content-wrapper\">\n        <div class=\"wp-block-getwid-post-carousel__post-header\">\n            <h3 class=\"wp-block-getwid-post-carousel__post-title\"><a href=\"https:\/\/agora.xtec.cat\/iesagustiserra\/general\/linstitut-agusti-serra-i-fontanet-seu-del-9e-fp-challenge\/\">L\u2019Institut Agust\u00ed Serra i Fontanet, Seu del 9\u00e8 FP Challenge<\/a><\/h3>        <\/div>\n        <div class=\"wp-block-getwid-post-carousel__post-excerpt\"><p>L\u2019Institut Agust\u00ed Serra i Fontanet de Sabadell ser\u00e0 aquest curs: SEU del 9\u00e8 FP Challenge una jornada de treball col\u00b7laboratiu [&hellip;]<\/p>\n<\/div>\n    <\/div>\n<\/div>\n\n\t\t\t\t\t\t\t<\/div>\n\t\t\t\t\t\t\t\t\t\t\t\t\t<div class=\"wp-block-getwid-post-carousel__slide\">\n\t\t\t\t\t\t\t\t\n<div class=\"wp-block-getwid-post-carousel__post\">\n            <div class=\"wp-block-getwid-post-carousel__post-thumbnail\">\n            <a href=\"https:\/\/agora.xtec.cat\/iesagustiserra\/general\/31760\/\"><img loading=\"lazy\" decoding=\"async\" width=\"1600\" height=\"1200\" src=\"https:\/\/agora.xtec.cat\/iesagustiserra\/wp-content\/uploads\/usu1681\/2025\/03\/PHOTO-2025-03-06-20-09-51-1.jpg\" class=\"attachment-post-thumbnail size-post-thumbnail wp-post-image\" alt=\"\" srcset=\"https:\/\/agora.xtec.cat\/iesagustiserra\/wp-content\/uploads\/usu1681\/2025\/03\/PHOTO-2025-03-06-20-09-51-1.jpg 1600w, https:\/\/agora.xtec.cat\/iesagustiserra\/wp-content\/uploads\/usu1681\/2025\/03\/PHOTO-2025-03-06-20-09-51-1-600x450.jpg 600w, https:\/\/agora.xtec.cat\/iesagustiserra\/wp-content\/uploads\/usu1681\/2025\/03\/PHOTO-2025-03-06-20-09-51-1-1024x768.jpg 1024w, https:\/\/agora.xtec.cat\/iesagustiserra\/wp-content\/uploads\/usu1681\/2025\/03\/PHOTO-2025-03-06-20-09-51-1-768x576.jpg 768w, https:\/\/agora.xtec.cat\/iesagustiserra\/wp-content\/uploads\/usu1681\/2025\/03\/PHOTO-2025-03-06-20-09-51-1-1536x1152.jpg 1536w\" sizes=\"auto, (max-width: 1600px) 100vw, 1600px\" \/><\/a>\n        <\/div>\n        <div class=\"wp-block-getwid-post-carousel__post-content-wrapper\">\n        <div class=\"wp-block-getwid-post-carousel__post-header\">\n            <h3 class=\"wp-block-getwid-post-carousel__post-title\"><a href=\"https:\/\/agora.xtec.cat\/iesagustiserra\/general\/31760\/\">FP Challenge<\/a><\/h3>        <\/div>\n        <div class=\"wp-block-getwid-post-carousel__post-excerpt\"><p>El dimarts dia 4 de mar\u00e7 els cicles formatius de Grau mitj\u00e0 i Grau superior que han assistit de l&#8217;Institut [&hellip;]<\/p>\n<\/div>\n    <\/div>\n<\/div>\n\n\t\t\t\t\t\t\t<\/div>\n\t\t\t\t\t\t\t\t\t\t\t\t\t<div class=\"wp-block-getwid-post-carousel__slide\">\n\t\t\t\t\t\t\t\t\n<div class=\"wp-block-getwid-post-carousel__post\">\n            <div class=\"wp-block-getwid-post-carousel__post-thumbnail\">\n            <a href=\"https:\/\/agora.xtec.cat\/iesagustiserra\/general\/linstitut-agusti-serra-i-fontanet-participa-en-lfp-challenge-innovacio-creativitat-i-treball-en-equip\/\"><img loading=\"lazy\" decoding=\"async\" width=\"1053\" height=\"746\" src=\"https:\/\/agora.xtec.cat\/iesagustiserra\/wp-content\/uploads\/usu1681\/2025\/03\/I10.jpg\" class=\"attachment-post-thumbnail size-post-thumbnail wp-post-image\" alt=\"\" srcset=\"https:\/\/agora.xtec.cat\/iesagustiserra\/wp-content\/uploads\/usu1681\/2025\/03\/I10.jpg 1053w, https:\/\/agora.xtec.cat\/iesagustiserra\/wp-content\/uploads\/usu1681\/2025\/03\/I10-600x425.jpg 600w, https:\/\/agora.xtec.cat\/iesagustiserra\/wp-content\/uploads\/usu1681\/2025\/03\/I10-1024x725.jpg 1024w, https:\/\/agora.xtec.cat\/iesagustiserra\/wp-content\/uploads\/usu1681\/2025\/03\/I10-768x544.jpg 768w\" sizes=\"auto, (max-width: 1053px) 100vw, 1053px\" \/><\/a>\n        <\/div>\n        <div class=\"wp-block-getwid-post-carousel__post-content-wrapper\">\n        <div class=\"wp-block-getwid-post-carousel__post-header\">\n            <h3 class=\"wp-block-getwid-post-carousel__post-title\"><a href=\"https:\/\/agora.xtec.cat\/iesagustiserra\/general\/linstitut-agusti-serra-i-fontanet-participa-en-lfp-challenge-innovacio-creativitat-i-treball-en-equip\/\">L\u2019Institut Agust\u00ed Serra i Fontanet participa en l&#8217;FP Challenge: Innovaci\u00f3, creativitat i treball en equip!<\/a><\/h3>        <\/div>\n        <div class=\"wp-block-getwid-post-carousel__post-excerpt\"><p>El passat 4 de mar\u00e7, el nostre institut va tenir l\u2019oportunitat de participar en l&#8217;FP Challenge, una hackathon d\u2019innovaci\u00f3 on [&hellip;]<\/p>\n<\/div>\n    <\/div>\n<\/div>\n\n\t\t\t\t\t\t\t<\/div>\n\t\t\t\t\t\t            <\/div>\n        <\/div>\n        ","protected":false},"excerpt":{"rendered":"<p>Repte professional on els estudiants apliquen els seus coneixements en situacions reals. L&#8217;FP Challenge, que forma part dels programes&nbsp;Empr\u00e8nFP i [&hellip;]<\/p>\n","protected":false},"author":1,"featured_media":0,"parent":38034,"menu_order":10,"comment_status":"closed","ping_status":"close","template":"","meta":{"site-sidebar-layout":"default","site-content-layout":"","ast-site-content-layout":"default","site-content-style":"default","site-sidebar-style":"default","ast-global-header-display":"","ast-banner-title-visibility":"","ast-main-header-display":"","ast-hfb-above-header-display":"","ast-hfb-below-header-display":"","ast-hfb-mobile-header-display":"","site-post-title":"","ast-breadcrumbs-content":"","ast-featured-img":"","footer-sml-layout":"","theme-transparent-header-meta":"","adv-header-id-meta":"","stick-header-meta":"","header-above-stick-meta":"","header-main-stick-meta":"","header-below-stick-meta":"","astra-migrate-meta-layouts":"set","ast-page-background-enabled":"default","ast-page-background-meta":{"desktop":{"background-color":"var(--ast-global-color-4)","background-image":"","background-repeat":"repeat","background-position":"center center","background-size":"auto","background-attachment":"scroll","background-type":"","background-media":"","overlay-type":"","overlay-color":"","overlay-opacity":"","overlay-gradient":""},"tablet":{"background-color":"","background-image":"","background-repeat":"repeat","background-position":"center center","background-size":"auto","background-attachment":"scroll","background-type":"","background-media":"","overlay-type":"","overlay-color":"","overlay-opacity":"","overlay-gradient":""},"mobile":{"background-color":"","background-image":"","background-repeat":"repeat","background-position":"center center","background-size":"auto","background-attachment":"scroll","background-type":"","background-media":"","overlay-type":"","overlay-color":"","overlay-opacity":"","overlay-gradient":""}},"ast-content-background-meta":{"desktop":{"background-color":"var(--ast-global-color-5)","background-image":"","background-repeat":"repeat","background-position":"center center","background-size":"auto","background-attachment":"scroll","background-type":"","background-media":"","overlay-type":"","overlay-color":"","overlay-opacity":"","overlay-gradient":""},"tablet":{"background-color":"var(--ast-global-color-5)","background-image":"","background-repeat":"repeat","background-position":"center center","background-size":"auto","background-attachment":"scroll","background-type":"","background-media":"","overlay-type":"","overlay-color":"","overlay-opacity":"","overlay-gradient":""},"mobile":{"background-color":"var(--ast-global-color-5)","background-image":"","background-repeat":"repeat","background-position":"center center","background-size":"auto","background-attachment":"scroll","background-type":"","background-media":"","overlay-type":"","overlay-color":"","overlay-opacity":"","overlay-gradient":""}},"footnotes":""},"class_list":["post-38171","page","type-page","status-publish","hentry"],"post_mailing_queue_ids":[],"_links":{"self":[{"href":"https:\/\/agora.xtec.cat\/iesagustiserra\/wp-json\/wp\/v2\/pages\/38171","targetHints":{"allow":["GET"]}}],"collection":[{"href":"https:\/\/agora.xtec.cat\/iesagustiserra\/wp-json\/wp\/v2\/pages"}],"about":[{"href":"https:\/\/agora.xtec.cat\/iesagustiserra\/wp-json\/wp\/v2\/types\/page"}],"author":[{"embeddable":true,"href":"https:\/\/agora.xtec.cat\/iesagustiserra\/wp-json\/wp\/v2\/users\/1"}],"replies":[{"embeddable":true,"href":"https:\/\/agora.xtec.cat\/iesagustiserra\/wp-json\/wp\/v2\/comments?post=38171"}],"version-history":[{"count":6,"href":"https:\/\/agora.xtec.cat\/iesagustiserra\/wp-json\/wp\/v2\/pages\/38171\/revisions"}],"predecessor-version":[{"id":40311,"href":"https:\/\/agora.xtec.cat\/iesagustiserra\/wp-json\/wp\/v2\/pages\/38171\/revisions\/40311"}],"up":[{"embeddable":true,"href":"https:\/\/agora.xtec.cat\/iesagustiserra\/wp-json\/wp\/v2\/pages\/38034"}],"wp:attachment":[{"href":"https:\/\/agora.xtec.cat\/iesagustiserra\/wp-json\/wp\/v2\/media?parent=38171"}],"curies":[{"name":"wp","href":"https:\/\/api.w.org\/{rel}","templated":true}]}}