{"id":9180,"date":"2024-06-14T09:34:29","date_gmt":"2024-06-14T07:34:29","guid":{"rendered":"https:\/\/agora.xtec.cat\/iesacumella\/?page_id=9180"},"modified":"2024-06-14T09:34:29","modified_gmt":"2024-06-14T07:34:29","slug":"calendari-ioc-2024-2025","status":"publish","type":"page","link":"https:\/\/agora.xtec.cat\/iesacumella\/calendari-ioc-2024-2025\/","title":{"rendered":"Calendari IOC 2024-2025"},"content":{"rendered":"<h2>Proc\u00e9s de matr\u00edcula<\/h2>\n<ul>\n<li>La matr\u00edcula es formalitza a <a href=\"https:\/\/agora.xtec.cat\/iesacumella\/serveis\/secretaria\/\">secretaria del nostre l&#8217;Institut<\/a>.<\/li>\n<li>Per\u00edode de matr\u00edcula: <strong>del 3 al 10 de setembre<\/strong> (improrrogable)<\/li>\n<li>Cost: 15\u20ac per mat\u00e8ria i bloc (en general, les mat\u00e8ries s\u00f3n de dos blocs)<\/li>\n<\/ul>\n<p>Les mat\u00e8ries comunes i la mat\u00e8ria obligat\u00f2ria\/comuna d&#8217;opci\u00f3 s&#8217;han de cursar en el centre ordinari llevat de les dues excepcions seg\u00fcents:<\/p>\n<ul>\n<li>Si es cursen dues mat\u00e8ries obligades\/comunes d&#8217;opci\u00f3. Per exemple, en el cas de la modalitat d\u2019humanitats i ci\u00e8ncies socials, Matem\u00e0tiques Aplicades a les Ci\u00e8ncies Socials i Llengua i Cultura Llatines\/Llat\u00ed es poden cursar indistintament a l&#8217;IOC l&#8217;una o l&#8217;altra.\u200b<\/li>\n<li>Si la Llengua Estrangera (mat\u00e8ria comuna) que imparteix el centre \u00e9s diferent de la que vol cursar l&#8217;alumne o alumna.<\/li>\n<\/ul>\n<p>La resta de mat\u00e8ries de modalitat es poden cursar a l\u2019IOC.<\/p>\n<p>\u200b\u200bDe les mat\u00e8ries optatives anuals, \u00fanicament la Segona Llengua Estrangera.<\/p>\n<h2>Calendari<\/h2>\n<table style=\"height: 320px; border-collapse: collapse;\">\n<tbody>\n<tr style=\"height: 32px;\">\n<td style=\"text-align: center;\" colspan=\"2\"><strong>Semestre 1<\/strong><\/td>\n<\/tr>\n<tr style=\"height: 32px;\">\n<td style=\"width: 50%; height: 32px;\">Inici semestre 1 i acc\u00e9s a les aules<\/td>\n<td style=\"width: 50%; height: 32px;\"><\/td>\n<\/tr>\n<tr style=\"height: 32px;\">\n<td style=\"width: 50%; height: 32px;\">Lliuraments 1-5 (quinzenals)<\/td>\n<td style=\"width: 50%; height: 32px;\"><\/td>\n<\/tr>\n<tr style=\"height: 32px;\">\n<td style=\"width: 50%; height: 32px;\">Ex\u00e0mens convocat\u00f2ria ordin\u00e0ria<\/td>\n<td style=\"width: 50%; height: 32px;\"><\/td>\n<\/tr>\n<tr style=\"height: 32px;\">\n<td style=\"width: 50%; height: 32px;\">Publicaci\u00f3 de notes<\/td>\n<td style=\"width: 50%; height: 32px;\"><\/td>\n<\/tr>\n<tr style=\"height: 32px;\">\n<td style=\"width: 50%; height: 32px;\">Ex\u00e0mens de recuperaci\u00f3<\/td>\n<td style=\"width: 50%; height: 32px;\"><\/td>\n<\/tr>\n<tr style=\"height: 32px;\">\n<td style=\"width: 50%; height: 32px;\">Publicaci\u00f3 de notes<\/td>\n<td style=\"width: 50%; height: 32px;\"><\/td>\n<\/tr>\n<tr style=\"height: 32px;\">\n<td style=\"width: 50%; height: 32px;\">Tancament de les aules<\/td>\n<td style=\"width: 50%; height: 32px;\"><\/td>\n<\/tr>\n<tr style=\"height: 32px;\">\n<td style=\"width: 100%; height: 32px; text-align: center;\" colspan=\"2\"><strong>Semestre 2<\/strong><\/td>\n<\/tr>\n<tr style=\"height: 32px;\">\n<td style=\"width: 50%; height: 32px;\">Inici semestre 2 i acc\u00e9s a les aules<\/td>\n<td style=\"width: 50%;\"><\/td>\n<\/tr>\n<tr style=\"height: 32px;\">\n<td style=\"width: 50%; height: 32px;\">Lliuraments 1-5 (quinzenals)<\/td>\n<td style=\"width: 50%; height: 32px;\"><\/td>\n<\/tr>\n<tr style=\"height: 32px;\">\n<td style=\"width: 50%; height: 32px;\">Ex\u00e0mens convocat\u00f2ria ordin\u00e0ria<\/td>\n<td style=\"width: 50%;\"><\/td>\n<\/tr>\n<tr style=\"height: 32px;\">\n<td style=\"width: 50%; height: 32px;\">Publicaci\u00f3 de notes<\/td>\n<td style=\"width: 50%;\"><\/td>\n<\/tr>\n<tr style=\"height: 32px;\">\n<td style=\"width: 50%; height: 32px;\">Ex\u00e0mens de recuperaci\u00f3<\/td>\n<td style=\"width: 50%;\"><\/td>\n<\/tr>\n<tr style=\"height: 32px;\">\n<td style=\"width: 50%; height: 32px;\">Publicaci\u00f3 de notes<\/td>\n<td style=\"width: 50%;\"><\/td>\n<\/tr>\n<tr>\n<td style=\"width: 50%;\">Ex\u00e0mens convocat\u00f2ria extraordin\u00e0ria<\/td>\n<td style=\"width: 50%;\"><\/td>\n<\/tr>\n<tr>\n<td style=\"width: 50%;\">Publicaci\u00f3 de notes<\/td>\n<td style=\"width: 50%;\"><\/td>\n<\/tr>\n<tr style=\"height: 32px;\">\n<td style=\"width: 50%; height: 32px;\">Tancament de les aules<\/td>\n<td style=\"width: 50%;\"><\/td>\n<\/tr>\n<\/tbody>\n<\/table>\n<h2>Ex\u00e0mens del 1r semestre (desembre de 2023)<\/h2>\n<table style=\"border-collapse: collapse;\">\n<tbody>\n<tr>\n<td><strong>Hora<\/strong><\/td>\n<td><strong>Mat\u00e8ria<\/strong><\/td>\n<td><strong>Aula<\/strong><\/td>\n<\/tr>\n<tr>\n<td><\/td>\n<td><\/td>\n<td><\/td>\n<\/tr>\n<\/tbody>\n<\/table>\n<h2>Ex\u00e0mens de recuperaci\u00f3 del 1r semestre (gener de 2023)<\/h2>\n<table style=\"border-collapse: collapse;\">\n<tbody>\n<tr>\n<td><strong>Hora<\/strong><\/td>\n<td><strong>Mat\u00e8ria<\/strong><\/td>\n<td><strong>Aula<\/strong><\/td>\n<\/tr>\n<tr>\n<td><\/td>\n<td><\/td>\n<td><\/td>\n<\/tr>\n<\/tbody>\n<\/table>\n<h2>Ex\u00e0mens del 2n semestre (abril de 2023)<\/h2>\n<table style=\"border-collapse: collapse;\">\n<tbody>\n<tr>\n<td><strong>Hora<\/strong><\/td>\n<td><strong>Mat\u00e8ria<\/strong><\/td>\n<td><strong>Aula<\/strong><\/td>\n<\/tr>\n<tr>\n<td><\/td>\n<td><\/td>\n<td><\/td>\n<\/tr>\n<\/tbody>\n<\/table>\n<h2>Ex\u00e0mens de recuperaci\u00f3 del 2n semestre (maig de 2023)<\/h2>\n<table style=\"border-collapse: collapse;\">\n<tbody>\n<tr>\n<td><strong>Hora<\/strong><\/td>\n<td><strong>Mat\u00e8ria<\/strong><\/td>\n<td><strong>Aula<\/strong><\/td>\n<\/tr>\n<tr>\n<td><\/td>\n<td><\/td>\n<td><\/td>\n<\/tr>\n<\/tbody>\n<\/table>\n<h2>Convocat\u00f2ria extraordin\u00e0ria (maig de 2023)<\/h2>\n<table style=\"border-collapse: collapse;\">\n<tbody>\n<tr>\n<td><strong>Hora<\/strong><\/td>\n<td><strong>Mat\u00e8ria<\/strong><\/td>\n<td><strong>Aula<\/strong><\/td>\n<\/tr>\n<tr>\n<td><\/td>\n<td><\/td>\n<td><\/td>\n<\/tr>\n<\/tbody>\n<\/table>\n","protected":false},"excerpt":{"rendered":"<p>Proc\u00e9s de matr\u00edcula<\/p>\n<ul>\n<li>La matr\u00edcula es formalitza a <a href=\"https:\/\/agora.xtec.cat\/iesacumella\/serveis\/secretaria\/\">secretaria del nostre l&#8217;Institut<\/a>.<\/li>\n<li>Per\u00edode de matr\u00edcula: del 3 al 10 de setembre (improrrogable)<\/li>\n<li>Cost: 15\u20ac per mat\u00e8ria i bloc (en general, les mat\u00e8ries s\u00f3n de dos blocs)<\/li>\n<\/ul>\n<p>Les mat\u00e8ries comunes i la mat\u00e8ria obligat\u00f2ria\/comuna d&#8217;opci\u00f3 s&#8217;han de cursar en&hellip;  <a href=\"https:\/\/agora.xtec.cat\/iesacumella\/calendari-ioc-2024-2025\/\" title=\"Read Calendari IOC 2024-2025\">Llegeix m\u00e9s\u00bb<\/a><\/p>\n","protected":false},"author":1,"featured_media":0,"parent":0,"menu_order":0,"comment_status":"closed","ping_status":"closed","template":"","meta":{"_bbp_topic_count":0,"_bbp_reply_count":0,"_bbp_total_topic_count":0,"_bbp_total_reply_count":0,"_bbp_voice_count":0,"_bbp_anonymous_reply_count":0,"_bbp_topic_count_hidden":0,"_bbp_reply_count_hidden":0,"_bbp_forum_subforum_count":0,"footnotes":""},"class_list":["post-9180","page","type-page","status-publish","hentry"],"post_mailing_queue_ids":[],"_links":{"self":[{"href":"https:\/\/agora.xtec.cat\/iesacumella\/wp-json\/wp\/v2\/pages\/9180","targetHints":{"allow":["GET"]}}],"collection":[{"href":"https:\/\/agora.xtec.cat\/iesacumella\/wp-json\/wp\/v2\/pages"}],"about":[{"href":"https:\/\/agora.xtec.cat\/iesacumella\/wp-json\/wp\/v2\/types\/page"}],"author":[{"embeddable":true,"href":"https:\/\/agora.xtec.cat\/iesacumella\/wp-json\/wp\/v2\/users\/1"}],"replies":[{"embeddable":true,"href":"https:\/\/agora.xtec.cat\/iesacumella\/wp-json\/wp\/v2\/comments?post=9180"}],"version-history":[{"count":1,"href":"https:\/\/agora.xtec.cat\/iesacumella\/wp-json\/wp\/v2\/pages\/9180\/revisions"}],"predecessor-version":[{"id":9182,"href":"https:\/\/agora.xtec.cat\/iesacumella\/wp-json\/wp\/v2\/pages\/9180\/revisions\/9182"}],"wp:attachment":[{"href":"https:\/\/agora.xtec.cat\/iesacumella\/wp-json\/wp\/v2\/media?parent=9180"}],"curies":[{"name":"wp","href":"https:\/\/api.w.org\/{rel}","templated":true}]}}