{"id":9053,"date":"2023-07-20T10:31:48","date_gmt":"2023-07-20T08:31:48","guid":{"rendered":"https:\/\/agora.xtec.cat\/iesacumella\/?page_id=9053"},"modified":"2023-07-20T10:50:35","modified_gmt":"2023-07-20T08:50:35","slug":"estrategia-digital","status":"publish","type":"page","link":"https:\/\/agora.xtec.cat\/iesacumella\/projecte-educatiu\/estrategia-digital-de-centre\/estrategia-digital\/","title":{"rendered":"Estrat\u00e8gia Digital"},"content":{"rendered":"<p>La part estrat\u00e8gica de l&#8217;EDC s&#8217;estructura en 4 fases: Diagnosi, Objectius, Actuacions i Avaluaci\u00f3. El disseny de l\u2019Estrat\u00e8gia Digital de Centre l\u2019ha realitzat la Comissi\u00f3 Digital, en col\u00b7laboraci\u00f3 amb l&#8217;equip del claustre participant a la FIC sobre Estrat\u00e8gia Digital.<\/p>\n<p>L\u2019Estrat\u00e8gia Digital de Centre s\u2019alinea amb el quart objectiu de l\u2019actual Projecte de Direcci\u00f3, <strong>O4. Millorar la gesti\u00f3 del centre<\/strong>, que es concreta en l\u2019actualitzaci\u00f3 dels documents de gesti\u00f3 del centre, l\u2019impuls de la cultura digital de centre i la sistematitzaci\u00f3 de mecanisme d\u2019informaci\u00f3 i comunicaci\u00f3 envers la comunitat educativa. Tamb\u00e9 incideix en el primer objectiu, <strong>01. Millorar els resultats acad\u00e8mics de l\u2019alumnat a totes les etapes educatives<\/strong>, i especialment en l\u2019actuaci\u00f3 de desenvolupar i avaluar les compet\u00e8ncies transversals com la digital.<\/p>\n<h2>Diagnosi<\/h2>\n<p>Per a la diagnosi s\u2019han utilitzat les seg\u00fcents eines:<\/p>\n<ul>\n<li>Enquesta sobre l\u2019\u00fas pedag\u00f2gic de la tecnologia a l\u2019equip directiu amb l\u2019eina SELFIE.<\/li>\n<li>Enquesta sobre l\u2019\u00fas pedag\u00f2gic de la tecnologia a l\u2019equip docent amb l\u2019eina SELIFE.<\/li>\n<li>Enquesta sobre l\u2019\u00fas pedag\u00f2gic de la tecnologia a l\u2019alumnat amb l\u2019eina SELFIE.<\/li>\n<li>Enquesta a l\u2019equip docent sobre la seva compet\u00e8ncia digital docent.<\/li>\n<li>Entrevista a tots els caps dels Departaments did\u00e0ctics.<\/li>\n<li>Enquesta a les fam\u00edlies sobre la cultura digital.<\/li>\n<li>Entrevista amb fam\u00edlies per aprofundir en els resultats de l\u2019enquesta.<\/li>\n<\/ul>\n<p>A partir de la diagnosi feta hem pogut destacar diversos punts forts i febles. D\u2019entre ells detectem les seg\u00fcents necessitats:<\/p>\n<ol>\n<li>Sistematitzar els protocols del centre en general, i en concret aquells que tenen a veure amb l\u2019\u00e0mbit digital. Aix\u00f2 inclou, entre d\u2019altres, una actualitzaci\u00f3 de les NOFC pel que fa a l\u2019\u00fas del m\u00f2bil i els ordinadors port\u00e0tils, l\u2019acollida de docents, alumnat i fam\u00edlia i millorar l\u2019accessibilitat a alguns serveis del centre.<\/li>\n<li>Desplegar la programaci\u00f3 de la compet\u00e8ncia digital de l\u2019alumnat i establir-ne un seguiment anual. S\u2019han detectat tamb\u00e9 alguns aspectes concrets d\u2019aquesta compet\u00e8ncia, com ara la seguretat, autoria i fiabilitat de fonts d\u2019informaci\u00f3, on es considera m\u00e9s important d\u2019aprofundir-hi.<\/li>\n<li>Cohesionar l\u2019enfocament metodol\u00f2gic i la pr\u00e0ctica docent, en concret en l\u2019\u00e0mbit digital.<\/li>\n<li>Fer m\u00e9s accessible la informaci\u00f3 a les fam\u00edlies i millorar-ne la seva compet\u00e8ncia digital.<\/li>\n<\/ol>\n<h2>Objectius<\/h2>\n<p>A partir de la diagnosi i la revisi\u00f3 dels documents rellevants (PEC i Projecte de Direcci\u00f3), la Comissi\u00f3 Digital ha dissenyat els objectius i les activitats per desenvolupar-los, aix\u00ed com una proposta de temporitzaci\u00f3 d\u2019aquestes activitats. Aquest disseny ha estat validat per l\u2019equip directiu i presentat al claustre de 30 de juny de 2023. Cada objectiu consta d\u2019un seguit d\u2019activitats que es detallen a la seg\u00fcent secci\u00f3.<\/p>\n<p><strong>Objectiu 1:<\/strong> Establir o actualitzar els protocols de gesti\u00f3 de centre i protecci\u00f3 de dades.<\/p>\n<p><strong>Objectiu 2:<\/strong> Definir el desplegament complet de la compet\u00e8ncia digital de l\u2019alumnat.<\/p>\n<p><strong>Objectiu 3:<\/strong> Millorar el seguiment de l&#8217;adquisici\u00f3 de la compet\u00e8ncia digital de l&#8217;alumnat.<\/p>\n<p><strong>Objectiu 4:<\/strong> Assegurar l&#8217;assoliment dels conceptes clau de la compet\u00e8ncia digital sobre seguretat, autoria i fonts d&#8217;informaci\u00f3.<\/p>\n<p><strong>Objectiu 5:<\/strong> Desenvolupar i cohesionar la pr\u00e0ctica digital docent al centre i millorar la gesti\u00f3 de l&#8217;avaluaci\u00f3 i la qualificaci\u00f3.<\/p>\n<p><strong>Objectiu 6:<\/strong> Millorar la compet\u00e8ncia digital de les fam\u00edlies i aconseguir que la informaci\u00f3 en Cultura digital del centre els arribi.<\/p>\n<h2>Actuacions<\/h2>\n<p><img loading=\"lazy\" decoding=\"async\" class=\"alignnone size-full wp-image-9060\" src=\"https:\/\/agora.xtec.cat\/iesacumella\/wp-content\/uploads\/usu1642\/2023\/07\/EDC-Temporitzacio.png\" alt=\"\" width=\"424\" height=\"795\" srcset=\"https:\/\/agora.xtec.cat\/iesacumella\/wp-content\/uploads\/usu1642\/2023\/07\/EDC-Temporitzacio.png 424w, https:\/\/agora.xtec.cat\/iesacumella\/wp-content\/uploads\/usu1642\/2023\/07\/EDC-Temporitzacio-160x300.png 160w\" sizes=\"auto, (max-width: 424px) 100vw, 424px\" \/><\/p>\n<h2>Avaluaci\u00f3<\/h2>\n<p>S&#8217;ha definit indicadors d&#8217;avaluaci\u00f3 per a totes les activitats. Es planifiquen tres tipus de processos d\u2019avaluaci\u00f3 i millor de l\u2019EDC.<\/p>\n<p><strong>Cont\u00ednua.<\/strong> A partir dels indicadors de les activitats, que s\u2019avaluen trimestralment, la comissi\u00f3 digital conjuntament amb el responsable de l\u2019activitat valora el grau d\u2019assoliment d\u2019aquests indicadors i adapta les activitats i la seva temporitzaci\u00f3 per poder-los assolir amb \u00e8xit.<\/p>\n<p><strong>Anual.<\/strong> A partir dels indicadors de la valoraci\u00f3 global dels objectius, la comissi\u00f3 digital valora l\u2019assoliment de l\u2019objectiu i redissenya, si \u00e9s necessari, els objectius i les activitats planificades per al seu assoliment.<\/p>\n<p><strong>Final.<\/strong> En acabar l\u2019EDC, la comissi\u00f3 digital valora si s\u2019han assolit tots els objectius i s\u2019ha arribat on es volia a trav\u00e9s del grau d\u2019assoliment dels seus indicadors. Es presentaran els resultats al Claustre i es reiniciar\u00e0 el cicle amb una nova diagnosi per actualitzar l\u2019EDC.<\/p>\n<p>Un cop finalitzat aquest proc\u00e9s, es presentar\u00e0 al Claustre i al Consell Escolar.<\/p>\n","protected":false},"excerpt":{"rendered":"<p>La part estrat\u00e8gica de l&#8217;EDC s&#8217;estructura en 4 fases: Diagnosi, Objectius, Actuacions i Avaluaci\u00f3. El disseny de l\u2019Estrat\u00e8gia Digital de Centre l\u2019ha realitzat la Comissi\u00f3 Digital, en col\u00b7laboraci\u00f3 amb l&#8217;equip del claustre participant a la FIC sobre Estrat\u00e8gia Digital.<br \/>\nL\u2019Estrat\u00e8gia Digital de Centre s\u2019alinea amb el&hellip;  <a href=\"https:\/\/agora.xtec.cat\/iesacumella\/projecte-educatiu\/estrategia-digital-de-centre\/estrategia-digital\/\" title=\"Read Estrat\u00e8gia Digital\">Llegeix m\u00e9s\u00bb<\/a><\/p>\n","protected":false},"author":1,"featured_media":0,"parent":8854,"menu_order":1,"comment_status":"closed","ping_status":"closed","template":"page-templates\/side-menu.php","meta":{"_bbp_topic_count":0,"_bbp_reply_count":0,"_bbp_total_topic_count":0,"_bbp_total_reply_count":0,"_bbp_voice_count":0,"_bbp_anonymous_reply_count":0,"_bbp_topic_count_hidden":0,"_bbp_reply_count_hidden":0,"_bbp_forum_subforum_count":0,"footnotes":""},"class_list":["post-9053","page","type-page","status-publish","hentry"],"post_mailing_queue_ids":[],"_links":{"self":[{"href":"https:\/\/agora.xtec.cat\/iesacumella\/wp-json\/wp\/v2\/pages\/9053","targetHints":{"allow":["GET"]}}],"collection":[{"href":"https:\/\/agora.xtec.cat\/iesacumella\/wp-json\/wp\/v2\/pages"}],"about":[{"href":"https:\/\/agora.xtec.cat\/iesacumella\/wp-json\/wp\/v2\/types\/page"}],"author":[{"embeddable":true,"href":"https:\/\/agora.xtec.cat\/iesacumella\/wp-json\/wp\/v2\/users\/1"}],"replies":[{"embeddable":true,"href":"https:\/\/agora.xtec.cat\/iesacumella\/wp-json\/wp\/v2\/comments?post=9053"}],"version-history":[{"count":3,"href":"https:\/\/agora.xtec.cat\/iesacumella\/wp-json\/wp\/v2\/pages\/9053\/revisions"}],"predecessor-version":[{"id":9061,"href":"https:\/\/agora.xtec.cat\/iesacumella\/wp-json\/wp\/v2\/pages\/9053\/revisions\/9061"}],"up":[{"embeddable":true,"href":"https:\/\/agora.xtec.cat\/iesacumella\/wp-json\/wp\/v2\/pages\/8854"}],"wp:attachment":[{"href":"https:\/\/agora.xtec.cat\/iesacumella\/wp-json\/wp\/v2\/media?parent=9053"}],"curies":[{"name":"wp","href":"https:\/\/api.w.org\/{rel}","templated":true}]}}