{"id":8710,"date":"2022-10-06T10:53:19","date_gmt":"2022-10-06T08:53:19","guid":{"rendered":"https:\/\/agora.xtec.cat\/iesacumella\/?page_id=8710"},"modified":"2026-01-13T12:22:23","modified_gmt":"2026-01-13T11:22:23","slug":"criteris-davaluacio-i-qualificacio","status":"publish","type":"page","link":"https:\/\/agora.xtec.cat\/iesacumella\/estudis\/criteris-davaluacio-i-qualificacio\/","title":{"rendered":"Criteris d&#8217;avaluaci\u00f3 i qualificaci\u00f3"},"content":{"rendered":"<h2>Departament de Llengua Catalana<\/h2>\n<p>ESO<\/p>\n<ul>\n<li><a href=\"https:\/\/agora.xtec.cat\/iesacumella\/wp-content\/uploads\/usu1642\/2024\/11\/Catala-ESO-CA.pdf\">Llengua Catalana i Literatura 1r, 2n, 3r i 4t<\/a><\/li>\n<li><a href=\"https:\/\/agora.xtec.cat\/iesacumella\/wp-content\/uploads\/usu1642\/2024\/11\/Optativa-ESO-CA.pdf\">La redacci\u00f3 del Cumella (optativa 3r)<\/a><\/li>\n<li><a href=\"https:\/\/agora.xtec.cat\/iesacumella\/wp-content\/uploads\/usu1642\/2024\/11\/Aula-dacollida-CA.pdf\">Aula d&#8217;Acollida<\/a><\/li>\n<\/ul>\n<p>Batxillerat<\/p>\n<ul>\n<li><a href=\"https:\/\/drive.google.com\/file\/d\/1B7vSG3tDlfnUT3XpevTPVHBmbTdW5ZHm\/view?usp=sharing\">Creaci\u00f3 Liter\u00e0ria (optativa trimestral mat\u00ed)<\/a><\/li>\n<li><a href=\"https:\/\/drive.google.com\/file\/d\/1HRnVtaFcHZTeg0iovJ9R5V_dIUV3gY4q\/view?usp=sharing\">Literatura Catalana<\/a><\/li>\n<li><a href=\"https:\/\/drive.google.com\/file\/d\/1UYTk9b3mG1vKo_--91m5S0dmk-guBikg\/view?usp=sharing\">Llengua Catalana i Literatura I<\/a><\/li>\n<li><a href=\"https:\/\/drive.google.com\/file\/d\/1pVasi4jesNpdsIPtVGP6kZvriQG00v5-\/view?usp=sharing\">Llengua Catalana i Literatura II<\/a><\/li>\n<\/ul>\n<h2>Departament de Llengua Castellana<\/h2>\n<p>ESO<\/p>\n<ul>\n<li><a href=\"https:\/\/agora.xtec.cat\/iesacumella\/wp-content\/uploads\/usu1642\/2024\/11\/Criteris-davaluacio-ESO-Llengua-castellana-i-literatura-2.docx.pdf\">Llengua Castellana i Literatura 1r, 2n, 3r i 4t<\/a><\/li>\n<\/ul>\n<p>Batxillerat<\/p>\n<ul>\n<li><a href=\"https:\/\/agora.xtec.cat\/iesacumella\/wp-content\/uploads\/usu1642\/2024\/11\/Criteris-davaluacio-Literatura-Castellana-2.docx.pdf\">Literatura Castellana<\/a><\/li>\n<li><a href=\"https:\/\/agora.xtec.cat\/iesacumella\/wp-content\/uploads\/usu1642\/2024\/11\/Criteris-davaluacio-Literatura-Universal-2.docx.pdf\">Literatura Universal (mat\u00ed)<\/a><\/li>\n<li><a href=\"https:\/\/agora.xtec.cat\/iesacumella\/wp-content\/uploads\/usu1642\/2024\/11\/Criteris-davaluacio-BATX-Llengua-castellana-i-literatura-2.docx.pdf\">Llengua Castellana i Literatura I i II<\/a><\/li>\n<\/ul>\n<h2>Departament de Lleng\u00fces Estrangeres<\/h2>\n<p>ESO<\/p>\n<ul>\n<li><a href=\"https:\/\/agora.xtec.cat\/iesacumella\/wp-content\/uploads\/usu1642\/2022\/11\/Criteris-davaluacio-Llengues-Estrangeres-ESO.pdf\">Llengua Anglesa, Alemanya i Francesa<\/a><\/li>\n<li>CLIL Lab (2n)<\/li>\n<li>Ampliaci\u00f3 d&#8217;Angl\u00e8s 4t (programa d&#8217;acreditaci\u00f3)<\/li>\n<\/ul>\n<p>Batxillerat<\/p>\n<ul>\n<li>Literatura Universal (tarda)<\/li>\n<li><a href=\"https:\/\/agora.xtec.cat\/iesacumella\/wp-content\/uploads\/usu1642\/2024\/11\/Criteris-avaluacio-Llengues-estrangeres-24-25-Batxillerat-1.pdf\">Llengua Anglesa I i II<\/a><\/li>\n<li>Llengua Francesa I<\/li>\n<\/ul>\n<h2>Departament de Matem\u00e0tiques<\/h2>\n<p>ESO<\/p>\n<ul>\n<li><a href=\"https:\/\/agora.xtec.cat\/iesacumella\/wp-content\/uploads\/usu1642\/2024\/11\/Criteris-davaluacio-Matematiques-ESO.pdf\">Matem\u00e0tiques 1r, 2n, 3r i 4t<\/a><\/li>\n<li>Reptes matem\u00e0tics (optativa 4t)<\/li>\n<\/ul>\n<p>Batxillerat<\/p>\n<ul>\n<li><a href=\"https:\/\/agora.xtec.cat\/iesacumella\/wp-content\/uploads\/usu1642\/2024\/11\/Criteris-davaluacio-Matematiques-1r-de-Batxillerat.pdf\">Matem\u00e0tiques I i Matem\u00e0tiques Aplicades a les Ci\u00e8ncies Socials I<\/a><\/li>\n<li><a href=\"https:\/\/agora.xtec.cat\/iesacumella\/wp-content\/uploads\/usu1642\/2024\/11\/Criteris-davaluacio-Matematiques-2n-de-Batxillerat.pdf\">Matem\u00e0tiques II\u00a0i Matem\u00e0tiques Aplicades a les Ci\u00e8ncies Socials II<\/a><\/li>\n<li><a href=\"https:\/\/agora.xtec.cat\/iesacumella\/wp-content\/uploads\/usu1642\/2024\/11\/Criteris-davaluacio-Matematica-Aplicada-optativa-trimestral-1r-de-Batxillerat.pdf\">Matem\u00e0tica Aplicada (optativa trimestral)<\/a><\/li>\n<li><a href=\"https:\/\/agora.xtec.cat\/iesacumella\/wp-content\/uploads\/usu1642\/2024\/11\/Criteris-avaluacio-2n-BATXILLERAT-DIBUIX-TECNIC-24-25.docx-Documents-de-Google.pdf\">Dibuix T\u00e8cnic II<\/a><\/li>\n<\/ul>\n<h2>Departament de Ci\u00e8ncies Socials<\/h2>\n<p>ESO<\/p>\n<ul>\n<li><a href=\"https:\/\/agora.xtec.cat\/iesacumella\/wp-content\/uploads\/usu1642\/2024\/11\/CA-ESO1-Socials.pdf\">Socials 1r<\/a><\/li>\n<li><a href=\"https:\/\/agora.xtec.cat\/iesacumella\/wp-content\/uploads\/usu1642\/2024\/11\/CA-ESO2-SOCIALS-2023-2024.pdf\">Socials 2n<\/a><\/li>\n<li><a href=\"https:\/\/agora.xtec.cat\/iesacumella\/wp-content\/uploads\/usu1642\/2024\/11\/CA-ESO3-SOCIALS.pdf\">Socials 3r<\/a><\/li>\n<li><a href=\"https:\/\/agora.xtec.cat\/iesacumella\/wp-content\/uploads\/usu1642\/2024\/11\/CA-ESO4-SOCIALS.pdf\">Socials 4t<\/a><\/li>\n<li>Reflexart (optativa de 1r)<\/li>\n<li><a href=\"https:\/\/agora.xtec.cat\/iesacumella\/wp-content\/uploads\/usu1642\/2024\/11\/CA-3rESO-EL-QUE-MIMPORTA-24-25.docx.pdf\">Recerca: El que m&#8217;importa (optativa 3r)<\/a><\/li>\n<li><a href=\"https:\/\/agora.xtec.cat\/iesacumella\/wp-content\/uploads\/usu1642\/2024\/11\/CA-ESO-4-Economia-Basica.pdf\">Economia 4t<\/a><\/li>\n<li><a href=\"https:\/\/agora.xtec.cat\/iesacumella\/wp-content\/uploads\/usu1642\/2024\/11\/CA-ESO4-EL-MON-AVUI.pdf\">El m\u00f3n d&#8217;avui (optativa de 4t)<\/a><\/li>\n<li><a href=\"https:\/\/agora.xtec.cat\/iesacumella\/wp-content\/uploads\/usu1642\/2024\/11\/CA-RELIGIO-ESO.pdf\">Religi\u00f3 1r-4t<\/a><\/li>\n<\/ul>\n<p>Batxillerat<\/p>\n<ul>\n<li>Ciutadania, pol\u00edtica i dret (optativa trimestral mat\u00ed)\n<ul>\n<li><a href=\"https:\/\/agora.xtec.cat\/iesacumella\/wp-content\/uploads\/usu1642\/2024\/11\/CA-BATXI1-Ciutadania-politica-i-dret-1r-i-2n-Trimestre.pdf\">1r i 2n trimestre<\/a><\/li>\n<li><a href=\"https:\/\/agora.xtec.cat\/iesacumella\/wp-content\/uploads\/usu1642\/2024\/11\/CA-BATX1-Ciutadania-politica-i-dret-3r-Trimestre-2023-2024.pdf\">3r trimestre<\/a><\/li>\n<\/ul>\n<\/li>\n<li><a href=\"https:\/\/agora.xtec.cat\/iesacumella\/wp-content\/uploads\/usu1642\/2024\/11\/Criteris-davaluacio-Economia.pdf\">Economia<\/a><\/li>\n<li><a href=\"https:\/\/agora.xtec.cat\/iesacumella\/wp-content\/uploads\/usu1642\/2024\/11\/Criteris-davaluacio-Funcionament-I.pdf\">Funcionament de l&#8217;Empresa (optativa anual 1r)<\/a><\/li>\n<li><a href=\"https:\/\/agora.xtec.cat\/iesacumella\/wp-content\/uploads\/usu1642\/2024\/11\/CA2BATX-FUNCIONAMENT-DE-LEa-I-DISSENY-DE-MODELS-DE-NEGOCI.pdf\">Funcionament de l&#8217;Empresa i Disseny de Models de Negoci 2n<\/a><\/li>\n<li><a href=\"https:\/\/agora.xtec.cat\/iesacumella\/wp-content\/uploads\/usu1642\/2024\/11\/CA-2n-BATX-GEOGRAFIA.pdf\">Geografia<\/a><\/li>\n<li><a href=\"https:\/\/agora.xtec.cat\/iesacumella\/wp-content\/uploads\/usu1642\/2024\/11\/CA-2n-BATX-HISTORIA.pdf\">Hist\u00f2ria<\/a><\/li>\n<li><a href=\"https:\/\/agora.xtec.cat\/iesacumella\/wp-content\/uploads\/usu1642\/2024\/11\/CA-2n-Batx-HISTORIA-DE-LART-24-25.pdf\">Hist\u00f2ria de l&#8217;Art<\/a><\/li>\n<li><a href=\"https:\/\/agora.xtec.cat\/iesacumella\/wp-content\/uploads\/usu1642\/2024\/11\/CA-1r-BATX-HISTORIA-MON-CONTEMPORANI-24-25.docx.pdf\">Hist\u00f2ria del M\u00f3n Contemporani<\/a><\/li>\n<li><a href=\"https:\/\/agora.xtec.cat\/iesacumella\/wp-content\/uploads\/usu1642\/2024\/11\/CA-1rBatx-PROBLEMATIQUES-SOCIALS-24-25.docx.pdf\">Problem\u00e0tiques Socials (optativa trimestral)<\/a><\/li>\n<\/ul>\n<h2>Departament de Ci\u00e8ncies Naturals<\/h2>\n<p>ESO<\/p>\n<ul>\n<li><a href=\"https:\/\/agora.xtec.cat\/iesacumella\/wp-content\/uploads\/usu1642\/2024\/11\/CRITERIS-AVALUACIO-1r-ESO-curs-2024-25.pdf\">Biologia i Geologia 1r<\/a><\/li>\n<li><a href=\"https:\/\/agora.xtec.cat\/iesacumella\/wp-content\/uploads\/usu1642\/2024\/11\/Criteris-Avaluacio-3rESO-Bio-24-25.pdf\">Biologia i Geologia 3r<\/a><\/li>\n<li><a href=\"https:\/\/agora.xtec.cat\/iesacumella\/wp-content\/uploads\/usu1642\/2024\/11\/Criteris-Avaluacio-BIO-4t-ESO-CURS-24-25.pdf\">Biologia i Geologia 4t<\/a><\/li>\n<li><a href=\"https:\/\/agora.xtec.cat\/iesacumella\/wp-content\/uploads\/usu1642\/2024\/11\/Criteris-Avaluacio-Optativa-4t-ESO-CURS-24-25.pdf\">Cultura Cient\u00edfica 4t<\/a><\/li>\n<li><a href=\"https:\/\/agora.xtec.cat\/iesacumella\/wp-content\/uploads\/usu1642\/2024\/11\/Criteris-avaluacio-Fisica-i-Quimica-2ESO.pdf\">F\u00edsica i Qu\u00edmica 2n<\/a><\/li>\n<li><a href=\"https:\/\/agora.xtec.cat\/iesacumella\/wp-content\/uploads\/usu1642\/2024\/11\/Criteris-Avaluacio-3ESO-FiQ-Curs-24-25.pdf\">F\u00edsica i Qu\u00edmica 3r<\/a><\/li>\n<li><a href=\"https:\/\/agora.xtec.cat\/iesacumella\/wp-content\/uploads\/usu1642\/2024\/11\/Criteris-davaluacio-FISICA-I-QUIMICA-4t-ESO-24_25-1.pdf\">F\u00edsica i Qu\u00edmica 4t<\/a><\/li>\n<li>Recerca (optativa 1r)<\/li>\n<li>Recerca (optativa 2n)<\/li>\n<\/ul>\n<p>Batxillerat<\/p>\n<ul>\n<li><a href=\"https:\/\/agora.xtec.cat\/iesacumella\/wp-content\/uploads\/usu1642\/2024\/11\/Criteris-davaluacio-Biologia-I-CURS-24_25.pdf\">Biologia I<\/a><\/li>\n<li><a href=\"https:\/\/agora.xtec.cat\/iesacumella\/wp-content\/uploads\/usu1642\/2024\/11\/Criteris-dAvaluacio_-2nBatxillerat-BIO-24-25.pdf\">Biologia II<\/a><\/li>\n<li><a href=\"https:\/\/agora.xtec.cat\/iesacumella\/wp-content\/uploads\/usu1642\/2024\/11\/Criteris-dAvaluacio-GAMB-1BTX-CURS-2024-25.pdf\">Geologia i Ci\u00e8ncies Ambientals I<\/a><\/li>\n<li><a href=\"https:\/\/agora.xtec.cat\/iesacumella\/wp-content\/uploads\/usu1642\/2024\/11\/Criteris-dAvaluacio-GAMB-2BTX-CURS-2024-25.pdf\">Geologia i Ci\u00e8ncies Ambientals II<\/a><\/li>\n<li><a href=\"https:\/\/agora.xtec.cat\/iesacumella\/wp-content\/uploads\/usu1642\/2024\/11\/Criteris-davaluacio-FISICA-I-CURS-24_25.pdf\">F\u00edsica I<\/a><\/li>\n<li><a href=\"https:\/\/agora.xtec.cat\/iesacumella\/wp-content\/uploads\/usu1642\/2024\/11\/Criteris-davaluacio-FISICA-II-CURS-24_25.pdf\">F\u00edsica II<\/a><\/li>\n<li><a href=\"https:\/\/agora.xtec.cat\/iesacumella\/wp-content\/uploads\/usu1642\/2024\/11\/Criteris-davaluacio-Quimica-I-CURS-24_25.pdf\">Qu\u00edmica I<\/a><\/li>\n<li><a href=\"https:\/\/agora.xtec.cat\/iesacumella\/wp-content\/uploads\/usu1642\/2024\/11\/Criteris-davaluacio-Quimica-II-CURS-24_25.pdf\">Qu\u00edmica II<\/a><\/li>\n<li><a href=\"https:\/\/agora.xtec.cat\/iesacumella\/wp-content\/uploads\/usu1642\/2024\/11\/Criteris-avaluacio-REPTES-BG1_Batxillerat-CURS-2024-25.docx.pdf\">Reptes Cient\u00edfics Actuals de Biologia i Geologia (optativa trimestral)<\/a>\n<ul>\n<li><a href=\"https:\/\/agora.xtec.cat\/iesacumella\/wp-content\/uploads\/usu1642\/2024\/11\/Criteris-davaluacio-reptes-geologia-silenci-si-us-plau-1.pdf\">Trimestre 1<\/a><\/li>\n<\/ul>\n<\/li>\n<li><a href=\"https:\/\/agora.xtec.cat\/iesacumella\/wp-content\/uploads\/usu1642\/2024\/11\/Criteris-davaluacio-REPTES-DE-FISICA-I-QUIMIC-CURS-24_25.pdf\">Reptes Cient\u00edfics Actuals de F\u00edsica i Qu\u00edmica (optativa trimestral)<\/a><\/li>\n<\/ul>\n<h2>Departament de Tecnologia<\/h2>\n<p>ESO<\/p>\n<ul>\n<li>Construcci\u00f3 d&#8217;instruments musicals (optativa de 1r)<\/li>\n<li>Digitalitzaci\u00f3 4t<\/li>\n<li>Rob\u00f2tica i programaci\u00f3 (optativa de 2n)<\/li>\n<li><a href=\"https:\/\/agora.xtec.cat\/iesacumella\/wp-content\/uploads\/usu1642\/2022\/10\/Criteris-davaluacio-TECNOLOGIA-ESO.pdf\">Tecnologia i Digitalitzaci\u00f3 1r, 2n i 3r<\/a><\/li>\n<li>Tecnologia: Electr\u00f2nica 4t<\/li>\n<li>Tecnologia: Habitatge 4t<\/li>\n<\/ul>\n<p>Batxillerat<\/p>\n<ul>\n<li><a href=\"https:\/\/agora.xtec.cat\/iesacumella\/wp-content\/uploads\/usu1642\/2022\/10\/Criteris-davaluacio-1r-ROBOTICA-BATX.pdf\">Rob\u00f2tica i Programaci\u00f3 (optativa trimestral)<\/a><\/li>\n<li><a href=\"https:\/\/agora.xtec.cat\/iesacumella\/wp-content\/uploads\/usu1642\/2022\/10\/Criteris-davaluacio-1r-TECNOLOGIA-BATX.pdf\">Tecnologia i Enginyeria I<\/a><\/li>\n<li><a href=\"https:\/\/agora.xtec.cat\/iesacumella\/wp-content\/uploads\/usu1642\/2022\/10\/Criteris-davaluacio-2n-TECNOLOGIA-BATX.pdf\">Tecnologia i Enginyeria II<\/a><\/li>\n<\/ul>\n<h2>Departament d&#8217;Arts<\/h2>\n<p>ESO<\/p>\n<ul>\n<li><a href=\"https:\/\/agora.xtec.cat\/iesacumella\/wp-content\/uploads\/usu1642\/2022\/10\/Criteris-davaluacio-vip-ESO.pdf\">Educaci\u00f3 Visual, Pl\u00e0stica i Audiovisual 1r i 3r<\/a><\/li>\n<li><a href=\"https:\/\/agora.xtec.cat\/iesacumella\/wp-content\/uploads\/usu1642\/2022\/10\/Criteris-davaluacio-Expressio-Artistica.pdf\">Expressi\u00f3 Art\u00edstica 4t<\/a><\/li>\n<li><a href=\"https:\/\/agora.xtec.cat\/iesacumella\/wp-content\/uploads\/usu1642\/2022\/10\/Criteris-davaluacio-MUSICA-ESO.pdf\">M\u00fasica 1r i 2n<\/a><\/li>\n<li>M\u00fasica 4t<\/li>\n<\/ul>\n<p>Batxillerat<\/p>\n<ul>\n<li><a href=\"https:\/\/agora.xtec.cat\/iesacumella\/wp-content\/uploads\/usu1642\/2022\/10\/1r-BATXILLERAT-COMUNICACIO-AUDIOVISUAL.pdf\">Comunicaci\u00f3 Audiovisual (optativa trimestral)<\/a><\/li>\n<li><a href=\"https:\/\/agora.xtec.cat\/iesacumella\/wp-content\/uploads\/usu1642\/2022\/10\/1r-BATXILLERAT-DIBUIX-TECNIC.pdf\">Dibuix T\u00e8cnic I<\/a><\/li>\n<\/ul>\n<h2>Departament d&#8217;Educaci\u00f3 F\u00edsica<\/h2>\n<p>ESO:<\/p>\n<ul>\n<li><a href=\"https:\/\/agora.xtec.cat\/iesacumella\/wp-content\/uploads\/usu1642\/2024\/11\/Criteris-davaluacio-ESO.docx.pdf\">Educaci\u00f3 F\u00edsica 1r, 2n, 3r i 4t d&#8217;ESO<\/a><\/li>\n<li>Multiesport (optativa de 1r)<\/li>\n<li>Posa&#8217;t en forma (optativa de 3r)<\/li>\n<\/ul>\n<p>Batxillerat:<\/p>\n<ul>\n<li><a href=\"https:\/\/agora.xtec.cat\/iesacumella\/wp-content\/uploads\/usu1642\/2024\/11\/Criteris-avaluacio-1r-Batxillerat-.docx.pdf\">Educaci\u00f3 F\u00edsica 1r de Batxillerat<\/a><\/li>\n<\/ul>\n<h2>Departament de Lleng\u00fces Cl\u00e0ssiques i Filosofia<\/h2>\n<p>ESO<\/p>\n<ul>\n<li><a href=\"https:\/\/agora.xtec.cat\/iesacumella\/wp-content\/uploads\/usu1642\/2022\/10\/AVALUACIO-cultura-classica-4t-ESO-curs-22-23-doc.pdf\">Cultura Cl\u00e0ssica 4t<\/a><\/li>\n<li>Filosofia 4t<\/li>\n<li>Psicologia (Formaci\u00f3 i Orientaci\u00f3 Personal i Professional) (optativa de 4t)<\/li>\n<li>Recerca (optativa de 3r)<\/li>\n<\/ul>\n<p>Batxillerat<\/p>\n<ul>\n<li>Ciutadania, pol\u00edtica i dret (optativa trimestral tarda)<\/li>\n<li><a href=\"https:\/\/agora.xtec.cat\/iesacumella\/wp-content\/uploads\/usu1642\/2022\/10\/CA-FILOSOFIA-BAT1.docx.pdf\">Filosofia<\/a><\/li>\n<li><a href=\"https:\/\/agora.xtec.cat\/iesacumella\/wp-content\/uploads\/usu1642\/2022\/10\/CA-de-la-FILOSOFIA-BAT2.docx.pdf\">Hist\u00f2ria de la Filosofia<\/a><\/li>\n<li><a href=\"https:\/\/agora.xtec.cat\/iesacumella\/wp-content\/uploads\/usu1642\/2022\/10\/AVALUACIO-GREC-1-curs-22-23-doc.pdf\">Llengua i Cultura Gregues I<\/a><\/li>\n<li><a href=\"https:\/\/agora.xtec.cat\/iesacumella\/wp-content\/uploads\/usu1642\/2024\/10\/AVALUACIO-GREC-2-BATX-24-25.pdf\">Llengua i Cultura Gregues II<\/a><\/li>\n<li><a href=\"https:\/\/agora.xtec.cat\/iesacumella\/wp-content\/uploads\/usu1642\/2022\/10\/AVALUACIO-LLATI-1r-de-BATXILLERAT-22-23.docx.pdf\">Llengua i Cultura Llatines I<\/a><\/li>\n<li><a href=\"https:\/\/agora.xtec.cat\/iesacumella\/wp-content\/uploads\/usu1642\/2024\/10\/AVALUACIO-LLATI-2-BTX-24-25.pdf\">Llengua i Cultura Llatines II<\/a><\/li>\n<li>Psicologia (1r, optativa anual)<\/li>\n<\/ul>\n<h2>Departament d&#8217;Orientaci\u00f3<\/h2>\n<ul>\n<li><a href=\"https:\/\/agora.xtec.cat\/iesacumella\/wp-content\/uploads\/usu1642\/2023\/10\/Criteris-davaluacio-Tecniques-dEstudi.pdf\">Criteris d&#8217;avaluaci\u00f3 T\u00e8cniques d&#8217;Estudi<\/a><\/li>\n<\/ul>\n","protected":false},"excerpt":{"rendered":"<p>Departament de Llengua Catalana<br \/>\nESO<\/p>\n<ul>\n<li><a href=\"https:\/\/agora.xtec.cat\/iesacumella\/wp-content\/uploads\/usu1642\/2024\/11\/Catala-ESO-CA.pdf\">Llengua Catalana i Literatura 1r, 2n, 3r i 4t<\/a><\/li>\n<li><a href=\"https:\/\/agora.xtec.cat\/iesacumella\/wp-content\/uploads\/usu1642\/2024\/11\/Optativa-ESO-CA.pdf\">La redacci\u00f3 del Cumella (optativa 3r)<\/a><\/li>\n<li><a href=\"https:\/\/agora.xtec.cat\/iesacumella\/wp-content\/uploads\/usu1642\/2024\/11\/Aula-dacollida-CA.pdf\">Aula d&#8217;Acollida<\/a><\/li>\n<\/ul>\n<p>Batxillerat<\/p>\n<ul>\n<li><a href=\"https:\/\/drive.google.com\/file\/d\/1B7vSG3tDlfnUT3XpevTPVHBmbTdW5ZHm\/view?usp=sharing\">Creaci\u00f3 Liter\u00e0ria (optativa trimestral mat\u00ed)<\/a><\/li>\n<li><a href=\"https:\/\/drive.google.com\/file\/d\/1HRnVtaFcHZTeg0iovJ9R5V_dIUV3gY4q\/view?usp=sharing\">Literatura Catalana<\/a><\/li>\n<li><a href=\"https:\/\/drive.google.com\/file\/d\/1UYTk9b3mG1vKo_--91m5S0dmk-guBikg\/view?usp=sharing\">Llengua Catalana i Literatura I<\/a><\/li>\n<li><a href=\"https:\/\/drive.google.com\/file\/d\/1pVasi4jesNpdsIPtVGP6kZvriQG00v5-\/view?usp=sharing\">Llengua Catalana i Literatura II<\/a><\/li>\n<\/ul>\n<p>Departament de Llengua Castellana<br \/>\nESO<\/p>\n<ul>\n<li><a href=\"https:\/\/agora.xtec.cat\/iesacumella\/wp-content\/uploads\/usu1642\/2024\/11\/Criteris-davaluacio-ESO-Llengua-castellana-i-literatura-2.docx.pdf\">Llengua Castellana i Literatura&hellip;  <a href=\"https:\/\/agora.xtec.cat\/iesacumella\/estudis\/criteris-davaluacio-i-qualificacio\/\" title=\"Read Criteris d&#8217;avaluaci\u00f3 i qualificaci\u00f3\">Llegeix m\u00e9s\u00bb<\/a><br \/>\n","protected":false},"author":1,"featured_media":0,"parent":195,"menu_order":5,"comment_status":"closed","ping_status":"closed","template":"page-templates\/side-menu.php","meta":{"_bbp_topic_count":0,"_bbp_reply_count":0,"_bbp_total_topic_count":0,"_bbp_total_reply_count":0,"_bbp_voice_count":0,"_bbp_anonymous_reply_count":0,"_bbp_topic_count_hidden":0,"_bbp_reply_count_hidden":0,"_bbp_forum_subforum_count":0,"footnotes":""},"class_list":["post-8710","page","type-page","status-publish","hentry"],"post_mailing_queue_ids":[],"_links":{"self":[{"href":"https:\/\/agora.xtec.cat\/iesacumella\/wp-json\/wp\/v2\/pages\/8710","targetHints":{"allow":["GET"]}}],"collection":[{"href":"https:\/\/agora.xtec.cat\/iesacumella\/wp-json\/wp\/v2\/pages"}],"about":[{"href":"https:\/\/agora.xtec.cat\/iesacumella\/wp-json\/wp\/v2\/types\/page"}],"author":[{"embeddable":true,"href":"https:\/\/agora.xtec.cat\/iesacumella\/wp-json\/wp\/v2\/users\/1"}],"replies":[{"embeddable":true,"href":"https:\/\/agora.xtec.cat\/iesacumella\/wp-json\/wp\/v2\/comments?post=8710"}],"version-history":[{"count":6,"href":"https:\/\/agora.xtec.cat\/iesacumella\/wp-json\/wp\/v2\/pages\/8710\/revisions"}],"predecessor-version":[{"id":8758,"href":"https:\/\/agora.xtec.cat\/iesacumella\/wp-json\/wp\/v2\/pages\/8710\/revisions\/8758"}],"up":[{"embeddable":true,"href":"https:\/\/agora.xtec.cat\/iesacumella\/wp-json\/wp\/v2\/pages\/195"}],"wp:attachment":[{"href":"https:\/\/agora.xtec.cat\/iesacumella\/wp-json\/wp\/v2\/media?parent=8710"}],"curies":[{"name":"wp","href":"https:\/\/api.w.org\/{rel}","templated":true}]}}