{"id":8497,"date":"2022-04-07T10:32:54","date_gmt":"2022-04-07T08:32:54","guid":{"rendered":"https:\/\/agora.xtec.cat\/iesacumella\/?page_id=8497"},"modified":"2025-04-01T12:31:49","modified_gmt":"2025-04-01T10:31:49","slug":"batxillerat","status":"publish","type":"page","link":"https:\/\/agora.xtec.cat\/iesacumella\/estudis\/batxillerat\/","title":{"rendered":"Batxillerat"},"content":{"rendered":"<p>A l&#8217;Institut Antoni Cumella treballem plenament amb el nou curr\u00edculum. Oferim les modalitats de <strong>ci\u00e8ncies i tecnologia<\/strong>, d&#8217;<strong>humanitats i ci\u00e8ncies socials<\/strong>, i tamb\u00e9 d&#8217;<a href=\"https:\/\/agora.xtec.cat\/iesacumella\/estudis\/batxillerat-nocturn\/\">humanitats i ci\u00e8ncies socials en torn de tarda<\/a>.<\/p>\n<p>El curr\u00edculum s&#8217;estructura en quatre tipus de mat\u00e8ries: mat\u00e8ries <strong>comunes<\/strong>, mat\u00e8ries de <strong>modalitat obligat\u00f2ries<\/strong>, mat\u00e8ries de <strong>modalitat<\/strong> i mat\u00e8ries <strong>optatives<\/strong>.<\/p>\n<p>A m\u00e9s, els alumnes tamb\u00e9 realitzen un <a href=\"https:\/\/agora.xtec.cat\/iesacumella\/estudis\/treball-de-recerca-de-batxillerat\/\"><strong>Treball de Recerca<\/strong><\/a> repartit entre 1r i 2n de Batxillerat.<\/p>\n<h2>1r de Batxillerat<\/h2>\n<p>Les <strong>mat\u00e8ries comunes<\/strong> de 1r de Batxillerat s\u00f3n:<\/p>\n<ul>\n<li>Llengua Catalana i Literatura I (2h)<\/li>\n<li>Llengua Castellana i Literatura I (2h)<\/li>\n<li>Llengua Estrangera: Angl\u00e8s I (3h)<\/li>\n<li>Filosofia (2h)<\/li>\n<li>Educaci\u00f3 F\u00edsica (2h)<\/li>\n<li>Tutoria (1h)<\/li>\n<\/ul>\n<p>La resta de mat\u00e8ries s&#8217;organitzen en franges. Cada alumne ha d&#8217;escollir una mat\u00e8ria de cada franja, tenint en compte que cal cursar la mat\u00e8ria de modalitat obligat\u00f2ria (en el cas de la modalitat de ci\u00e8ncies i tecnologia la mat\u00e8ria obligat\u00f2ria \u00e9s <strong>Matem\u00e0tiques I<\/strong>; en el cas de la modalitat d&#8217;humanitats i ci\u00e8ncies socials es pot escollir entre <strong>Matem\u00e0tiques Aplicades a les Ci\u00e8ncies Socials I<\/strong> o <strong>Llengua i Cultura Llatines I<\/strong>) i un m\u00ednim de dues mat\u00e8ries de modalitat. A la franja de la 3a mat\u00e8ria de modalitat i mat\u00e8ria optativa l&#8217;alumne pot escollir qualsevol mat\u00e8ria, independentment de la modalitat que cursi.<\/p>\n<table style=\"border-collapse: collapse; width: 100%; height: 181px;\">\n<tbody>\n<tr style=\"height: 48px;\">\n<td style=\"width: 20%; height: 48px; text-align: center;\"><strong>Modalitat (3h)<\/strong><\/td>\n<td style=\"width: 20%; height: 48px; text-align: center;\"><strong>Mat\u00e8ria de modalitat obligat\u00f2ria (3h)<\/strong><\/td>\n<td style=\"width: 20%; height: 48px; text-align: center;\"><strong>Mat\u00e8ria de modalitat 1 (3h)<\/strong><\/td>\n<td style=\"width: 20%; height: 48px; text-align: center;\"><strong>Mat\u00e8ria de modalitat 2 (3h)<\/strong><\/td>\n<td style=\"width: 20%; height: 48px; text-align: center;\"><strong>Mat\u00e8ria de modalitat 3 \/ Optativa (3h)<\/strong><\/td>\n<\/tr>\n<tr style=\"height: 29px;\">\n<td style=\"width: 20%; height: 61px; background-color: #f7442d;\" rowspan=\"2\"><strong>Ci\u00e8ncies i tecnologia<\/strong><\/td>\n<td style=\"width: 20%; height: 61px; background-color: #fa9d91;\" rowspan=\"2\">Matem\u00e0tiques I<\/td>\n<td style=\"width: 20%; height: 29px; background-color: #fa9d91;\">Biologia I<\/td>\n<td style=\"width: 20%; height: 29px; background-color: #fa9d91;\">Geologia i Ci\u00e8ncies Ambientals I<\/td>\n<td style=\"width: 20%; height: 29px; background-color: #fa9d91;\">Qu\u00edmica I<\/td>\n<\/tr>\n<tr style=\"height: 32px;\">\n<td style=\"width: 20%; height: 32px; background-color: #fa9d91;\">Tecnologia i Enginyeria I<\/td>\n<td style=\"width: 20%; height: 32px; background-color: #fa9d91;\">F\u00edsica I<\/td>\n<td style=\"width: 20%; height: 32px; background-color: #fa9d91;\">Dibuix T\u00e8cnic I<\/td>\n<\/tr>\n<tr style=\"height: 32px;\">\n<td style=\"width: 20%; height: 72px; background-color: #3b8526;\" rowspan=\"2\"><strong>Humanitats i ci\u00e8ncies socials<\/strong><\/td>\n<td style=\"width: 20%; height: 40px; background-color: #81b872;\">Matem\u00e0tiques Aplicades a les Ci\u00e8ncies Socials I<\/td>\n<td style=\"width: 20%; height: 40px; background-color: #81b872;\">Economia<\/td>\n<td style=\"width: 20%; height: 40px; background-color: #81b872;\">Hist\u00f2ria del M\u00f3n Contemporani<\/td>\n<td style=\"width: 20%; height: 40px;\">Funcionament de l&#8217;Empresa<\/td>\n<\/tr>\n<tr style=\"height: 32px;\">\n<td style=\"width: 20%; height: 32px; background-color: #81b872;\">Llengua i Cultura Llatines I<\/td>\n<td style=\"width: 20%; height: 32px; background-color: #81b872;\">Llengua i Cultura Gregues I<\/td>\n<td style=\"width: 20%; height: 32px; background-color: #81b872;\">Literatura Universal<\/td>\n<td style=\"width: 20%; height: 32px;\">Psicologia<\/td>\n<\/tr>\n<\/tbody>\n<\/table>\n<p>Finalment, cada trimestre s&#8217;han d&#8217;escollir <a href=\"https:\/\/agora.xtec.cat\/iesacumella\/estudis\/batxillerat\/materies-optatives-de-1r-de-batxillerat\/\">dues mat\u00e8ries optatives d&#8217;entre les seg\u00fcents<\/a>. Es pot repetir la mateixa mat\u00e8ria en trimestres diferents, perqu\u00e8 els continguts i reptes treballats s\u00f3n diferents.<\/p>\n<table style=\"border-collapse: collapse;\">\n<tbody>\n<tr>\n<td style=\"width: 50%; text-align: center;\"><strong>Optativa trimestral 1<\/strong><\/td>\n<td style=\"width: 50%; text-align: center;\"><strong>Optativa trimestral 2<\/strong><\/td>\n<\/tr>\n<tr>\n<td style=\"width: 50%;\">Reptes Cient\u00edfics Actuals (Biologia i Geologia)<\/td>\n<td style=\"width: 50%;\">Reptes Cient\u00edfics Actuals (F\u00edsica i Qu\u00edmica)<\/td>\n<\/tr>\n<tr>\n<td style=\"width: 50%;\">Matem\u00e0tica Aplicada<\/td>\n<td style=\"width: 50%;\">Rob\u00f2tica i Programaci\u00f3<\/td>\n<\/tr>\n<tr>\n<td style=\"width: 50%;\">Problem\u00e0tiques Socials<\/td>\n<td style=\"width: 50%;\">Ciutadania, Pol\u00edtica i Dret<\/td>\n<\/tr>\n<tr>\n<td style=\"width: 50%;\">Creaci\u00f3 Liter\u00e0ria<\/td>\n<td style=\"width: 50%;\">Comunicaci\u00f3 Audiovisual<\/td>\n<\/tr>\n<tr>\n<td style=\"width: 50%;\"><\/td>\n<td style=\"width: 50%;\">Franc\u00e8s (anual)<\/td>\n<\/tr>\n<tr>\n<td style=\"width: 50%;\"><\/td>\n<td style=\"width: 50%;\">Alemany (anual)<\/td>\n<\/tr>\n<\/tbody>\n<\/table>\n<h2>2n de Batxillerat<\/h2>\n<p>Les <strong>mat\u00e8ries comunes<\/strong> de 2n de Batxillerat s\u00f3n:<\/p>\n<ul>\n<li>Llengua Catalana i Literatura II<\/li>\n<li>Llengua Castellana i Literatura II<\/li>\n<li>Llengua Estrangera: Angl\u00e8s II<\/li>\n<li>Hist\u00f2ria<\/li>\n<li>Hist\u00f2ria de la Filosofia<\/li>\n<li>Tutoria<\/li>\n<\/ul>\n<p>La resta de mat\u00e8ries s&#8217;organitzen en franges. Cada alumne ha d&#8217;escollir una mat\u00e8ria de cada franja, tenint en compte que cal cursar la mat\u00e8ria de modalitat obligat\u00f2ria (en el cas de la modalitat de ci\u00e8ncies i tecnologia la mat\u00e8ria obligat\u00f2ria \u00e9s <strong>Matem\u00e0tiques II<\/strong>; en el cas de la modalitat d&#8217;humanitats i ci\u00e8ncies socials es pot escollir entre <strong>Matem\u00e0tiques Aplicades a les Ci\u00e8ncies Socials II<\/strong> o <strong>Llengua i Cultura Llatines II<\/strong>) i un m\u00ednim de dues mat\u00e8ries de modalitat. A la franja de la 3a mat\u00e8ria de modalitat i mat\u00e8ria optativa l&#8217;alumne pot escollir qualsevol mat\u00e8ria, independentment de la modalitat que cursi.<\/p>\n<table style=\"border-collapse: collapse; width: 100%; height: 237px;\">\n<tbody>\n<tr style=\"height: 48px;\">\n<td style=\"width: 20%; height: 48px; text-align: center;\"><strong>Modalitat (4h)<\/strong><\/td>\n<td style=\"width: 20%; height: 48px; text-align: center;\"><strong>Mat\u00e8ria de modalitat obligat\u00f2ria (4h)<\/strong><\/td>\n<td style=\"width: 20%; height: 48px; text-align: center;\"><strong>Mat\u00e8ria de modalitat 1 (4h)<\/strong><\/td>\n<td style=\"width: 20%; height: 48px; text-align: center;\"><strong>Mat\u00e8ria de modalitat 2 (4h)<\/strong><\/td>\n<td style=\"width: 20%; height: 48px; text-align: center;\"><strong>Mat\u00e8ria de modalitat 3 \/ Optativa (4h)<\/strong><\/td>\n<\/tr>\n<tr style=\"height: 29px;\">\n<td style=\"width: 20%; height: 61px; background-color: #f7442d;\" rowspan=\"2\"><strong>Ci\u00e8ncies i tecnologia<\/strong><\/td>\n<td style=\"width: 20%; height: 61px; background-color: #fa9d91;\" rowspan=\"2\">Matem\u00e0tiques II<\/td>\n<td style=\"width: 20%; height: 29px; background-color: #fa9d91;\">Biologia II<\/td>\n<td style=\"width: 20%; height: 29px; background-color: #fa9d91;\">Geologia i Ci\u00e8ncies Ambientals II<\/td>\n<td style=\"width: 20%; height: 29px; background-color: #fa9d91;\">Qu\u00edmica II<\/td>\n<\/tr>\n<tr style=\"height: 32px;\">\n<td style=\"width: 20%; height: 32px; background-color: #fa9d91;\">Tecnologia i Enginyeria II<\/td>\n<td style=\"width: 20%; height: 32px; background-color: #fa9d91;\">F\u00edsica II<\/td>\n<td style=\"width: 20%; height: 32px; background-color: #fa9d91;\">Dibuix T\u00e8cnic II<\/td>\n<\/tr>\n<tr style=\"height: 32px;\">\n<td style=\"width: 20%; height: 96px; background-color: #3b8526;\" rowspan=\"2\"><strong>Humanitats i ci\u00e8ncies socials<\/strong><\/td>\n<td style=\"height: 64px; background-color: #81b872; width: 20%;\">Matem\u00e0tiques Aplicades a les Ci\u00e8ncies Socials II<\/td>\n<td style=\"width: 20%; height: 32px; background-color: #81b872;\">Empresa i Disseny de Models de Negoci<\/td>\n<td style=\"width: 20%; height: 32px; background-color: #81b872;\">Geografia<\/td>\n<td style=\"width: 20%; height: 32px; background-color: #81b872;\">Hist\u00f2ria de l&#8217;Art<\/td>\n<\/tr>\n<tr style=\"height: 32px;\">\n<td style=\"width: 20%; height: 32px; background-color: #81b872;\">Llengua i Cultura Llatines II<\/td>\n<td style=\"width: 20%; height: 32px; background-color: #81b872;\">Llengua i Cultura Gregues II<\/td>\n<td style=\"width: 20%; height: 32px; background-color: #81b872;\">Literatura Catalana<\/td>\n<td style=\"width: 20%; height: 32px; background-color: #81b872;\">Literatura Castellana<\/td>\n<\/tr>\n<\/tbody>\n<\/table>\n<h2>Itineraris recomanats<\/h2>\n<p>Tot i que hi ha llibertat d&#8217;elecci\u00f3 en les mat\u00e8ries que es cursen (sempre que se&#8217;n cursin dues per curs de la modalitat corresponent), recomanem seguir un d&#8217;aquests quatre itineraris:<\/p>\n<table style=\"border-collapse: collapse; width: 100%;\">\n<tbody>\n<tr>\n<td style=\"width: 20%; background-color: #f7442d; text-align: center;\" colspan=\"5\"><strong>Itinerari de ci\u00e8ncies<\/strong><\/td>\n<\/tr>\n<tr>\n<td style=\"width: 20%;\"><strong>1r de Batxillerat<\/strong><\/td>\n<td style=\"width: 20%; height: 29px; background-color: #fa9d91;\">Matem\u00e0tiques I<\/td>\n<td style=\"width: 20%; height: 29px; background-color: #fa9d91;\">Biologia I<\/td>\n<td style=\"width: 20%; height: 29px; background-color: #fa9d91;\">F\u00edsica I<br \/>\n<em>(o Geologia i Ci\u00e8ncies Ambientals I)<\/em><\/td>\n<td style=\"width: 20%; height: 29px; background-color: #fa9d91;\">Qu\u00edmica I<\/td>\n<\/tr>\n<tr>\n<td style=\"width: 20%;\"><strong>2n de Batxillerat<\/strong><\/td>\n<td style=\"width: 20%; height: 29px; background-color: #fa9d91;\">Matem\u00e0tiques II<\/td>\n<td style=\"width: 20%; height: 29px; background-color: #fa9d91;\">Biologia II<\/td>\n<td style=\"width: 20%; height: 29px; background-color: #fa9d91;\">F\u00edsica II<br \/>\n<em>(o Geologia i Ci\u00e8ncies Ambientals II)<\/em><\/td>\n<td style=\"width: 20%; height: 29px; background-color: #fa9d91;\">Qu\u00edmica II<\/td>\n<\/tr>\n<tr>\n<td style=\"width: 20%; background-color: #f7442d; text-align: center;\" colspan=\"5\"><strong>Itinerari d&#8217;enginyeria<\/strong><\/td>\n<\/tr>\n<tr>\n<td style=\"width: 20%;\"><strong>1r de Batxillerat<\/strong><\/td>\n<td style=\"width: 20%; height: 29px; background-color: #fa9d91;\">Matem\u00e0tiques I<\/td>\n<td style=\"width: 20%; height: 29px; background-color: #fa9d91;\">Tecnologia i Enginyeria I<\/td>\n<td style=\"width: 20%; height: 29px; background-color: #fa9d91;\">F\u00edsica I<\/td>\n<td style=\"width: 20%; height: 29px; background-color: #fa9d91;\">Qu\u00edmica I o Dibuix T\u00e8cnic I<\/td>\n<\/tr>\n<tr>\n<td style=\"width: 20%;\"><strong>2n de Batxillerat<\/strong><\/td>\n<td style=\"width: 20%; height: 29px; background-color: #fa9d91;\">Matem\u00e0tiques II<\/td>\n<td style=\"width: 20%; height: 29px; background-color: #fa9d91;\">Tecnologia i Enginyeria II<\/td>\n<td style=\"width: 20%; height: 29px; background-color: #fa9d91;\">F\u00edsica II<\/td>\n<td style=\"width: 20%; height: 29px; background-color: #fa9d91;\">Qu\u00edmica II o Dibuix T\u00e8cnic II<\/td>\n<\/tr>\n<tr>\n<td style=\"width: 20%; background-color: #3b8526; text-align: center;\" colspan=\"5\"><strong>Itinerari social<\/strong><\/td>\n<\/tr>\n<tr>\n<td style=\"width: 20%;\"><strong>1r de Batxillerat<\/strong><\/td>\n<td style=\"width: 20%; height: 32px; background-color: #81b872;\">Matem\u00e0tiques Aplicades a les Ci\u00e8ncies Socials I<\/td>\n<td style=\"width: 20%; height: 32px; background-color: #81b872;\">Economia<\/td>\n<td style=\"width: 20%; height: 32px; background-color: #81b872;\">Hist\u00f2ria del M\u00f3n Contemporani<\/td>\n<td style=\"width: 20%;\">Funcionament de l&#8217;Empresa<\/td>\n<\/tr>\n<tr>\n<td style=\"width: 20%;\"><strong>2n de Batxillerat<\/strong><\/td>\n<td style=\"width: 20%; height: 32px; background-color: #81b872;\">Matem\u00e0tiques Aplicades a les Ci\u00e8ncies Socials II<\/td>\n<td style=\"width: 20%; height: 32px; background-color: #81b872;\">Empresa i Disseny de Models de Negoci<\/td>\n<td style=\"width: 20%; height: 32px; background-color: #81b872;\">Geografia<\/td>\n<td style=\"width: 20%;\">Hist\u00f2ria de l&#8217;Art<\/td>\n<\/tr>\n<tr>\n<td style=\"width: 20%; background-color: #3b8526; text-align: center;\" colspan=\"5\"><strong>Itinerari human\u00edstic<\/strong><\/td>\n<\/tr>\n<tr>\n<td style=\"width: 20%;\"><strong>1r de Batxillerat<\/strong><\/td>\n<td style=\"width: 20%; height: 32px; background-color: #81b872;\">Llengua i Cultura Llatines I<\/td>\n<td style=\"width: 20%; height: 32px; background-color: #81b872;\">Llengua i Cultura Gregues I<\/td>\n<td style=\"width: 20%; height: 32px; background-color: #81b872;\">Literatura Universal<\/td>\n<td style=\"width: 20%;\">Optativa<\/td>\n<\/tr>\n<tr>\n<td style=\"width: 20%;\"><strong>2n de Batxillerat<\/strong><\/td>\n<td style=\"width: 20%; height: 32px; background-color: #81b872;\">Llengua i Cultura Llatines II<\/td>\n<td style=\"width: 20%; height: 32px; background-color: #81b872;\">Llengua i Cultura Gregues II<\/td>\n<td style=\"width: 20%; height: 32px; background-color: #81b872;\">Literatura Catalana<\/td>\n<td style=\"width: 20%; height: 32px; background-color: #81b872;\">Literatura Castellana<\/td>\n<\/tr>\n<\/tbody>\n<\/table>\n","protected":false},"excerpt":{"rendered":"<p>A l&#8217;Institut Antoni Cumella treballem plenament amb el nou curr\u00edculum. Oferim les modalitats de ci\u00e8ncies i tecnologia, d&#8217;humanitats i ci\u00e8ncies socials, i tamb\u00e9 d&#8217;<a href=\"https:\/\/agora.xtec.cat\/iesacumella\/estudis\/batxillerat-nocturn\/\">humanitats i ci\u00e8ncies socials en torn de tarda<\/a>.<br \/>\nEl curr\u00edculum s&#8217;estructura en quatre tipus de mat\u00e8ries: mat\u00e8ries comunes, mat\u00e8ries de modalitat obligat\u00f2ries,&hellip;  <a href=\"https:\/\/agora.xtec.cat\/iesacumella\/estudis\/batxillerat\/\" title=\"Read Batxillerat\">Llegeix m\u00e9s\u00bb<\/a><\/p>\n","protected":false},"author":1,"featured_media":0,"parent":195,"menu_order":2,"comment_status":"closed","ping_status":"closed","template":"page-templates\/side-menu.php","meta":{"_bbp_topic_count":0,"_bbp_reply_count":0,"_bbp_total_topic_count":0,"_bbp_total_reply_count":0,"_bbp_voice_count":0,"_bbp_anonymous_reply_count":0,"_bbp_topic_count_hidden":0,"_bbp_reply_count_hidden":0,"_bbp_forum_subforum_count":0,"footnotes":""},"class_list":["post-8497","page","type-page","status-publish","hentry"],"post_mailing_queue_ids":[],"_links":{"self":[{"href":"https:\/\/agora.xtec.cat\/iesacumella\/wp-json\/wp\/v2\/pages\/8497","targetHints":{"allow":["GET"]}}],"collection":[{"href":"https:\/\/agora.xtec.cat\/iesacumella\/wp-json\/wp\/v2\/pages"}],"about":[{"href":"https:\/\/agora.xtec.cat\/iesacumella\/wp-json\/wp\/v2\/types\/page"}],"author":[{"embeddable":true,"href":"https:\/\/agora.xtec.cat\/iesacumella\/wp-json\/wp\/v2\/users\/1"}],"replies":[{"embeddable":true,"href":"https:\/\/agora.xtec.cat\/iesacumella\/wp-json\/wp\/v2\/comments?post=8497"}],"version-history":[{"count":6,"href":"https:\/\/agora.xtec.cat\/iesacumella\/wp-json\/wp\/v2\/pages\/8497\/revisions"}],"predecessor-version":[{"id":9413,"href":"https:\/\/agora.xtec.cat\/iesacumella\/wp-json\/wp\/v2\/pages\/8497\/revisions\/9413"}],"up":[{"embeddable":true,"href":"https:\/\/agora.xtec.cat\/iesacumella\/wp-json\/wp\/v2\/pages\/195"}],"wp:attachment":[{"href":"https:\/\/agora.xtec.cat\/iesacumella\/wp-json\/wp\/v2\/media?parent=8497"}],"curies":[{"name":"wp","href":"https:\/\/api.w.org\/{rel}","templated":true}]}}