{"id":5432,"date":"2018-05-06T17:53:31","date_gmt":"2018-05-06T15:53:31","guid":{"rendered":"http:\/\/agora.xtec.cat\/iesacumella\/?page_id=5432"},"modified":"2025-06-10T13:16:25","modified_gmt":"2025-06-10T11:16:25","slug":"eso","status":"publish","type":"page","link":"https:\/\/agora.xtec.cat\/iesacumella\/estudis\/eso\/","title":{"rendered":"ESO"},"content":{"rendered":"<p>El curs 2022\u20132023 s&#8217;introdueix el nou curr\u00edculum a 1r i 3r d&#8217;ESO. El seg\u00fcent curs 2023\u20132024 el nou curr\u00edculum ja s&#8217;haur\u00e0 implementat a tots els nivells.<\/p>\n<h2>1r d&#8217;ESO<\/h2>\n<table style=\"height: 584px; border-collapse: collapse; width: 806px;\">\n<tbody>\n<tr style=\"height: 32px;\">\n<td style=\"width: 806px; height: 32px; background-color: #b03bba;\" colspan=\"2\"><strong>Curr\u00edculum de 1r d&#8217;ESO<\/strong><\/td>\n<\/tr>\n<tr style=\"height: 31px;\">\n<td style=\"width: 403px; height: 31px;\"><strong>Mat\u00e8ria<\/strong><\/td>\n<td style=\"width: 403px; height: 31px;\"><strong>Hores setmanals<\/strong><\/td>\n<\/tr>\n<tr style=\"height: 31px;\">\n<td style=\"width: 403px; height: 31px;\">Llengua Catalana i Literatura<\/td>\n<td style=\"width: 403px; height: 31px;\">3<\/td>\n<\/tr>\n<tr style=\"height: 31px;\">\n<td style=\"width: 403px; height: 31px;\">Llengua Castellana i Literatura<\/td>\n<td style=\"width: 403px; height: 31px;\">3<\/td>\n<\/tr>\n<tr style=\"height: 31px;\">\n<td style=\"width: 403px; height: 31px;\">Llengua Estrangera (Angl\u00e8s)<\/td>\n<td style=\"width: 403px; height: 31px;\">3<\/td>\n<\/tr>\n<tr style=\"height: 31px;\">\n<td style=\"width: 403px; height: 31px;\">Ci\u00e8ncies Socials: Geografia i Hist\u00f2ria<\/td>\n<td style=\"width: 403px; height: 31px;\">3<\/td>\n<\/tr>\n<tr style=\"height: 31px;\">\n<td style=\"width: 403px; height: 31px;\">Ci\u00e8ncies de la Naturalesa: Biologia i Geologia<\/td>\n<td style=\"width: 403px; height: 31px;\">2 en grup sencer i 1 en grup partit (laboratori)<\/td>\n<\/tr>\n<tr style=\"height: 31px;\">\n<td style=\"width: 403px; height: 31px;\">Matem\u00e0tiques<\/td>\n<td style=\"width: 403px; height: 31px;\">3<\/td>\n<\/tr>\n<tr style=\"height: 31px;\">\n<td style=\"width: 403px; height: 31px;\">Educaci\u00f3 F\u00edsica<\/td>\n<td style=\"width: 403px; height: 31px;\">2<\/td>\n<\/tr>\n<tr style=\"height: 31px;\">\n<td style=\"width: 403px; height: 31px;\">M\u00fasica<\/td>\n<td style=\"width: 403px; height: 31px;\">2<\/td>\n<\/tr>\n<tr style=\"height: 31px;\">\n<td style=\"width: 403px; height: 31px;\">Educaci\u00f3 Visual i Pl\u00e0stica<\/td>\n<td style=\"width: 403px; height: 31px;\">2<\/td>\n<\/tr>\n<tr style=\"height: 31px;\">\n<td style=\"width: 403px; height: 31px;\">Tecnologia<\/td>\n<td style=\"width: 403px; height: 31px;\">1 en grup sencer i 1 en grup partit (taller)<\/td>\n<\/tr>\n<tr style=\"height: 117px;\">\n<td style=\"width: 403px; height: 117px;\">Optatives:<br \/>\nAlemany, Franc\u00e8s, Reflexart, Fusteria creativa, Esports alternatius, Xperimenta!, T\u00e8cniques d&#8217;Estudi.<\/td>\n<td style=\"width: 403px; height: 117px;\">2<\/td>\n<\/tr>\n<tr style=\"height: 31px;\">\n<td style=\"width: 403px; height: 31px;\">Tutoria<\/td>\n<td style=\"width: 403px; height: 31px;\">2<\/td>\n<\/tr>\n<tr style=\"height: 32px;\">\n<td style=\"width: 403px; height: 32px;\"><strong>Total<\/strong><\/td>\n<td style=\"width: 403px; height: 32px;\"><strong>30<\/strong><\/td>\n<\/tr>\n<\/tbody>\n<\/table>\n<h3>Optatives de 1r d&#8217;ESO<\/h3>\n<p>Les optatives s\u00f3n de mig curs (cada alumne en fa una de setembre a gener i una altra de febrer a juny) excepte Alemany i Franc\u00e8s, que s\u00f3n anuals.<\/p>\n<ul>\n<li style=\"font-weight: 400;\" aria-level=\"1\"><b>Alemany<\/b><span style=\"font-weight: 400;\"> (Departament de Lleng\u00fces Estrangeres). Introducci\u00f3 a l\u2019Alemany. No \u00e9s obligatori fer-ne continu\u00eftat als seg\u00fcents cursos d\u2019ESO, per\u00f2 cal fer-la si es vol continuar amb Alemany a 2n. \u00c9s una mat\u00e8ria anual, per tant en cas de fer Alemany no es pot fer cap altre optativa.<\/span><\/li>\n<li style=\"font-weight: 400;\" aria-level=\"1\"><b>Franc\u00e8s<\/b><span style=\"font-weight: 400;\"> (Departament de Lleng\u00fces Estrangeres). Introducci\u00f3 al Franc\u00e8s. No \u00e9s obligatori fer-ne continu\u00eftat als seg\u00fcents cursos d\u2019ESO, per\u00f2 cal fer-la si es vol continuar amb Franc\u00e8s a 2n. \u00c9s una mat\u00e8ria anual, per tant en cas de fer Franc\u00e8s no es pot fer cap altre optativa.<\/span><\/li>\n<li style=\"font-weight: 400;\" aria-level=\"1\"><b>Reflexart<\/b><span style=\"font-weight: 400;\"> (Departament de Socials). Aquesta optativa proposa treballar l&#8217;expressi\u00f3 art\u00edstica a partir de l&#8217;experi\u00e8ncia personal i de l&#8217;entorn proper. Reeducar la mirada d&#8217;all\u00f2 que ens envolta amb esperit cr\u00edtic.<\/span><\/li>\n<li style=\"font-weight: 400;\" aria-level=\"1\"><b>Fusteria creativa<\/b><span style=\"font-weight: 400;\"> (Departament de Tecnologia). Construcci\u00f3 de diferents objectes de fusta i materials reciclats, aplicant el proc\u00e9s tecnol\u00f2gic i fent \u00fas de les eines b\u00e0siques del taller de tecnologia.<\/span><\/li>\n<li style=\"font-weight: 400;\" aria-level=\"1\"><b>Esports alternatius<\/b><span style=\"font-weight: 400;\"> (Departament d\u2019Educaci\u00f3 F\u00edsica). Fugirem dels esports tradicionals i ens endinsarem en el m\u00f3n dels esports alternatius: Twincon, Kin-ball, Artzikirol.. i molts m\u00e9s!<\/span><\/li>\n<li style=\"font-weight: 400;\" aria-level=\"1\"><b>Xperimenta!<\/b><span style=\"font-weight: 400;\"> (Departament de Ci\u00e8ncies). En aquesta optativa els alumnes es converteixen en investigadors! Escullen un centre d\u2019inter\u00e8s que els agradi, dissenyen una recerca seguint el m\u00e8tode cient\u00edfic i desenvolupen el seu propi projecte. Finalment, exposen els resultats davant els companys, fomentant el pensament cr\u00edtic i la comunicaci\u00f3 cient\u00edfica. Una assignatura ideal per als curiosos i innovadors!<\/span><\/li>\n<li style=\"font-weight: 400;\" aria-level=\"1\"><b style=\"font-family: inherit; font-size: 1em;\">T\u00e8cniques d\u2019Estudi<\/b><span style=\"font-weight: 400;\"> (Departament d\u2019Orientaci\u00f3). Les t\u00e8cniques d\u2019estudi s\u00f3n estrat\u00e8gies o recursos que faciliten l\u2019adquisici\u00f3 de coneixements amb un estalvi de temps i esfor\u00e7. Quan fem \u00fas de les t\u00e8cniques d\u2019estudi l\u2019aprenentatge es consolida de manera m\u00e9s efica\u00e7 i s\u2019obt\u00e9 un major rendiment acad\u00e8mic. Les estrat\u00e8gies que es treballen en aquesta optativa s\u00f3n les seg\u00fcents: planificaci\u00f3 i organitzaci\u00f3 de l\u2019estudi, la lectura atenta, el subratllat i el resum.<\/span><\/li>\n<\/ul>\n<h3>Treball de S\u00edntesi<\/h3>\n<p>El Treball de S\u00edntesi de 1r d&#8217;ESO \u00e9s realitza durant una setmana de juny.<\/p>\n<h2>2n d&#8217;ESO<\/h2>\n<table style=\"height: 584px; border-collapse: collapse; width: 806px;\">\n<tbody>\n<tr style=\"height: 32px;\">\n<td style=\"width: 806px; height: 32px; background-color: #b03bba;\" colspan=\"2\"><strong>Curr\u00edculum de 2n d&#8217;ESO<\/strong><\/td>\n<\/tr>\n<tr style=\"height: 31px;\">\n<td style=\"width: 403px; height: 31px;\"><strong>Mat\u00e8ria<\/strong><\/td>\n<td style=\"width: 403px; height: 31px;\"><strong>Hores setmanals<\/strong><\/td>\n<\/tr>\n<tr style=\"height: 31px;\">\n<td style=\"width: 403px; height: 31px;\">Llengua Catalana i Literatura<\/td>\n<td style=\"width: 403px; height: 31px;\">3<\/td>\n<\/tr>\n<tr style=\"height: 31px;\">\n<td style=\"width: 403px; height: 31px;\">Llengua Castellana i Literatura<\/td>\n<td style=\"width: 403px; height: 31px;\">3<\/td>\n<\/tr>\n<tr style=\"height: 31px;\">\n<td style=\"width: 403px; height: 31px;\">Llengua Estrangera (Angl\u00e8s)<\/td>\n<td style=\"width: 403px; height: 31px;\">3 + 1 compartida amb Ci\u00e8ncies socials<\/td>\n<\/tr>\n<tr style=\"height: 31px;\">\n<td style=\"width: 403px; height: 31px;\">Ci\u00e8ncies Socials: Geografia i Hist\u00f2ria<\/td>\n<td style=\"width: 403px; height: 31px;\">3 + 1 compartida amb Angl\u00e8s<\/td>\n<\/tr>\n<tr style=\"height: 31px;\">\n<td style=\"width: 403px; height: 31px;\">Ci\u00e8ncies de la Naturalesa: F\u00edsica i Qu\u00edmica<\/td>\n<td style=\"width: 403px; height: 31px;\">2 en grup sencer i 1 en grup partit (laboratori)<\/td>\n<\/tr>\n<tr style=\"height: 31px;\">\n<td style=\"width: 403px; height: 31px;\">Matem\u00e0tiques<\/td>\n<td style=\"width: 403px; height: 31px;\">3 + 1 amb codoc\u00e8ncia d&#8217;Angl\u00e8s<\/td>\n<\/tr>\n<tr style=\"height: 31px;\">\n<td style=\"width: 403px; height: 31px;\">Educaci\u00f3 F\u00edsica<\/td>\n<td style=\"width: 403px; height: 31px;\">2<\/td>\n<\/tr>\n<tr style=\"height: 31px;\">\n<td style=\"width: 403px; height: 31px;\">M\u00fasica<\/td>\n<td style=\"width: 403px; height: 31px;\">2<\/td>\n<\/tr>\n<tr style=\"height: 31px;\">\n<td style=\"width: 403px; height: 31px;\">Tecnologia<\/td>\n<td style=\"width: 403px; height: 31px;\">1 en grup sencer i 1 en grup partit (taller)<\/td>\n<\/tr>\n<tr style=\"height: 117px;\">\n<td style=\"width: 403px; height: 117px;\">Optatives:<br \/>\nAlemany, Franc\u00e8s, Comunicativa, Programaci\u00f3 i rob\u00f2tica amb micro:bit, La ciutat perfecta, Escultura sonora, T\u00e8cniques d&#8217;Estudi.<\/td>\n<td style=\"width: 403px; height: 117px;\">2<\/td>\n<\/tr>\n<tr style=\"height: 31px;\">\n<td style=\"width: 403px; height: 31px;\">Tutoria<\/td>\n<td style=\"width: 403px; height: 31px;\">2<\/td>\n<\/tr>\n<tr style=\"height: 32px;\">\n<td style=\"width: 403px; height: 32px;\"><strong>Total<\/strong><\/td>\n<td style=\"width: 403px; height: 32px;\"><strong>30<\/strong><\/td>\n<\/tr>\n<\/tbody>\n<\/table>\n<h3>Optatives de 2n d&#8217;ESO<\/h3>\n<p>Les optatives s\u00f3n de mig curs (cada alumne en fa una de setembre a gener i una altra de febrer a juny) excepte Alemany i Franc\u00e8s, que s\u00f3n anuals.<\/p>\n<ul>\n<li style=\"font-weight: 400;\" aria-level=\"1\"><b>Alemany<\/b><span style=\"font-weight: 400;\"> (Departament de Lleng\u00fces Estrangeres). A partir de 2n, si s\u2019escull Alemany cal continuar tamb\u00e9 a 3r i 4t. \u00c9s una mat\u00e8ria anual, per tant en cas de fer Alemany no es pot fer cap altre optativa.<\/span><\/li>\n<li style=\"font-weight: 400;\" aria-level=\"1\"><b>Franc\u00e8s<\/b><span style=\"font-weight: 400;\"> (Departament de Lleng\u00fces Estrangeres). A partir de 2n, si s\u2019escull Franc\u00e8s cal continuar tamb\u00e9 a 3r i 4t. \u00c9s una mat\u00e8ria anual, per tant en cas de fer Franc\u00e8s no es pot fer cap altre optativa.<\/span><\/li>\n<li style=\"font-weight: 400;\" aria-level=\"1\"><b>Comunicativa <\/b><span style=\"font-weight: 400;\">(Departament de Catal\u00e0 o de Castell\u00e0).<\/span><\/li>\n<li style=\"font-weight: 400;\" aria-level=\"1\"><b>Programaci\u00f3 i rob\u00f2tica amb micro:bit<\/b><span style=\"font-weight: 400;\"> (Departament de Tecnologia). Ampliaci\u00f3 de programaci\u00f3 i rob\u00f2tica amb micro:bit. Programaci\u00f3 amb Scratxh: petits projectes i jocs. Projecte disparats: Coet hidr\u00e0ulic (muntatge, recollida de dades i millora del projecte). Es realitzaran petits projectes com el muntatge i programaci\u00f3.<\/span><\/li>\n<li style=\"font-weight: 400;\" aria-level=\"1\"><b>La ciutat perfecta <\/b><span style=\"font-weight: 400;\">(Departament de Socials). Podem crear una nova una ciutat perfecte i autosuficient? Hi ha moltes coses a tenir en compte. Quanta gent ser\u00edem, com haur\u00edem d\u2019organitzar l\u2019espai, quins professionals ens farien falta, quines infraestructures caldria planificar\u2026 I quin \u00e9s el millor lloc on posar-la? Pots aconseguir mantenir a la teva poblaci\u00f3 contenta o emigraran a les ciutats dels teus companys?<\/span><\/li>\n<li style=\"font-weight: 400;\" aria-level=\"1\"><b>Escultura sonora<\/b><span style=\"font-weight: 400;\"> (Departament d\u2019Arts). Es pret\u00e9n treballar l\u2019escultura inspirada en els germans Baschet, com crear sons nous a partir de formes abstractes i creatives que ens allunyen del concepte d\u2019instrument tradicional.<\/span><\/li>\n<li style=\"font-weight: 400;\" aria-level=\"1\"><b style=\"font-family: inherit; font-size: 1em;\">T\u00e8cniques d\u2019Estudi<\/b><span style=\"font-weight: 400;\"> (Departament d\u2019Orientaci\u00f3). Les t\u00e8cniques d\u2019estudi s\u00f3n estrat\u00e8gies o recursos que faciliten l\u2019adquisici\u00f3 de coneixements amb un estalvi de temps i esfor\u00e7. Quan fem \u00fas de les t\u00e8cniques d\u2019estudi l\u2019aprenentatge es consolida de manera m\u00e9s efica\u00e7 i s\u2019obt\u00e9 un major rendiment acad\u00e8mic. Les estrat\u00e8gies que es treballen en aquesta optativa s\u00f3n les seg\u00fcents: planificaci\u00f3 i organitzaci\u00f3 de l\u2019estudi, la lectura atenta, el subratllat, el resum i l\u2019esquema.<\/span><\/li>\n<\/ul>\n<h3>Treball de S\u00edntesi: <em>Fem bullir l&#8217;olla<\/em><\/h3>\n<p>El Treball de S\u00edntesi de 2n d&#8217;ESO \u00e9s realitza durant una setmana de juny. L&#8217;objectiu del treball \u00e9s l&#8217;elaboraci\u00f3 d&#8217;un men\u00fa complet saludable.<\/p>\n<h2>3r d&#8217;ESO<\/h2>\n<table style=\"height: 584px; border-collapse: collapse; width: 798px;\">\n<tbody>\n<tr style=\"height: 32px;\">\n<td style=\"width: 798px; height: 32px; background-color: #b03bba;\" colspan=\"2\"><strong>Curr\u00edculum de 3r d&#8217;ESO<\/strong><\/td>\n<\/tr>\n<tr style=\"height: 31px;\">\n<td style=\"width: 399px; height: 31px;\"><strong>Mat\u00e8ria<\/strong><\/td>\n<td style=\"width: 399px; height: 31px;\"><strong>Hores setmanals<\/strong><\/td>\n<\/tr>\n<tr style=\"height: 31px;\">\n<td style=\"width: 399px; height: 31px;\">Llengua Catalana i Literatura<\/td>\n<td style=\"width: 399px; height: 31px;\">3<\/td>\n<\/tr>\n<tr style=\"height: 31px;\">\n<td style=\"width: 399px; height: 31px;\">Llengua Castellana i Literatura<\/td>\n<td style=\"width: 399px; height: 31px;\">3<\/td>\n<\/tr>\n<tr style=\"height: 31px;\">\n<td style=\"width: 399px; height: 31px;\">Llengua Estrangera (Angl\u00e8s)<\/td>\n<td style=\"width: 399px; height: 31px;\">3<\/td>\n<\/tr>\n<tr style=\"height: 31px;\">\n<td style=\"width: 399px; height: 31px;\">Ci\u00e8ncies Socials: Geografia i Hist\u00f2ria<\/td>\n<td style=\"width: 399px; height: 31px;\">3<\/td>\n<\/tr>\n<tr style=\"height: 31px;\">\n<td style=\"width: 399px; height: 31px;\">Ci\u00e8ncies de la Naturalesa: Biologia i Geologia<\/td>\n<td style=\"width: 399px; height: 31px;\">1 en grup sencer i 1 en grup partit (laboratori)<\/td>\n<\/tr>\n<tr>\n<td style=\"width: 399px;\">Ci\u00e8ncies de la Naturalesa: F\u00edsica i Qu\u00edmica<\/td>\n<td style=\"width: 399px;\">1 en grup sencer i 1 en grup partit (laboratori)<\/td>\n<\/tr>\n<tr style=\"height: 31px;\">\n<td style=\"width: 399px; height: 31px;\">Matem\u00e0tiques<\/td>\n<td style=\"width: 399px; height: 31px;\">4<\/td>\n<\/tr>\n<tr style=\"height: 31px;\">\n<td style=\"width: 399px; height: 31px;\">Educaci\u00f3 F\u00edsica<\/td>\n<td style=\"width: 399px; height: 31px;\">2<\/td>\n<\/tr>\n<tr style=\"height: 31px;\">\n<td style=\"width: 399px; height: 31px;\">Educaci\u00f3 Visual i Pl\u00e0stica<\/td>\n<td style=\"width: 399px; height: 31px;\">2<\/td>\n<\/tr>\n<tr style=\"height: 31px;\">\n<td style=\"width: 399px; height: 31px;\">Tecnologia<\/td>\n<td style=\"width: 399px; height: 31px;\">1 en grup sencer i 1 en grup partit (taller)<\/td>\n<\/tr>\n<tr style=\"height: 117px;\">\n<td style=\"width: 399px; height: 117px;\">Optatives:<br \/>\nAlemany, Franc\u00e8s, Comunicativa, Posa&#8217;t en forma, Cultura Cl\u00e0ssica, L\u2019art dels cristalls, T\u00e8cniques d&#8217;Estudi.<\/td>\n<td style=\"width: 399px; height: 117px;\">2<\/td>\n<\/tr>\n<tr style=\"height: 31px;\">\n<td style=\"width: 399px; height: 31px;\">Tutoria<\/td>\n<td style=\"width: 399px; height: 31px;\">2<\/td>\n<\/tr>\n<tr style=\"height: 32px;\">\n<td style=\"width: 399px; height: 32px;\"><strong>Total<\/strong><\/td>\n<td style=\"width: 399px; height: 32px;\"><strong>30<\/strong><\/td>\n<\/tr>\n<\/tbody>\n<\/table>\n<h3>Optatives de 3r d&#8217;ESO<\/h3>\n<p>Les optatives s\u00f3n de mig curs (cada alumne en fa una de setembre a gener i una altra de febrer a juny) excepte Alemany i Franc\u00e8s, que s\u00f3n anuals.<\/p>\n<ul>\n<li style=\"font-weight: 400;\" aria-level=\"1\"><b>Alemany<\/b><span style=\"font-weight: 400;\"> (Departament de Lleng\u00fces Estrangeres). A partir de 2n, si s\u2019escull Alemany cal continuar tamb\u00e9 a 3r i 4t. \u00c9s una mat\u00e8ria anual, per tant en cas de fer Alemany no es pot fer cap altre optativa.<\/span><\/li>\n<li style=\"font-weight: 400;\" aria-level=\"1\"><b>Franc\u00e8s<\/b><span style=\"font-weight: 400;\"> (Departament de Lleng\u00fces Estrangeres). A partir de 2n, si s\u2019escull Franc\u00e8s cal continuar tamb\u00e9 a 3r i 4t. \u00c9s una mat\u00e8ria anual, per tant en cas de fer Franc\u00e8s no es pot fer cap altre optativa.<\/span><\/li>\n<li style=\"font-weight: 400;\" aria-level=\"1\"><b>Expressi\u00f3 escrita<\/b><span style=\"font-weight: 400;\"> (Departament de Catal\u00e0 o de Castell\u00e0). En aquesta optativa, l\u2019alumnat del centre es converteix en equip redactor de la revista digital de l\u2019Antoni Cumella. Un projecte que compta amb el suport de periodistes de Junior Report i amb el qual podran descobrir com treballa un periodista no nom\u00e9s des de l\u2019\u00e0mbit escrit sin\u00f3 tamb\u00e9 l\u2019audiovisual.<\/span><\/li>\n<li style=\"font-weight: 400;\" aria-level=\"1\"><b>Posa&#8217;t en forma <\/b><span style=\"font-weight: 400;\">(Departament d\u2019Educaci\u00f3 F\u00edsica). Es treballaran la condici\u00f3 f\u00edsica i les qualitats f\u00edsiques b\u00e0siques: m\u00e8todes i exercicis per millorar-les, proves per con\u00e8ixer la pr\u00f2pia condici\u00f3 f\u00edsica\u2026 i tamb\u00e9 les aplicarem els diferents esports.<\/span><\/li>\n<li style=\"font-weight: 400;\" aria-level=\"1\"><b>Cultura Cl\u00e0ssica <\/b><span style=\"font-weight: 400;\">(Departament de Filosofia i Cl\u00e0ssiques).<\/span><\/li>\n<li style=\"font-weight: 400;\" aria-level=\"1\"><b>L\u2019art dels cristalls <\/b><span style=\"font-weight: 400;\">(Departament de Ci\u00e8ncies). En aquesta optativa, els alumnes exploraran el fascinant m\u00f3n de la cristal\u00b7lografia. Aprendran com es formen els cristalls a la natura i en el laboratori, experimentaran amb diferents t\u00e8cniques per crear-ne de diversos tipus i analitzaran la seva estructura i propietats. A m\u00e9s, com a activitat destacada, es dur\u00e0 a terme el primer concurs de Cristal\u00b7lografia de l\u2019Institut, on els estudiants podran demostrar la seva habilitat en la creaci\u00f3 de cristalls i competir per aconseguir el millor exemplar!<\/span><\/li>\n<li style=\"font-weight: 400;\" aria-level=\"1\"><b style=\"font-family: inherit; font-size: 1em;\">T\u00e8cniques d\u2019Estudi<\/b><span style=\"font-weight: 400;\"> (Departament d\u2019Orientaci\u00f3). Les t\u00e8cniques d\u2019estudi s\u00f3n estrat\u00e8gies o recursos que faciliten l\u2019adquisici\u00f3 de coneixements amb un estalvi de temps i esfor\u00e7. Quan fem \u00fas de les t\u00e8cniques d\u2019estudi l\u2019aprenentatge es consolida de manera m\u00e9s efica\u00e7 i s\u2019obt\u00e9 un major rendiment acad\u00e8mic. Les estrat\u00e8gies que es treballen en aquesta optativa s\u00f3n les seg\u00fcents: planificaci\u00f3 i organitzaci\u00f3 de l\u2019estudi, la lectura atenta, el subratllat, el resum, l\u2019esquema,\u00a0 mapes i taules conceptuals.<\/span><\/li>\n<\/ul>\n<h3>Treball de S\u00edntesi: <em>Creaci\u00f3 d&#8217;un joc de taula<\/em><\/h3>\n<p>El Treball de S\u00edntesi de 3r d&#8217;ESO \u00e9s realitza despr\u00e9s d&#8217;acabar el 2n trimestre. L&#8217;objectiu del treball \u00e9s l&#8217;elaboraci\u00f3 d&#8217;un joc de taula que es presenta despr\u00e9s als alumnes de prim\u00e0ria de les escoles de la zona i a la Fira Jugar x Jugar.<\/p>\n<h2>4t d&#8217;ESO<\/h2>\n<table style=\"height: 601px; border-collapse: collapse; width: 100%;\">\n<tbody>\n<tr style=\"height: 32px;\">\n<td style=\"width: 100%; height: 32px; background-color: #b03bba;\" colspan=\"2\"><strong>Curr\u00edculum de 4t d&#8217;ESO<\/strong><\/td>\n<\/tr>\n<tr style=\"height: 31px;\">\n<td style=\"width: 50%; height: 31px;\"><strong>Mat\u00e8ria<\/strong><\/td>\n<td style=\"width: 50%; height: 31px;\"><strong>Hores setmanals<\/strong><\/td>\n<\/tr>\n<tr style=\"height: 31px;\">\n<td style=\"width: 50%; height: 31px;\">Llengua Catalana i Literatura<\/td>\n<td style=\"width: 50%; height: 31px;\">3<\/td>\n<\/tr>\n<tr style=\"height: 31px;\">\n<td style=\"width: 50%; height: 31px;\">Llengua Castellana i Literatura<\/td>\n<td style=\"width: 50%; height: 31px;\">3<\/td>\n<\/tr>\n<tr style=\"height: 31px;\">\n<td style=\"width: 50%; height: 31px;\">Llengua Estrangera (Angl\u00e8s)<\/td>\n<td style=\"width: 50%; height: 31px;\">3<\/td>\n<\/tr>\n<tr style=\"height: 31px;\">\n<td style=\"width: 50%; height: 31px;\">Ci\u00e8ncies Socials: Geografia i Hist\u00f2ria<\/td>\n<td style=\"width: 50%; height: 31px;\">3<\/td>\n<\/tr>\n<tr style=\"height: 31px;\">\n<td style=\"width: 50%; height: 31px;\">Matem\u00e0tiques<\/td>\n<td style=\"width: 50%; height: 31px;\">4<\/td>\n<\/tr>\n<tr style=\"height: 31px;\">\n<td style=\"width: 50%; height: 31px;\">Educaci\u00f3 F\u00edsica<\/td>\n<td style=\"width: 50%; height: 31px;\">2<\/td>\n<\/tr>\n<tr style=\"height: 31px;\">\n<td style=\"width: 50%; height: 31px;\">Mat\u00e8ries d&#8217;itinerari de la franja 1<\/p>\n<ul>\n<li>Biologia i Geologia (en cas de desdoblament, s&#8217;oferir\u00e0 tamb\u00e9 a la franja 2)<\/li>\n<li>Tecnologia<\/li>\n<li>Economia<\/li>\n<li>Cultura Cl\u00e0ssica<\/li>\n<li>Ampliaci\u00f3 d&#8217;Angl\u00e8s (programa d&#8217;acreditaci\u00f3 EOI B1)<\/li>\n<\/ul>\n<\/td>\n<td style=\"width: 50%; height: 31px;\">3<\/td>\n<\/tr>\n<tr>\n<td style=\"width: 50%;\">Mat\u00e8ries d&#8217;itinerari de la franja 2<\/p>\n<ul>\n<li>F\u00edsica i Qu\u00edmica (en cas de desdoblament, s&#8217;oferir\u00e0 tamb\u00e9 a la franja 1)<\/li>\n<li>Digitalitzaci\u00f3<\/li>\n<li>Economia<\/li>\n<li>Filosofia<\/li>\n<li>Arts Esc\u00e8niques<\/li>\n<\/ul>\n<\/td>\n<td style=\"width: 50%;\">3<\/td>\n<\/tr>\n<tr style=\"height: 117px;\">\n<td style=\"width: 50%; height: 117px;\">Optatives:<br \/>\nAlemany, Franc\u00e8s, El m\u00f3n avui, Ci\u00e8ncia en acci\u00f3: descobrint la veritat, Laboratori de matem\u00e0tiques, Formaci\u00f3 i Orientaci\u00f3 Personal i Professional, Expressi\u00f3 Art\u00edstica.<\/td>\n<td style=\"width: 50%; height: 117px;\">2<\/td>\n<\/tr>\n<tr style=\"height: 141px;\">\n<td style=\"width: 50%; height: 141px;\">Projectes de Recerca, Creaci\u00f3 i Servei<\/p>\n<ul>\n<li>\u00c0mbit Comunicatiu<\/li>\n<li>\u00c0mbit STEM<\/li>\n<li>\u00c0mbit Social i Art\u00edstic<\/li>\n<\/ul>\n<\/td>\n<td style=\"width: 50%; height: 141px;\">3<\/td>\n<\/tr>\n<tr style=\"height: 31px;\">\n<td style=\"width: 50%; height: 31px;\">Tutoria<\/td>\n<td style=\"width: 50%; height: 31px;\">1<\/td>\n<\/tr>\n<tr style=\"height: 32px;\">\n<td style=\"width: 50%; height: 32px;\"><strong>Total<\/strong><\/td>\n<td style=\"width: 50%; height: 32px;\"><strong>30<\/strong><\/td>\n<\/tr>\n<\/tbody>\n<\/table>\n<h3>Mat\u00e8ries d&#8217;itinerari de la franja 1 de 4t d&#8217;ESO<\/h3>\n<p>Aquestes mat\u00e8ries de 3h la setmana s\u00f3n anuals.<\/p>\n<ul>\n<li><strong>Biologia i Geologia<\/strong> (Departament de Ci\u00e8ncies). La biologia i geologia de 4t d&#8217;ESO t\u00e9 com a objectiu principal l&#8217;estudi de la Terra a l&#8217;univers, la vida i dels processos geol\u00f2gics que han format i modelat la Terra. En aquesta mat\u00e8ria, es tracten temes com l&#8217;univers, la c\u00e8l\u00b7lula, la gen\u00e8tica, l&#8217;evoluci\u00f3 i la tect\u00f2nica de plaques en relaci\u00f3 als fen\u00f2mens s\u00edsmics i volc\u00e0nics.<\/li>\n<li><strong>Tecnologia<\/strong> (Departament de Tecnologia). L&#8217;objectiu de la mat\u00e8ria \u00e9s despertar l&#8217;inter\u00e8s per la ci\u00e8ncia i aprofundir en conceptes de tecnologia i enginyeria. La mat\u00e8ria es desenvolupa mitjan\u00e7ant la introducci\u00f3 de conceptes te\u00f2rics, resoluci\u00f3 de problemes, muntatge de circuits i el disseny i creaci\u00f3 de projectes tecnol\u00f2gics. Els continguts es distribueixen en els seg\u00fcents blocs: Disseny i instal\u00b7lacions de l\u2019habitatge, Electr\u00f2nica, Pneum\u00e0tica i Programaci\u00f3. Orientada per aquells alumnes que vulguin fer un batxillerat tecnol\u00f2gic o un cicle formatiu de grau mitj\u00e0 de caire t\u00e8cnic. Es recomana aquesta assignatura als alumnes amb interessos en l&#8217;enginyeria, les ci\u00e8ncies i la programaci\u00f3.<\/li>\n<li><strong>Economia <\/strong>(Departament de Socials). <span style=\"font-weight: 400;\">Car o barat? Com es genera un preu? Qu\u00e8 son els diners? Com puc guanyar m\u00e9s? Bitcoins? Puc planejar la meva salut financera? Com funciona el mercat de treball? I l&#8217;economia? Targetes de d\u00e8bit o cr\u00e8dit? Aquesta mat\u00e8ria dona respostes a aquestes preguntes (i moltes m\u00e9s) i ens introdueix en coneixements que segur utilitzarem en el nostre futur.<\/span><\/li>\n<li><strong>Cultura Cl\u00e0ssica<\/strong> (Departament de Cl\u00e0ssiques). <span style=\"font-weight: 400;\">La mat\u00e8ria se centra principalment en la llengua i cultura grecollatines. Des de l&#8217;origen m\u00edtic de la guerra de Troia amb el rapte d&#8217;Helena fins a la conquesta romana de Gr\u00e8cia i l&#8217;expansi\u00f3 de l&#8217;Imperi rom\u00e0 per tota la Mediterr\u00e0nia. En ella ens endinsarem, a m\u00e9s a m\u00e9s, en un viatge ling\u00fc\u00edstic, des de l&#8217;aparici\u00f3 de l\u2019alfabet grec fins a l&#8217;aparici\u00f3 del llat\u00ed i les lleng\u00fces rom\u00e0niques. Aprendrem qui som i d&#8217;on venim, qu\u00e8 \u00e9s all\u00f2 que parlem i com podem llegir els cl\u00e0ssics des d\u2019una nova perspectiva actual que ens ajudi a enfilar un futur millor.<\/span><\/li>\n<li><strong>Ampliaci\u00f3 d\u2019angl\u00e8s: acreditaci\u00f3 EOI &#8211; nivell B1<\/strong> (Departament de Lleng\u00fces estrangeres). <span style=\"font-weight: 400;\">\u00c9s una optativa que prepara l&#8217;alumnat per poder certificar a la prova oficial d\u2019Angl\u00e8s de nivell B1.<\/span><\/li>\n<\/ul>\n<h3>Mat\u00e8ries d&#8217;itinerari de la franja 2 de 4t d&#8217;ESO<\/h3>\n<p>Aquestes mat\u00e8ries de 3h la setmana s\u00f3n anuals.<\/p>\n<ul>\n<li><strong>F\u00edsica i Qu\u00edmica<\/strong> (Departament de Ci\u00e8ncies). La mat\u00e8ria de F\u00edsica i Qu\u00edmica de 4t \u00e9s una ampliaci\u00f3 dels continguts treballats a 2n i 3r: moviment, forces, energia, mat\u00e8ria, reaccions qu\u00edmiques o formulaci\u00f3. \u00c9s molt convenient per preparar-se de cara als estudis de la modalitat de Ci\u00e8ncies i Tecnologia del Batxillerat i CFGM.<\/li>\n<li><strong>Digitalitzaci\u00f3<\/strong> (Departament de Tecnologia). <span style=\"font-weight: 400;\">La mat\u00e8ria es basa en la gesti\u00f3 i configuraci\u00f3 b\u00e0sica de dispositius digitals, aix\u00ed com la de creaci\u00f3 de continguts en suport digitals, creaci\u00f3 d&#8217;aplicacions i continguts audiovisuals.\u00a0 Els alumnes realitzaran pr\u00e0ctiques individuals i treballs col\u00b7laboratius utilitzant com a eina principal el seu ordinador port\u00e0til.<\/span><\/li>\n<li><strong>Economia i Emprenedoria<\/strong> (Departament de Socials). <span style=\"font-weight: 400;\">Car o barat? Com es genera un preu? Qu\u00e8 son els diners? Com puc guanyar m\u00e9s? Bitcoins? Puc planejar la meva salut financera? Com funciona el mercat de treball? I l&#8217;economia? Targetes de d\u00e8bit o cr\u00e8dit? Aquesta mat\u00e8ria dona respostes a aquestes preguntes (i moltes m\u00e9s) i ens introdueix en coneixements que segur utilitzarem en el nostre futur.<\/span><\/li>\n<li><strong>Filosofia<\/strong> (Departament de Socials). <span style=\"font-weight: 400;\">La mat\u00e8ria intenta ser molt participativa, amb molts temes per a parlar. Al principi es planteja qu\u00e8 \u00e9s la filosofia i es passen textos que facin pensar als alumnes. Despr\u00e9s faran treballs sobre els autors m\u00e9s important de la hist\u00f2ria de la filosofia i hauran de presentar-los al grup. A la vegada anirem veient pel\u00b7l\u00edcules sobre filosofia i alguns documentals de rtve play sobre fil\u00f2sofs, per fer despr\u00e9s comentaris individuals i posar-los en com\u00fa . Tamb\u00e9 es faran treballs amb tem\u00e0tica filos\u00f2fica com inventar hist\u00f2ries o crear di\u00e0legs imaginaris entre autors. Es donar\u00e0 la possibilitat que si tenen temes d&#8217;inter\u00e8s , els puguin plantejar i parlar sobre ells.<\/span><\/li>\n<li><b>Arts Esc\u00e8niques <\/b>(Departament d\u2019Art). Es treballa l&#8217;expressi\u00f3 corporal, l\u2019expressi\u00f3 oral, la mem\u00f2ria, la improvisaci\u00f3 i la capacitat de muntar un espectacle grupal tenint en compte la diversitat del grup. A final de curs es presentar\u00e0 una producci\u00f3 a partir de les escenes treballades i es complementar\u00e0 de forma interdisciplin\u00e0ria.<\/li>\n<\/ul>\n<h3>Mat\u00e8ries optatives de 4t d&#8217;ESO<\/h3>\n<p>Les optatives s\u00f3n de mig curs (cada alumne en fa una de setembre a gener i una altra de febrer a juny) excepte Alemany i Franc\u00e8s, que s\u00f3n anuals.<\/p>\n<ul>\n<li><strong>Alemany<\/strong> (Departament de Lleng\u00fces Estrangeres). A partir de 2n, si s\u2019escull Alemany cal continuar tamb\u00e9 a 3r i 4t. \u00c9s una mat\u00e8ria anual, per tant en cas de fer Alemany no es pot fer cap altre optativa.<\/li>\n<li><strong>Franc\u00e8s<\/strong> (Departament de Lleng\u00fces Estrangeres). A partir de 2n, si s\u2019escull Franc\u00e8s cal continuar tamb\u00e9 a 3r i 4t. \u00c9s una mat\u00e8ria anual, per tant en cas de fer Franc\u00e8s no es pot fer cap altre optativa.<\/li>\n<li><strong>El m\u00f3n avui<\/strong> (Departament de Socials). <span style=\"font-weight: 400;\">Ja fa uns anys <\/span><span style=\"font-weight: 400;\">Francis Fukuyama deia que la hist\u00f2ria acabava l&#8217;any 1989, amb la fi de les guerres i els conflictes sagnants. Per poc que coneguis la hist\u00f2ria recent, ja deus saber que no \u00e9s aix\u00ed. Per\u00f2 en saps tant com voldries? Per qu\u00e8 hi ha tanta inestabilitat a l&#8217;orient proper? D&#8217;on parteix la inestabilitat pol\u00edtica i econ\u00f2mica a l&#8217;\u00c0frica? \u00c9s amor o odi el que hi ha entre Xina i els Estats Units? Per qu\u00e8 R\u00fassia va declarar la guerra a Ucra\u00efna? En aquesta optativa intentarem comprendre el m\u00f3n a dia d&#8217;avui, partint de l&#8217;estudi del m\u00f3n actual. En aquesta optativa buscarem posar-nos al dia a trav\u00e9s de la premsa, analitzant qu\u00e8 ens diu i qu\u00e8 no, i quins s\u00f3n els temes del moment.<\/span><\/li>\n<li><strong>Ci\u00e8ncia en acci\u00f3: descobrint la veritat<\/strong> (Departament de Ci\u00e8ncies). T\u2019has preguntat mai si una not\u00edcia que veus a internet \u00e9s real o falsa? Vols saber com es descobreixen nous aven\u00e7os cient\u00edfics i com afecten la nostra vida? T\u2019interessen els fen\u00f2mens meteorol\u00f2gics com huracans, onades de calor o terratr\u00e8mols? Aquesta mat\u00e8ria et donar\u00e0 les eines per entendre el m\u00f3n d\u2019una manera m\u00e9s cr\u00edtica i informada!<\/li>\n<li><strong>Laboratori de matem\u00e0tiques<\/strong>\u00a0(Departament de Matem\u00e0tiques). <span style=\"font-weight: 400;\">Quina persona de la classe t\u00e9 millor temps de reacci\u00f3 visual? Quina \u00e9s l&#8217;estrat\u00e8gia guanyadora d&#8217;un joc de taula? Ens podem moure pel pati de l&#8217;institut mitjan\u00e7ant sistemes d&#8217;equacions? En aquesta optativa utilitzarem les matem\u00e0tiques per resoldre de manera rigorosa reptes com aquests i altres situacions reals, veient connexions que ens permetran revisar i aprofundir en les matem\u00e0tiques que ens trobarem al Batxillerat.<\/span><\/li>\n<li><b>Formaci\u00f3 i Orientaci\u00f3 Personal i Professional <\/b>(Departament d\u2019Orientaci\u00f3). <span style=\"font-weight: 400;\">L\u2019optativa proposa una aproximaci\u00f3 al coneixement de l\u2019\u00e9sser hum\u00e0 a partir de la psicologia. Est\u00e0 plantejada per garantir que l&#8217;alumnat aprofundeixi en el coneixement de si mateix, descobrint les seves qualitats personals com a potencial de valor, i s\u2019aproximi a l\u2019\u00e0mbit de les ci\u00e8ncies relacionades amb l\u2019estudi dels comportaments humans, socials i culturals. Con\u00e8ixer els\u00a0 canvis que es produeixen en l\u2019etapa de l\u2019adolesc\u00e8ncia permet a l\u2019alumnat trobar respostes i solucions a conflictes que se li plantegen arran d\u2019esdeveniments vitals que li preocupen i comprendre el significat de les seves pr\u00f2pies experi\u00e8ncies en relaci\u00f3 amb les dels altres, en els diferents grups socials amb els quals interactua.<\/span><\/li>\n<li><strong>Expressi\u00f3 Art\u00edstica<\/strong> (Departament d\u2019Art).<\/li>\n<\/ul>\n<h3>Projectes Recerca, Creaci\u00f3 i Servei<\/h3>\n<p>A m\u00e9s, a 4t d&#8217;ESO es dediquen 3h setmanals als projectes del <a href=\"https:\/\/agora.xtec.cat\/iesacumella\/projecte-educatiu\/recerca-creacio-i-servei\/\">programa d&#8217;innovaci\u00f3 Recerca, Creaci\u00f3 i Servei<\/a>, en col\u00b7laboraci\u00f3 amb entitats d&#8217;\u00e0mbit local i nacional.<\/p>\n<h3>Projecte d&#8217;Orientaci\u00f3<\/h3>\n<p>Al febrer, l&#8217;alumnat realitza un projecte d&#8217;orientaci\u00f3 acad\u00e8mica i laboral.<\/p>\n<h2>Programes de Diversificaci\u00f3 Curricular<\/h2>\n<p>A 3r i 4t oferim un Programa de Diversificaci\u00f3 Curricular de 8 hores setmanals centrat en el treball a l&#8217;hort, el taller de tecnologia i el treball de les compet\u00e8ncies b\u00e0siques instrumentals. A m\u00e9s, els alumnes de 4t poden participar tamb\u00e9 en el Projecte Singular &#8220;Tastet d&#8217;Oficis&#8221; amb pr\u00e0ctiques educatives en un entorn laboral local.<\/p>\n<h2>Suports addicionals i intensius<\/h2>\n<p>El centre compta tamb\u00e9 amb un <a href=\"https:\/\/agora.xtec.cat\/iesacumella\/projecte-educatiu\/siei\/\">Suport Intensiu per a l&#8217;Escolaritzaci\u00f3 Inclusiva (SIEI)<\/a> i una Aula d&#8217;Acollida.<\/p>\n","protected":false},"excerpt":{"rendered":"<p>El curs 2022\u20132023 s&#8217;introdueix el nou curr\u00edculum a 1r i 3r d&#8217;ESO. El seg\u00fcent curs 2023\u20132024 el nou curr\u00edculum ja s&#8217;haur\u00e0 implementat a tots els nivells.<br \/>\n1r d&#8217;ESO<\/p>\n<p>Curr\u00edculum de 1r d&#8217;ESO<\/p>\n<p>Mat\u00e8ria<br \/>\nHores setmanals<\/p>\n<p>Llengua Catalana i Literatura<br \/>\n3<\/p>\n<p>Llengua Castellana i Literatura<br \/>\n3<\/p>\n<p>Llengua Estrangera (Angl\u00e8s)<br \/>\n3<\/p>\n<p>Ci\u00e8ncies Socials: Geografia i Hist\u00f2ria<br \/>\n3<\/p>\n<p>Ci\u00e8ncies de la&hellip;  <a href=\"https:\/\/agora.xtec.cat\/iesacumella\/estudis\/eso\/\" title=\"Read ESO\">Llegeix m\u00e9s\u00bb<\/a><\/p>\n","protected":false},"author":1,"featured_media":0,"parent":195,"menu_order":1,"comment_status":"closed","ping_status":"closed","template":"page-templates\/side-menu.php","meta":{"_bbp_topic_count":0,"_bbp_reply_count":0,"_bbp_total_topic_count":0,"_bbp_total_reply_count":0,"_bbp_voice_count":0,"_bbp_anonymous_reply_count":0,"_bbp_topic_count_hidden":0,"_bbp_reply_count_hidden":0,"_bbp_forum_subforum_count":0,"footnotes":""},"class_list":["post-5432","page","type-page","status-publish","hentry"],"post_mailing_queue_ids":[],"_links":{"self":[{"href":"https:\/\/agora.xtec.cat\/iesacumella\/wp-json\/wp\/v2\/pages\/5432","targetHints":{"allow":["GET"]}}],"collection":[{"href":"https:\/\/agora.xtec.cat\/iesacumella\/wp-json\/wp\/v2\/pages"}],"about":[{"href":"https:\/\/agora.xtec.cat\/iesacumella\/wp-json\/wp\/v2\/types\/page"}],"author":[{"embeddable":true,"href":"https:\/\/agora.xtec.cat\/iesacumella\/wp-json\/wp\/v2\/users\/1"}],"replies":[{"embeddable":true,"href":"https:\/\/agora.xtec.cat\/iesacumella\/wp-json\/wp\/v2\/comments?post=5432"}],"version-history":[{"count":7,"href":"https:\/\/agora.xtec.cat\/iesacumella\/wp-json\/wp\/v2\/pages\/5432\/revisions"}],"predecessor-version":[{"id":9552,"href":"https:\/\/agora.xtec.cat\/iesacumella\/wp-json\/wp\/v2\/pages\/5432\/revisions\/9552"}],"up":[{"embeddable":true,"href":"https:\/\/agora.xtec.cat\/iesacumella\/wp-json\/wp\/v2\/pages\/195"}],"wp:attachment":[{"href":"https:\/\/agora.xtec.cat\/iesacumella\/wp-json\/wp\/v2\/media?parent=5432"}],"curies":[{"name":"wp","href":"https:\/\/api.w.org\/{rel}","templated":true}]}}