{"id":46,"date":"2014-09-17T16:53:45","date_gmt":"2014-09-17T16:53:45","guid":{"rendered":"http:\/\/agora.xtec.cat\/iesacumella\/?page_id=46"},"modified":"2026-03-03T10:29:40","modified_gmt":"2026-03-03T09:29:40","slug":"organigrama","status":"publish","type":"page","link":"https:\/\/agora.xtec.cat\/iesacumella\/institut\/organigrama\/","title":{"rendered":"Organigrama i c\u00e0rrecs dels docents"},"content":{"rendered":"<h3>Equip directiu i consell de direcci\u00f3<\/h3>\n<ul>\n<li>Directora: Sira Melo<\/li>\n<li>Cap d&#8217;estudis: Mireia Ru\u00edz<\/li>\n<li>Secret\u00e0ria: Marta Pocurull<\/li>\n<li>Coordinador pedag\u00f2gic: Mar S\u00e1nchez<\/li>\n<li>Coordinadora de 1r d&#8217;ESO: Merc\u00e9 Mir\u00f3<\/li>\n<li>Coordinadora de 2n d&#8217;ESO: Vicky Nu\u00f1ez<\/li>\n<li>Coordinador de 3r d&#8217;ESO: Isona Cort\u00e9s<\/li>\n<li>Coordinadora de 4t d&#8217;ESO:\u00a0 \u00c0ngel Sabat\u00e9<\/li>\n<li>Coordinadora de Batxillerat de mat\u00ed: David Brunet<\/li>\n<li>Coordinadora de Batxillerat de tarda: I\u00f1aki Ru\u00edz de Mendoza<\/li>\n<\/ul>\n<h3>\u00d2rgans col\u00b7legiats de govern<\/h3>\n<p><strong>Consell escolar:<\/strong><\/p>\n<ul>\n<li>Directora: Sira Melo<\/li>\n<li>Cap d&#8217;estudis i representant de coeducaci\u00f3: Mireia Ru\u00edz<\/li>\n<li>Secret\u00e0ria: Marta Pocurull<\/li>\n<li>Representant del professorat: Laura Serra<\/li>\n<li>Representant del professorat:\u00a0 Maribel Galeano<\/li>\n<li>Representant del professorat: Nerea Salmoral<\/li>\n<li>Representant del professorat: Pere Jim\u00e9nez<\/li>\n<li>Representant del professorat: Sara Mart\u00ednez<\/li>\n<li>Representant del professorat: Susana S\u00e1nchez<\/li>\n<li>Representant del professorat: Vict\u00f2ria N\u00fa\u00f1ez<\/li>\n<li>Representant de l&#8217;alumnat: Christel Casado<\/li>\n<li>Representant de l&#8217;alumnat: Dienaba Balde<\/li>\n<li>Representant de l&#8217;alumnat: \u00cdngrid Oliva<\/li>\n<li>Representant de l&#8217;alumnat: N\u00e1dia Gonz\u00e1lez<\/li>\n<li>Representant de l&#8217;alumnat: N\u00faria Edeso<\/li>\n<li>Representant de l&#8217;AFA: Toni Prieto<\/li>\n<li>Representant de pares i mares: Gisela Bou<\/li>\n<li>Representant de pares i mares: Joana Santano<\/li>\n<li>Representant de pares i mares: Maria Eug\u00e8nia Franco<\/li>\n<li>Representant de pares i mares: N\u00e9lida In\u00e9s Costilla<\/li>\n<li>Representant del PAS: Celestino Mendoza<\/li>\n<li>Representant del PAE: Alba Garc\u00eda<\/li>\n<li>Representant de l&#8217;Ajuntament: Isabel Llorente<\/li>\n<\/ul>\n<p><strong>Claustre:<\/strong><\/p>\n<p>Departament de llengua catalana<\/p>\n<ul>\n<li>Margarida Gisbert<\/li>\n<li>Raquel Miras<\/li>\n<li>Cl\u00e0udia Morat\u00f3<\/li>\n<li>Ac\u00e9lia Navarro<\/li>\n<li>N\u00faria Pujol<\/li>\n<li>Laura Serra (cap de departament)<\/li>\n<li>C\u00e8lia Sevilla<\/li>\n<li>Merc\u00e8 Sol\u00e9<\/li>\n<\/ul>\n<p>Departament de llengua castellana<\/p>\n<ul>\n<li>Francesc Butjosa<\/li>\n<li>Montse Culubret<\/li>\n<li>Vict\u00f2ria N\u00fa\u00f1ez<\/li>\n<li>Nerea Salmoral (cap de departament)<\/li>\n<li>Susana S\u00e1nchez<\/li>\n<\/ul>\n<p>Departament de lleng\u00fces estrangeres (angl\u00e8s, franc\u00e8s, alemany)<\/p>\n<ul>\n<li>Ernest \u00c1lvaro<\/li>\n<li>Anna Baldich (cap de departament)<\/li>\n<li>Bibiana Camarasa<\/li>\n<li>Rosa Castells<\/li>\n<li>Tamara Fuentes<\/li>\n<li>Paula Mart\u00edn<\/li>\n<li>Sira Melo<\/li>\n<li>Ismael Pu\u00e9rtolas<\/li>\n<li>Marta Sanz<\/li>\n<li>Laura T\u00e0cies<\/li>\n<\/ul>\n<p>Departament de matem\u00e0tiques<\/p>\n<ul>\n<li>Mayte Gonz\u00e1lez<\/li>\n<li>Danny Larrea<\/li>\n<li>Fatima Pellicer<\/li>\n<li>Marina Pineda<\/li>\n<li>Joan Pom\u00e9s<\/li>\n<li>Roger Santmiquel<\/li>\n<li>Paquita Toro (cap de departament)<\/li>\n<\/ul>\n<p>Departament de ci\u00e8ncies socials<\/p>\n<ul>\n<li>Marta Andilla<\/li>\n<li>David Brunet<\/li>\n<li>Scherezade D\u00edaz<\/li>\n<li>Neus Fern\u00e1ndez (cap de departament)<\/li>\n<li>Sara Masegosa<\/li>\n<li>\u00c0ngel Sabat\u00e9<\/li>\n<li>Mar S\u00e1nchez<\/li>\n<li>Joan Vidilla<\/li>\n<\/ul>\n<p>Departament de ci\u00e8ncies<\/p>\n<ul>\n<li>Isona Cort\u00e9s<\/li>\n<li>Maribel Galeano<\/li>\n<li>Elvira Garcia<\/li>\n<li>Pere Jim\u00e9nez (cap de departament)<\/li>\n<li>Carmen Mach\u00ed<\/li>\n<li>Maria P\u00e9rez<\/li>\n<li>Esther Roger<\/li>\n<\/ul>\n<p>Departament de tecnologia<\/p>\n<ul>\n<li>Estefania Abilla (cap de departament)<\/li>\n<li>Tina Bagu\u00e9<\/li>\n<li>Anna Borrull<\/li>\n<li>Roger Torrent<\/li>\n<\/ul>\n<p>Departament d&#8217;arts<\/p>\n<ul>\n<li>Olga Duran<\/li>\n<li>Lara Garroum (cap de departament)<\/li>\n<li>Sandra Jim\u00e9nez<\/li>\n<li>Merc\u00e8 Mir\u00f3<\/li>\n<li>Mireia Ruiz<\/li>\n<\/ul>\n<p>Departament d&#8217;educaci\u00f3 f\u00edsica<\/p>\n<ul>\n<li>Jose Mi D\u00edaz<\/li>\n<li>Silvana Galera<\/li>\n<li>Ana Bel\u00e9n Garcia (cap de departament)<\/li>\n<li>Marta Pocurull<\/li>\n<\/ul>\n<p>Departament de lleng\u00fces cl\u00e0ssiques i filosofia<\/p>\n<ul>\n<li>Ferran Blasco<\/li>\n<li>Erica de Dios<\/li>\n<li>Aixa Gimeno<\/li>\n<li>I\u00f1aki Ru\u00edz de Mendoza (cap de departament)<\/li>\n<li>Cl\u00e0udia Santana<\/li>\n<\/ul>\n<p>Departament d&#8217;orientaci\u00f3<\/p>\n<ul>\n<li>Cristina Ballesc\u00e0<\/li>\n<li>Carme Flaqu\u00e9<\/li>\n<li>Sara Mart\u00ednez<\/li>\n<li>Maica Molina (cap de departament)<\/li>\n<li>Gemma Roig<\/li>\n<\/ul>\n","protected":false},"excerpt":{"rendered":"<p>Equip directiu i consell de direcci\u00f3<\/p>\n<ul>\n<li>Directora: Sira Melo<\/li>\n<li>Cap d&#8217;estudis: Mireia Ru\u00edz<\/li>\n<li>Secret\u00e0ria: Marta Pocurull<\/li>\n<li>Coordinador pedag\u00f2gic: Mar S\u00e1nchez<\/li>\n<li>Coordinadora de 1r d&#8217;ESO: Merc\u00e9 Mir\u00f3<\/li>\n<li>Coordinadora de 2n d&#8217;ESO: Vicky Nu\u00f1ez<\/li>\n<li>Coordinador de 3r d&#8217;ESO: Isona Cort\u00e9s<\/li>\n<li>Coordinadora de 4t d&#8217;ESO:\u00a0 \u00c0ngel Sabat\u00e9<\/li>\n<li>Coordinadora de Batxillerat de mat\u00ed: David Brunet<\/li>\n<li>Coordinadora de Batxillerat de&hellip;  <a href=\"https:\/\/agora.xtec.cat\/iesacumella\/institut\/organigrama\/\" title=\"Read Organigrama i c\u00e0rrecs dels docents\">Llegeix m\u00e9s\u00bb<\/a><br \/>\n","protected":false},"author":1,"featured_media":0,"parent":27,"menu_order":50,"comment_status":"closed","ping_status":"closed","template":"page-templates\/side-menu.php","meta":{"_bbp_topic_count":0,"_bbp_reply_count":0,"_bbp_total_topic_count":0,"_bbp_total_reply_count":0,"_bbp_voice_count":0,"_bbp_anonymous_reply_count":0,"_bbp_topic_count_hidden":0,"_bbp_reply_count_hidden":0,"_bbp_forum_subforum_count":0,"footnotes":""},"class_list":["post-46","page","type-page","status-publish","hentry"],"post_mailing_queue_ids":[],"_links":{"self":[{"href":"https:\/\/agora.xtec.cat\/iesacumella\/wp-json\/wp\/v2\/pages\/46","targetHints":{"allow":["GET"]}}],"collection":[{"href":"https:\/\/agora.xtec.cat\/iesacumella\/wp-json\/wp\/v2\/pages"}],"about":[{"href":"https:\/\/agora.xtec.cat\/iesacumella\/wp-json\/wp\/v2\/types\/page"}],"author":[{"embeddable":true,"href":"https:\/\/agora.xtec.cat\/iesacumella\/wp-json\/wp\/v2\/users\/1"}],"replies":[{"embeddable":true,"href":"https:\/\/agora.xtec.cat\/iesacumella\/wp-json\/wp\/v2\/comments?post=46"}],"version-history":[{"count":6,"href":"https:\/\/agora.xtec.cat\/iesacumella\/wp-json\/wp\/v2\/pages\/46\/revisions"}],"predecessor-version":[{"id":9784,"href":"https:\/\/agora.xtec.cat\/iesacumella\/wp-json\/wp\/v2\/pages\/46\/revisions\/9784"}],"up":[{"embeddable":true,"href":"https:\/\/agora.xtec.cat\/iesacumella\/wp-json\/wp\/v2\/pages\/27"}],"wp:attachment":[{"href":"https:\/\/agora.xtec.cat\/iesacumella\/wp-json\/wp\/v2\/media?parent=46"}],"curies":[{"name":"wp","href":"https:\/\/api.w.org\/{rel}","templated":true}]}}